{"id":27,"date":"2026-01-27T15:30:42","date_gmt":"2026-01-27T14:30:42","guid":{"rendered":"https:\/\/emya2026bilbao.eus\/?page_id=27"},"modified":"2026-04-23T09:58:10","modified_gmt":"2026-04-23T07:58:10","slug":"sede","status":"publish","type":"page","link":"https:\/\/emya2026bilbao.eus\/es\/sede\/","title":{"rendered":"Sede"},"content":{"rendered":"<p>[et_pb_section fb_built=\u00bb1&#8243; admin_label=\u00bbHeader\u00bb module_class=\u00bbtitFond\u00bb _builder_version=\u00bb4.27.5&#8243; _module_preset=\u00bbdefault\u00bb width=\u00bb100%\u00bb custom_margin=\u00bb||0px||false|false\u00bb custom_padding=\u00bb||0px||false|false\u00bb scroll_horizontal_motion=\u00bb0|50|50|100|-4|0|0&#8243; collapsed=\u00bboff\u00bb global_colors_info=\u00bb{}\u00bb][et_pb_row _builder_version=\u00bb4.27.5&#8243; _module_preset=\u00bb698f9690-9eb0-4f99-ad59-f238b97be924&#8243; background_color=\u00bbgcid-secondary-color\u00bb background_image=\u00bbhttps:\/\/emya2026bilbao.eus\/wp-content\/uploads\/2026\/02\/emya-trama-tit.svg\u00bb width=\u00bb1080px\u00bb width_tablet=\u00bb80%\u00bb width_phone=\u00bb80%\u00bb width_last_edited=\u00bbon|desktop\u00bb custom_margin=\u00bb||||false|false\u00bb custom_padding=\u00bb15px|40px|5px|20px|false|false\u00bb custom_padding_tablet=\u00bb13px|0px|7px|20px|false|false\u00bb custom_padding_phone=\u00bb15px|20px|3px|0px|false|false\u00bb border_radii=\u00bboff||0px|0px|\u00bb box_shadow_color=\u00bbgcid-secondary-color\u00bb global_colors_info=\u00bb{%22gcid-primary-color%22:%91%22box_shadow_color%22%93,%22gcid-secondary-color%22:%91%22box_shadow_color%22,%22background_color%22%93}\u00bb][et_pb_column type=\u00bb4_4&#8243; _builder_version=\u00bb4.25.0&#8243; _module_preset=\u00bbdefault\u00bb global_colors_info=\u00bb{}\u00bb][et_pb_heading title=\u00bbSEDE\u00bb _builder_version=\u00bb4.27.5&#8243; _module_preset=\u00bb0f4a8d2c-a668-46c5-b1a5-6149f83510c6&#8243; title_font=\u00bb|700|||||||\u00bb title_text_color=\u00bb#FFFFFF\u00bb title_font_size=\u00bb40px\u00bb title_line_height=\u00bb1em\u00bb custom_margin=\u00bb||||false|false\u00bb custom_padding=\u00bb0px||0px||false|false\u00bb global_colors_info=\u00bb{}\u00bb][\/et_pb_heading][\/et_pb_column][\/et_pb_row][\/et_pb_section][et_pb_section fb_built=\u00bb1&#8243; admin_label=\u00bbBorde\u00bb _builder_version=\u00bb4.27.5&#8243; _module_preset=\u00bbdefault\u00bb width=\u00bb90%\u00bb custom_margin=\u00bb10px||||false|false\u00bb custom_padding=\u00bb0px||||false|false\u00bb scroll_horizontal_motion=\u00bb0|50|50|100|-4|0|0&#8243; collapsed=\u00bboff\u00bb global_colors_info=\u00bb{}\u00bb][et_pb_row module_class=\u00bbsubTit\u00bb _builder_version=\u00bb4.27.5&#8243; _module_preset=\u00bb698f9690-9eb0-4f99-ad59-f238b97be924&#8243; background_color=\u00bbgcid-heading-color\u00bb background_enable_image=\u00bboff\u00bb width=\u00bb1080px\u00bb width_tablet=\u00bb80%\u00bb width_phone=\u00bb70%\u00bb width_last_edited=\u00bbon|desktop\u00bb min_height=\u00bb0px\u00bb height=\u00bb0px\u00bb max_height=\u00bb5px\u00bb custom_padding=\u00bb15px|40px|10px||false|false\u00bb custom_padding_tablet=\u00bb5px||5px||true|false\u00bb custom_padding_phone=\u00bb5px|0px|5px|0px|true|false\u00bb border_radii=\u00bboff||0px|0px|\u00bb box_shadow_color=\u00bbgcid-heading-color\u00bb global_colors_info=\u00bb{%22gcid-primary-color%22:%91%22background_color%22%93,%22gcid-heading-color%22:%91%22background_color%22,%22box_shadow_color%22%93}\u00bb][et_pb_column type=\u00bb4_4&#8243; _builder_version=\u00bb4.27.5&#8243; _module_preset=\u00bbdefault\u00bb background_color=\u00bbgcid-heading-color\u00bb global_colors_info=\u00bb{%22gcid-heading-color%22:%91%22background_color%22%93}\u00bb][\/et_pb_column][\/et_pb_row][\/et_pb_section][et_pb_section fb_built=\u00bb1&#8243; admin_label=\u00bbResume\u00bb _builder_version=\u00bb4.27.5&#8243; _module_preset=\u00bbdefault\u00bb width=\u00bb1080px\u00bb width_tablet=\u00bb90%\u00bb width_phone=\u00bb90%\u00bb width_last_edited=\u00bbon|desktop\u00bb module_alignment=\u00bbcenter\u00bb custom_margin=\u00bb0px||0px||false|false\u00bb custom_padding=\u00bb0px||20px||false|false\u00bb locked=\u00bboff\u00bb collapsed=\u00bboff\u00bb global_colors_info=\u00bb{}\u00bb][et_pb_row _builder_version=\u00bb4.27.5&#8243; _module_preset=\u00bbdefault\u00bb width=\u00bb1080px\u00bb width_tablet=\u00bb100%\u00bb width_phone=\u00bb100%\u00bb width_last_edited=\u00bbon|desktop\u00bb custom_margin=\u00bb0px|||0px|false|false\u00bb custom_padding=\u00bb0px||||false|false\u00bb global_colors_info=\u00bb{}\u00bb][et_pb_column type=\u00bb4_4&#8243; _builder_version=\u00bb4.25.0&#8243; _module_preset=\u00bbdefault\u00bb global_colors_info=\u00bb{}\u00bb][et_pb_heading title=\u00bbPALACIO EUSKALDUNA &#8211; Palacio de Congresos y de la M\u00fasica\u00bb admin_label=\u00bbT\u00edtulo\u00bb _builder_version=\u00bb4.27.5&#8243; _module_preset=\u00bb78938ff8-75a3-4592-8234-5b8bb59b9f47&#8243; title_level=\u00bbh2&#8243; title_font=\u00bb|700||on|||||\u00bb title_font_size=\u00bb36px\u00bb title_line_height=\u00bb1.1em\u00bb custom_padding=\u00bb|20px||20px|false|false\u00bb title_font_size_phone=\u00bb30px\u00bb global_colors_info=\u00bb{}\u00bb][\/et_pb_heading][\/et_pb_column][\/et_pb_row][et_pb_row _builder_version=\u00bb4.27.5&#8243; _module_preset=\u00bbdefault\u00bb width=\u00bb1080px\u00bb width_tablet=\u00bb100%\u00bb width_phone=\u00bb100%\u00bb width_last_edited=\u00bbon|phone\u00bb custom_margin=\u00bb0px||0px||false|false\u00bb custom_padding=\u00bb0px||0px||false|false\u00bb locked=\u00bboff\u00bb global_colors_info=\u00bb{}\u00bb][et_pb_column type=\u00bb4_4&#8243; _builder_version=\u00bb4.25.0&#8243; _module_preset=\u00bbdefault\u00bb global_colors_info=\u00bb{}\u00bb][et_pb_image src=\u00bbhttps:\/\/emya2026bilbao.eus\/wp-content\/uploads\/2026\/02\/euskalduna-03.jpg\u00bb _builder_version=\u00bb4.27.5&#8243; _module_preset=\u00bbdefault\u00bb custom_margin=\u00bb||60px||false|false\u00bb custom_margin_tablet=\u00bb||50px||false|false\u00bb custom_margin_phone=\u00bb||30px||false|false\u00bb custom_margin_last_edited=\u00bbon|phone\u00bb global_colors_info=\u00bb{}\u00bb][\/et_pb_image][et_pb_text _builder_version=\u00bb4.27.5&#8243; _module_preset=\u00bbdefault\u00bb text_font_size=\u00bb18px\u00bb custom_margin=\u00bb||10px||false|false\u00bb custom_padding=\u00bb|20px||20px|false|false\u00bb scroll_fade_enable=\u00bbon\u00bb global_colors_info=\u00bb{}\u00bb]<\/p>\n<p>La conferencia anual y la ceremonia de entrega de premios del Museo Europeo del A\u00f1o 2026 (EMYA) se celebrar\u00e1n del <strong>10 al 14 de junio de 2026 en Bilbao<\/strong>. La sede ser\u00e1 Euskararen Etxea y su Centro de Interpretaci\u00f3n del Euskera, Premio Museo del Consejo de Europa 2025.<\/p>\n<p>[\/et_pb_text][et_pb_text _builder_version=\u00bb4.27.5&#8243; _module_preset=\u00bbdefault\u00bb text_font_size=\u00bb18px\u00bb custom_margin=\u00bb||10px||false|false\u00bb custom_padding=\u00bb|20px||20px|false|false\u00bb scroll_fade_enable=\u00bbon\u00bb global_colors_info=\u00bb{}\u00bb]<\/p>\n<p>Este evento \u00fanico reunir\u00e1 a la comunidad EMYA, incluyendo candidaturas anteriores, museos ganadores y nominados al <strong>EMYA2026<\/strong>, as\u00ed como a personas colaboradoras y expertas del \u00e1mbito de los museos. Las personas y entidades participantes tendr\u00e1n la oportunidad de participar en inspiradoras mesas redondas, talleres y debates centrados en las innovaciones y las mejores pr\u00e1cticas de la museolog\u00eda europea.<\/p>\n<p>[\/et_pb_text][et_pb_divider show_divider=\u00bboff\u00bb _builder_version=\u00bb4.27.5&#8243; _module_preset=\u00bbdefault\u00bb global_colors_info=\u00bb{}\u00bb][\/et_pb_divider][et_pb_text _builder_version=\u00bb4.27.5&#8243; _module_preset=\u00bbdefault\u00bb text_font_size=\u00bb18px\u00bb custom_margin=\u00bb||10px||false|false\u00bb custom_padding=\u00bb|20px||20px|false|false\u00bb scroll_fade_enable=\u00bbon\u00bb global_colors_info=\u00bb{}\u00bb]<\/p>\n<h4>Sede principal<\/h4>\n<p>[\/et_pb_text][et_pb_text _builder_version=\u00bb4.27.5&#8243; _module_preset=\u00bbdefault\u00bb text_font_size=\u00bb18px\u00bb custom_margin=\u00bb||10px||false|false\u00bb custom_padding=\u00bb|20px||20px|false|false\u00bb scroll_fade_enable=\u00bbon\u00bb global_colors_info=\u00bb{}\u00bb]<\/p>\n<p>Las sesiones de la conferencia y la ceremonia de entrega del Premio Museo Europeo del A\u00f1o 2026 (del 10 al 14 de junio) tendr\u00e1n lugar en Euskalduna Jauregia \u2013 Palacio Euskalduna.<\/p>\n<p>[\/et_pb_text][et_pb_gallery gallery_ids=\u00bb1107,1106,1253,1252&#8243; posts_number=\u00bb100&#8243; show_title_and_caption=\u00bboff\u00bb show_pagination=\u00bboff\u00bb _builder_version=\u00bb4.27.5&#8243; _module_preset=\u00bbdefault\u00bb custom_margin=\u00bb60px||0px||false|false\u00bb custom_margin_tablet=\u00bb60px||0px||false|false\u00bb custom_margin_phone=\u00bb30px||||false|false\u00bb custom_margin_last_edited=\u00bbon|phone\u00bb custom_padding=\u00bb0px|20px|0px|20px|false|false\u00bb global_colors_info=\u00bb{}\u00bb][\/et_pb_gallery][et_pb_text _builder_version=\u00bb4.27.5&#8243; _module_preset=\u00bbdefault\u00bb text_font_size=\u00bb18px\u00bb custom_margin=\u00bb0px||10px||false|false\u00bb custom_padding=\u00bb|20px||20px|false|false\u00bb scroll_fade_enable=\u00bbon\u00bb global_colors_info=\u00bb{}\u00bb]<\/p>\n<p>Concebido por el equipo de arquitectura integrado por <strong>Federico Soriano<\/strong> y <strong>Dolores Palacio<\/strong>, como una nave en permanente construcci\u00f3n que emerge del dique en el que estuvo el Astillero Euskalduna, el Palacio obtuvo el Premio Enric Miralles 2001 en la VI Bienal de la Arquitectura Espa\u00f1ola. Constituye un gran complejo multifuncional de 58.200 m\u00b2, ubicado en el centro de Bilbao y muy cerca del aeropuerto internacional.<\/p>\n<p>[\/et_pb_text][et_pb_text _builder_version=\u00bb4.27.5&#8243; _module_preset=\u00bbdefault\u00bb text_font_size=\u00bb18px\u00bb custom_margin=\u00bb||10px||false|false\u00bb custom_padding=\u00bb|20px||20px|false|false\u00bb scroll_fade_enable=\u00bbon\u00bb global_colors_info=\u00bb{}\u00bb]<\/p>\n<p>Acoge numerosas actividades de naturaleza econ\u00f3mico-empresarial, acad\u00e9mica, pol\u00edtica, institucional, social y cultural. En \u00e9l se desarrolla la Temporada de Opera de la ABAO, una de las m\u00e1s importantes y prestigiosas del Estado y de Europa, y tiene tambi\u00e9n su sede la Bilbao Orkestra Sinfonikoa (BOS), magn\u00edfica instituci\u00f3n musical, fundada en 1920, que dio su primer concierto en 1922.<\/p>\n<p>[\/et_pb_text][et_pb_divider show_divider=\u00bboff\u00bb _builder_version=\u00bb4.27.5&#8243; _module_preset=\u00bbdefault\u00bb global_colors_info=\u00bb{}\u00bb][\/et_pb_divider][et_pb_text _builder_version=\u00bb4.27.5&#8243; _module_preset=\u00bbdefault\u00bb text_font_size=\u00bb18px\u00bb custom_margin=\u00bb||10px||false|false\u00bb custom_padding=\u00bb|20px||20px|false|false\u00bb scroll_fade_enable=\u00bbon\u00bb global_colors_info=\u00bb{}\u00bb]<\/p>\n<h4>Euskararen Etxea<\/h4>\n<p>[\/et_pb_text][et_pb_text _builder_version=\u00bb4.27.5&#8243; _module_preset=\u00bbdefault\u00bb text_font_size=\u00bb18px\u00bb custom_margin=\u00bb||10px||false|false\u00bb custom_padding=\u00bb|20px||20px|false|false\u00bb scroll_fade_enable=\u00bbon\u00bb global_colors_info=\u00bb{}\u00bb]<\/p>\n<p>La recogida del paquete de bienvenida para todos los eventos tendr\u00e1 lugar el <strong>10 de junio<\/strong> en el edificio de Euskararen Etxea, ubicado en Agoitz Plaza 1, Bilbao.<\/p>\n<p>[\/et_pb_text][et_pb_divider show_divider=\u00bboff\u00bb _builder_version=\u00bb4.27.5&#8243; _module_preset=\u00bbdefault\u00bb global_colors_info=\u00bb{}\u00bb][\/et_pb_divider][et_pb_text _builder_version=\u00bb4.27.5&#8243; _module_preset=\u00bbdefault\u00bb text_font_size=\u00bb18px\u00bb custom_margin=\u00bb||10px||false|false\u00bb custom_padding=\u00bb|20px||20px|false|false\u00bb scroll_fade_enable=\u00bbon\u00bb global_colors_info=\u00bb{}\u00bb]<\/p>\n<h4>Otras sedes<\/h4>\n<p>[\/et_pb_text][et_pb_text _builder_version=\u00bb4.27.5&#8243; _module_preset=\u00bbdefault\u00bb text_font_size=\u00bb18px\u00bb custom_margin=\u00bb||10px||false|false\u00bb custom_padding=\u00bb|20px||20px|false|false\u00bb scroll_fade_enable=\u00bbon\u00bb global_colors_info=\u00bb{}\u00bb]<\/p>\n<p>EMYA2026 se llevar\u00e1 a cabo en varios espacios culturales destacadas de la ciudad:<\/p>\n<ul>\n<li style=\"list-style-type: none;\">\n<ul>\n<li>Museo Guggenheim Bilbao (ganador EMYA 2000)\u2013 Cena de gala<\/li>\n<li>Museo Vasco Bilbao Museo Vasco\u00a0 \u2013 Recepci\u00f3n nocturna<\/li>\n<li>Museo Athletic Club (finalista EMYA 2020) y Estadio San Mam\u00e9s \u2013 Recepci\u00f3n nocturna<\/li>\n<\/ul>\n<\/li>\n<\/ul>\n<p>[\/et_pb_text][et_pb_text _builder_version=\u00bb4.27.5&#8243; _module_preset=\u00bbdefault\u00bb text_font_size=\u00bb18px\u00bb custom_margin=\u00bb||10px||false|false\u00bb custom_padding=\u00bb|20px||20px|false|false\u00bb scroll_fade_enable=\u00bbon\u00bb global_colors_info=\u00bb{}\u00bb]<\/p>\n<h4>Descubriendo la ciudad y Bizkaia<\/h4>\n<p>[\/et_pb_text][et_pb_text _builder_version=\u00bb4.27.5&#8243; _module_preset=\u00bbdefault\u00bb text_font_size=\u00bb18px\u00bb custom_margin=\u00bb||60px||false|false\u00bb custom_margin_tablet=\u00bb||30px||false|false\u00bb custom_margin_phone=\u00bb||30px||false|false\u00bb custom_margin_last_edited=\u00bbon|phone\u00bb custom_padding=\u00bb|20px||20px|false|false\u00bb scroll_fade_enable=\u00bbon\u00bb global_colors_info=\u00bb{}\u00bb]<\/p>\n<p>Las excursiones previas y posteriores al Congreso guiar\u00e1n a las personas participantes a trav\u00e9s de algunos de los lugares m\u00e1s bellos y significativos de Bilbao, ofreciendo un encuentro m\u00e1s profundo con la arquitectura, el patrimonio y la intensa vida cultural de la ciudad. Las personas participantes tambi\u00e9n tendr\u00e1n la oportunidad de conocer Bizkaia.<\/p>\n<p>[\/et_pb_text][\/et_pb_column][\/et_pb_row][\/et_pb_section][et_pb_section fb_built=\u00bb1&#8243; admin_label=\u00bbResume\u00bb _builder_version=\u00bb4.27.5&#8243; _module_preset=\u00bbdefault\u00bb width=\u00bb100%\u00bb width_tablet=\u00bb90%\u00bb width_phone=\u00bb90%\u00bb width_last_edited=\u00bbon|desktop\u00bb max_width=\u00bb100%\u00bb module_alignment=\u00bbcenter\u00bb custom_margin=\u00bb0px||||false|false\u00bb custom_padding=\u00bb0px||||false|false\u00bb locked=\u00bboff\u00bb collapsed=\u00bbon\u00bb global_colors_info=\u00bb{}\u00bb][et_pb_row _builder_version=\u00bb4.27.5&#8243; _module_preset=\u00bbdefault\u00bb width=\u00bb100%\u00bb width_tablet=\u00bb100%\u00bb width_phone=\u00bb100%\u00bb width_last_edited=\u00bbon|desktop\u00bb max_width=\u00bb100%\u00bb module_alignment=\u00bbcenter\u00bb custom_margin=\u00bb0px|0px|0px|0px|false|false\u00bb custom_padding=\u00bb0px|0px|0px|0px|false|false\u00bb global_colors_info=\u00bb{}\u00bb][et_pb_column type=\u00bb4_4&#8243; _builder_version=\u00bb4.25.0&#8243; _module_preset=\u00bbdefault\u00bb global_colors_info=\u00bb{}\u00bb][et_pb_map address=\u00bbAbandoibarra Etorb., 4, Abando, 48011 Bilbao, Bizkaia, Espa\u00f1a\u00bb address_lat=\u00bb43.2667891&#8243; address_lng=\u00bb-2.9442873&#8243; _builder_version=\u00bb4.27.5&#8243; _module_preset=\u00bbdefault\u00bb min_height=\u00bb650px\u00bb min_height_tablet=\u00bb400px\u00bb min_height_phone=\u00bb300px\u00bb min_height_last_edited=\u00bbon|phone\u00bb global_colors_info=\u00bb{}\u00bb][et_pb_map_pin title=\u00bbEuskalduna Jauregia\u00bb pin_address=\u00bbAbandoibarra Etorb., 4, Abando, 48011 Bilbao, Bizkaia, Espa\u00f1a\u00bb pin_address_lat=\u00bb43.2667891&#8243; pin_address_lng=\u00bb-2.9442873&#8243; _builder_version=\u00bb4.27.5&#8243; _module_preset=\u00bbdefault\u00bb global_colors_info=\u00bb{}\u00bb][\/et_pb_map_pin][\/et_pb_map][\/et_pb_column][\/et_pb_row][\/et_pb_section]<\/p>\n","protected":false},"excerpt":{"rendered":"<p>La conferencia anual y la ceremonia de entrega de premios del Museo Europeo del A\u00f1o 2026 (EMYA) se celebrar\u00e1n del 10 al 14 de junio de 2026 en Bilbao. La sede ser\u00e1 Euskararen Etxea y su Centro de Interpretaci\u00f3n del Euskera, Premio Museo del Consejo de Europa 2025.Este evento \u00fanico reunir\u00e1 a la comunidad EMYA, [&hellip;]<\/p>\n","protected":false},"author":1,"featured_media":0,"parent":0,"menu_order":0,"comment_status":"closed","ping_status":"closed","template":"","meta":{"_et_pb_use_builder":"on","_et_pb_old_content":"","_et_gb_content_width":"","footnotes":""},"class_list":["post-27","page","type-page","status-publish","hentry"],"_links":{"self":[{"href":"https:\/\/emya2026bilbao.eus\/es\/wp-json\/wp\/v2\/pages\/27","targetHints":{"allow":["GET"]}}],"collection":[{"href":"https:\/\/emya2026bilbao.eus\/es\/wp-json\/wp\/v2\/pages"}],"about":[{"href":"https:\/\/emya2026bilbao.eus\/es\/wp-json\/wp\/v2\/types\/page"}],"author":[{"embeddable":true,"href":"https:\/\/emya2026bilbao.eus\/es\/wp-json\/wp\/v2\/users\/1"}],"replies":[{"embeddable":true,"href":"https:\/\/emya2026bilbao.eus\/es\/wp-json\/wp\/v2\/comments?post=27"}],"version-history":[{"count":107,"href":"https:\/\/emya2026bilbao.eus\/es\/wp-json\/wp\/v2\/pages\/27\/revisions"}],"predecessor-version":[{"id":3169,"href":"https:\/\/emya2026bilbao.eus\/es\/wp-json\/wp\/v2\/pages\/27\/revisions\/3169"}],"wp:attachment":[{"href":"https:\/\/emya2026bilbao.eus\/es\/wp-json\/wp\/v2\/media?parent=27"}],"curies":[{"name":"wp","href":"https:\/\/api.w.org\/{rel}","templated":true}]}}