{"id":21,"date":"2026-01-27T15:30:42","date_gmt":"2026-01-27T14:30:42","guid":{"rendered":"https:\/\/emya2026bilbao.eus\/?page_id=21"},"modified":"2026-03-23T15:33:26","modified_gmt":"2026-03-23T14:33:26","slug":"home","status":"publish","type":"page","link":"https:\/\/emya2026bilbao.eus\/es\/","title":{"rendered":"Home"},"content":{"rendered":"<p>[et_pb_section fb_built=\u00bb1&#8243; admin_label=\u00bbHeader\u00bb module_id=\u00bbportadaHome\u00bb _builder_version=\u00bb4.27.5&#8243; _module_preset=\u00bbdefault\u00bb background_color=\u00bb#e4032e\u00bb background_enable_image=\u00bboff\u00bb z_index=\u00bb2&#8243; width=\u00bb98%\u00bb custom_margin=\u00bb|30px||30px|true|false\u00bb custom_margin_tablet=\u00bb|0px||0px|true|false\u00bb custom_margin_phone=\u00bb|0px||0px|true|false\u00bb custom_margin_last_edited=\u00bbon|desktop\u00bb custom_padding=\u00bb0px|0px|0px|0px|false|false\u00bb background_last_edited=\u00bbon|tablet\u00bb use_background_color_gradient_tablet=\u00bboff\u00bb locked=\u00bboff\u00bb collapsed=\u00bbon\u00bb global_colors_info=\u00bb{}\u00bb][et_pb_row _builder_version=\u00bb4.27.5&#8243; _module_preset=\u00bbdefault\u00bb background_enable_color=\u00bboff\u00bb width=\u00bb100%\u00bb custom_margin=\u00bb||||false|false\u00bb custom_padding=\u00bb|50px||50px|false|false\u00bb global_colors_info=\u00bb{}\u00bb][et_pb_column type=\u00bb4_4&#8243; _builder_version=\u00bb4.25.0&#8243; _module_preset=\u00bbdefault\u00bb global_colors_info=\u00bb{}\u00bb][et_pb_image src=\u00bbhttps:\/\/emya2026bilbao.eus\/wp-content\/uploads\/2026\/02\/Cab_EMYA_web_CAS.svg\u00bb _builder_version=\u00bb4.27.5&#8243; _module_preset=\u00bb68093b73-1dd3-4749-9154-a9e33e381af3&#8243; width=\u00bb80%\u00bb width_tablet=\u00bb90%\u00bb width_phone=\u00bb100%\u00bb width_last_edited=\u00bbon|phone\u00bb module_alignment=\u00bbcenter\u00bb min_height=\u00bb450px\u00bb min_height_tablet=\u00bb\u00bb min_height_phone=\u00bb450px\u00bb min_height_last_edited=\u00bbon|desktop\u00bb max_height_tablet=\u00bb300px\u00bb max_height_phone=\u00bb400px\u00bb max_height_last_edited=\u00bbon|tablet\u00bb locked=\u00bboff\u00bb global_colors_info=\u00bb{}\u00bb][\/et_pb_image][\/et_pb_column][\/et_pb_row][\/et_pb_section][et_pb_section fb_built=\u00bb1&#8243; _builder_version=\u00bb4.27.5&#8243; _module_preset=\u00bbdefault\u00bb z_index=\u00bb1&#8243; overflow-x=\u00bbvisible\u00bb custom_margin=\u00bb-200px||||false|false\u00bb custom_margin_tablet=\u00bb-50px||||false|false\u00bb custom_margin_phone=\u00bb-50px||||false|false\u00bb custom_margin_last_edited=\u00bbon|desktop\u00bb custom_padding=\u00bb0px|0px|0px|0px|true|true\u00bb global_colors_info=\u00bb{}\u00bb][et_pb_row column_structure=\u00bb2_3,1_3&#8243; make_equal=\u00bbon\u00bb module_id=\u00bbfondoTramaHome\u00bb _builder_version=\u00bb4.27.5&#8243; _module_preset=\u00bbdefault\u00bb width=\u00bb100%\u00bb max_width=\u00bb100%\u00bb min_height=\u00bb120px\u00bb height=\u00bb120px\u00bb custom_margin=\u00bb||||false|false\u00bb custom_padding=\u00bb0px|0px|0px|0px|true|true\u00bb global_colors_info=\u00bb{}\u00bb][et_pb_column type=\u00bb2_3&#8243; module_class=\u00bbcol1&#8243; _builder_version=\u00bb4.27.5&#8243; _module_preset=\u00bbdefault\u00bb background_image=\u00bbhttps:\/\/emya2026bilbao.eus\/wp-content\/uploads\/2026\/01\/trama-hojas_.png\u00bb parallax=\u00bbon\u00bb background_last_edited=\u00bbon|desktop\u00bb parallax_tablet=\u00bboff\u00bb global_colors_info=\u00bb{}\u00bb][\/et_pb_column][et_pb_column type=\u00bb1_3&#8243; module_class=\u00bbcol2&#8243; _builder_version=\u00bb4.27.5&#8243; _module_preset=\u00bbdefault\u00bb global_colors_info=\u00bb{}\u00bb][\/et_pb_column][\/et_pb_row][\/et_pb_section][et_pb_section fb_built=\u00bb1&#8243; admin_label=\u00bbResume\u00bb module_class=\u00bbbloqueHome1&#8243; _builder_version=\u00bb4.27.5&#8243; _module_preset=\u00bbdefault\u00bb module_alignment=\u00bbcenter\u00bb custom_margin=\u00bb0px||||false|false\u00bb custom_padding=\u00bb|20px||20px|false|false\u00bb collapsed=\u00bbon\u00bb global_colors_info=\u00bb{}\u00bb][et_pb_row column_structure=\u00bb1_2,1_2&#8243; module_class=\u00bbcentrar-vertical\u00bb _builder_version=\u00bb4.27.5&#8243; _module_preset=\u00bbdefault\u00bb width=\u00bb100%\u00bb custom_margin=\u00bb40px||||false|false\u00bb custom_margin_tablet=\u00bb0px||0px||false|false\u00bb custom_margin_phone=\u00bb0px||||false|false\u00bb custom_margin_last_edited=\u00bbon|phone\u00bb custom_padding=\u00bb0px||0px||false|false\u00bb global_colors_info=\u00bb{}\u00bb][et_pb_column type=\u00bb1_2&#8243; _builder_version=\u00bb4.25.0&#8243; _module_preset=\u00bbdefault\u00bb global_colors_info=\u00bb{}\u00bb][et_pb_image src=\u00bbhttps:\/\/emya2026bilbao.eus\/wp-content\/uploads\/2026\/01\/euskalduna-scaled.jpg\u00bb title_text=\u00bbeuskalduna\u00bb module_class=\u00bbimgLinea azul\u00bb _builder_version=\u00bb4.27.5&#8243; _module_preset=\u00bbdefault\u00bb custom_margin=\u00bb|1px||||\u00bb scroll_fade_enable=\u00bbon\u00bb scroll_blur_enable=\u00bbon\u00bb border_radii=\u00bbon|0px|0px|0px|0px\u00bb global_colors_info=\u00bb{}\u00bb][\/et_pb_image][\/et_pb_column][et_pb_column type=\u00bb1_2&#8243; _builder_version=\u00bb4.25.0&#8243; _module_preset=\u00bbdefault\u00bb global_colors_info=\u00bb{}\u00bb][et_pb_heading title=\u00bbEMYA 2026 BILBAO\u00bb _builder_version=\u00bb4.27.5&#8243; _module_preset=\u00bb78938ff8-75a3-4592-8234-5b8bb59b9f47&#8243; title_font=\u00bb|700||on|||||\u00bb custom_margin=\u00bb30px|20px||20px|false|false\u00bb custom_margin_tablet=\u00bb|20px|10px|20px|false|false\u00bb custom_margin_phone=\u00bb|20px|10px|20px|false|false\u00bb custom_margin_last_edited=\u00bbon|phone\u00bb scroll_fade_enable=\u00bbon\u00bb title_font_size_phone=\u00bb28px\u00bb global_colors_info=\u00bb{}\u00bb][\/et_pb_heading][et_pb_text _builder_version=\u00bb4.27.6&#8243; _module_preset=\u00bbaadb1abf-bd1f-42f1-b4da-2301b96a21cf\u00bb custom_margin=\u00bb|20px|20px|20px|false|false\u00bb custom_margin_tablet=\u00bb|20px|10px|20px|false|false\u00bb custom_margin_phone=\u00bb|20px|10px|20px|false|false\u00bb custom_margin_last_edited=\u00bbon|desktop\u00bb scroll_fade_enable=\u00bbon\u00bb global_colors_info=\u00bb{}\u00bb]<\/p>\n<p>La <strong>conferencia y ceremonia de entrega del Premio al Museo Europeo del A\u00f1o (European Museum of the Year Award: EMYA)<\/strong> de 2026 se celebrar\u00e1 en Bilbao, la capital de Bizkaia, del mi\u00e9rcoles 10 de junio al domingo 14 de junio de 2026.<\/p>\n<p>[\/et_pb_text][et_pb_text _builder_version=\u00bb4.27.6&#8243; _module_preset=\u00bbaadb1abf-bd1f-42f1-b4da-2301b96a21cf\u00bb custom_margin=\u00bb|20px||20px|false|false\u00bb scroll_fade_enable=\u00bbon\u00bb global_colors_info=\u00bb{}\u00bb custom_padding=\u00bb0px|||||\u00bb]<\/p>\n<p><span data-metadata=\"&lt;!--(figmeta)eyJmaWxlS2V5IjoiR0YwZFRrMGV2SjFsZWxxUTY4WmNIaCIsInBhc3RlSUQiOjE5MzAyMDY5MDYsImRhdGFUeXBlIjoic2NlbmUifQo=(\/figmeta)--&gt;\">Organizada por el <a href=\"https:\/\/europeanforum.museum\/about\/european-museum-forum-emf\" target=\"_blank\" rel=\"noopener\"><strong>European Museum Forum (EMF)<\/strong><\/a>, con instituciones locales anfitrionas, <a href=\"https:\/\/euskararenetxea.eus\/es\/\" target=\"_blank\" rel=\"noopener\"><strong>Euskararen Etxea y su Centro de Interpretaci\u00f3n<\/strong><\/a> -ganador del Premio al Museo Europeo 2025 del Consejo de Europa- y la <strong>Diputaci\u00f3n Foral de Bizkaia<\/strong>, el Congreso reunir\u00e1 a representantes de la comunidad EMYA, junto con los museos candidatos al EMYA 2026.<\/span><\/p>\n<p>[\/et_pb_text][\/et_pb_column][\/et_pb_row][et_pb_row _builder_version=\u00bb4.27.5&#8243; _module_preset=\u00bbdefault\u00bb width=\u00bb1080px\u00bb width_tablet=\u00bb1080px\u00bb width_phone=\u00bb1080px\u00bb width_last_edited=\u00bbon|phone\u00bb max_width=\u00bb100%\u00bb custom_margin=\u00bb40px||||false|false\u00bb custom_margin_tablet=\u00bb0px||||false|false\u00bb custom_margin_phone=\u00bb0px||||false|false\u00bb custom_margin_last_edited=\u00bbon|phone\u00bb custom_padding=\u00bb0px||||false|false\u00bb global_colors_info=\u00bb{}\u00bb][et_pb_column type=\u00bb4_4&#8243; _builder_version=\u00bb4.25.0&#8243; _module_preset=\u00bbdefault\u00bb global_colors_info=\u00bb{}\u00bb][et_pb_text _builder_version=\u00bb4.27.6&#8243; _module_preset=\u00bbaadb1abf-bd1f-42f1-b4da-2301b96a21cf\u00bb custom_margin=\u00bb30px|20px|20px|20px|false|false\u00bb custom_margin_tablet=\u00bb10px|20px|10px|20px|false|false\u00bb custom_margin_phone=\u00bb|20px||20px|false|false\u00bb custom_margin_last_edited=\u00bbon|phone\u00bb scroll_fade_enable=\u00bbon\u00bb global_colors_info=\u00bb{}\u00bb]<\/p>\n<p>Como territorio cultural din\u00e1mico del Pa\u00eds Vasco, <strong>Bizkaia<\/strong> se ha convertido en un referente en innovaci\u00f3n, la pr\u00e1ctica muse\u00edstica contempor\u00e1nea y el intercambio cultural internacional, siendo el lugar perfecto para el encuentro de este a\u00f1o. Bizkaia es una tierra donde la tradici\u00f3n inspira la innovaci\u00f3n.<\/p>\n<p>[\/et_pb_text][et_pb_text _builder_version=\u00bb4.27.6&#8243; _module_preset=\u00bbaadb1abf-bd1f-42f1-b4da-2301b96a21cf\u00bb custom_margin=\u00bb30px|20px|20px|20px|false|false\u00bb custom_margin_tablet=\u00bb10px|20px|10px|20px|false|false\u00bb custom_margin_phone=\u00bb|20px||20px|false|false\u00bb custom_margin_last_edited=\u00bbon|phone\u00bb scroll_fade_enable=\u00bbon\u00bb global_colors_info=\u00bb{}\u00bb]<\/p>\n<p>El <strong>EMF\/EMYA<\/strong> lleva casi cinco d\u00e9cadas impulsando la excelencia en la innovaci\u00f3n y la calidad de la participaci\u00f3n del p\u00fablico en la pr\u00e1ctica muse\u00edstica, y mantiene un firme compromiso con la ciudadan\u00eda, la democracia, los derechos humanos, la sostenibilidad y la eliminaci\u00f3n de barreras culturales, sociales y pol\u00edticas. La edici\u00f3n de 2026, bajo el lema <strong>Transformando el museo: inclusi\u00f3n total<\/strong>, abordar\u00e1 c\u00f3mo los museos pueden cuestionar las estructuras establecidas, ampliar la accesibilidad y fomentar espacios culturales verdaderamente inclusivos para comunidades diversas.<\/p>\n<p>[\/et_pb_text][et_pb_text _builder_version=\u00bb4.27.6&#8243; _module_preset=\u00bbaadb1abf-bd1f-42f1-b4da-2301b96a21cf\u00bb custom_margin=\u00bb30px|20px|20px|20px|false|false\u00bb custom_margin_tablet=\u00bb10px|20px|10px|20px|false|false\u00bb custom_margin_phone=\u00bb|20px||20px|false|false\u00bb custom_margin_last_edited=\u00bbon|phone\u00bb scroll_fade_enable=\u00bbon\u00bb global_colors_info=\u00bb{}\u00bb]<\/p>\n<p><strong>Treinta y cuatro museos de diecisiete pa\u00edses<\/strong>, nominados para el\u202f<strong>EMYA 2026<\/strong>, presentar\u00e1n sus proyectos durante la conferencia. Uno de los objetivos principales del evento es fomentar el desarrollo de estrategias prospectivas en respuesta a los desaf\u00edos contempor\u00e1neos, creando al mismo tiempo un espacio para el di\u00e1logo y la educaci\u00f3n dentro y para las comunidades.<\/p>\n<p>[\/et_pb_text][et_pb_text _builder_version=\u00bb4.27.6&#8243; _module_preset=\u00bbaadb1abf-bd1f-42f1-b4da-2301b96a21cf\u00bb custom_margin=\u00bb|20px||20px|false|false\u00bb scroll_fade_enable=\u00bbon\u00bb global_colors_info=\u00bb{}\u00bb]<\/p>\n<p>Las sesiones de la conferencia y la ceremonia de entrega del Premio Museo Europeo del A\u00f1o 2026 tendr\u00e1n lugar en\u202f<strong>Euskalduna Jauregia \u2013 Palacio Euskalduna en Bilbao<\/strong>.<\/p>\n<p>[\/et_pb_text][\/et_pb_column][\/et_pb_row][et_pb_row _builder_version=\u00bb4.27.5&#8243; _module_preset=\u00bbdefault\u00bb width=\u00bb100%\u00bb custom_padding=\u00bb||||false|false\u00bb global_colors_info=\u00bb{}\u00bb][et_pb_column type=\u00bb4_4&#8243; _builder_version=\u00bb4.27.5&#8243; _module_preset=\u00bbdefault\u00bb global_colors_info=\u00bb{}\u00bb][et_pb_video src=\u00bbhttps:\/\/www.youtube.com\/watch?v=obKn7cCKjOs\u00bb src_webm=\u00bbhttps:\/\/www.youtube.com\/watch?v=obKn7cCKjOs\u00bb _builder_version=\u00bb4.27.5&#8243; _module_preset=\u00bbdefault\u00bb border_radii=\u00bbon|0px|0px|0px|0px\u00bb global_colors_info=\u00bb{}\u00bb][\/et_pb_video][\/et_pb_column][\/et_pb_row][et_pb_row custom_padding_last_edited=\u00bbon|desktop\u00bb disabled_on=\u00bbon|on|on\u00bb _builder_version=\u00bb4.27.5&#8243; _module_preset=\u00bbdefault\u00bb width=\u00bb1080px\u00bb width_tablet=\u00bb100%\u00bb width_phone=\u00bb100%\u00bb width_last_edited=\u00bbon|desktop\u00bb max_width=\u00bb100%\u00bb max_width_tablet=\u00bb100%\u00bb max_width_phone=\u00bb\u00bb max_width_last_edited=\u00bbon|tablet\u00bb module_alignment=\u00bbcenter\u00bb custom_margin=\u00bb||0px||false|false\u00bb custom_margin_tablet=\u00bb||0px||false|false\u00bb custom_margin_phone=\u00bb||0px||false|false\u00bb custom_margin_last_edited=\u00bbon|desktop\u00bb custom_padding=\u00bb100px||0px||false|false\u00bb custom_padding_tablet=\u00bb60px||10px||false|false\u00bb custom_padding_phone=\u00bb10px||10px||false|false\u00bb disabled=\u00bbon\u00bb global_colors_info=\u00bb{}\u00bb][et_pb_column type=\u00bb4_4&#8243; _builder_version=\u00bb4.25.0&#8243; _module_preset=\u00bbdefault\u00bb global_colors_info=\u00bb{}\u00bb][et_pb_heading title=\u00bbNoticias\u00bb _builder_version=\u00bb4.27.5&#8243; _module_preset=\u00bb78938ff8-75a3-4592-8234-5b8bb59b9f47&#8243; title_level=\u00bbh3&#8243; title_font=\u00bb|700||on|||||\u00bb title_font_size=\u00bb34px\u00bb custom_margin=\u00bb|20px||20px|false|false\u00bb scroll_fade_enable=\u00bbon\u00bb title_font_size_phone=\u00bb28px\u00bb global_colors_info=\u00bb{}\u00bb][\/et_pb_heading][\/et_pb_column][\/et_pb_row][et_pb_row make_equal=\u00bbon\u00bb custom_padding_last_edited=\u00bbon|desktop\u00bb disabled_on=\u00bbon|on|on\u00bb _builder_version=\u00bb4.27.5&#8243; _module_preset=\u00bbdefault\u00bb width=\u00bb1080px\u00bb width_tablet=\u00bb100%\u00bb width_phone=\u00bb100%\u00bb width_last_edited=\u00bbon|desktop\u00bb max_width=\u00bb100%\u00bb module_alignment=\u00bbcenter\u00bb custom_margin=\u00bb0px|10px|0px|10px|false|false\u00bb custom_padding_tablet=\u00bb0px||||false|false\u00bb custom_padding_phone=\u00bb0px||||false|false\u00bb disabled=\u00bbon\u00bb locked=\u00bboff\u00bb global_colors_info=\u00bb{}\u00bb][et_pb_column type=\u00bb4_4&#8243; _builder_version=\u00bb4.25.0&#8243; _module_preset=\u00bbdefault\u00bb global_colors_info=\u00bb{}\u00bb][et_pb_blog use_manual_excerpt=\u00bboff\u00bb excerpt_length=\u00bb0&#8243; show_more=\u00bbon\u00bb show_author=\u00bboff\u00bb show_date=\u00bboff\u00bb show_categories=\u00bboff\u00bb show_excerpt=\u00bboff\u00bb module_class=\u00bbnoticiasHome 2-cols\u00bb _builder_version=\u00bb4.27.5&#8243; _module_preset=\u00bbdefault\u00bb header_level=\u00bbh4&#8243; header_font=\u00bb|700||on|||||\u00bb header_text_align=\u00bbleft\u00bb header_text_color=\u00bb#000000&#8243; header_line_height=\u00bb1.2em\u00bb text_orientation=\u00bbleft\u00bb custom_margin=\u00bb|20px||20px|false|false\u00bb custom_padding=\u00bb||||false|false\u00bb animation_style=\u00bbfade\u00bb header_font_size_tablet=\u00bb24px\u00bb header_font_size_phone=\u00bb18px\u00bb header_font_size_last_edited=\u00bbon|phone\u00bb border_radii_image=\u00bboff|0px|0px|0px|0px\u00bb global_colors_info=\u00bb{}\u00bb][\/et_pb_blog][\/et_pb_column][\/et_pb_row][\/et_pb_section]<\/p>\n","protected":false},"excerpt":{"rendered":"<p>La conferencia y ceremonia de entrega del Premio al Museo Europeo del A\u00f1o (European Museum of the Year Award: EMYA) de 2026 se celebrar\u00e1 en Bilbao, la capital de Bizkaia, del mi\u00e9rcoles 10 de junio al domingo 14 de junio de 2026.Organizada por el European Museum Forum (EMF), con instituciones locales anfitrionas, Euskararen Etxea y [&hellip;]<\/p>\n","protected":false},"author":1,"featured_media":0,"parent":0,"menu_order":0,"comment_status":"closed","ping_status":"closed","template":"","meta":{"_et_pb_use_builder":"on","_et_pb_old_content":"","_et_gb_content_width":"","footnotes":""},"class_list":["post-21","page","type-page","status-publish","hentry"],"_links":{"self":[{"href":"https:\/\/emya2026bilbao.eus\/es\/wp-json\/wp\/v2\/pages\/21","targetHints":{"allow":["GET"]}}],"collection":[{"href":"https:\/\/emya2026bilbao.eus\/es\/wp-json\/wp\/v2\/pages"}],"about":[{"href":"https:\/\/emya2026bilbao.eus\/es\/wp-json\/wp\/v2\/types\/page"}],"author":[{"embeddable":true,"href":"https:\/\/emya2026bilbao.eus\/es\/wp-json\/wp\/v2\/users\/1"}],"replies":[{"embeddable":true,"href":"https:\/\/emya2026bilbao.eus\/es\/wp-json\/wp\/v2\/comments?post=21"}],"version-history":[{"count":128,"href":"https:\/\/emya2026bilbao.eus\/es\/wp-json\/wp\/v2\/pages\/21\/revisions"}],"predecessor-version":[{"id":2975,"href":"https:\/\/emya2026bilbao.eus\/es\/wp-json\/wp\/v2\/pages\/21\/revisions\/2975"}],"wp:attachment":[{"href":"https:\/\/emya2026bilbao.eus\/es\/wp-json\/wp\/v2\/media?parent=21"}],"curies":[{"name":"wp","href":"https:\/\/api.w.org\/{rel}","templated":true}]}}