{"id":1751,"date":"2026-02-16T11:58:31","date_gmt":"2026-02-16T10:58:31","guid":{"rendered":"https:\/\/emya2026bilbao.eus\/?page_id=1751"},"modified":"2026-03-09T13:59:57","modified_gmt":"2026-03-09T12:59:57","slug":"eventos-post-conferencia","status":"publish","type":"page","link":"https:\/\/emya2026bilbao.eus\/es\/eventos-post-conferencia\/","title":{"rendered":"Eventos Post-Conferencia"},"content":{"rendered":"<p>[et_pb_section fb_built=\u00bb1&#8243; admin_label=\u00bbHeader\u00bb module_class=\u00bbtitFond\u00bb _builder_version=\u00bb4.27.5&#8243; _module_preset=\u00bbdefault\u00bb width=\u00bb100%\u00bb custom_margin=\u00bb||0px||false|false\u00bb custom_padding=\u00bb||0px||false|false\u00bb scroll_horizontal_motion=\u00bb0|50|50|100|-4|0|0&#8243; collapsed=\u00bboff\u00bb global_colors_info=\u00bb{}\u00bb][et_pb_row _builder_version=\u00bb4.27.5&#8243; _module_preset=\u00bb698f9690-9eb0-4f99-ad59-f238b97be924&#8243; background_color=\u00bbgcid-secondary-color\u00bb background_image=\u00bbhttps:\/\/emya2026bilbao.eus\/wp-content\/uploads\/2026\/02\/emya-trama-tit.svg\u00bb width=\u00bb1080px\u00bb width_tablet=\u00bb80%\u00bb width_phone=\u00bb80%\u00bb width_last_edited=\u00bbon|desktop\u00bb custom_margin=\u00bb||||false|false\u00bb custom_padding=\u00bb15px|40px|5px|20px|false|false\u00bb custom_padding_tablet=\u00bb13px|0px|7px|20px|false|false\u00bb custom_padding_phone=\u00bb15px|20px|3px|0px|false|false\u00bb border_radii=\u00bboff||0px|0px|\u00bb box_shadow_color=\u00bbgcid-secondary-color\u00bb global_colors_info=\u00bb{%22gcid-primary-color%22:%91%22box_shadow_color%22%93,%22gcid-secondary-color%22:%91%22box_shadow_color%22,%22background_color%22%93}\u00bb][et_pb_column type=\u00bb4_4&#8243; _builder_version=\u00bb4.25.0&#8243; _module_preset=\u00bbdefault\u00bb global_colors_info=\u00bb{}\u00bb][et_pb_heading title=\u00bbEVENTOS POST-CONFERENCIA\u00bb _builder_version=\u00bb4.27.5&#8243; _module_preset=\u00bb0f4a8d2c-a668-46c5-b1a5-6149f83510c6&#8243; title_font=\u00bb|700|||||||\u00bb title_text_color=\u00bb#FFFFFF\u00bb title_font_size=\u00bb40px\u00bb title_line_height=\u00bb1em\u00bb custom_margin=\u00bb||||false|false\u00bb custom_padding=\u00bb0px||0px||false|false\u00bb global_colors_info=\u00bb{}\u00bb][\/et_pb_heading][\/et_pb_column][\/et_pb_row][\/et_pb_section][et_pb_section fb_built=\u00bb1&#8243; admin_label=\u00bbBorde\u00bb _builder_version=\u00bb4.27.5&#8243; _module_preset=\u00bbdefault\u00bb width=\u00bb90%\u00bb custom_margin=\u00bb10px||||false|false\u00bb custom_padding=\u00bb0px||||false|false\u00bb scroll_horizontal_motion=\u00bb0|50|50|100|-4|0|0&#8243; collapsed=\u00bboff\u00bb global_colors_info=\u00bb{}\u00bb][et_pb_row module_class=\u00bbsubTit\u00bb _builder_version=\u00bb4.27.5&#8243; _module_preset=\u00bb698f9690-9eb0-4f99-ad59-f238b97be924&#8243; background_color=\u00bbgcid-heading-color\u00bb background_enable_image=\u00bboff\u00bb width=\u00bb1080px\u00bb width_tablet=\u00bb80%\u00bb width_phone=\u00bb70%\u00bb width_last_edited=\u00bbon|desktop\u00bb min_height=\u00bb0px\u00bb height=\u00bb0px\u00bb max_height=\u00bb5px\u00bb custom_padding=\u00bb15px|40px|10px||false|false\u00bb custom_padding_tablet=\u00bb5px||5px||true|false\u00bb custom_padding_phone=\u00bb5px|0px|5px|0px|true|false\u00bb border_radii=\u00bboff||0px|0px|\u00bb box_shadow_color=\u00bbgcid-heading-color\u00bb global_colors_info=\u00bb{%22gcid-primary-color%22:%91%22background_color%22%93,%22gcid-heading-color%22:%91%22background_color%22,%22box_shadow_color%22%93}\u00bb][et_pb_column type=\u00bb4_4&#8243; _builder_version=\u00bb4.27.5&#8243; _module_preset=\u00bbdefault\u00bb background_color=\u00bbgcid-heading-color\u00bb global_colors_info=\u00bb{%22gcid-heading-color%22:%91%22background_color%22%93}\u00bb][\/et_pb_column][\/et_pb_row][\/et_pb_section][et_pb_section fb_built=\u00bb1&#8243; admin_label=\u00bbbloque1&#8243; _builder_version=\u00bb4.27.5&#8243; _module_preset=\u00bbdefault\u00bb background_color=\u00bb#FFFFFF\u00bb background_image=\u00bbhttps:\/\/emya2026bilbao.eus\/wp-content\/uploads\/2026\/02\/emya-trama-gris.svg\u00bb background_size=\u00bbinitial\u00bb background_position=\u00bbcenter_left\u00bb background_horizontal_offset=\u00bb-25%\u00bb custom_margin=\u00bb0px||||false|false\u00bb custom_padding=\u00bb0px||||false|false\u00bb global_colors_info=\u00bb{}\u00bb][et_pb_row _builder_version=\u00bb4.27.5&#8243; _module_preset=\u00bbdefault\u00bb width=\u00bb1080px\u00bb width_tablet=\u00bb1080px\u00bb width_phone=\u00bb1080px\u00bb width_last_edited=\u00bbon|desktop\u00bb max_width=\u00bb100%\u00bb global_colors_info=\u00bb{}\u00bb][et_pb_column type=\u00bb4_4&#8243; _builder_version=\u00bb4.27.5&#8243; _module_preset=\u00bbdefault\u00bb global_colors_info=\u00bb{}\u00bb][et_pb_heading title=\u00bbDOMINGO, 14 de junio de 2026&#8243; admin_label=\u00bbT\u00edtulo\u00bb _builder_version=\u00bb4.27.5&#8243; _module_preset=\u00bb78938ff8-75a3-4592-8234-5b8bb59b9f47&#8243; title_level=\u00bbh2&#8243; title_font=\u00bb|700||on|||||\u00bb title_font_size=\u00bb36px\u00bb title_line_height=\u00bb1.1em\u00bb custom_padding=\u00bb|20px||20px|false|false\u00bb title_font_size_tablet=\u00bb36px\u00bb title_font_size_phone=\u00bb30px\u00bb title_font_size_last_edited=\u00bbon|phone\u00bb global_colors_info=\u00bb{}\u00bb][\/et_pb_heading][et_pb_heading title=\u00bbVisitas opcionales en Bizkaia\u00bb admin_label=\u00bbT\u00edtulo\u00bb _builder_version=\u00bb4.27.5&#8243; _module_preset=\u00bb78938ff8-75a3-4592-8234-5b8bb59b9f47&#8243; title_level=\u00bbh3&#8243; title_font=\u00bb|700|||||||\u00bb title_text_color=\u00bb#000000&#8243; title_font_size=\u00bb26px\u00bb title_line_height=\u00bb1.1em\u00bb custom_margin=\u00bb||20px||false|false\u00bb custom_padding=\u00bb|20px||20px|false|false\u00bb title_font_size_tablet=\u00bb36px\u00bb title_font_size_phone=\u00bb30px\u00bb title_font_size_last_edited=\u00bbon|phone\u00bb global_colors_info=\u00bb{}\u00bb][\/et_pb_heading][et_pb_text _builder_version=\u00bb4.27.5&#8243; _module_preset=\u00bbdefault\u00bb text_font_size=\u00bb18px\u00bb background_color=\u00bbRGBA(255,255,255,0)\u00bb custom_margin=\u00bb30px||10px||false|false\u00bb custom_padding=\u00bb|20px||20px|false|false\u00bb scroll_fade_enable=\u00bbon\u00bb hover_enabled=\u00bb0&#8243; global_colors_info=\u00bb{}\u00bb sticky_enabled=\u00bb0&#8243;]Requiere inscripci\u00f3n previa: <a href=\"mailto:registration@euskararenetxea.eus\">registration@euskararenetxea.eus<\/a><\/p>\n<p>Descubre la regi\u00f3n de Bizkaia de una manera asombrosa, visitando algunos de sus lugares m\u00e1s emblem\u00e1ticos.[\/et_pb_text][et_pb_divider color=\u00bb#d6d6d6&#8243; _builder_version=\u00bb4.27.5&#8243; _module_preset=\u00bbdefault\u00bb global_colors_info=\u00bb{}\u00bb][\/et_pb_divider][et_pb_heading title=\u00bbBilbao ciudad\u00bb admin_label=\u00bbT\u00edtulo\u00bb _builder_version=\u00bb4.27.5&#8243; _module_preset=\u00bb78938ff8-75a3-4592-8234-5b8bb59b9f47&#8243; title_level=\u00bbh3&#8243; title_font=\u00bb|700|||||||\u00bb title_text_color=\u00bb#000000&#8243; title_font_size=\u00bb26px\u00bb title_line_height=\u00bb1.1em\u00bb custom_margin=\u00bb||20px||false|false\u00bb custom_padding=\u00bb|20px||20px|false|false\u00bb title_font_size_tablet=\u00bb36px\u00bb title_font_size_phone=\u00bb30px\u00bb title_font_size_last_edited=\u00bbon|phone\u00bb global_colors_info=\u00bb{}\u00bb][\/et_pb_heading][et_pb_text _builder_version=\u00bb4.27.5&#8243; _module_preset=\u00bbdefault\u00bb text_font_size=\u00bb18px\u00bb custom_margin=\u00bb||10px||false|false\u00bb custom_padding=\u00bb|20px||20px|false|false\u00bb scroll_fade_enable=\u00bbon\u00bb global_colors_info=\u00bb{}\u00bb]<\/p>\n<p><strong>Plazas:<\/strong><br \/>25<br \/><strong>Horario:<\/strong><br \/>10:45 \u2013 12:00<br \/><strong>Punto de encuentro:<\/strong><br \/>Plaza P\u00edo Baroja, 1, Bilbao. <a href=\"https:\/\/labur.eus\/Bilbao-on-board\" target=\"_blank\" rel=\"noopener\">C\u00f3mo llegar<\/a><\/p>\n<p>[\/et_pb_text][et_pb_text _builder_version=\u00bb4.27.5&#8243; _module_preset=\u00bbdefault\u00bb text_font_size=\u00bb18px\u00bb background_color=\u00bbRGBA(255,255,255,0)\u00bb custom_margin=\u00bb30px||10px||false|false\u00bb custom_padding=\u00bb|20px||20px|false|false\u00bb scroll_fade_enable=\u00bbon\u00bb global_colors_info=\u00bb{}\u00bb]<\/p>\n<p>Bilbao como nunca lo hab\u00edas visto: la ciudad desde su propio coraz\u00f3n. \u00bfQuieres descubrir el alma de Bilbao? Sube a bordo y navega por la r\u00eda del Nervi\u00f3n, el cauce que dio forma al pasado de la ciudad y a su identidad moderna. No hay mejor manera de explorar Bilbao que siguiendo el r\u00edo que la atraviesa.<\/p>\n<p>[\/et_pb_text][et_pb_gallery gallery_ids=\u00bb1882,1877,1879,1876&#8243; posts_number=\u00bb100&#8243; show_title_and_caption=\u00bboff\u00bb show_pagination=\u00bboff\u00bb _builder_version=\u00bb4.27.5&#8243; _module_preset=\u00bbdefault\u00bb custom_margin=\u00bb60px||0px||false|false\u00bb custom_margin_tablet=\u00bb60px||0px||false|false\u00bb custom_margin_phone=\u00bb30px||||false|false\u00bb custom_margin_last_edited=\u00bbon|phone\u00bb custom_padding=\u00bb0px|20px|0px|20px|false|false\u00bb border_radii_image=\u00bbon|0px|0px|0px|0px\u00bb global_colors_info=\u00bb{}\u00bb][\/et_pb_gallery][et_pb_divider color=\u00bb#d6d6d6&#8243; _builder_version=\u00bb4.27.5&#8243; _module_preset=\u00bbdefault\u00bb global_colors_info=\u00bb{}\u00bb][\/et_pb_divider][et_pb_heading title=\u00bbBizkaia de Hierro y Lana: Un viaje a nuestras ra\u00edces\u00bb admin_label=\u00bbT\u00edtulo\u00bb _builder_version=\u00bb4.27.5&#8243; _module_preset=\u00bb78938ff8-75a3-4592-8234-5b8bb59b9f47&#8243; title_level=\u00bbh3&#8243; title_font=\u00bb|700|||||||\u00bb title_text_color=\u00bb#000000&#8243; title_font_size=\u00bb26px\u00bb title_line_height=\u00bb1.1em\u00bb custom_margin=\u00bb||20px||false|false\u00bb custom_padding=\u00bb|20px||20px|false|false\u00bb title_font_size_tablet=\u00bb36px\u00bb title_font_size_phone=\u00bb30px\u00bb title_font_size_last_edited=\u00bbon|phone\u00bb global_colors_info=\u00bb{}\u00bb][\/et_pb_heading][et_pb_text _builder_version=\u00bb4.27.5&#8243; _module_preset=\u00bbdefault\u00bb text_font_size=\u00bb18px\u00bb custom_margin=\u00bb||10px||false|false\u00bb custom_padding=\u00bb|20px||20px|false|false\u00bb scroll_fade_enable=\u00bbon\u00bb global_colors_info=\u00bb{}\u00bb]<\/p>\n<p><strong>Plazas:<\/strong><br \/>30<br \/><strong>Horario:<\/strong><br \/>9:00 \u2013 13:00 <br \/><strong>Punto de encuentro:<\/strong><br \/>Palacio Euskalduna Bilbao. <a href=\"https:\/\/www.google.com\/maps\/place\/data=!4m2!3m1!1s0xd4e502463ab4003:0xdd291c55d656c0a1?sa=X&amp;ved=1t:8290&amp;ictx=111\" target=\"_blank\" rel=\"noopener\">C\u00f3mo llegar<\/a><\/p>\n<p>[\/et_pb_text][et_pb_text _builder_version=\u00bb4.27.5&#8243; _module_preset=\u00bbdefault\u00bb text_font_size=\u00bb18px\u00bb background_color=\u00bbRGBA(255,255,255,0)\u00bb custom_margin=\u00bb30px||10px||false|false\u00bb custom_padding=\u00bb|20px||20px|false|false\u00bb scroll_fade_enable=\u00bbon\u00bb global_colors_info=\u00bb{}\u00bb]<\/p>\n<p>Descubre la esencia de Bizkaia en un viaje que te transportar\u00e1 al pasado. D\u00e9jate sorprender por la magia de La Encartada Fabrika-Museoa en Balmaseda. Esta f\u00e1brica textil del siglo XIX se conserva exactamente como funcionaba anta\u00f1o, con su maquinaria y equipos intactos en sus posiciones originales. Al ser una de las colecciones de tecnolog\u00eda textil hist\u00f3rica m\u00e1s completas del mundo, permite a los visitantes experimentar los sonidos e incluso los olores aut\u00e9nticos de una f\u00e1brica de la \u00e9poca. Contin\u00faa tu ruta en el Museo de la Miner\u00eda del Pa\u00eds Vasco en Gallarta. Aqu\u00ed podr\u00e1s explorar los principales yacimientos de hierro, conocer el exigente trabajo de mineros y metal\u00fargicos, y seguir la evoluci\u00f3n de la industria hasta la actualidad. Dos museos distintos, tejidos en lana y forjados en hierro, que juntos definen el alma resiliente de la identidad vasca.<\/p>\n<p>[\/et_pb_text][et_pb_image src=\u00bbhttps:\/\/emya2026bilbao.eus\/wp-content\/uploads\/2026\/03\/Encartada-Fabrika-Museoa-1.jpg\u00bb title_text=\u00bbEncartada-Fabrika-Museoa-1&#8243; _builder_version=\u00bb4.27.5&#8243; _module_preset=\u00bbdefault\u00bb custom_padding=\u00bb30px||||false|false\u00bb scroll_fade_enable=\u00bbon\u00bb border_radii=\u00bbon|0px|0px|0px|0px\u00bb global_colors_info=\u00bb{}\u00bb][\/et_pb_image][et_pb_divider color=\u00bb#d6d6d6&#8243; _builder_version=\u00bb4.27.5&#8243; _module_preset=\u00bbdefault\u00bb global_colors_info=\u00bb{}\u00bb][\/et_pb_divider][et_pb_heading title=\u00bbExplorando el patrimonio del chacol\u00ed y la cultura marinera vasca\u00bb admin_label=\u00bbT\u00edtulo\u00bb _builder_version=\u00bb4.27.5&#8243; _module_preset=\u00bb78938ff8-75a3-4592-8234-5b8bb59b9f47&#8243; title_level=\u00bbh3&#8243; title_font=\u00bb|700|||||||\u00bb title_text_color=\u00bb#000000&#8243; title_font_size=\u00bb26px\u00bb title_line_height=\u00bb1.1em\u00bb custom_margin=\u00bb||20px||false|false\u00bb custom_padding=\u00bb|20px||20px|false|false\u00bb title_font_size_tablet=\u00bb36px\u00bb title_font_size_phone=\u00bb30px\u00bb title_font_size_last_edited=\u00bbon|phone\u00bb global_colors_info=\u00bb{}\u00bb][\/et_pb_heading][et_pb_text _builder_version=\u00bb4.27.5&#8243; _module_preset=\u00bbdefault\u00bb text_font_size=\u00bb18px\u00bb custom_margin=\u00bb||10px||false|false\u00bb custom_padding=\u00bb|20px||20px|false|false\u00bb scroll_fade_enable=\u00bbon\u00bb global_colors_info=\u00bb{}\u00bb]<\/p>\n<p><strong>Plazas:<\/strong><br \/>30<br \/><strong>Horario:<\/strong><br \/>10:00 \u2013 18:00<br \/><strong>Punto de encuentro:<\/strong><br \/>Palacio Euskalduna Bilbao. <a href=\"https:\/\/www.google.com\/maps\/place\/data=!4m2!3m1!1s0xd4e502463ab4003:0xdd291c55d656c0a1?sa=X&amp;ved=1t:8290&amp;ictx=111\" target=\"_blank\" rel=\"noopener\">C\u00f3mo llegar<\/a><\/p>\n<p>[\/et_pb_text][et_pb_text _builder_version=\u00bb4.27.5&#8243; _module_preset=\u00bbdefault\u00bb text_font_size=\u00bb18px\u00bb background_color=\u00bbRGBA(255,255,255,0)\u00bb custom_margin=\u00bb30px||10px||false|false\u00bb custom_padding=\u00bb|20px||20px|false|false\u00bb scroll_fade_enable=\u00bbon\u00bb global_colors_info=\u00bb{}\u00bb]<\/p>\n<p>Descubre dos expresiones esenciales del patrimonio de Bizkaia con una visita combinada al Txakolin Museoa- Txakolingunea (Museo del Chacol\u00ed) en Bakio y al Arrantzaleen Museoa (Museo del Pescador) en Bermeo. Comienza explorando la historia, evoluci\u00f3n y producci\u00f3n del txakoli, aprendiendo c\u00f3mo este vino \u00fanico ha moldeado la identidad local. Despu\u00e9s, contin\u00faa hacia la hist\u00f3rica Torre Ercilla de Bermeo, donde el Arrantzaleen Museoa ofrece una mirada fascinante a las tradiciones, la vida cotidiana y la cultura mar\u00edtima de las comunidades pesqueras vascas.<\/p>\n<p>[\/et_pb_text][et_pb_gallery gallery_ids=\u00bb2722,2724&#8243; posts_number=\u00bb100&#8243; show_title_and_caption=\u00bboff\u00bb show_pagination=\u00bboff\u00bb _builder_version=\u00bb4.27.5&#8243; _module_preset=\u00bbdefault\u00bb custom_margin=\u00bb60px||0px||false|false\u00bb custom_margin_tablet=\u00bb60px||0px||false|false\u00bb custom_margin_phone=\u00bb30px||||false|false\u00bb custom_margin_last_edited=\u00bbon|phone\u00bb custom_padding=\u00bb0px|20px|0px|20px|false|false\u00bb border_radii_image=\u00bbon|0px|0px|0px|0px\u00bb global_colors_info=\u00bb{}\u00bb][\/et_pb_gallery][\/et_pb_column][\/et_pb_row][\/et_pb_section][et_pb_section fb_built=\u00bb1&#8243; admin_label=\u00bbResume\u00bb _builder_version=\u00bb4.27.5&#8243; _module_preset=\u00bbdefault\u00bb width=\u00bb1080px\u00bb width_tablet=\u00bb90%\u00bb width_phone=\u00bb90%\u00bb width_last_edited=\u00bbon|desktop\u00bb module_alignment=\u00bbcenter\u00bb custom_margin=\u00bb0px||0px||false|false\u00bb custom_padding=\u00bb0px||60px||false|false\u00bb locked=\u00bboff\u00bb collapsed=\u00bboff\u00bb global_colors_info=\u00bb{}\u00bb][et_pb_row _builder_version=\u00bb4.27.5&#8243; _module_preset=\u00bbdefault\u00bb width=\u00bb1080px\u00bb width_tablet=\u00bb100%\u00bb width_phone=\u00bb100%\u00bb width_last_edited=\u00bbon|phone\u00bb custom_margin=\u00bb0px||0px||false|false\u00bb custom_padding=\u00bb0px||0px||false|false\u00bb locked=\u00bboff\u00bb global_colors_info=\u00bb{}\u00bb][et_pb_column type=\u00bb4_4&#8243; _builder_version=\u00bb4.25.0&#8243; _module_preset=\u00bbdefault\u00bb global_colors_info=\u00bb{}\u00bb][\/et_pb_column][\/et_pb_row][\/et_pb_section]<\/p>\n","protected":false},"excerpt":{"rendered":"<p>Requiere inscripci\u00f3n previa: registration@euskararenetxea.eus Descubre la regi\u00f3n de Bizkaia de una manera asombrosa, visitando algunos de sus lugares m\u00e1s emblem\u00e1ticos.Plazas:25Horario:10:45 \u2013 12:00Punto de encuentro:Plaza P\u00edo Baroja, 1, Bilbao. C\u00f3mo llegarBilbao como nunca lo hab\u00edas visto: la ciudad desde su propio coraz\u00f3n. \u00bfQuieres descubrir el alma de Bilbao? Sube a bordo y navega por la r\u00eda [&hellip;]<\/p>\n","protected":false},"author":1,"featured_media":0,"parent":0,"menu_order":0,"comment_status":"closed","ping_status":"closed","template":"","meta":{"_et_pb_use_builder":"on","_et_pb_old_content":"","_et_gb_content_width":"","footnotes":""},"class_list":["post-1751","page","type-page","status-publish","hentry"],"_links":{"self":[{"href":"https:\/\/emya2026bilbao.eus\/es\/wp-json\/wp\/v2\/pages\/1751","targetHints":{"allow":["GET"]}}],"collection":[{"href":"https:\/\/emya2026bilbao.eus\/es\/wp-json\/wp\/v2\/pages"}],"about":[{"href":"https:\/\/emya2026bilbao.eus\/es\/wp-json\/wp\/v2\/types\/page"}],"author":[{"embeddable":true,"href":"https:\/\/emya2026bilbao.eus\/es\/wp-json\/wp\/v2\/users\/1"}],"replies":[{"embeddable":true,"href":"https:\/\/emya2026bilbao.eus\/es\/wp-json\/wp\/v2\/comments?post=1751"}],"version-history":[{"count":15,"href":"https:\/\/emya2026bilbao.eus\/es\/wp-json\/wp\/v2\/pages\/1751\/revisions"}],"predecessor-version":[{"id":2795,"href":"https:\/\/emya2026bilbao.eus\/es\/wp-json\/wp\/v2\/pages\/1751\/revisions\/2795"}],"wp:attachment":[{"href":"https:\/\/emya2026bilbao.eus\/es\/wp-json\/wp\/v2\/media?parent=1751"}],"curies":[{"name":"wp","href":"https:\/\/api.w.org\/{rel}","templated":true}]}}