{"id":1632,"date":"2026-02-12T11:25:44","date_gmt":"2026-02-12T10:25:44","guid":{"rendered":"https:\/\/emya2026bilbao.eus\/?page_id=1632"},"modified":"2026-03-09T13:58:14","modified_gmt":"2026-03-09T12:58:14","slug":"eventos-pre-conferencia","status":"publish","type":"page","link":"https:\/\/emya2026bilbao.eus\/es\/eventos-pre-conferencia\/","title":{"rendered":"Eventos Pre-Conferencia"},"content":{"rendered":"<p>[et_pb_section fb_built=\u00bb1&#8243; admin_label=\u00bbHeader\u00bb module_class=\u00bbtitFond\u00bb _builder_version=\u00bb4.27.5&#8243; _module_preset=\u00bbdefault\u00bb width=\u00bb100%\u00bb custom_margin=\u00bb||0px||false|false\u00bb custom_padding=\u00bb||0px||false|false\u00bb scroll_horizontal_motion=\u00bb0|50|50|100|-4|0|0&#8243; collapsed=\u00bboff\u00bb global_colors_info=\u00bb{}\u00bb][et_pb_row _builder_version=\u00bb4.27.5&#8243; _module_preset=\u00bb698f9690-9eb0-4f99-ad59-f238b97be924&#8243; background_color=\u00bbgcid-secondary-color\u00bb background_image=\u00bbhttps:\/\/emya2026bilbao.eus\/wp-content\/uploads\/2026\/02\/emya-trama-tit.svg\u00bb width=\u00bb1080px\u00bb width_tablet=\u00bb80%\u00bb width_phone=\u00bb80%\u00bb width_last_edited=\u00bbon|desktop\u00bb custom_margin=\u00bb||||false|false\u00bb custom_padding=\u00bb15px|40px|5px|20px|false|false\u00bb custom_padding_tablet=\u00bb13px|0px|7px|20px|false|false\u00bb custom_padding_phone=\u00bb15px|20px|3px|0px|false|false\u00bb border_radii=\u00bboff||0px|0px|\u00bb box_shadow_color=\u00bbgcid-secondary-color\u00bb global_colors_info=\u00bb{%22gcid-primary-color%22:%91%22box_shadow_color%22%93,%22gcid-secondary-color%22:%91%22box_shadow_color%22,%22background_color%22%93}\u00bb][et_pb_column type=\u00bb4_4&#8243; _builder_version=\u00bb4.25.0&#8243; _module_preset=\u00bbdefault\u00bb global_colors_info=\u00bb{}\u00bb][et_pb_heading title=\u00bbEVENTOS DE PRE-CONFERENCIA\u00bb _builder_version=\u00bb4.27.5&#8243; _module_preset=\u00bb0f4a8d2c-a668-46c5-b1a5-6149f83510c6&#8243; title_font=\u00bb|700|||||||\u00bb title_text_color=\u00bb#FFFFFF\u00bb title_font_size=\u00bb40px\u00bb title_line_height=\u00bb1em\u00bb custom_margin=\u00bb||||false|false\u00bb custom_padding=\u00bb0px||0px||false|false\u00bb global_colors_info=\u00bb{}\u00bb][\/et_pb_heading][\/et_pb_column][\/et_pb_row][\/et_pb_section][et_pb_section fb_built=\u00bb1&#8243; admin_label=\u00bbBorde\u00bb _builder_version=\u00bb4.27.5&#8243; _module_preset=\u00bbdefault\u00bb width=\u00bb90%\u00bb custom_margin=\u00bb10px||||false|false\u00bb custom_padding=\u00bb0px||||false|false\u00bb scroll_horizontal_motion=\u00bb0|50|50|100|-4|0|0&#8243; collapsed=\u00bboff\u00bb global_colors_info=\u00bb{}\u00bb][et_pb_row module_class=\u00bbsubTit\u00bb _builder_version=\u00bb4.27.5&#8243; _module_preset=\u00bb698f9690-9eb0-4f99-ad59-f238b97be924&#8243; background_color=\u00bbgcid-heading-color\u00bb background_enable_image=\u00bboff\u00bb width=\u00bb1080px\u00bb width_tablet=\u00bb80%\u00bb width_phone=\u00bb70%\u00bb width_last_edited=\u00bbon|desktop\u00bb min_height=\u00bb0px\u00bb height=\u00bb0px\u00bb max_height=\u00bb5px\u00bb custom_padding=\u00bb15px|40px|10px||false|false\u00bb custom_padding_tablet=\u00bb5px||5px||true|false\u00bb custom_padding_phone=\u00bb5px|0px|5px|0px|true|false\u00bb border_radii=\u00bboff||0px|0px|\u00bb box_shadow_color=\u00bbgcid-heading-color\u00bb global_colors_info=\u00bb{%22gcid-primary-color%22:%91%22background_color%22%93,%22gcid-heading-color%22:%91%22background_color%22,%22box_shadow_color%22%93}\u00bb][et_pb_column type=\u00bb4_4&#8243; _builder_version=\u00bb4.27.5&#8243; _module_preset=\u00bbdefault\u00bb background_color=\u00bbgcid-heading-color\u00bb global_colors_info=\u00bb{%22gcid-heading-color%22:%91%22background_color%22%93}\u00bb][\/et_pb_column][\/et_pb_row][\/et_pb_section][et_pb_section fb_built=\u00bb1&#8243; admin_label=\u00bbResume\u00bb _builder_version=\u00bb4.27.5&#8243; _module_preset=\u00bbdefault\u00bb width=\u00bb1080px\u00bb width_tablet=\u00bb90%\u00bb width_phone=\u00bb90%\u00bb width_last_edited=\u00bbon|desktop\u00bb module_alignment=\u00bbcenter\u00bb custom_margin=\u00bb0px||0px||false|false\u00bb custom_padding=\u00bb0px||60px||false|false\u00bb locked=\u00bboff\u00bb collapsed=\u00bboff\u00bb global_colors_info=\u00bb{}\u00bb][et_pb_row _builder_version=\u00bb4.27.5&#8243; _module_preset=\u00bbdefault\u00bb width=\u00bb1080px\u00bb width_tablet=\u00bb100%\u00bb width_phone=\u00bb100%\u00bb width_last_edited=\u00bbon|desktop\u00bb custom_margin=\u00bb0px|||0px|false|false\u00bb custom_padding=\u00bb0px||||false|false\u00bb global_colors_info=\u00bb{}\u00bb][et_pb_column type=\u00bb4_4&#8243; _builder_version=\u00bb4.25.0&#8243; _module_preset=\u00bbdefault\u00bb global_colors_info=\u00bb{}\u00bb][et_pb_heading title=\u00bbMI\u00c9RCOLES, 10 de junio de 2026&#8243; admin_label=\u00bbT\u00edtulo\u00bb _builder_version=\u00bb4.27.5&#8243; _module_preset=\u00bb78938ff8-75a3-4592-8234-5b8bb59b9f47&#8243; title_level=\u00bbh2&#8243; title_font=\u00bb|700||on|||||\u00bb title_font_size=\u00bb36px\u00bb title_line_height=\u00bb1.1em\u00bb custom_padding=\u00bb|20px||20px|false|false\u00bb title_font_size_tablet=\u00bb36px\u00bb title_font_size_phone=\u00bb30px\u00bb title_font_size_last_edited=\u00bbon|phone\u00bb global_colors_info=\u00bb{}\u00bb][\/et_pb_heading][\/et_pb_column][\/et_pb_row][et_pb_row _builder_version=\u00bb4.27.5&#8243; _module_preset=\u00bbdefault\u00bb width=\u00bb1080px\u00bb width_tablet=\u00bb100%\u00bb width_phone=\u00bb100%\u00bb width_last_edited=\u00bbon|phone\u00bb custom_margin=\u00bb0px||0px||false|false\u00bb custom_padding=\u00bb0px||0px||false|false\u00bb locked=\u00bboff\u00bb global_colors_info=\u00bb{}\u00bb][et_pb_column type=\u00bb4_4&#8243; _builder_version=\u00bb4.25.0&#8243; _module_preset=\u00bbdefault\u00bb global_colors_info=\u00bb{}\u00bb][et_pb_heading title=\u00bbVisita a la exposici\u00f3n permanente: 10:00 \u2013 18:00&#8243; admin_label=\u00bbT\u00edtulo\u00bb _builder_version=\u00bb4.27.5&#8243; _module_preset=\u00bb78938ff8-75a3-4592-8234-5b8bb59b9f47&#8243; title_level=\u00bbh3&#8243; title_font=\u00bb|700|||||||\u00bb title_text_color=\u00bb#000000&#8243; title_font_size=\u00bb26px\u00bb title_line_height=\u00bb1.1em\u00bb custom_margin=\u00bb||20px||false|false\u00bb custom_margin_tablet=\u00bb||20px||false|false\u00bb custom_margin_phone=\u00bb||10px||false|false\u00bb custom_margin_last_edited=\u00bbon|phone\u00bb custom_padding=\u00bb|20px|0px|20px|false|false\u00bb title_font_size_tablet=\u00bb26px\u00bb title_font_size_phone=\u00bb24px\u00bb global_colors_info=\u00bb{}\u00bb][\/et_pb_heading][et_pb_text _builder_version=\u00bb4.27.5&#8243; _module_preset=\u00bbdefault\u00bb text_font_size=\u00bb18px\u00bb custom_margin=\u00bb0px||10px||false|false\u00bb custom_padding=\u00bb|20px||20px|false|false\u00bb scroll_fade_enable=\u00bbon\u00bb global_colors_info=\u00bb{}\u00bb]<\/p>\n<p>No requiere inscripci\u00f3n previa.<\/p>\n<p>[\/et_pb_text][et_pb_text _builder_version=\u00bb4.27.5&#8243; _module_preset=\u00bbdefault\u00bb text_font_size=\u00bb18px\u00bb custom_margin=\u00bb0px||10px||false|false\u00bb custom_padding=\u00bb|20px||20px|false|false\u00bb scroll_fade_enable=\u00bbon\u00bb global_colors_info=\u00bb{}\u00bb]<\/p>\n<p>El <strong>Centro de interpretaci\u00f3n del Euskera<\/strong> busca transmitir la fuerza vital y la diversidad de la lengua vasca. Asimismo, reivindica la implicaci\u00f3n personal, ya que cada individuo suma al idioma. En definitiva, el car\u00e1cter diverso del euskera nos une y aporta valor a nuestra sociedad.<\/p>\n<p>La exposici\u00f3n ofrece una visita l\u00fadica y detallada basada en los sentidos; partiendo de un recorrido experiencial, los visitantes se sumergir\u00e1n en la naturaleza poli\u00e9drica del euskera.<\/p>\n<p>Hay disponibles visitas individuales a la exposici\u00f3n con audiogu\u00eda en el mismo horario. (EU\/ES\/EN\/FR)<\/p>\n<p>Los grupos para las visitas guiadas se organizar\u00e1n seg\u00fan la demanda dentro del horario de apertura establecido.<\/p>\n<p>[\/et_pb_text][et_pb_gallery gallery_ids=\u00bb906,904,901,900&#8243; posts_number=\u00bb100&#8243; show_title_and_caption=\u00bboff\u00bb show_pagination=\u00bboff\u00bb _builder_version=\u00bb4.27.5&#8243; _module_preset=\u00bbdefault\u00bb custom_margin=\u00bb60px||0px||false|false\u00bb custom_margin_tablet=\u00bb60px||0px||false|false\u00bb custom_margin_phone=\u00bb30px||||false|false\u00bb custom_margin_last_edited=\u00bbon|phone\u00bb custom_padding=\u00bb0px|20px|0px|20px|false|false\u00bb border_radii_image=\u00bbon|0px|0px|0px|0px\u00bb global_colors_info=\u00bb{}\u00bb][\/et_pb_gallery][et_pb_divider color=\u00bb#D6D6D6&#8243; _builder_version=\u00bb4.27.5&#8243; _module_preset=\u00bbdefault\u00bb height=\u00bb1px\u00bb custom_margin=\u00bb0px||||false|false\u00bb custom_padding=\u00bb0px||20px||false|false\u00bb custom_padding_tablet=\u00bb||10px||false|false\u00bb custom_padding_phone=\u00bb||10px||false|false\u00bb custom_padding_last_edited=\u00bbon|phone\u00bb global_colors_info=\u00bb{}\u00bb][\/et_pb_divider][et_pb_heading title=\u00bbVisitas guiadas a pie por Bilbao\u00bb admin_label=\u00bbT\u00edtulo\u00bb _builder_version=\u00bb4.27.5&#8243; _module_preset=\u00bb78938ff8-75a3-4592-8234-5b8bb59b9f47&#8243; title_level=\u00bbh3&#8243; title_font=\u00bb|700|||||||\u00bb title_text_color=\u00bb#000000&#8243; title_font_size=\u00bb26px\u00bb title_line_height=\u00bb1.1em\u00bb custom_margin=\u00bb||20px||false|false\u00bb custom_margin_tablet=\u00bb||20px||false|false\u00bb custom_margin_phone=\u00bb||10px||false|false\u00bb custom_margin_last_edited=\u00bbon|phone\u00bb custom_padding=\u00bb|20px|0px|20px|false|false\u00bb title_font_size_tablet=\u00bb26px\u00bb title_font_size_phone=\u00bb24px\u00bb global_colors_info=\u00bb{}\u00bb][\/et_pb_heading][et_pb_text _builder_version=\u00bb4.27.5&#8243; _module_preset=\u00bbdefault\u00bb text_font_size=\u00bb18px\u00bb custom_margin=\u00bb||10px||false|false\u00bb custom_padding=\u00bb|20px||20px|false|false\u00bb scroll_fade_enable=\u00bbon\u00bb hover_enabled=\u00bb0&#8243; global_colors_info=\u00bb{}\u00bb sticky_enabled=\u00bb0&#8243;]Requiere inscripci\u00f3n previa: <a href=\"mailto:registration@euskararenetxea.eus\">registration@euskararenetxea.eus<\/a>[\/et_pb_text][et_pb_text _builder_version=\u00bb4.27.5&#8243; _module_preset=\u00bbdefault\u00bb text_font_size=\u00bb18px\u00bb custom_margin=\u00bb0px||10px||false|false\u00bb custom_padding=\u00bb10px|20px||20px|false|false\u00bb scroll_fade_enable=\u00bbon\u00bb global_colors_info=\u00bb{}\u00bb]<\/p>\n<p><strong>Plazas:<br \/><\/strong><span style=\"font-size: 18px;\">25 por grupo<\/span><\/p>\n<p><strong>Grupo 1:\u00a0<br \/><\/strong>10:00 \u2013 13:00 <\/p>\n<p><strong>Grupo 2:<br \/><\/strong>11:00 \u2013 14:00<strong><br \/><\/strong><\/p>\n<p><strong>Punto de encuentro:<br \/><\/strong>Palacio de la Diputaci\u00f3n Foral de Bizkaia. <br \/>Gran V\u00eda Don Diego L\u00f3pez de Haro, 25, Bilbao. <a href=\"https:\/\/labur.eus\/tour-Bilbao\" target=\"_blank\" rel=\"noopener\"><strong>C\u00f3mo llegar<\/strong><\/a><\/p>\n<p>[\/et_pb_text][et_pb_image src=\u00bbhttps:\/\/emya2026bilbao.eus\/wp-content\/uploads\/2026\/02\/bilbo-arenal.jpg\u00bb _builder_version=\u00bb4.27.5&#8243; _module_preset=\u00bbdefault\u00bb custom_margin=\u00bb30px||||false|false\u00bb scroll_fade_enable=\u00bbon\u00bb border_radii=\u00bbon|0px|0px|0px|0px\u00bb global_colors_info=\u00bb{}\u00bb][\/et_pb_image][et_pb_divider color=\u00bb#D6D6D6&#8243; _builder_version=\u00bb4.27.5&#8243; _module_preset=\u00bbdefault\u00bb height=\u00bb1px\u00bb custom_margin=\u00bb0px||||false|false\u00bb custom_padding=\u00bb0px||20px||false|false\u00bb custom_padding_tablet=\u00bb||10px||false|false\u00bb custom_padding_phone=\u00bb||10px||false|false\u00bb custom_padding_last_edited=\u00bbon|phone\u00bb global_colors_info=\u00bb{}\u00bb][\/et_pb_divider][et_pb_heading title=\u00bbMi primera clase de euskera: 14:00 \u2013 14:45&#8243; admin_label=\u00bbT\u00edtulo\u00bb _builder_version=\u00bb4.27.5&#8243; _module_preset=\u00bb78938ff8-75a3-4592-8234-5b8bb59b9f47&#8243; title_level=\u00bbh3&#8243; title_font=\u00bb|700|||||||\u00bb title_text_color=\u00bb#000000&#8243; title_font_size=\u00bb26px\u00bb title_line_height=\u00bb1.1em\u00bb custom_margin=\u00bb||20px||false|false\u00bb custom_margin_tablet=\u00bb||20px||false|false\u00bb custom_margin_phone=\u00bb||10px||false|false\u00bb custom_margin_last_edited=\u00bbon|phone\u00bb custom_padding=\u00bb|20px|0px|20px|false|false\u00bb title_font_size_tablet=\u00bb26px\u00bb title_font_size_phone=\u00bb24px\u00bb global_colors_info=\u00bb{}\u00bb][\/et_pb_heading][et_pb_text _builder_version=\u00bb4.27.5&#8243; _module_preset=\u00bbdefault\u00bb text_font_size=\u00bb18px\u00bb custom_margin=\u00bb||10px||false|false\u00bb custom_padding=\u00bb|20px||20px|false|false\u00bb scroll_fade_enable=\u00bbon\u00bb global_colors_info=\u00bb{}\u00bb]<\/p>\n<p>No requiere inscripci\u00f3n previa.<\/p>\n<p>[\/et_pb_text][et_pb_text _builder_version=\u00bb4.27.5&#8243; _module_preset=\u00bbdefault\u00bb text_font_size=\u00bb18px\u00bb custom_margin=\u00bb0px||10px||false|false\u00bb custom_padding=\u00bb|20px||20px|false|false\u00bb scroll_fade_enable=\u00bbon\u00bb global_colors_info=\u00bb{}\u00bb]<\/p>\n<p>\u00a1Kaixo! \u00danete a nuestra clase expr\u00e9s para aprender lo esencial y moverte por la ciudad como un local.<br \/>\u00a1Ven a romper el hielo con el euskera!<\/p>\n<p>[\/et_pb_text][et_pb_image src=\u00bbhttps:\/\/emya2026bilbao.eus\/wp-content\/uploads\/2026\/03\/Euskararen-Etxea-07-1.jpg\u00bb _builder_version=\u00bb4.27.5&#8243; _module_preset=\u00bbdefault\u00bb custom_margin=\u00bb30px||||false|false\u00bb scroll_fade_enable=\u00bbon\u00bb border_radii=\u00bbon|0px|0px|0px|0px\u00bb global_colors_info=\u00bb{}\u00bb][\/et_pb_image][et_pb_divider color=\u00bb#D6D6D6&#8243; _builder_version=\u00bb4.27.5&#8243; _module_preset=\u00bbdefault\u00bb height=\u00bb1px\u00bb custom_margin=\u00bb0px||30px||false|false\u00bb custom_padding=\u00bb0px||20px||false|false\u00bb custom_padding_tablet=\u00bb0px||20px||false|false\u00bb custom_padding_phone=\u00bb0px||20px||false|false\u00bb custom_padding_last_edited=\u00bbon|phone\u00bb global_colors_info=\u00bb{}\u00bb][\/et_pb_divider][et_pb_heading title=\u00bbEncuentros tem\u00e1ticos inspiradores: 15:00 \u2013 16:00 \u00bb admin_label=\u00bbT\u00edtulo\u00bb _builder_version=\u00bb4.27.5&#8243; _module_preset=\u00bb78938ff8-75a3-4592-8234-5b8bb59b9f47&#8243; title_level=\u00bbh3&#8243; title_font=\u00bb|700|||||||\u00bb title_text_color=\u00bb#000000&#8243; title_font_size=\u00bb26px\u00bb title_line_height=\u00bb1.1em\u00bb custom_margin=\u00bb||20px||false|false\u00bb custom_margin_tablet=\u00bb||20px||false|false\u00bb custom_margin_phone=\u00bb||10px||false|false\u00bb custom_margin_last_edited=\u00bbon|phone\u00bb custom_padding=\u00bb|20px|0px|20px|false|false\u00bb title_font_size_tablet=\u00bb26px\u00bb title_font_size_phone=\u00bb24px\u00bb global_colors_info=\u00bb{}\u00bb][\/et_pb_heading][et_pb_text _builder_version=\u00bb4.27.5&#8243; _module_preset=\u00bbdefault\u00bb text_font_size=\u00bb18px\u00bb custom_margin=\u00bb||10px||false|false\u00bb custom_padding=\u00bb|20px||20px|false|false\u00bb scroll_fade_enable=\u00bbon\u00bb global_colors_info=\u00bb{}\u00bb]<\/p>\n<p>No requiere inscripci\u00f3n previa.<\/p>\n<p>[\/et_pb_text][et_pb_text _builder_version=\u00bb4.27.5&#8243; _module_preset=\u00bbdefault\u00bb text_font_size=\u00bb18px\u00bb custom_margin=\u00bb||30px||false|false\u00bb custom_padding=\u00bb|20px||20px|false|false\u00bb scroll_fade_enable=\u00bbon\u00bb global_colors_info=\u00bb{}\u00bb]<\/p>\n<p>Se ofrecer\u00e1n dos talleres simult\u00e1neos:<\/p>\n<ul>\n<li>El Bosque de Oma<\/li>\n<li>Euskal Museoa: Vive el alma vasca<\/li>\n<\/ul>\n<p><strong>El Bosque de Oma:\u00a0<\/strong>El Renacer del Bosque pintado de Agust\u00edn Ibarrola. Un ejemplo \u00fanico de la migraci\u00f3n del arte y la naturaleza.<\/p>\n<p><strong>Euskal Museoa: <\/strong>Entra en el coraz\u00f3n del Casco Viejo de Bilbao para realizar un viaje pr\u00e1ctico por el patrimonio vasco. Desde oficios antiguos hasta secretos culturales, descubre las tradiciones que dieron forma a nuestro pueblo en este taller creativo \u00fanico.<\/p>\n<p>[\/et_pb_text][et_pb_divider color=\u00bb#D6D6D6&#8243; _builder_version=\u00bb4.27.5&#8243; _module_preset=\u00bbdefault\u00bb height=\u00bb1px\u00bb custom_margin=\u00bb0px||30px||false|false\u00bb custom_padding=\u00bb0px||20px||false|false\u00bb custom_padding_tablet=\u00bb0px||20px||false|false\u00bb custom_padding_phone=\u00bb0px||20px||false|false\u00bb custom_padding_last_edited=\u00bbon|phone\u00bb global_colors_info=\u00bb{}\u00bb][\/et_pb_divider][et_pb_heading title=\u00bbUna copa con (A Drink With): 16:00 \u2013 17:00 \u00bb admin_label=\u00bbT\u00edtulo\u00bb _builder_version=\u00bb4.27.5&#8243; _module_preset=\u00bb78938ff8-75a3-4592-8234-5b8bb59b9f47&#8243; title_level=\u00bbh3&#8243; title_font=\u00bb|700|||||||\u00bb title_text_color=\u00bb#000000&#8243; title_font_size=\u00bb26px\u00bb title_line_height=\u00bb1.1em\u00bb custom_margin=\u00bb||20px||false|false\u00bb custom_margin_tablet=\u00bb||20px||false|false\u00bb custom_margin_phone=\u00bb||10px||false|false\u00bb custom_margin_last_edited=\u00bbon|phone\u00bb custom_padding=\u00bb|20px|0px|20px|false|false\u00bb title_font_size_tablet=\u00bb26px\u00bb title_font_size_phone=\u00bb24px\u00bb global_colors_info=\u00bb{}\u00bb][\/et_pb_heading][et_pb_text _builder_version=\u00bb4.27.5&#8243; _module_preset=\u00bbdefault\u00bb text_font_size=\u00bb18px\u00bb custom_margin=\u00bb||10px||false|false\u00bb custom_padding=\u00bb|20px||20px|false|false\u00bb scroll_fade_enable=\u00bbon\u00bb hover_enabled=\u00bb0&#8243; global_colors_info=\u00bb{}\u00bb sticky_enabled=\u00bb0&#8243;]Requiere inscripci\u00f3n previa: <a href=\"mailto:registration@euskararenetxea.eus\">registration@euskararenetxea.eus<\/a>[\/et_pb_text][et_pb_text _builder_version=\u00bb4.27.5&#8243; _module_preset=\u00bbdefault\u00bb text_font_size=\u00bb18px\u00bb custom_margin=\u00bb||30px||false|false\u00bb custom_padding=\u00bb|20px||20px|false|false\u00bb scroll_fade_enable=\u00bbon\u00bb global_colors_info=\u00bb{}\u00bb]<\/p>\n<p>Un espacio de <em>networking<\/em> dise\u00f1ado para fomentar la conversaci\u00f3n entre representantes de museos vascos y europeos.<\/p>\n<p>[\/et_pb_text][et_pb_divider color=\u00bb#D6D6D6&#8243; _builder_version=\u00bb4.27.5&#8243; _module_preset=\u00bbdefault\u00bb height=\u00bb1px\u00bb custom_margin=\u00bb0px||30px||false|false\u00bb custom_padding=\u00bb0px||20px||false|false\u00bb custom_padding_tablet=\u00bb0px||20px||false|false\u00bb custom_padding_phone=\u00bb0px||20px||false|false\u00bb custom_padding_last_edited=\u00bbon|phone\u00bb global_colors_info=\u00bb{}\u00bb][\/et_pb_divider][et_pb_heading title=\u00bbConcierto de bienvenida y cena\u00bb admin_label=\u00bbT\u00edtulo\u00bb _builder_version=\u00bb4.27.5&#8243; _module_preset=\u00bb78938ff8-75a3-4592-8234-5b8bb59b9f47&#8243; title_level=\u00bbh3&#8243; title_font=\u00bb|700|||||||\u00bb title_text_color=\u00bb#000000&#8243; title_font_size=\u00bb26px\u00bb title_line_height=\u00bb1.1em\u00bb custom_margin=\u00bb||20px||false|false\u00bb custom_margin_tablet=\u00bb||20px||false|false\u00bb custom_margin_phone=\u00bb||10px||false|false\u00bb custom_margin_last_edited=\u00bbon|phone\u00bb custom_padding=\u00bb|20px|0px|20px|false|false\u00bb title_font_size_tablet=\u00bb26px\u00bb title_font_size_phone=\u00bb24px\u00bb global_colors_info=\u00bb{}\u00bb][\/et_pb_heading][et_pb_text _builder_version=\u00bb4.27.5&#8243; _module_preset=\u00bbdefault\u00bb text_font_size=\u00bb18px\u00bb custom_margin=\u00bb||10px||false|false\u00bb custom_padding=\u00bb|20px||20px|false|false\u00bb scroll_fade_enable=\u00bbon\u00bb global_colors_info=\u00bb{}\u00bb]<\/p>\n<p>La velada finalizar\u00e1 con un concierto del grupo \u00abKorrontzi\u00bb, que interpretar\u00e1 m\u00fasica tradicional vasca, y una cena en el edificio del Euskal Museoa. Ser\u00e1 una oportunidad perfecta para conocer a los participantes de EMYA2026 e intercambiar experiencias.<\/p>\n<p>[\/et_pb_text][et_pb_image src=\u00bbhttps:\/\/emya2026bilbao.eus\/wp-content\/uploads\/2026\/03\/euskal-museoa-1.jpg\u00bb _builder_version=\u00bb4.27.5&#8243; _module_preset=\u00bbdefault\u00bb custom_margin=\u00bb30px||||false|false\u00bb scroll_fade_enable=\u00bbon\u00bb border_radii=\u00bbon|0px|0px|0px|0px\u00bb global_colors_info=\u00bb{}\u00bb][\/et_pb_image][\/et_pb_column][\/et_pb_row][\/et_pb_section]<\/p>\n","protected":false},"excerpt":{"rendered":"<p>No requiere inscripci\u00f3n previa.El Centro de interpretaci\u00f3n del Euskera busca transmitir la fuerza vital y la diversidad de la lengua vasca. Asimismo, reivindica la implicaci\u00f3n personal, ya que cada individuo suma al idioma. En definitiva, el car\u00e1cter diverso del euskera nos une y aporta valor a nuestra sociedad. La exposici\u00f3n ofrece una visita l\u00fadica y [&hellip;]<\/p>\n","protected":false},"author":1,"featured_media":0,"parent":0,"menu_order":0,"comment_status":"closed","ping_status":"closed","template":"","meta":{"_et_pb_use_builder":"on","_et_pb_old_content":"","_et_gb_content_width":"","footnotes":""},"class_list":["post-1632","page","type-page","status-publish","hentry"],"_links":{"self":[{"href":"https:\/\/emya2026bilbao.eus\/es\/wp-json\/wp\/v2\/pages\/1632","targetHints":{"allow":["GET"]}}],"collection":[{"href":"https:\/\/emya2026bilbao.eus\/es\/wp-json\/wp\/v2\/pages"}],"about":[{"href":"https:\/\/emya2026bilbao.eus\/es\/wp-json\/wp\/v2\/types\/page"}],"author":[{"embeddable":true,"href":"https:\/\/emya2026bilbao.eus\/es\/wp-json\/wp\/v2\/users\/1"}],"replies":[{"embeddable":true,"href":"https:\/\/emya2026bilbao.eus\/es\/wp-json\/wp\/v2\/comments?post=1632"}],"version-history":[{"count":27,"href":"https:\/\/emya2026bilbao.eus\/es\/wp-json\/wp\/v2\/pages\/1632\/revisions"}],"predecessor-version":[{"id":2794,"href":"https:\/\/emya2026bilbao.eus\/es\/wp-json\/wp\/v2\/pages\/1632\/revisions\/2794"}],"wp:attachment":[{"href":"https:\/\/emya2026bilbao.eus\/es\/wp-json\/wp\/v2\/media?parent=1632"}],"curies":[{"name":"wp","href":"https:\/\/api.w.org\/{rel}","templated":true}]}}