{"id":1594,"date":"2026-02-12T10:00:45","date_gmt":"2026-02-12T09:00:45","guid":{"rendered":"https:\/\/emya2026bilbao.eus\/?page_id=1594"},"modified":"2026-03-10T16:21:26","modified_gmt":"2026-03-10T15:21:26","slug":"politica-de-privacidad","status":"publish","type":"page","link":"https:\/\/emya2026bilbao.eus\/es\/politica-de-privacidad\/","title":{"rendered":"Pol\u00edtica de privacidad"},"content":{"rendered":"<p>[et_pb_section fb_built=\u00bb1&#8243; admin_label=\u00bbHeader\u00bb module_class=\u00bbtitFond\u00bb _builder_version=\u00bb4.27.5&#8243; _module_preset=\u00bbdefault\u00bb width=\u00bb100%\u00bb custom_margin=\u00bb||0px||false|false\u00bb custom_padding=\u00bb||0px||false|false\u00bb scroll_horizontal_motion=\u00bb0|50|50|100|-4|0|0&#8243; collapsed=\u00bboff\u00bb global_colors_info=\u00bb{}\u00bb][et_pb_row _builder_version=\u00bb4.27.5&#8243; _module_preset=\u00bb698f9690-9eb0-4f99-ad59-f238b97be924&#8243; background_color=\u00bbgcid-secondary-color\u00bb background_image=\u00bbhttps:\/\/emya2026bilbao.eus\/wp-content\/uploads\/2026\/02\/emya-trama-tit.svg\u00bb width=\u00bb1080px\u00bb width_tablet=\u00bb80%\u00bb width_phone=\u00bb80%\u00bb width_last_edited=\u00bbon|desktop\u00bb custom_margin=\u00bb||||false|false\u00bb custom_padding=\u00bb15px|40px|5px|20px|false|false\u00bb custom_padding_tablet=\u00bb13px|0px|7px|20px|false|false\u00bb custom_padding_phone=\u00bb15px|20px|3px|0px|false|false\u00bb border_radii=\u00bboff||0px|0px|\u00bb box_shadow_color=\u00bbgcid-secondary-color\u00bb global_colors_info=\u00bb{%22gcid-primary-color%22:%91%22box_shadow_color%22%93,%22gcid-secondary-color%22:%91%22box_shadow_color%22,%22background_color%22%93}\u00bb][et_pb_column type=\u00bb4_4&#8243; _builder_version=\u00bb4.25.0&#8243; _module_preset=\u00bbdefault\u00bb global_colors_info=\u00bb{}\u00bb][et_pb_heading title=\u00bbPOL\u00cdTICA DE PRIVACIDAD\u00bb _builder_version=\u00bb4.27.5&#8243; _module_preset=\u00bb0f4a8d2c-a668-46c5-b1a5-6149f83510c6&#8243; title_font=\u00bb|700|||||||\u00bb title_text_color=\u00bb#FFFFFF\u00bb title_font_size=\u00bb40px\u00bb title_line_height=\u00bb1em\u00bb custom_margin=\u00bb||||false|false\u00bb custom_padding=\u00bb0px||0px||false|false\u00bb global_colors_info=\u00bb{}\u00bb][\/et_pb_heading][\/et_pb_column][\/et_pb_row][\/et_pb_section][et_pb_section fb_built=\u00bb1&#8243; admin_label=\u00bbBorde\u00bb _builder_version=\u00bb4.27.5&#8243; _module_preset=\u00bbdefault\u00bb width=\u00bb90%\u00bb custom_margin=\u00bb10px||||false|false\u00bb custom_padding=\u00bb0px||||false|false\u00bb scroll_horizontal_motion=\u00bb0|50|50|100|-4|0|0&#8243; collapsed=\u00bboff\u00bb global_colors_info=\u00bb{}\u00bb][et_pb_row module_class=\u00bbsubTit\u00bb _builder_version=\u00bb4.27.5&#8243; _module_preset=\u00bb698f9690-9eb0-4f99-ad59-f238b97be924&#8243; background_color=\u00bbgcid-heading-color\u00bb background_enable_image=\u00bboff\u00bb width=\u00bb1080px\u00bb width_tablet=\u00bb80%\u00bb width_phone=\u00bb70%\u00bb width_last_edited=\u00bbon|desktop\u00bb min_height=\u00bb0px\u00bb height=\u00bb0px\u00bb max_height=\u00bb5px\u00bb custom_padding=\u00bb15px|40px|10px||false|false\u00bb custom_padding_tablet=\u00bb5px||5px||true|false\u00bb custom_padding_phone=\u00bb5px|0px|5px|0px|true|false\u00bb border_radii=\u00bboff||0px|0px|\u00bb box_shadow_color=\u00bbgcid-heading-color\u00bb global_colors_info=\u00bb{%22gcid-primary-color%22:%91%22background_color%22%93,%22gcid-heading-color%22:%91%22background_color%22,%22box_shadow_color%22%93}\u00bb][et_pb_column type=\u00bb4_4&#8243; _builder_version=\u00bb4.27.5&#8243; _module_preset=\u00bbdefault\u00bb background_color=\u00bbgcid-heading-color\u00bb global_colors_info=\u00bb{%22gcid-heading-color%22:%91%22background_color%22%93}\u00bb][\/et_pb_column][\/et_pb_row][\/et_pb_section][et_pb_section fb_built=\u00bb1&#8243; admin_label=\u00bbResume\u00bb _builder_version=\u00bb4.27.5&#8243; _module_preset=\u00bbdefault\u00bb width=\u00bb1080px\u00bb width_tablet=\u00bb90%\u00bb width_phone=\u00bb90%\u00bb width_last_edited=\u00bbon|desktop\u00bb module_alignment=\u00bbcenter\u00bb custom_margin=\u00bb0px||0px||false|false\u00bb custom_padding=\u00bb0px||20px||false|false\u00bb locked=\u00bboff\u00bb collapsed=\u00bboff\u00bb global_colors_info=\u00bb{}\u00bb][et_pb_row _builder_version=\u00bb4.27.5&#8243; _module_preset=\u00bbdefault\u00bb width=\u00bb1080px\u00bb width_tablet=\u00bb100%\u00bb width_phone=\u00bb100%\u00bb width_last_edited=\u00bbon|desktop\u00bb custom_margin=\u00bb0px||30px|0px|false|false\u00bb custom_margin_tablet=\u00bb||10px||false|false\u00bb custom_margin_phone=\u00bb||10px||false|false\u00bb custom_margin_last_edited=\u00bbon|phone\u00bb custom_padding=\u00bb0px||0px||false|false\u00bb global_colors_info=\u00bb{}\u00bb][et_pb_column type=\u00bb4_4&#8243; _builder_version=\u00bb4.25.0&#8243; _module_preset=\u00bbdefault\u00bb global_colors_info=\u00bb{}\u00bb][et_pb_text _builder_version=\u00bb4.27.5&#8243; _module_preset=\u00bbdefault\u00bb text_font_size=\u00bb18px\u00bb custom_margin=\u00bb||10px||false|false\u00bb custom_padding=\u00bb|20px||20px|false|false\u00bb scroll_fade_enable=\u00bbon\u00bb hover_enabled=\u00bb0&#8243; global_colors_info=\u00bb{}\u00bb sticky_enabled=\u00bb0&#8243;]<\/p>\n<p>AZKUE FUNDAZIOA, como entidad organizadora de EMYA 2026, respeta la privacidad de las personas usuarias y el secreto y seguridad de los datos personales, de conformidad con lo establecido en la legislaci\u00f3n aplicable en materia de protecci\u00f3n de datos, en concreto, el Reglamento 2016\/679 del Parlamento Europeo y del Consejo de 27 de abril de 2016, y su normativa de desarrollo, habiendo adoptado para ello las medidas t\u00e9cnicas y organizativas necesarias para evitar la p\u00e9rdida, mal uso, alteraci\u00f3n, acceso no autorizado y robo de los datos personales facilitados, habida cuenta del estado de la tecnolog\u00eda, la naturaleza de los datos y los riesgos a los que est\u00e1n expuestos.<\/p>\n<p>[\/et_pb_text][et_pb_text _builder_version=\u00bb4.27.5&#8243; _module_preset=\u00bbdefault\u00bb text_font_size=\u00bb18px\u00bb custom_margin=\u00bb||10px||false|false\u00bb custom_padding=\u00bb|20px||20px|false|false\u00bb scroll_fade_enable=\u00bbon\u00bb hover_enabled=\u00bb0&#8243; global_colors_info=\u00bb{}\u00bb sticky_enabled=\u00bb0&#8243;]<\/p>\n<p>En los supuestos en los que para acceder a alguna de los servicios ofrecidos en EMYA 2026 sea precisa la aportaci\u00f3n de datos de car\u00e1cter personal, el tratamiento de estos datos se basar\u00e1 en lo desarrollado en esta pol\u00edtica de privacidad.<\/p>\n<p>[\/et_pb_text][et_pb_heading title=\u00bb1. \u00bfQui\u00e9n es el responsable del tratamiento?\u00bb admin_label=\u00bbT\u00edtulo\u00bb _builder_version=\u00bb4.27.5&#8243; _module_preset=\u00bb78938ff8-75a3-4592-8234-5b8bb59b9f47&#8243; title_level=\u00bbh2&#8243; title_font=\u00bb|700||on|||||\u00bb title_font_size=\u00bb28px\u00bb title_line_height=\u00bb1.1em\u00bb custom_margin=\u00bb||||false|false\u00bb custom_padding=\u00bb40px|20px||20px|false|false\u00bb hover_enabled=\u00bb0&#8243; title_font_size_tablet=\u00bb28px\u00bb title_font_size_phone=\u00bb24px\u00bb title_font_size_last_edited=\u00bbon|phone\u00bb global_colors_info=\u00bb{}\u00bb sticky_enabled=\u00bb0&#8243;][\/et_pb_heading][\/et_pb_column][\/et_pb_row][et_pb_row _builder_version=\u00bb4.27.5&#8243; _module_preset=\u00bbdefault\u00bb width=\u00bb1080px\u00bb width_tablet=\u00bb100%\u00bb width_phone=\u00bb100%\u00bb width_last_edited=\u00bbon|phone\u00bb custom_margin=\u00bb0px||0px||false|false\u00bb custom_padding=\u00bb0px||0px||false|false\u00bb locked=\u00bboff\u00bb global_colors_info=\u00bb{}\u00bb][et_pb_column type=\u00bb4_4&#8243; _builder_version=\u00bb4.25.0&#8243; _module_preset=\u00bbdefault\u00bb global_colors_info=\u00bb{}\u00bb][et_pb_text _builder_version=\u00bb4.27.5&#8243; _module_preset=\u00bbdefault\u00bb text_font_size=\u00bb18px\u00bb custom_margin=\u00bb||10px||false|false\u00bb custom_padding=\u00bb|20px||20px|false|false\u00bb scroll_fade_enable=\u00bbon\u00bb hover_enabled=\u00bb0&#8243; global_colors_info=\u00bb{}\u00bb sticky_enabled=\u00bb0&#8243;]<\/p>\n<p>El responsable del tratamiento de los datos personales tratados a trav\u00e9s del sitio web EMYA 2026 es:<\/p>\n<p>[\/et_pb_text][et_pb_text _builder_version=\u00bb4.27.5&#8243; _module_preset=\u00bbdefault\u00bb text_font_size=\u00bb18px\u00bb custom_margin=\u00bb||10px||false|false\u00bb custom_padding=\u00bb|20px||40px|false|false\u00bb scroll_fade_enable=\u00bbon\u00bb hover_enabled=\u00bb0&#8243; global_colors_info=\u00bb{}\u00bb sticky_enabled=\u00bb0&#8243;]<\/p>\n<ul>\n<li>Responsable: AZKUE FUNDAZIOA<\/li>\n<li>NIF\/CIF: B95546396<\/li>\n<li>Domicilio: Agoitz Plaza 1, 48015 Bilbao, Bizkaia<\/li>\n<li>Email de contacto (privacidad): <a href=\"mailto:info@euskararenetxea.eus\">info@euskararenetxea.eus<\/a><\/li>\n<li>Tel\u00e9fono: 94 402 80 81<\/li>\n<li>Persona Delegada de Protecci\u00f3n de Datos (DPD):<br \/>Jefatura de la Secci\u00f3n de Seguridad de la informaci\u00f3n y Protecci\u00f3n de datos (Gran V\u00eda 2, 6\u00ba-48001 Bilbao)<\/li>\n<\/ul>\n<p>[\/et_pb_text][et_pb_heading title=\u00bb2. \u00bfQu\u00e9 datos tratamos?\u00bb admin_label=\u00bbT\u00edtulo\u00bb _builder_version=\u00bb4.27.5&#8243; _module_preset=\u00bb78938ff8-75a3-4592-8234-5b8bb59b9f47&#8243; title_level=\u00bbh2&#8243; title_font=\u00bb|700||on|||||\u00bb title_font_size=\u00bb28px\u00bb title_line_height=\u00bb1.1em\u00bb custom_margin=\u00bb||30px||false|false\u00bb custom_margin_tablet=\u00bb||10px||false|false\u00bb custom_margin_phone=\u00bb||10px||false|false\u00bb custom_margin_last_edited=\u00bbon|phone\u00bb custom_padding=\u00bb40px|20px||20px|false|false\u00bb custom_padding_tablet=\u00bb||||false|false\u00bb custom_padding_phone=\u00bb||||false|false\u00bb custom_padding_last_edited=\u00bbon|tablet\u00bb hover_enabled=\u00bb0&#8243; title_font_size_tablet=\u00bb28px\u00bb title_font_size_phone=\u00bb24px\u00bb global_colors_info=\u00bb{}\u00bb sticky_enabled=\u00bb0&#8243;][\/et_pb_heading][et_pb_text _builder_version=\u00bb4.27.5&#8243; _module_preset=\u00bbdefault\u00bb text_font_size=\u00bb18px\u00bb custom_margin=\u00bb||10px||false|false\u00bb custom_padding=\u00bb|20px||20px|false|false\u00bb scroll_fade_enable=\u00bbon\u00bb hover_enabled=\u00bb0&#8243; global_colors_info=\u00bb{}\u00bb sticky_enabled=\u00bb0&#8243;]<\/p>\n<p>Seg\u00fan el uso que hagas del sitio, podemos tratar:<\/p>\n<p>[\/et_pb_text][et_pb_text _builder_version=\u00bb4.27.5&#8243; _module_preset=\u00bbdefault\u00bb text_font_size=\u00bb18px\u00bb custom_margin=\u00bb0px||10px||false|false\u00bb custom_padding=\u00bb|20px||40px|false|false\u00bb scroll_fade_enable=\u00bbon\u00bb hover_enabled=\u00bb0&#8243; global_colors_info=\u00bb{}\u00bb sticky_enabled=\u00bb0&#8243;]<\/p>\n<ul>\n<li><span>Identificaci\u00f3n y contacto: nombre, apellidos, email, tel\u00e9fono.<\/span><\/li>\n<li><span>Datos profesionales: instituci\u00f3n\/empresa, cargo, pa\u00eds, etc.<\/span><\/li>\n<li><span>Datos de inscripci\u00f3n\/compra: tipo de entrada\/tarifa, c\u00f3digos de descuento, notas (si existe campo libre).<\/span><\/li>\n<li><span>Facturaci\u00f3n: raz\u00f3n social, NIF\/VAT, direcci\u00f3n fiscal, email de facturaci\u00f3n.<\/span><\/li>\n<li><span>Pagos: no almacenamos datos completos de tarjeta; el pago se gestiona a trav\u00e9s de Redsys que puede tratar identificadores de transacci\u00f3n y datos necesarios para procesar el pago.<\/span><\/li>\n<li><span>Imagen\/voz: fotograf\u00edas y\/o v\u00eddeo durante el evento.<\/span><\/li>\n<li><span>T\u00e9cnicos: IP, identificadores online, logs y datos derivados de cookies\/anal\u00edtica.<\/span><\/li>\n<\/ul>\n<p>[\/et_pb_text][et_pb_heading title=\u00bb3. \u00bfPara qu\u00e9 y con qu\u00e9 base legal tratamos tus datos?\u00bb admin_label=\u00bbT\u00edtulo\u00bb _builder_version=\u00bb4.27.5&#8243; _module_preset=\u00bb78938ff8-75a3-4592-8234-5b8bb59b9f47&#8243; title_level=\u00bbh2&#8243; title_font=\u00bb|700||on|||||\u00bb title_font_size=\u00bb28px\u00bb title_line_height=\u00bb1.1em\u00bb custom_margin=\u00bb||30px||false|false\u00bb custom_margin_tablet=\u00bb||30px||false|false\u00bb custom_margin_phone=\u00bb||10px||false|false\u00bb custom_margin_last_edited=\u00bbon|phone\u00bb custom_padding=\u00bb40px|20px||20px|false|false\u00bb hover_enabled=\u00bb0&#8243; title_font_size_tablet=\u00bb28px\u00bb title_font_size_phone=\u00bb24px\u00bb title_font_size_last_edited=\u00bbon|phone\u00bb global_colors_info=\u00bb{}\u00bb sticky_enabled=\u00bb0&#8243;][\/et_pb_heading][et_pb_heading title=\u00bbA. Gesti\u00f3n de tu registro\/inscripci\u00f3n y asistencia al congreso\u00bb admin_label=\u00bbT\u00edtulo\u00bb _builder_version=\u00bb4.27.5&#8243; _module_preset=\u00bb78938ff8-75a3-4592-8234-5b8bb59b9f47&#8243; title_level=\u00bbh3&#8243; title_font=\u00bb|700|||||||\u00bb title_text_color=\u00bb#000000&#8243; title_font_size=\u00bb22px\u00bb title_line_height=\u00bb1.1em\u00bb custom_margin=\u00bb||0px||false|false\u00bb custom_padding=\u00bb20px|20px|0px|40px|false|false\u00bb hover_enabled=\u00bb0&#8243; title_font_size_tablet=\u00bb22px\u00bb title_font_size_phone=\u00bb22px\u00bb title_font_size_last_edited=\u00bbon|phone\u00bb global_colors_info=\u00bb{}\u00bb sticky_enabled=\u00bb0&#8243;][\/et_pb_heading][et_pb_text _builder_version=\u00bb4.27.5&#8243; _module_preset=\u00bbdefault\u00bb text_font_size=\u00bb18px\u00bb custom_margin=\u00bb0px||10px||false|false\u00bb custom_padding=\u00bb|20px||40px|false|false\u00bb scroll_fade_enable=\u00bbon\u00bb hover_enabled=\u00bb0&#8243; global_colors_info=\u00bb{}\u00bb sticky_enabled=\u00bb0&#8243;]<\/p>\n<ul>\n<li>Finalidad: tramitar tu inscripci\u00f3n, validar tu tarifa, enviarte comunicaciones operativas (confirmaciones, cambios de programa, info log\u00edstica), acreditaci\u00f3n y control de acceso.<\/li>\n<li>Base legal: ejecuci\u00f3n de contrato \/ medidas precontractuales (art. 6.1.b RGPD).<\/li>\n<\/ul>\n<p>[\/et_pb_text][et_pb_heading title=\u00bbB. Gesti\u00f3n del pago, facturaci\u00f3n y obligaciones contables\/fiscales\u00bb admin_label=\u00bbT\u00edtulo\u00bb _builder_version=\u00bb4.27.5&#8243; _module_preset=\u00bb78938ff8-75a3-4592-8234-5b8bb59b9f47&#8243; title_level=\u00bbh3&#8243; title_font=\u00bb|700|||||||\u00bb title_text_color=\u00bb#000000&#8243; title_font_size=\u00bb22px\u00bb title_line_height=\u00bb1.1em\u00bb custom_margin=\u00bb||0px||false|false\u00bb custom_padding=\u00bb20px|20px|0px|40px|false|false\u00bb hover_enabled=\u00bb0&#8243; title_font_size_tablet=\u00bb22px\u00bb global_colors_info=\u00bb{}\u00bb sticky_enabled=\u00bb0&#8243;][\/et_pb_heading][et_pb_text _builder_version=\u00bb4.27.5&#8243; _module_preset=\u00bbdefault\u00bb text_font_size=\u00bb18px\u00bb custom_margin=\u00bb0px||10px||false|false\u00bb custom_padding=\u00bb|20px||40px|false|false\u00bb scroll_fade_enable=\u00bbon\u00bb hover_enabled=\u00bb0&#8243; global_colors_info=\u00bb{}\u00bb sticky_enabled=\u00bb0&#8243;]<\/p>\n<ul>\n<li>Finalidad: gestionar el cobro, emitir factura\/recibo, gestionar devoluciones\/incidencias, y cumplir obligaciones legales.<\/li>\n<li>Base legal: ejecuci\u00f3n de contrato (art. 6.1.b) y cumplimiento de obligaci\u00f3n legal (art. 6.1.c RGPD).<\/li>\n<\/ul>\n<p>[\/et_pb_text][et_pb_heading title=\u00bbC. Atenci\u00f3n de consultas (formulario o email de contacto)\u00bb admin_label=\u00bbT\u00edtulo\u00bb _builder_version=\u00bb4.27.5&#8243; _module_preset=\u00bb78938ff8-75a3-4592-8234-5b8bb59b9f47&#8243; title_level=\u00bbh3&#8243; title_font=\u00bb|700|||||||\u00bb title_text_color=\u00bb#000000&#8243; title_font_size=\u00bb22px\u00bb title_line_height=\u00bb1.1em\u00bb custom_margin=\u00bb||0px||false|false\u00bb custom_padding=\u00bb20px|20px|0px|40px|false|false\u00bb hover_enabled=\u00bb0&#8243; title_font_size_tablet=\u00bb22px\u00bb global_colors_info=\u00bb{}\u00bb sticky_enabled=\u00bb0&#8243;][\/et_pb_heading][et_pb_text _builder_version=\u00bb4.27.5&#8243; _module_preset=\u00bbdefault\u00bb text_font_size=\u00bb18px\u00bb custom_margin=\u00bb0px||10px||false|false\u00bb custom_padding=\u00bb|20px||40px|false|false\u00bb scroll_fade_enable=\u00bbon\u00bb hover_enabled=\u00bb0&#8243; global_colors_info=\u00bb{}\u00bb sticky_enabled=\u00bb0&#8243;]<\/p>\n<ul>\n<li>Finalidad: responder solicitudes de informaci\u00f3n.<\/li>\n<li>Base legal: inter\u00e9s leg\u00edtimo (art. 6.1.f) o consentimiento si el canal lo requiere (art. 6.1.a).<\/li>\n<\/ul>\n<p>[\/et_pb_text][et_pb_heading title=\u00bbD. Comunicaciones informativas no comerciales (operativas)\u00bb admin_label=\u00bbT\u00edtulo\u00bb _builder_version=\u00bb4.27.5&#8243; _module_preset=\u00bb78938ff8-75a3-4592-8234-5b8bb59b9f47&#8243; title_level=\u00bbh3&#8243; title_font=\u00bb|700|||||||\u00bb title_text_color=\u00bb#000000&#8243; title_font_size=\u00bb22px\u00bb title_line_height=\u00bb1.1em\u00bb custom_margin=\u00bb||0px||false|false\u00bb custom_padding=\u00bb20px|20px|0px|40px|false|false\u00bb hover_enabled=\u00bb0&#8243; title_font_size_tablet=\u00bb22px\u00bb global_colors_info=\u00bb{}\u00bb sticky_enabled=\u00bb0&#8243;][\/et_pb_heading][et_pb_text _builder_version=\u00bb4.27.5&#8243; _module_preset=\u00bbdefault\u00bb text_font_size=\u00bb18px\u00bb custom_margin=\u00bb0px||10px||false|false\u00bb custom_padding=\u00bb|20px||40px|false|false\u00bb scroll_fade_enable=\u00bbon\u00bb hover_enabled=\u00bb0&#8243; global_colors_info=\u00bb{}\u00bb sticky_enabled=\u00bb0&#8243;]<\/p>\n<ul>\n<li>Finalidad: enviarte informaci\u00f3n necesaria para tu participaci\u00f3n (horarios, cambios, documentaci\u00f3n).<\/li>\n<li>Base legal: ejecuci\u00f3n de contrato (art. 6.1.b).<\/li>\n<\/ul>\n<p>[\/et_pb_text][et_pb_heading title=\u00bbE. Captaci\u00f3n y publicaci\u00f3n de im\u00e1genes durante el evento\u00bb admin_label=\u00bbT\u00edtulo\u00bb _builder_version=\u00bb4.27.5&#8243; _module_preset=\u00bb78938ff8-75a3-4592-8234-5b8bb59b9f47&#8243; title_level=\u00bbh3&#8243; title_font=\u00bb|700|||||||\u00bb title_text_color=\u00bb#000000&#8243; title_font_size=\u00bb22px\u00bb title_line_height=\u00bb1.1em\u00bb custom_margin=\u00bb||0px||false|false\u00bb custom_padding=\u00bb20px|20px|0px|40px|false|false\u00bb hover_enabled=\u00bb0&#8243; title_font_size_tablet=\u00bb22px\u00bb global_colors_info=\u00bb{}\u00bb sticky_enabled=\u00bb0&#8243;][\/et_pb_heading][et_pb_text _builder_version=\u00bb4.27.5&#8243; _module_preset=\u00bbdefault\u00bb text_font_size=\u00bb18px\u00bb custom_margin=\u00bb0px||10px||false|false\u00bb custom_padding=\u00bb|20px||40px|false|false\u00bb scroll_fade_enable=\u00bbon\u00bb hover_enabled=\u00bb0&#8243; global_colors_info=\u00bb{}\u00bb sticky_enabled=\u00bb0&#8243;]<\/p>\n<ul>\n<li>Finalidad: documentaci\u00f3n y difusi\u00f3n del evento (web, RRSS, memorias, notas de prensa).<\/li>\n<li>Base legal: inter\u00e9s leg\u00edtimo (art. 6.1.f) y\/o consentimiento cuando la imagen sea el foco principal o se trate de usos espec\u00edficos (art. 6.1.a).<\/li>\n<li>Oposici\u00f3n: podr\u00e1s oponerte seg\u00fan el apartado de derechos (con matices por inter\u00e9s leg\u00edtimo y contexto del evento).<\/li>\n<\/ul>\n<p>[\/et_pb_text][et_pb_heading title=\u00bb4. \u00bfCon qui\u00e9n compartimos tus datos? (Destinatarios\/encargados)\u00bb admin_label=\u00bbT\u00edtulo\u00bb _builder_version=\u00bb4.27.5&#8243; _module_preset=\u00bb78938ff8-75a3-4592-8234-5b8bb59b9f47&#8243; title_level=\u00bbh2&#8243; title_font=\u00bb|700||on|||||\u00bb title_font_size=\u00bb28px\u00bb title_line_height=\u00bb1.1em\u00bb custom_margin=\u00bb||30px||false|false\u00bb custom_margin_tablet=\u00bb||30px||false|false\u00bb custom_margin_phone=\u00bb||10px||false|false\u00bb custom_margin_last_edited=\u00bbon|phone\u00bb custom_padding=\u00bb40px|20px||20px|false|false\u00bb hover_enabled=\u00bb0&#8243; title_font_size_tablet=\u00bb28px\u00bb title_font_size_phone=\u00bb24px\u00bb title_font_size_last_edited=\u00bbon|phone\u00bb global_colors_info=\u00bb{}\u00bb sticky_enabled=\u00bb0&#8243;][\/et_pb_heading][et_pb_text _builder_version=\u00bb4.27.5&#8243; _module_preset=\u00bbdefault\u00bb text_font_size=\u00bb18px\u00bb custom_margin=\u00bb||20px||false|false\u00bb custom_margin_tablet=\u00bb||20px||false|false\u00bb custom_margin_phone=\u00bb||0px||false|false\u00bb custom_margin_last_edited=\u00bbon|phone\u00bb custom_padding=\u00bb|20px||20px|false|false\u00bb scroll_fade_enable=\u00bbon\u00bb hover_enabled=\u00bb0&#8243; global_colors_info=\u00bb{}\u00bb sticky_enabled=\u00bb0&#8243;]<\/p>\n<p class=\"TableParagraph\" align=\"left\" style=\"text-align: left; margin: 6.2pt 0cm .0001pt 4.95pt;\"><span lang=\"EU\">Tus<span style=\"letter-spacing: -.2pt;\"> <\/span>datos<span style=\"letter-spacing: -.15pt;\"> <\/span>podr\u00e1n<span style=\"letter-spacing: -.15pt;\"> <\/span>ser<span style=\"letter-spacing: -.15pt;\"> <\/span>comunicados<span style=\"letter-spacing: -.15pt;\"> <\/span><span style=\"letter-spacing: -.25pt;\">a:<\/span><o:p><\/o:p><\/span><span lang=\"EU\"><span style=\"letter-spacing: -.25pt;\"><br \/><\/span><\/span><\/p>\n<p>[\/et_pb_text][et_pb_text _builder_version=\u00bb4.27.5&#8243; _module_preset=\u00bbdefault\u00bb text_font_size=\u00bb18px\u00bb custom_margin=\u00bb||20px||false|false\u00bb custom_margin_tablet=\u00bb||20px||false|false\u00bb custom_margin_phone=\u00bb||0px||false|false\u00bb custom_margin_last_edited=\u00bbon|phone\u00bb custom_padding=\u00bb|20px||40px|false|false\u00bb scroll_fade_enable=\u00bbon\u00bb hover_enabled=\u00bb0&#8243; global_colors_info=\u00bb{}\u00bb sticky_enabled=\u00bb0&#8243;]<\/p>\n<ul>\n<li class=\"TableParagraph\" align=\"left\" style=\"text-align: left;\"><span lang=\"EU\"><span style=\"letter-spacing: -.25pt;\">Proveedores tecnol\u00f3gicos (encargados): hosting, mantenimiento web, soporte IT.<\/span><\/span><\/li>\n<li class=\"TableParagraph\" align=\"left\" style=\"text-align: left;\"><span lang=\"EU\"><span style=\"letter-spacing: -.25pt;\">Proveedor de ticketing\/inscripciones: Woocommerce.<\/span><\/span><\/li>\n<li class=\"TableParagraph\" align=\"left\" style=\"text-align: left;\"><span lang=\"EU\"><span style=\"letter-spacing: -.25pt;\">Pasarela de pago \/ entidad financiera: Redsys (gestiona el pago y prevenci\u00f3n de fraude).<\/span><\/span><\/li>\n<li class=\"TableParagraph\" align=\"left\" style=\"text-align: left;\"><span lang=\"EU\"><span style=\"letter-spacing: -.25pt;\">Proveedores del evento: acreditaciones, control de accesos, impresi\u00f3n de credenciales, etc.<\/span><\/span><\/li>\n<li class=\"TableParagraph\" align=\"left\" style=\"text-align: left;\"><span lang=\"EU\"><span style=\"letter-spacing: -.25pt;\">Administraciones p\u00fablicas cuando exista obligaci\u00f3n legal.<br \/><\/span><\/span><\/li>\n<\/ul>\n<p>[\/et_pb_text][et_pb_heading title=\u00bb5. \u00bfDurante cu\u00e1nto tiempo conservamos tus datos?\u00bb admin_label=\u00bbT\u00edtulo\u00bb _builder_version=\u00bb4.27.5&#8243; _module_preset=\u00bb78938ff8-75a3-4592-8234-5b8bb59b9f47&#8243; title_level=\u00bbh2&#8243; title_font=\u00bb|700||on|||||\u00bb title_font_size=\u00bb28px\u00bb title_line_height=\u00bb1.1em\u00bb custom_margin=\u00bb||30px||false|false\u00bb custom_margin_tablet=\u00bb||30px||false|false\u00bb custom_margin_phone=\u00bb||10px||false|false\u00bb custom_margin_last_edited=\u00bbon|phone\u00bb custom_padding=\u00bb40px|20px||20px|false|false\u00bb hover_enabled=\u00bb0&#8243; title_font_size_tablet=\u00bb28px\u00bb title_font_size_phone=\u00bb24px\u00bb title_font_size_last_edited=\u00bbon|phone\u00bb global_colors_info=\u00bb{}\u00bb sticky_enabled=\u00bb0&#8243;][\/et_pb_heading][et_pb_text _builder_version=\u00bb4.27.5&#8243; _module_preset=\u00bbdefault\u00bb text_font_size=\u00bb18px\u00bb custom_margin=\u00bb||20px||false|false\u00bb custom_margin_tablet=\u00bb||20px||false|false\u00bb custom_margin_phone=\u00bb||0px||false|false\u00bb custom_margin_last_edited=\u00bbon|phone\u00bb custom_padding=\u00bb|20px||40px|false|false\u00bb scroll_fade_enable=\u00bbon\u00bb hover_enabled=\u00bb0&#8243; global_colors_info=\u00bb{}\u00bb sticky_enabled=\u00bb0&#8243;]<\/p>\n<ul>\n<li>Inscripci\u00f3n y asistencia: durante la gesti\u00f3n del evento y, tras su finalizaci\u00f3n, el tiempo necesario para atender reclamaciones.<\/li>\n<li>Facturaci\u00f3n\/pagos: los plazos exigidos por normativa legal.<\/li>\n<li>Im\u00e1genes: mientras sean necesarias para fines de archivo\/difusi\u00f3n y\/o hasta que se atienda una oposici\u00f3n v\u00e1lida, cuando aplique.<\/li>\n<\/ul>\n<p>[\/et_pb_text][et_pb_heading title=\u00bb6. Derechos de las personas usuarias\u00bb admin_label=\u00bbT\u00edtulo\u00bb _builder_version=\u00bb4.27.5&#8243; _module_preset=\u00bb78938ff8-75a3-4592-8234-5b8bb59b9f47&#8243; title_level=\u00bbh2&#8243; title_font=\u00bb|700||on|||||\u00bb title_font_size=\u00bb28px\u00bb title_line_height=\u00bb1.1em\u00bb custom_margin=\u00bb||30px||false|false\u00bb custom_margin_tablet=\u00bb||30px||false|false\u00bb custom_margin_phone=\u00bb||10px||false|false\u00bb custom_margin_last_edited=\u00bbon|phone\u00bb custom_padding=\u00bb40px|20px||20px|false|false\u00bb hover_enabled=\u00bb0&#8243; title_font_size_tablet=\u00bb28px\u00bb title_font_size_phone=\u00bb24px\u00bb title_font_size_last_edited=\u00bbon|phone\u00bb global_colors_info=\u00bb{}\u00bb sticky_enabled=\u00bb0&#8243;][\/et_pb_heading][et_pb_text _builder_version=\u00bb4.27.5&#8243; _module_preset=\u00bbdefault\u00bb text_font_size=\u00bb18px\u00bb custom_margin=\u00bb||10px||false|false\u00bb custom_margin_tablet=\u00bb||30px||false|false\u00bb custom_margin_phone=\u00bb||10px||false|false\u00bb custom_margin_last_edited=\u00bbon|phone\u00bb custom_padding=\u00bb|20px||20px|false|false\u00bb scroll_fade_enable=\u00bbon\u00bb hover_enabled=\u00bb0&#8243; global_colors_info=\u00bb{}\u00bb sticky_enabled=\u00bb0&#8243;]<\/p>\n<p class=\"TableParagraph\" align=\"left\" style=\"text-align: left; margin: 3.65pt 0cm .0001pt 4.95pt;\"><span lang=\"EU\">Puedes<span style=\"letter-spacing: -.2pt;\"> <\/span>ejercer<span style=\"letter-spacing: -.2pt;\"> <\/span>los<span style=\"letter-spacing: -.2pt;\"> <\/span>derechos<span style=\"letter-spacing: -.2pt;\"> <\/span><span style=\"letter-spacing: -.25pt;\">de:<\/span><o:p><\/o:p><\/span><\/p>\n<p>[\/et_pb_text][et_pb_text _builder_version=\u00bb4.27.5&#8243; _module_preset=\u00bbdefault\u00bb text_font_size=\u00bb18px\u00bb custom_margin=\u00bb||30px||false|false\u00bb custom_margin_tablet=\u00bb||30px||false|false\u00bb custom_margin_phone=\u00bb||10px||false|false\u00bb custom_margin_last_edited=\u00bbon|phone\u00bb custom_padding=\u00bb|20px||40px|false|false\u00bb scroll_fade_enable=\u00bbon\u00bb hover_enabled=\u00bb0&#8243; global_colors_info=\u00bb{}\u00bb sticky_enabled=\u00bb0&#8243;]<\/p>\n<ul>\n<li>Acceso, rectificaci\u00f3n, supresi\u00f3n.<\/li>\n<li>Limitaci\u00f3n y oposici\u00f3n.<\/li>\n<li>Portabilidad (cuando proceda).<\/li>\n<li>Retirada del consentimiento (sin afectar a la licitud previa).<\/li>\n<\/ul>\n<p>[\/et_pb_text][et_pb_text _builder_version=\u00bb4.27.5&#8243; _module_preset=\u00bbdefault\u00bb text_font_size=\u00bb18px\u00bb custom_margin=\u00bb||10px||false|false\u00bb custom_margin_tablet=\u00bb||30px||false|false\u00bb custom_margin_phone=\u00bb||10px||false|false\u00bb custom_margin_last_edited=\u00bbon|phone\u00bb custom_padding=\u00bb|20px||20px|false|false\u00bb scroll_fade_enable=\u00bbon\u00bb hover_enabled=\u00bb0&#8243; global_colors_info=\u00bb{}\u00bb sticky_enabled=\u00bb0&#8243;]<\/p>\n<p class=\"TableParagraph\" align=\"left\" style=\"text-align: left; margin: 3.65pt 0cm .0001pt 4.95pt;\">C\u00f3mo ejercer estos derechos:<\/p>\n<p>[\/et_pb_text][et_pb_text _builder_version=\u00bb4.27.5&#8243; _module_preset=\u00bbdefault\u00bb text_font_size=\u00bb18px\u00bb custom_margin=\u00bb||30px||false|false\u00bb custom_margin_tablet=\u00bb||30px||false|false\u00bb custom_margin_phone=\u00bb||10px||false|false\u00bb custom_margin_last_edited=\u00bbon|phone\u00bb custom_padding=\u00bb|20px||40px|false|false\u00bb scroll_fade_enable=\u00bbon\u00bb hover_enabled=\u00bb0&#8243; global_colors_info=\u00bb{}\u00bb sticky_enabled=\u00bb0&#8243;]<\/p>\n<ul>\n<li>Enviando solicitud a <a href=\"mailto:info@azkuefundazioa.eus\">info@azkuefundazioa.eus<\/a> indicando \u201cProtecci\u00f3n de datos\u201d y adjuntando informaci\u00f3n suficiente para verificar tu identidad.<\/li>\n<li>Ante la persona Delegada de Protecci\u00f3n de Datos de AZKUE FUNDAZIOA: Jefatura de la Secci\u00f3n de Seguridad de la informaci\u00f3n y Protecci\u00f3n de datos (Gran V\u00eda 2, 6\u00ba- 48001 Bilbao)<\/li>\n<\/ul>\n<p>[\/et_pb_text][et_pb_heading title=\u00bb7. Reclamaci\u00f3n ante la autoridad de control\u00bb admin_label=\u00bbT\u00edtulo\u00bb _builder_version=\u00bb4.27.5&#8243; _module_preset=\u00bb78938ff8-75a3-4592-8234-5b8bb59b9f47&#8243; title_level=\u00bbh2&#8243; title_font=\u00bb|700||on|||||\u00bb title_font_size=\u00bb28px\u00bb title_line_height=\u00bb1.1em\u00bb custom_margin=\u00bb||30px||false|false\u00bb custom_margin_tablet=\u00bb||30px||false|false\u00bb custom_margin_phone=\u00bb||10px||false|false\u00bb custom_margin_last_edited=\u00bbon|phone\u00bb custom_padding=\u00bb40px|20px||20px|false|false\u00bb hover_enabled=\u00bb0&#8243; title_font_size_tablet=\u00bb28px\u00bb title_font_size_phone=\u00bb24px\u00bb title_font_size_last_edited=\u00bbon|phone\u00bb global_colors_info=\u00bb{}\u00bb sticky_enabled=\u00bb0&#8243;][\/et_pb_heading][et_pb_text _builder_version=\u00bb4.27.5&#8243; _module_preset=\u00bbdefault\u00bb text_font_size=\u00bb18px\u00bb custom_margin=\u00bb||30px||false|false\u00bb custom_margin_tablet=\u00bb||30px||false|false\u00bb custom_margin_phone=\u00bb||10px||false|false\u00bb custom_margin_last_edited=\u00bbon|phone\u00bb custom_padding=\u00bb|20px||20px|false|false\u00bb scroll_fade_enable=\u00bbon\u00bb hover_enabled=\u00bb0&#8243; global_colors_info=\u00bb{}\u00bb sticky_enabled=\u00bb0&#8243;]<\/p>\n<p>Si consideras que el tratamiento no se ajusta a la normativa, puedes reclamar ante la autoridad competente, Autoridad Vasca de Protecci\u00f3n de Datos (<a href=\"http:\/\/www.avpd.eus\" target=\"_blank\" rel=\"noopener\">www.avpd.eus<\/a>), o la Agencia Espa\u00f1ola de Protecci\u00f3n de Datos (<a href=\"http:\/\/www.aepd.es\" target=\"_blank\" rel=\"noopener\">www.aepd.es<\/a>).<\/p>\n<p>[\/et_pb_text][et_pb_heading title=\u00bb8. Medidas de seguridad\u00bb admin_label=\u00bbT\u00edtulo\u00bb _builder_version=\u00bb4.27.5&#8243; _module_preset=\u00bb78938ff8-75a3-4592-8234-5b8bb59b9f47&#8243; title_level=\u00bbh2&#8243; title_font=\u00bb|700||on|||||\u00bb title_font_size=\u00bb28px\u00bb title_line_height=\u00bb1.1em\u00bb custom_margin=\u00bb||30px||false|false\u00bb custom_margin_tablet=\u00bb||30px||false|false\u00bb custom_margin_phone=\u00bb||10px||false|false\u00bb custom_margin_last_edited=\u00bbon|phone\u00bb custom_padding=\u00bb40px|20px||20px|false|false\u00bb hover_enabled=\u00bb0&#8243; title_font_size_tablet=\u00bb28px\u00bb title_font_size_phone=\u00bb24px\u00bb title_font_size_last_edited=\u00bbon|phone\u00bb global_colors_info=\u00bb{}\u00bb sticky_enabled=\u00bb0&#8243;][\/et_pb_heading][et_pb_text _builder_version=\u00bb4.27.5&#8243; _module_preset=\u00bbdefault\u00bb text_font_size=\u00bb18px\u00bb custom_margin=\u00bb||||false|false\u00bb custom_margin_tablet=\u00bb||30px||false|false\u00bb custom_margin_phone=\u00bb||10px||false|false\u00bb custom_margin_last_edited=\u00bbon|phone\u00bb custom_padding=\u00bb|20px||20px|false|false\u00bb scroll_fade_enable=\u00bbon\u00bb hover_enabled=\u00bb0&#8243; global_colors_info=\u00bb{}\u00bb sticky_enabled=\u00bb0&#8243;]<\/p>\n<p>El responsable aplica medidas t\u00e9cnicas y organizativas razonables para proteger los datos y prevenir accesos no autorizados, p\u00e9rdida o alteraci\u00f3n.<\/p>\n<p>[\/et_pb_text][et_pb_heading title=\u00bb9. Cambios en esta pol\u00edtica\u00bb admin_label=\u00bbT\u00edtulo\u00bb _builder_version=\u00bb4.27.5&#8243; _module_preset=\u00bb78938ff8-75a3-4592-8234-5b8bb59b9f47&#8243; title_level=\u00bbh2&#8243; title_font=\u00bb|700||on|||||\u00bb title_font_size=\u00bb28px\u00bb title_line_height=\u00bb1.1em\u00bb custom_margin=\u00bb||30px||false|false\u00bb custom_margin_tablet=\u00bb||30px||false|false\u00bb custom_margin_phone=\u00bb||10px||false|false\u00bb custom_margin_last_edited=\u00bbon|phone\u00bb custom_padding=\u00bb40px|20px||20px|false|false\u00bb hover_enabled=\u00bb0&#8243; title_font_size_tablet=\u00bb28px\u00bb title_font_size_phone=\u00bb24px\u00bb title_font_size_last_edited=\u00bbon|phone\u00bb global_colors_info=\u00bb{}\u00bb sticky_enabled=\u00bb0&#8243;][\/et_pb_heading][et_pb_text _builder_version=\u00bb4.27.5&#8243; _module_preset=\u00bbdefault\u00bb text_font_size=\u00bb18px\u00bb custom_margin=\u00bb||30px||false|false\u00bb custom_margin_tablet=\u00bb||30px||false|false\u00bb custom_margin_phone=\u00bb||10px||false|false\u00bb custom_margin_last_edited=\u00bbon|phone\u00bb custom_padding=\u00bb|20px||20px|false|false\u00bb scroll_fade_enable=\u00bbon\u00bb hover_enabled=\u00bb0&#8243; global_colors_info=\u00bb{}\u00bb sticky_enabled=\u00bb0&#8243;]<\/p>\n<p>Podremos actualizar esta Pol\u00edtica de Privacidad cuando cambien los tratamientos, proveedores o exigencias legales. Publicaremos la versi\u00f3n vigente en este sitio.<\/p>\n<p><span lang=\"EU\">\u00daltima<span style=\"letter-spacing: -.3pt;\"> <\/span>actualizaci\u00f3n:<span style=\"letter-spacing: -.25pt;\"> <\/span><span style=\"letter-spacing: -.1pt;\">09\/03\/2026<\/span><o:p><\/o:p><\/span><\/p>\n<p>[\/et_pb_text][\/et_pb_column][\/et_pb_row][\/et_pb_section]<\/p>\n","protected":false},"excerpt":{"rendered":"<p>AZKUE FUNDAZIOA, como entidad organizadora de EMYA 2026, respeta la privacidad de las personas usuarias y el secreto y seguridad de los datos personales, de conformidad con lo establecido en la legislaci\u00f3n aplicable en materia de protecci\u00f3n de datos, en concreto, el Reglamento 2016\/679 del Parlamento Europeo y del Consejo de 27 de abril de [&hellip;]<\/p>\n","protected":false},"author":1,"featured_media":0,"parent":0,"menu_order":0,"comment_status":"closed","ping_status":"closed","template":"","meta":{"_et_pb_use_builder":"on","_et_pb_old_content":"","_et_gb_content_width":"","footnotes":""},"class_list":["post-1594","page","type-page","status-publish","hentry"],"_links":{"self":[{"href":"https:\/\/emya2026bilbao.eus\/es\/wp-json\/wp\/v2\/pages\/1594","targetHints":{"allow":["GET"]}}],"collection":[{"href":"https:\/\/emya2026bilbao.eus\/es\/wp-json\/wp\/v2\/pages"}],"about":[{"href":"https:\/\/emya2026bilbao.eus\/es\/wp-json\/wp\/v2\/types\/page"}],"author":[{"embeddable":true,"href":"https:\/\/emya2026bilbao.eus\/es\/wp-json\/wp\/v2\/users\/1"}],"replies":[{"embeddable":true,"href":"https:\/\/emya2026bilbao.eus\/es\/wp-json\/wp\/v2\/comments?post=1594"}],"version-history":[{"count":23,"href":"https:\/\/emya2026bilbao.eus\/es\/wp-json\/wp\/v2\/pages\/1594\/revisions"}],"predecessor-version":[{"id":2868,"href":"https:\/\/emya2026bilbao.eus\/es\/wp-json\/wp\/v2\/pages\/1594\/revisions\/2868"}],"wp:attachment":[{"href":"https:\/\/emya2026bilbao.eus\/es\/wp-json\/wp\/v2\/media?parent=1594"}],"curies":[{"name":"wp","href":"https:\/\/api.w.org\/{rel}","templated":true}]}}