{"id":15,"date":"2026-01-27T15:30:42","date_gmt":"2026-01-27T14:30:42","guid":{"rendered":"https:\/\/emya2026bilbao.eus\/?page_id=15"},"modified":"2026-03-10T15:38:58","modified_gmt":"2026-03-10T14:38:58","slug":"bienvenida","status":"publish","type":"page","link":"https:\/\/emya2026bilbao.eus\/es\/bienvenida\/","title":{"rendered":"Bienvenida"},"content":{"rendered":"<p>[et_pb_section fb_built=\u00bb1&#8243; admin_label=\u00bbElixabete\u00bb _builder_version=\u00bb4.27.5&#8243; _module_preset=\u00bb3bf37ab7-6da6-48fe-9435-994927be2dea\u00bb background_color=\u00bbgcid-heading-color\u00bb background_image=\u00bbhttps:\/\/emya2026bilbao.eus\/wp-content\/uploads\/2026\/01\/emya-logo.svg\u00bb background_size=\u00bbcustom\u00bb background_image_width=\u00bb50%\u00bb background_position=\u00bbtop_right\u00bb background_horizontal_offset=\u00bb-48%\u00bb background_blend=\u00bbsoft-light\u00bb custom_padding=\u00bb|20px||20px|false|false\u00bb background_last_edited=\u00bbon|tablet\u00bb background_image_width_tablet=\u00bb80%\u00bb background_image_width_phone=\u00bb120%\u00bb locked=\u00bboff\u00bb collapsed=\u00bbon\u00bb global_colors_info=\u00bb{%22gcid-heading-color%22:%91%22background_color%22%93}\u00bb][et_pb_row column_structure=\u00bb1_2,1_2&#8243; custom_padding_last_edited=\u00bbon|phone\u00bb module_class=\u00bbcentrar-vertical\u00bb _builder_version=\u00bb4.27.5&#8243; _module_preset=\u00bb04f0fd57-8808-42f8-9a18-d2cf4e69ae46&#8243; width=\u00bb1080px\u00bb width_tablet=\u00bb80%\u00bb width_phone=\u00bb90%\u00bb width_last_edited=\u00bbon|phone\u00bb max_width=\u00bb100%\u00bb custom_margin=\u00bb||0px||false|false\u00bb custom_padding=\u00bb|20px|0px|20px|false|false\u00bb custom_padding_tablet=\u00bb|20px|0px|20px|false|false\u00bb custom_padding_phone=\u00bb|0px||0px|false|false\u00bb border_width_top=\u00bb0px\u00bb global_colors_info=\u00bb{}\u00bb][et_pb_column type=\u00bb1_2&#8243; _builder_version=\u00bb4.25.0&#8243; _module_preset=\u00bbdefault\u00bb global_colors_info=\u00bb{}\u00bb][et_pb_image src=\u00bbhttps:\/\/emya2026bilbao.eus\/wp-content\/uploads\/2026\/02\/Elixabete-Etxanobe.jpg\u00bb align=\u00bbcenter\u00bb force_fullwidth=\u00bbon\u00bb align_last_edited=\u00bboff|tablet\u00bb module_class=\u00bbimgLinea rojo\u00bb _builder_version=\u00bb4.27.5&#8243; _module_preset=\u00bb68093b73-1dd3-4749-9154-a9e33e381af3&#8243; module_alignment=\u00bbleft\u00bb custom_margin=\u00bb||20px||false|false\u00bb custom_padding=\u00bb0px|0px|0px|0px|false|false\u00bb scroll_fade_enable=\u00bbon\u00bb hover_enabled=\u00bb0&#8243; module_alignment_tablet=\u00bbleft\u00bb module_alignment_phone=\u00bbleft\u00bb module_alignment_last_edited=\u00bbon|phone\u00bb global_colors_info=\u00bb{}\u00bb sticky_enabled=\u00bb0&#8243;][\/et_pb_image][et_pb_heading title=\u00bbElixabete Etxanobe\u00bb _builder_version=\u00bb4.27.5&#8243; _module_preset=\u00bba9c81484-a5df-4f99-a274-a3349a79683e\u00bb title_text_align=\u00bbright\u00bb title_text_color=\u00bbgcid-9d1bcc90-65ab-45b3-b9d1-a92be83f27e2&#8243; title_font_size=\u00bb16px\u00bb title_line_height=\u00bb1.1em\u00bb custom_margin_tablet=\u00bb\u00bb custom_margin_phone=\u00bb||0px||false|false\u00bb custom_margin_last_edited=\u00bbon|desktop\u00bb scroll_fade_enable=\u00bbon\u00bb title_text_align_tablet=\u00bbright\u00bb title_text_align_phone=\u00bbright\u00bb title_text_align_last_edited=\u00bbon|desktop\u00bb title_font_size_tablet=\u00bb18px\u00bb title_font_size_phone=\u00bb16px\u00bb global_colors_info=\u00bb{%22gcid-9d1bcc90-65ab-45b3-b9d1-a92be83f27e2%22:%91%22title_text_color%22%93}\u00bb][\/et_pb_heading][\/et_pb_column][et_pb_column type=\u00bb1_2&#8243; _builder_version=\u00bb4.25.0&#8243; _module_preset=\u00bbdefault\u00bb global_colors_info=\u00bb{}\u00bb][et_pb_text _builder_version=\u00bb4.27.5&#8243; _module_preset=\u00bbdefault\u00bb text_text_color=\u00bb#FFFFFF\u00bb text_font_size=\u00bb22px\u00bb custom_margin=\u00bb||20px||false|false\u00bb scroll_fade_enable=\u00bbon\u00bb hover_enabled=\u00bb0&#8243; global_colors_info=\u00bb{}\u00bb sticky_enabled=\u00bb0&#8243; text_font_size_last_edited=\u00bboff|phone\u00bb]<\/p>\n<p><strong>Bizkaia, territorio de cultura compartida<\/strong><\/p>\n<p>[\/et_pb_text][et_pb_text _builder_version=\u00bb4.27.5&#8243; _module_preset=\u00bbdefault\u00bb text_text_color=\u00bb#FFFFFF\u00bb text_font_size=\u00bb18px\u00bb custom_margin=\u00bb||10px||false|false\u00bb scroll_fade_enable=\u00bbon\u00bb hover_enabled=\u00bb0&#8243; global_colors_info=\u00bb{}\u00bb sticky_enabled=\u00bb0&#8243;]<\/p>\n<p>Con orgullo y con un profundo sentido de compromiso, Bizkaia acoge este encuentro que celebra la diversidad cultural europea y reconoce el poder del patrimonio como motor de cohesi\u00f3n, de identidad y de un futuro verdaderamente compartido. Es una oportunidad para poner en valor aquello que nos une: la convicci\u00f3n de que el capital cultural es esencial para el crecimiento, el desarrollo y la fortaleza de nuestras sociedades.<\/p>\n<p>[\/et_pb_text][et_pb_text _builder_version=\u00bb4.27.5&#8243; _module_preset=\u00bbdefault\u00bb text_text_color=\u00bb#FFFFFF\u00bb text_font_size=\u00bb18px\u00bb custom_margin=\u00bb||10px||false|false\u00bb scroll_fade_enable=\u00bbon\u00bb hover_enabled=\u00bb0&#8243; global_colors_info=\u00bb{}\u00bb sticky_enabled=\u00bb0&#8243;]<\/p>\n<p>Bizkaia es, y quiere seguir siendo, un territorio de cultura. Un territorio donde difundimos, preservamos y proyectamos nuestro patrimonio, y donde los museos desempe\u00f1an un papel clave en esta misi\u00f3n colectiva. En un mundo globalizado, preservar nuestra identidad es un reto central, y los museos \u2014como espacios de memoria, investigaci\u00f3n y difusi\u00f3n\u2014 son aliados imprescindibles en esta tarea.<\/p>\n<p>[\/et_pb_text][\/et_pb_column][\/et_pb_row][et_pb_row custom_padding_last_edited=\u00bbon|phone\u00bb _builder_version=\u00bb4.27.5&#8243; _module_preset=\u00bb04f0fd57-8808-42f8-9a18-d2cf4e69ae46&#8243; width=\u00bb1080px\u00bb width_tablet=\u00bb100%\u00bb width_phone=\u00bb90%\u00bb width_last_edited=\u00bbon|desktop\u00bb max_width=\u00bb100%\u00bb custom_padding=\u00bb|20px||20px|false|false\u00bb custom_padding_tablet=\u00bb0px||||false|false\u00bb custom_padding_phone=\u00bb0px|0px||0px|false|false\u00bb border_width_top=\u00bb0px\u00bb global_colors_info=\u00bb{}\u00bb][et_pb_column type=\u00bb4_4&#8243; _builder_version=\u00bb4.25.0&#8243; _module_preset=\u00bbdefault\u00bb global_colors_info=\u00bb{}\u00bb][et_pb_text _builder_version=\u00bb4.27.5&#8243; _module_preset=\u00bbdefault\u00bb text_text_color=\u00bb#FFFFFF\u00bb text_font_size=\u00bb18px\u00bb custom_margin=\u00bb||10px||false|false\u00bb custom_padding=\u00bb||0px|||\u00bb scroll_fade_enable=\u00bbon\u00bb hover_enabled=\u00bb0&#8243; global_colors_info=\u00bb{}\u00bb sticky_enabled=\u00bb0&#8243;]<\/p>\n<p>Por eso es importante subrayar, una vez m\u00e1s, la relevancia del patrimonio y de los museos como pilares de cohesi\u00f3n social y como impulsores de nuevas miradas hacia el futuro. Bizkaia es un territorio de patrimonio, un lugar donde cuidamos nuestras ra\u00edces sin dejar de avanzar, innovar y abrirnos al mundo.<\/p>\n<p>[\/et_pb_text][et_pb_text _builder_version=\u00bb4.27.5&#8243; _module_preset=\u00bbdefault\u00bb text_text_color=\u00bb#FFFFFF\u00bb text_font_size=\u00bb18px\u00bb custom_margin=\u00bb||10px||false|false\u00bb custom_padding=\u00bb||0px|||\u00bb scroll_fade_enable=\u00bbon\u00bb hover_enabled=\u00bb0&#8243; global_colors_info=\u00bb{}\u00bb sticky_enabled=\u00bb0&#8243;]<\/p>\n<p>Euskararen Etxea, anfitriona de este encuentro, encarna plenamente esta visi\u00f3n. Ofrece una manera renovada de acercarse al euskera, mostrando que nuestra lengua no es solo un medio de comunicaci\u00f3n, sino tambi\u00e9n una forma singular de comprender y mirar el mundo. Ese es su verdadero valor a\u00f1adido: recordarnos que la diversidad ling\u00fc\u00edstica es, en esencia, riqueza cultural. Desde esta casa del euskera se pone en valor uno de los grandes pilares de nuestra identidad colectiva: una lengua que nos identifica, nos une y nos diferencia en el mundo.<\/p>\n<p>[\/et_pb_text][et_pb_text _builder_version=\u00bb4.27.5&#8243; _module_preset=\u00bbdefault\u00bb text_text_color=\u00bb#FFFFFF\u00bb text_font_size=\u00bb18px\u00bb custom_margin=\u00bb||10px||false|false\u00bb scroll_fade_enable=\u00bbon\u00bb hover_enabled=\u00bb0&#8243; global_colors_info=\u00bb{}\u00bb sticky_enabled=\u00bb0&#8243;]<\/p>\n<p>Bizkaia cuenta con una riqueza muse\u00edstica extraordinaria. M\u00e1s de cuarenta museos conforman un ecosistema diverso que muestra, pieza a pieza, la historia, el arte, la memoria y el patrimonio de este territorio. Cada uno de ellos aporta una perspectiva \u00fanica, y todos juntos construyen un relato compartido que nos define y nos proyecta.<\/p>\n<p>[\/et_pb_text][et_pb_text _builder_version=\u00bb4.27.5&#8243; _module_preset=\u00bbdefault\u00bb text_text_color=\u00bb#FFFFFF\u00bb text_font_size=\u00bb18px\u00bb custom_margin=\u00bb||10px||false|false\u00bb animation_style=\u00bbfade\u00bb scroll_fade_enable=\u00bbon\u00bb hover_enabled=\u00bb0&#8243; global_colors_info=\u00bb{}\u00bb sticky_enabled=\u00bb0&#8243;]<\/p>\n<p>La celebraci\u00f3n de los EMYA llega, adem\u00e1s, en un a\u00f1o especialmente significativo para los museos de Bizkaia. Este a\u00f1o culminan los proyectos de ampliaci\u00f3n y renovaci\u00f3n de dos instituciones fundamentales para nuestro territorio: el Museo de Bellas Artes y el Museo Vasco. Ambos regresan totalmente transformados, adaptados a los nuevos tiempos, pero conservando intacta su esencia y sus ra\u00edces.<\/p>\n<p>[\/et_pb_text][et_pb_text _builder_version=\u00bb4.27.5&#8243; _module_preset=\u00bbdefault\u00bb text_text_color=\u00bb#FFFFFF\u00bb text_font_size=\u00bb18px\u00bb custom_margin=\u00bb||10px||false|false\u00bb scroll_fade_enable=\u00bbon\u00bb hover_enabled=\u00bb0&#8243; global_colors_info=\u00bb{}\u00bb sticky_enabled=\u00bb0&#8243;]<\/p>\n<p>Ongi etorri a Bizkaia, un territorio donde la cultura tiene un peso real, donde entendemos la cultura como un trampol\u00edn que nos impulsa hacia el futuro.<\/p>\n<p>[\/et_pb_text][et_pb_text _builder_version=\u00bb4.27.5&#8243; _module_preset=\u00bbdefault\u00bb text_text_color=\u00bb#FFFFFF\u00bb text_font_size=\u00bb18px\u00bb custom_margin=\u00bb||10px||false|false\u00bb custom_padding=\u00bb||30px||false|false\u00bb scroll_fade_enable=\u00bbon\u00bb hover_enabled=\u00bb0&#8243; global_colors_info=\u00bb{}\u00bb sticky_enabled=\u00bb0&#8243;]<\/p>\n<p>Bienvenidos y bienvenidas a un territorio de cultura compartida, a un territorio <em>innovation through culture<\/em>.<\/p>\n<p>[\/et_pb_text][et_pb_heading title=\u00bbElixabete Etxanobe\u00bb _builder_version=\u00bb4.27.5&#8243; _module_preset=\u00bba9c81484-a5df-4f99-a274-a3349a79683e\u00bb title_text_align=\u00bbleft\u00bb title_text_color=\u00bb#FFFFFF\u00bb title_font_size=\u00bb20px\u00bb title_line_height=\u00bb1.1em\u00bb custom_margin=\u00bb||0px||false|false\u00bb custom_margin_tablet=\u00bb\u00bb custom_margin_phone=\u00bb||0px||false|false\u00bb custom_margin_last_edited=\u00bbon|desktop\u00bb custom_padding=\u00bb||0px||false|false\u00bb scroll_fade_enable=\u00bbon\u00bb title_text_align_tablet=\u00bbleft\u00bb title_text_align_phone=\u00bbleft\u00bb title_text_align_last_edited=\u00bbon|desktop\u00bb title_font_size_tablet=\u00bb20px\u00bb title_font_size_phone=\u00bb16px\u00bb global_colors_info=\u00bb{}\u00bb][\/et_pb_heading][et_pb_heading title=\u00bbDiputada General de Bizkaia\u00bb _builder_version=\u00bb4.27.5&#8243; _module_preset=\u00bba9c81484-a5df-4f99-a274-a3349a79683e\u00bb title_level=\u00bbh5&#8243; title_text_align=\u00bbleft\u00bb title_text_color=\u00bb#FFFFFF\u00bb title_font_size=\u00bb16px\u00bb title_line_height=\u00bb1.1em\u00bb custom_margin=\u00bb0px||10px||false|false\u00bb custom_margin_tablet=\u00bb\u00bb custom_margin_phone=\u00bb||0px||false|false\u00bb custom_margin_last_edited=\u00bbon|desktop\u00bb custom_padding=\u00bb1px||||false|false\u00bb scroll_fade_enable=\u00bbon\u00bb title_text_align_tablet=\u00bbleft\u00bb title_text_align_phone=\u00bbleft\u00bb title_text_align_last_edited=\u00bbon|desktop\u00bb title_font_size_tablet=\u00bb18px\u00bb title_font_size_phone=\u00bb15px\u00bb global_colors_info=\u00bb{}\u00bb][\/et_pb_heading][\/et_pb_column][\/et_pb_row][\/et_pb_section][et_pb_section fb_built=\u00bb1&#8243; admin_label=\u00bbAmina\u00bb _builder_version=\u00bb4.27.5&#8243; _module_preset=\u00bb3bf37ab7-6da6-48fe-9435-994927be2dea\u00bb background_color=\u00bbRGBA(0,0,0,0.03)\u00bb background_image=\u00bbhttps:\/\/emya2026bilbao.eus\/wp-content\/uploads\/2026\/01\/emya-logo.svg\u00bb parallax=\u00bbon\u00bb parallax_method=\u00bboff\u00bb background_blend=\u00bbexclusion\u00bb custom_margin=\u00bb||||false|false\u00bb custom_padding=\u00bb|20px||20px|false|false\u00bb locked=\u00bboff\u00bb collapsed=\u00bbon\u00bb global_colors_info=\u00bb{}\u00bb][et_pb_row custom_padding_last_edited=\u00bbon|phone\u00bb module_class=\u00bbcentrar-vertical\u00bb _builder_version=\u00bb4.27.5&#8243; _module_preset=\u00bb04f0fd57-8808-42f8-9a18-d2cf4e69ae46&#8243; width=\u00bb1080px\u00bb width_tablet=\u00bb100%\u00bb width_phone=\u00bb90%\u00bb width_last_edited=\u00bbon|phone\u00bb max_width=\u00bb100%\u00bb custom_margin=\u00bb||0px||false|false\u00bb custom_padding=\u00bb|20px|0px|20px|false|false\u00bb custom_padding_tablet=\u00bb|20px|0px|20px|false|false\u00bb custom_padding_phone=\u00bb|0px||0px|false|false\u00bb border_width_top=\u00bb0px\u00bb global_colors_info=\u00bb{}\u00bb][et_pb_column type=\u00bb4_4&#8243; _builder_version=\u00bb4.25.0&#8243; _module_preset=\u00bbdefault\u00bb global_colors_info=\u00bb{}\u00bb][\/et_pb_column][\/et_pb_row][et_pb_row column_structure=\u00bb1_2,1_2&#8243; custom_padding_last_edited=\u00bbon|phone\u00bb module_class=\u00bbcentrar-vertical\u00bb _builder_version=\u00bb4.27.5&#8243; _module_preset=\u00bb04f0fd57-8808-42f8-9a18-d2cf4e69ae46&#8243; width=\u00bb1080px\u00bb width_tablet=\u00bb100%\u00bb width_phone=\u00bb90%\u00bb width_last_edited=\u00bbon|phone\u00bb max_width=\u00bb100%\u00bb custom_margin=\u00bb||0px||false|false\u00bb custom_padding=\u00bb|20px|0px|20px|false|false\u00bb custom_padding_tablet=\u00bb|20px|0px|20px|false|false\u00bb custom_padding_phone=\u00bb|0px||0px|false|false\u00bb border_width_top=\u00bb0px\u00bb global_colors_info=\u00bb{}\u00bb][et_pb_column type=\u00bb1_2&#8243; _builder_version=\u00bb4.25.0&#8243; _module_preset=\u00bbdefault\u00bb global_colors_info=\u00bb{}\u00bb][et_pb_text _builder_version=\u00bb4.27.5&#8243; _module_preset=\u00bbdefault\u00bb text_text_color=\u00bb#000000&#8243; text_font_size=\u00bb18px\u00bb custom_margin=\u00bb||10px||false|false\u00bb scroll_fade_enable=\u00bbon\u00bb global_colors_info=\u00bb{}\u00bb]<\/p>\n<p>Bienvenidos a Bilbao en nombre del Foro Europeo de Museos.<\/p>\n<p>[\/et_pb_text][et_pb_text _builder_version=\u00bb4.27.5&#8243; _module_preset=\u00bbdefault\u00bb text_text_color=\u00bb#000000&#8243; text_font_size=\u00bb18px\u00bb custom_margin=\u00bb||10px||false|false\u00bb scroll_fade_enable=\u00bbon\u00bb global_colors_info=\u00bb{}\u00bb]<\/p>\n<p>Junto con nuestros valiosos socios Euskararen Etxea y su Centro de Interpretaci\u00f3n del Euskera, estamos encantados de darles la bienvenida y de reunir a nuestra comunidad una vez m\u00e1s.<\/p>\n<p>[\/et_pb_text][et_pb_text _builder_version=\u00bb4.27.5&#8243; _module_preset=\u00bbdefault\u00bb text_text_color=\u00bb#000000&#8243; text_font_size=\u00bb18px\u00bb custom_margin=\u00bb||10px||false|false\u00bb scroll_fade_enable=\u00bbon\u00bb global_colors_info=\u00bb{}\u00bb]<\/p>\n<p>Esta conferencia nos brinda la oportunidad de celebrar la innovaci\u00f3n en el sector muse\u00edstico europeo y de crear un espacio de intercambio, aprendizaje y conexi\u00f3n significativa entre colegas de todo el continente y m\u00e1s all\u00e1.<\/p>\n<p>[\/et_pb_text][et_pb_text _builder_version=\u00bb4.27.5&#8243; _module_preset=\u00bbdefault\u00bb text_text_color=\u00bb#000000&#8243; text_font_size=\u00bb18px\u00bb custom_margin=\u00bb||10px||false|false\u00bb scroll_fade_enable=\u00bbon\u00bb global_colors_info=\u00bb{}\u00bb]<\/p>\n<p>Este a\u00f1o, nos complace especialmente reunirnos en el Centro de Interpretaci\u00f3n del Euskera, un museo inspirador dedicado a la lengua vasca y su patrimonio vivo. Su \u00e9nfasis en la interconexi\u00f3n de las lenguas y culturas europeas refleja la diversidad y la riqueza cultural que constituyen el n\u00facleo del <strong>EMYA<\/strong>. La ciudad de Bilbao y la provincia de Bizkaia ofrecen un marco excepcional para nuestra reuni\u00f3n, con su vibrante escena cultural, su innovaci\u00f3n arquitect\u00f3nica y su din\u00e1mico panorama muse\u00edstico.<\/p>\n<p>[\/et_pb_text][\/et_pb_column][et_pb_column type=\u00bb1_2&#8243; _builder_version=\u00bb4.27.5&#8243; _module_preset=\u00bbdefault\u00bb global_colors_info=\u00bb{}\u00bb][et_pb_image src=\u00bbhttps:\/\/emya2026bilbao.eus\/wp-content\/uploads\/2026\/02\/Amina.jpg\u00bb align=\u00bbcenter\u00bb force_fullwidth=\u00bbon\u00bb align_last_edited=\u00bboff|tablet\u00bb module_class=\u00bbimgLinea azul\u00bb _builder_version=\u00bb4.27.5&#8243; _module_preset=\u00bb68093b73-1dd3-4749-9154-a9e33e381af3&#8243; module_alignment=\u00bbleft\u00bb custom_margin=\u00bb||20px||false|false\u00bb custom_padding=\u00bb0px|0px|0px|0px|false|false\u00bb scroll_fade_enable=\u00bbon\u00bb module_alignment_tablet=\u00bbleft\u00bb module_alignment_phone=\u00bbleft\u00bb module_alignment_last_edited=\u00bbon|phone\u00bb border_radii=\u00bbon|0px|0px|0px|0px\u00bb global_colors_info=\u00bb{}\u00bb][\/et_pb_image][et_pb_heading title=\u00bbAmina KRVAVAC\u00bb _builder_version=\u00bb4.27.5&#8243; _module_preset=\u00bba9c81484-a5df-4f99-a274-a3349a79683e\u00bb title_text_align=\u00bbright\u00bb title_text_color=\u00bbgcid-heading-color\u00bb title_font_size=\u00bb16px\u00bb title_line_height=\u00bb1.1em\u00bb custom_margin_tablet=\u00bb\u00bb custom_margin_phone=\u00bb||0px||false|false\u00bb custom_margin_last_edited=\u00bbon|desktop\u00bb scroll_fade_enable=\u00bbon\u00bb title_text_align_tablet=\u00bbright\u00bb title_text_align_phone=\u00bbright\u00bb title_text_align_last_edited=\u00bbon|desktop\u00bb title_font_size_tablet=\u00bb18px\u00bb title_font_size_phone=\u00bb16px\u00bb global_colors_info=\u00bb{%22gcid-heading-color%22:%91%22title_text_color%22%93}\u00bb][\/et_pb_heading][\/et_pb_column][\/et_pb_row][et_pb_row custom_padding_last_edited=\u00bbon|phone\u00bb _builder_version=\u00bb4.27.5&#8243; _module_preset=\u00bb04f0fd57-8808-42f8-9a18-d2cf4e69ae46&#8243; width=\u00bb1080px\u00bb width_tablet=\u00bb100%\u00bb width_phone=\u00bb90%\u00bb width_last_edited=\u00bbon|desktop\u00bb max_width=\u00bb100%\u00bb custom_padding=\u00bb|20px||20px|false|false\u00bb custom_padding_tablet=\u00bb0px||||false|false\u00bb custom_padding_phone=\u00bb0px|0px||0px|false|false\u00bb border_width_top=\u00bb0px\u00bb global_colors_info=\u00bb{}\u00bb][et_pb_column type=\u00bb4_4&#8243; _builder_version=\u00bb4.25.0&#8243; _module_preset=\u00bbdefault\u00bb global_colors_info=\u00bb{}\u00bb][et_pb_text _builder_version=\u00bb4.27.5&#8243; _module_preset=\u00bbdefault\u00bb text_text_color=\u00bb#000000&#8243; text_font_size=\u00bb18px\u00bb custom_margin=\u00bb||10px||false|false\u00bb custom_padding=\u00bb||0px|||\u00bb scroll_fade_enable=\u00bbon\u00bb global_colors_info=\u00bb{}\u00bb]<\/p>\n<p>En una \u00e9poca marcada por los conflictos, la polarizaci\u00f3n y la injusticia social, los museos siguen siendo una de las instituciones m\u00e1s fiables de nuestra sociedad. La conferencia de este a\u00f1o nos invita a reflexionar colectivamente sobre el papel y la responsabilidad que conlleva esa confianza. \u00bfC\u00f3mo responden los museos a la divisi\u00f3n y a la complejidad de las realidades a las que sirven? \u00bfC\u00f3mo mantienen su relevancia, su \u00e9tica y su apertura, al tiempo que fomentan el cuidado, el di\u00e1logo y la responsabilidad dentro de sus comunidades?<\/p>\n<p>[\/et_pb_text][et_pb_text _builder_version=\u00bb4.27.5&#8243; _module_preset=\u00bbdefault\u00bb text_text_color=\u00bb#000000&#8243; text_font_size=\u00bb18px\u00bb custom_margin=\u00bb||10px||false|false\u00bb scroll_fade_enable=\u00bbon\u00bb global_colors_info=\u00bb{}\u00bb]<\/p>\n<p>Nuestras conversaciones en Bilbao girar\u00e1n en torno al tema \u00ab<em>Disrupting the Museum: Inclusion for All<\/em>\u00bb (Revolucionando el museo: inclusi\u00f3n total). Al abordar estas cuestiones, reflexionaremos sobre c\u00f3mo los marcos museol\u00f3gicos establecidos desde hace tiempo han moldeado lo que se ve, se valora y se recuerda, y d\u00f3nde se han hecho evidentes sus l\u00edmites. Juntos, exploraremos c\u00f3mo los museos pueden adoptar pr\u00e1cticas m\u00e1s inclusivas, solidarias y participativas que reflejen mejor la complejidad de nuestras sociedades, tanto en el pasado como en el presente.<\/p>\n<p>[\/et_pb_text][et_pb_text _builder_version=\u00bb4.27.5&#8243; _module_preset=\u00bbdefault\u00bb text_text_color=\u00bb#000000&#8243; text_font_size=\u00bb18px\u00bb custom_margin=\u00bb||30px||false|false\u00bb scroll_fade_enable=\u00bbon\u00bb global_colors_info=\u00bb{}\u00bb]<\/p>\n<p>En nombre del <strong>Foro Europeo de Museos<\/strong>, les doy una calurosa bienvenida y espero verles en Bilbao este mes de junio para mantener conversaciones significativas y descubrir nuevas perspectivas.<\/p>\n<p>[\/et_pb_text][et_pb_heading title=\u00bbAmina KRVAVAC\u00bb _builder_version=\u00bb4.27.5&#8243; _module_preset=\u00bba9c81484-a5df-4f99-a274-a3349a79683e\u00bb title_text_align=\u00bbleft\u00bb title_text_color=\u00bbgcid-heading-color\u00bb title_font_size=\u00bb20px\u00bb title_line_height=\u00bb1.1em\u00bb custom_margin=\u00bb||0px||false|false\u00bb custom_margin_tablet=\u00bb\u00bb custom_margin_phone=\u00bb||0px||false|false\u00bb custom_margin_last_edited=\u00bbon|desktop\u00bb custom_padding=\u00bb||0px||false|false\u00bb scroll_fade_enable=\u00bbon\u00bb title_text_align_tablet=\u00bbleft\u00bb title_text_align_phone=\u00bbleft\u00bb title_text_align_last_edited=\u00bbon|desktop\u00bb title_font_size_tablet=\u00bb20px\u00bb title_font_size_phone=\u00bb16px\u00bb global_colors_info=\u00bb{%22gcid-heading-color%22:%91%22title_text_color%22%93}\u00bb][\/et_pb_heading][et_pb_heading title=\u00bbPresidenta del Foro Europeo de Museos\u00bb _builder_version=\u00bb4.27.5&#8243; _module_preset=\u00bba9c81484-a5df-4f99-a274-a3349a79683e\u00bb title_level=\u00bbh5&#8243; title_text_align=\u00bbleft\u00bb title_text_color=\u00bbgcid-heading-color\u00bb title_font_size=\u00bb16px\u00bb custom_margin=\u00bb0px||10px||false|false\u00bb custom_margin_tablet=\u00bb\u00bb custom_margin_phone=\u00bb||0px||false|false\u00bb custom_margin_last_edited=\u00bbon|desktop\u00bb custom_padding=\u00bb0px||||false|false\u00bb scroll_fade_enable=\u00bbon\u00bb title_text_align_tablet=\u00bbleft\u00bb title_text_align_phone=\u00bbleft\u00bb title_text_align_last_edited=\u00bbon|desktop\u00bb title_font_size_tablet=\u00bb18px\u00bb title_font_size_phone=\u00bb14px\u00bb global_colors_info=\u00bb{%22gcid-heading-color%22:%91%22title_text_color%22%93}\u00bb][\/et_pb_heading][\/et_pb_column][\/et_pb_row][\/et_pb_section][et_pb_section fb_built=\u00bb1&#8243; admin_label=\u00bbElixabete\u00bb _builder_version=\u00bb4.27.5&#8243; _module_preset=\u00bb3bf37ab7-6da6-48fe-9435-994927be2dea\u00bb background_color=\u00bbgcid-secondary-color\u00bb background_image=\u00bbhttps:\/\/emya2026bilbao.eus\/wp-content\/uploads\/2026\/02\/EMYA-logo-black.svg\u00bb background_size=\u00bbcustom\u00bb background_image_width=\u00bb50%\u00bb background_image_height=\u00bb86%\u00bb background_position=\u00bbtop_left\u00bb background_horizontal_offset=\u00bb-48%\u00bb background_blend=\u00bbsoft-light\u00bb custom_margin=\u00bb||60px||false|false\u00bb custom_padding=\u00bb|20px||20px|false|false\u00bb background_last_edited=\u00bbon|tablet\u00bb background_image_width_tablet=\u00bb80%\u00bb background_image_width_phone=\u00bb130%\u00bb locked=\u00bboff\u00bb collapsed=\u00bbon\u00bb global_colors_info=\u00bb{%22gcid-secondary-color%22:%91%22background_color%22%93}\u00bb][et_pb_row column_structure=\u00bb1_2,1_2&#8243; custom_padding_last_edited=\u00bbon|phone\u00bb module_class=\u00bbcentrar-vertical\u00bb _builder_version=\u00bb4.27.5&#8243; _module_preset=\u00bb04f0fd57-8808-42f8-9a18-d2cf4e69ae46&#8243; width=\u00bb1080px\u00bb width_tablet=\u00bb100%\u00bb width_phone=\u00bb90%\u00bb width_last_edited=\u00bbon|phone\u00bb max_width=\u00bb100%\u00bb custom_margin=\u00bb||0px||false|false\u00bb custom_padding=\u00bb|20px|0px|20px|false|false\u00bb custom_padding_tablet=\u00bb|20px|0px|20px|false|false\u00bb custom_padding_phone=\u00bb|0px||0px|false|false\u00bb border_width_top=\u00bb0px\u00bb global_colors_info=\u00bb{}\u00bb][et_pb_column type=\u00bb1_2&#8243; _builder_version=\u00bb4.25.0&#8243; _module_preset=\u00bbdefault\u00bb global_colors_info=\u00bb{}\u00bb][et_pb_image src=\u00bbhttps:\/\/emya2026bilbao.eus\/wp-content\/uploads\/2026\/02\/lurdana-Acasuso.jpg\u00bb alt=\u00bbIurdana Acasuso\u00bb align=\u00bbcenter\u00bb force_fullwidth=\u00bbon\u00bb align_last_edited=\u00bboff|tablet\u00bb module_class=\u00bbimgLinea azul\u00bb _builder_version=\u00bb4.27.5&#8243; _module_preset=\u00bb68093b73-1dd3-4749-9154-a9e33e381af3&#8243; module_alignment=\u00bbleft\u00bb custom_margin=\u00bb||20px||false|false\u00bb custom_padding=\u00bb0px|0px|0px|0px|false|false\u00bb scroll_fade_enable=\u00bbon\u00bb module_alignment_tablet=\u00bbleft\u00bb module_alignment_phone=\u00bbleft\u00bb module_alignment_last_edited=\u00bbon|phone\u00bb border_radii=\u00bbon|0px|0px|0px|0px\u00bb global_colors_info=\u00bb{}\u00bb][\/et_pb_image][et_pb_heading title=\u00bbIurdana Acasuso Atutxa\u00bb _builder_version=\u00bb4.27.5&#8243; _module_preset=\u00bba9c81484-a5df-4f99-a274-a3349a79683e\u00bb title_text_align=\u00bbright\u00bb title_text_color=\u00bbgcid-9d1bcc90-65ab-45b3-b9d1-a92be83f27e2&#8243; title_font_size=\u00bb16px\u00bb title_line_height=\u00bb1.1em\u00bb custom_margin_tablet=\u00bb\u00bb custom_margin_phone=\u00bb||0px||false|false\u00bb custom_margin_last_edited=\u00bbon|desktop\u00bb scroll_fade_enable=\u00bbon\u00bb title_text_align_tablet=\u00bbright\u00bb title_text_align_phone=\u00bbright\u00bb title_text_align_last_edited=\u00bbon|desktop\u00bb title_font_size_tablet=\u00bb18px\u00bb title_font_size_phone=\u00bb16px\u00bb global_colors_info=\u00bb{%22gcid-9d1bcc90-65ab-45b3-b9d1-a92be83f27e2%22:%91%22title_text_color%22%93}\u00bb][\/et_pb_heading][\/et_pb_column][et_pb_column type=\u00bb1_2&#8243; _builder_version=\u00bb4.25.0&#8243; _module_preset=\u00bbdefault\u00bb global_colors_info=\u00bb{}\u00bb][et_pb_text _builder_version=\u00bb4.27.5&#8243; _module_preset=\u00bbdefault\u00bb text_text_color=\u00bb#FFFFFF\u00bb text_font_size=\u00bb18px\u00bb custom_margin=\u00bb||10px||false|false\u00bb scroll_fade_enable=\u00bbon\u00bb global_colors_info=\u00bb{}\u00bb]<\/p>\n<p>Reciban un cordial saludo.<\/p>\n<p>[\/et_pb_text][et_pb_text _builder_version=\u00bb4.27.5&#8243; _module_preset=\u00bbdefault\u00bb text_text_color=\u00bb#FFFFFF\u00bb text_font_size=\u00bb18px\u00bb custom_margin=\u00bb||10px||false|false\u00bb scroll_fade_enable=\u00bbon\u00bb global_colors_info=\u00bb{}\u00bb]<\/p>\n<p>Euskararen Etxea y su Centro de Interpretaci\u00f3n del Euskera son, desde hace veinte a\u00f1os, un agente activo en la promoci\u00f3n y la difusi\u00f3n del euskera y pretende ser un lugar de referencia para las entidades implicadas en la revitalizaci\u00f3n de esta lengua. Ubicados en la ciudad de Bilbao, conforman un lugar para sumergirse en el euskera, en euskera.<\/p>\n<p>[\/et_pb_text][et_pb_text _builder_version=\u00bb4.27.5&#8243; _module_preset=\u00bbdefault\u00bb text_text_color=\u00bb#FFFFFF\u00bb text_font_size=\u00bb18px\u00bb custom_margin=\u00bb||10px||false|false\u00bb scroll_fade_enable=\u00bbon\u00bb global_colors_info=\u00bb{}\u00bb]<\/p>\n<p><span>En 2023 el Centro de Interpretaci\u00f3n se remodel\u00f3 por completo, aportando un nuevo enfoque basado en los sentidos y ofreciendo una experiencia innovadora tanto para la ciudadan\u00eda local como para el resto de las personas visitantes.<\/span><\/p>\n<p>[\/et_pb_text][\/et_pb_column][\/et_pb_row][et_pb_row custom_padding_last_edited=\u00bbon|phone\u00bb _builder_version=\u00bb4.27.5&#8243; _module_preset=\u00bb04f0fd57-8808-42f8-9a18-d2cf4e69ae46&#8243; width=\u00bb1080px\u00bb width_tablet=\u00bb100%\u00bb width_phone=\u00bb90%\u00bb width_last_edited=\u00bbon|desktop\u00bb max_width=\u00bb100%\u00bb custom_padding=\u00bb|20px||20px|false|false\u00bb custom_padding_tablet=\u00bb0px||||false|false\u00bb custom_padding_phone=\u00bb0px|0px||0px|false|false\u00bb border_width_top=\u00bb0px\u00bb global_colors_info=\u00bb{}\u00bb][et_pb_column type=\u00bb4_4&#8243; _builder_version=\u00bb4.25.0&#8243; _module_preset=\u00bbdefault\u00bb global_colors_info=\u00bb{}\u00bb][et_pb_text _builder_version=\u00bb4.27.5&#8243; _module_preset=\u00bbdefault\u00bb text_text_color=\u00bb#FFFFFF\u00bb text_font_size=\u00bb18px\u00bb custom_margin=\u00bb||10px||false|false\u00bb scroll_fade_enable=\u00bbon\u00bb global_colors_info=\u00bb{}\u00bb]<\/p>\n<p><span>La nueva exposici\u00f3n muestra la fuerza vital de la lengua, destaca su car\u00e1cter integrador y vincula su supervivencia, promoci\u00f3n y desarrollo a la preservaci\u00f3n de la diversidad. <\/span><\/p>\n<p>[\/et_pb_text][et_pb_text _builder_version=\u00bb4.27.5&#8243; _module_preset=\u00bbdefault\u00bb text_text_color=\u00bb#FFFFFF\u00bb text_font_size=\u00bb18px\u00bb custom_margin=\u00bb||10px||false|false\u00bb custom_padding=\u00bb||0px|||\u00bb scroll_fade_enable=\u00bbon\u00bb global_colors_info=\u00bb{}\u00bb]<\/p>\n<p><span>Se basa en el concepto de <strong>\u00absumar\u00bb<\/strong> que vertebra y engloba los diferentes espacios. Por lo tanto, la exposici\u00f3n apuesta por la diversidad y la multiculturalidad al entender que la sociedad vasca es cada vez m\u00e1s multiling\u00fce. Al mismo tiempo, aporta una visi\u00f3n ecol\u00f3gica y un sentido de sostenibilidad de las lenguas, porque el euskera forma parte de la diversidad ling\u00fc\u00edstica mundial.\u00a0 <\/span><\/p>\n<p>[\/et_pb_text][et_pb_text _builder_version=\u00bb4.27.5&#8243; _module_preset=\u00bbdefault\u00bb text_text_color=\u00bb#FFFFFF\u00bb text_font_size=\u00bb18px\u00bb custom_margin=\u00bb||10px||false|false\u00bb scroll_fade_enable=\u00bbon\u00bb global_colors_info=\u00bb{}\u00bb]<\/p>\n<p><span>Nos enorgullece que la labor de nuestro centro haya sido reconocida internacionalmente en 2025, ya que nos otorgaron el prestigioso Premio al Museo Europeo 2025 del Consejo de Europa dentro del marco de los Premios Museo Europeo del A\u00f1o (EMYA). Esta distinci\u00f3n subraya la importancia de nuestra labor y nos inspira a continuar con nuestros esfuerzos por promocionar y difundir el euskera.<\/span><\/p>\n<p>[\/et_pb_text][et_pb_text _builder_version=\u00bb4.27.5&#8243; _module_preset=\u00bbdefault\u00bb text_text_color=\u00bb#FFFFFF\u00bb text_font_size=\u00bb18px\u00bb custom_margin=\u00bb||10px||false|false\u00bb scroll_fade_enable=\u00bbon\u00bb global_colors_info=\u00bb{}\u00bb]<\/p>\n<p><span>Asimismo, gracias a ese galard\u00f3n hemos realizado lo que para nosotros ha sido un gran reto, ser anfitriones de la Conferencia Anual y la Ceremonia de Entrega de los Premios Museo Europeo del A\u00f1o 2026 (EMYA). Un evento donde las personas profesionales del sector muse\u00edstico y agentes culturales debatiremos sobre los museos como espacios de inclusi\u00f3n. Una propuesta totalmente alineada con Euskararen Etxea.<\/span><\/p>\n<p>[\/et_pb_text][et_pb_text _builder_version=\u00bb4.27.5&#8243; _module_preset=\u00bbdefault\u00bb text_text_color=\u00bb#FFFFFF\u00bb text_font_size=\u00bb18px\u00bb custom_margin=\u00bb||0px||false|false\u00bb custom_padding=\u00bb||30px||false|false\u00bb custom_padding_tablet=\u00bb||30px||false|false\u00bb custom_padding_phone=\u00bb||30px||false|false\u00bb custom_padding_last_edited=\u00bbon|phone\u00bb scroll_fade_enable=\u00bbon\u00bb global_colors_info=\u00bb{}\u00bb]<\/p>\n<p><span>No quiero despedirme sin antes recordarles que el euskera suma: suma identidades, suma personas, suma culturas.<\/span><\/p>\n<p>[\/et_pb_text][et_pb_heading title=\u00bbIurdana Acasuso Atutxa\u00bb _builder_version=\u00bb4.27.5&#8243; _module_preset=\u00bba9c81484-a5df-4f99-a274-a3349a79683e\u00bb title_text_align=\u00bbleft\u00bb title_text_color=\u00bb#FFFFFF\u00bb title_font_size=\u00bb20px\u00bb title_line_height=\u00bb1.1em\u00bb custom_margin=\u00bb||0px||false|false\u00bb custom_margin_tablet=\u00bb\u00bb custom_margin_phone=\u00bb||0px||false|false\u00bb custom_margin_last_edited=\u00bbon|desktop\u00bb custom_padding=\u00bb||0px||false|false\u00bb scroll_fade_enable=\u00bbon\u00bb title_text_align_tablet=\u00bbleft\u00bb title_text_align_phone=\u00bbleft\u00bb title_text_align_last_edited=\u00bbon|desktop\u00bb title_font_size_tablet=\u00bb20px\u00bb title_font_size_phone=\u00bb16px\u00bb global_colors_info=\u00bb{}\u00bb][\/et_pb_heading][et_pb_heading title=\u00bbDirectora de Euskararen Etxea\u00bb _builder_version=\u00bb4.27.5&#8243; _module_preset=\u00bba9c81484-a5df-4f99-a274-a3349a79683e\u00bb title_level=\u00bbh5&#8243; title_text_align=\u00bbleft\u00bb title_text_color=\u00bb#FFFFFF\u00bb title_font_size=\u00bb16px\u00bb title_line_height=\u00bb1.1em\u00bb custom_margin=\u00bb0px||10px||false|false\u00bb custom_margin_tablet=\u00bb\u00bb custom_margin_phone=\u00bb||0px||false|false\u00bb custom_margin_last_edited=\u00bbon|desktop\u00bb custom_padding=\u00bb1px||||false|false\u00bb scroll_fade_enable=\u00bbon\u00bb title_text_align_tablet=\u00bbleft\u00bb title_text_align_phone=\u00bbleft\u00bb title_text_align_last_edited=\u00bbon|desktop\u00bb title_font_size_tablet=\u00bb18px\u00bb title_font_size_phone=\u00bb15px\u00bb global_colors_info=\u00bb{}\u00bb][\/et_pb_heading][\/et_pb_column][\/et_pb_row][\/et_pb_section]<\/p>\n","protected":false},"excerpt":{"rendered":"<p>Bizkaia, territorio de cultura compartidaCon orgullo y con un profundo sentido de compromiso, Bizkaia acoge este encuentro que celebra la diversidad cultural europea y reconoce el poder del patrimonio como motor de cohesi\u00f3n, de identidad y de un futuro verdaderamente compartido. Es una oportunidad para poner en valor aquello que nos une: la convicci\u00f3n de [&hellip;]<\/p>\n","protected":false},"author":1,"featured_media":0,"parent":0,"menu_order":0,"comment_status":"closed","ping_status":"closed","template":"","meta":{"_et_pb_use_builder":"on","_et_pb_old_content":"","_et_gb_content_width":"","footnotes":""},"class_list":["post-15","page","type-page","status-publish","hentry"],"_links":{"self":[{"href":"https:\/\/emya2026bilbao.eus\/es\/wp-json\/wp\/v2\/pages\/15","targetHints":{"allow":["GET"]}}],"collection":[{"href":"https:\/\/emya2026bilbao.eus\/es\/wp-json\/wp\/v2\/pages"}],"about":[{"href":"https:\/\/emya2026bilbao.eus\/es\/wp-json\/wp\/v2\/types\/page"}],"author":[{"embeddable":true,"href":"https:\/\/emya2026bilbao.eus\/es\/wp-json\/wp\/v2\/users\/1"}],"replies":[{"embeddable":true,"href":"https:\/\/emya2026bilbao.eus\/es\/wp-json\/wp\/v2\/comments?post=15"}],"version-history":[{"count":72,"href":"https:\/\/emya2026bilbao.eus\/es\/wp-json\/wp\/v2\/pages\/15\/revisions"}],"predecessor-version":[{"id":2855,"href":"https:\/\/emya2026bilbao.eus\/es\/wp-json\/wp\/v2\/pages\/15\/revisions\/2855"}],"wp:attachment":[{"href":"https:\/\/emya2026bilbao.eus\/es\/wp-json\/wp\/v2\/media?parent=15"}],"curies":[{"name":"wp","href":"https:\/\/api.w.org\/{rel}","templated":true}]}}