{"id":1389,"date":"2026-02-11T10:09:29","date_gmt":"2026-02-11T09:09:29","guid":{"rendered":"https:\/\/emya2026bilbao.eus\/?page_id=1389"},"modified":"2026-03-05T09:58:14","modified_gmt":"2026-03-05T08:58:14","slug":"para-medios-de-comunicacion","status":"publish","type":"page","link":"https:\/\/emya2026bilbao.eus\/es\/para-medios-de-comunicacion\/","title":{"rendered":"Para medios de comunicaci\u00f3n"},"content":{"rendered":"<p>[et_pb_section fb_built=\u00bb1&#8243; admin_label=\u00bbHeader\u00bb module_class=\u00bbtitFond\u00bb _builder_version=\u00bb4.27.5&#8243; _module_preset=\u00bbdefault\u00bb width=\u00bb100%\u00bb custom_margin=\u00bb||0px||false|false\u00bb custom_padding=\u00bb||0px||false|false\u00bb scroll_horizontal_motion=\u00bb0|50|50|100|-4|0|0&#8243; collapsed=\u00bboff\u00bb global_colors_info=\u00bb{}\u00bb][et_pb_row _builder_version=\u00bb4.27.5&#8243; _module_preset=\u00bb698f9690-9eb0-4f99-ad59-f238b97be924&#8243; background_color=\u00bbgcid-secondary-color\u00bb background_image=\u00bbhttps:\/\/emya2026bilbao.eus\/wp-content\/uploads\/2026\/02\/emya-trama-tit.svg\u00bb width=\u00bb1080px\u00bb width_tablet=\u00bb80%\u00bb width_phone=\u00bb80%\u00bb width_last_edited=\u00bbon|desktop\u00bb custom_margin=\u00bb||||false|false\u00bb custom_padding=\u00bb15px|40px|5px|20px|false|false\u00bb custom_padding_tablet=\u00bb13px|0px|7px|20px|false|false\u00bb custom_padding_phone=\u00bb15px|20px|3px|0px|false|false\u00bb border_radii=\u00bboff||0px|0px|\u00bb box_shadow_color=\u00bbgcid-secondary-color\u00bb global_colors_info=\u00bb{%22gcid-primary-color%22:%91%22box_shadow_color%22%93,%22gcid-secondary-color%22:%91%22box_shadow_color%22,%22background_color%22%93}\u00bb][et_pb_column type=\u00bb4_4&#8243; _builder_version=\u00bb4.25.0&#8243; _module_preset=\u00bbdefault\u00bb global_colors_info=\u00bb{}\u00bb][et_pb_heading title=\u00bbPARA MEDIOS DE COMUNICACI\u00d3N\u00bb _builder_version=\u00bb4.27.5&#8243; _module_preset=\u00bb0f4a8d2c-a668-46c5-b1a5-6149f83510c6&#8243; title_font=\u00bb|700|||||||\u00bb title_text_color=\u00bb#FFFFFF\u00bb title_font_size=\u00bb40px\u00bb title_line_height=\u00bb1em\u00bb custom_margin=\u00bb||||false|false\u00bb custom_padding=\u00bb0px||0px||false|false\u00bb global_colors_info=\u00bb{}\u00bb][\/et_pb_heading][\/et_pb_column][\/et_pb_row][\/et_pb_section][et_pb_section fb_built=\u00bb1&#8243; admin_label=\u00bbBorde\u00bb _builder_version=\u00bb4.27.5&#8243; _module_preset=\u00bbdefault\u00bb width=\u00bb90%\u00bb custom_margin=\u00bb10px||||false|false\u00bb custom_padding=\u00bb0px||||false|false\u00bb scroll_horizontal_motion=\u00bb0|50|50|100|-4|0|0&#8243; collapsed=\u00bboff\u00bb global_colors_info=\u00bb{}\u00bb][et_pb_row module_class=\u00bbsubTit\u00bb _builder_version=\u00bb4.27.5&#8243; _module_preset=\u00bb698f9690-9eb0-4f99-ad59-f238b97be924&#8243; background_color=\u00bbgcid-heading-color\u00bb background_enable_image=\u00bboff\u00bb width=\u00bb1080px\u00bb width_tablet=\u00bb80%\u00bb width_phone=\u00bb70%\u00bb width_last_edited=\u00bbon|desktop\u00bb min_height=\u00bb0px\u00bb height=\u00bb0px\u00bb max_height=\u00bb5px\u00bb custom_padding=\u00bb15px|40px|10px||false|false\u00bb custom_padding_tablet=\u00bb5px||5px||true|false\u00bb custom_padding_phone=\u00bb5px|0px|5px|0px|true|false\u00bb border_radii=\u00bboff||0px|0px|\u00bb box_shadow_color=\u00bbgcid-heading-color\u00bb global_colors_info=\u00bb{%22gcid-primary-color%22:%91%22background_color%22%93,%22gcid-heading-color%22:%91%22background_color%22,%22box_shadow_color%22%93}\u00bb][et_pb_column type=\u00bb4_4&#8243; _builder_version=\u00bb4.27.5&#8243; _module_preset=\u00bbdefault\u00bb background_color=\u00bbgcid-heading-color\u00bb global_colors_info=\u00bb{%22gcid-heading-color%22:%91%22background_color%22%93}\u00bb][\/et_pb_column][\/et_pb_row][\/et_pb_section][et_pb_section fb_built=\u00bb1&#8243; admin_label=\u00bbResume\u00bb _builder_version=\u00bb4.27.5&#8243; _module_preset=\u00bbdefault\u00bb width=\u00bb1080px\u00bb width_tablet=\u00bb90%\u00bb width_phone=\u00bb90%\u00bb width_last_edited=\u00bbon|desktop\u00bb module_alignment=\u00bbcenter\u00bb custom_margin=\u00bb0px||0px||false|false\u00bb custom_padding=\u00bb0px||20px||false|false\u00bb locked=\u00bboff\u00bb collapsed=\u00bboff\u00bb global_colors_info=\u00bb{}\u00bb][et_pb_row _builder_version=\u00bb4.27.5&#8243; _module_preset=\u00bbdefault\u00bb width=\u00bb1080px\u00bb width_tablet=\u00bb100%\u00bb width_phone=\u00bb100%\u00bb width_last_edited=\u00bbon|phone\u00bb custom_margin=\u00bb0px||0px||false|false\u00bb custom_padding=\u00bb0px||0px||false|false\u00bb locked=\u00bboff\u00bb global_colors_info=\u00bb{}\u00bb][et_pb_column type=\u00bb4_4&#8243; _builder_version=\u00bb4.25.0&#8243; _module_preset=\u00bbdefault\u00bb global_colors_info=\u00bb{}\u00bb][et_pb_text _builder_version=\u00bb4.27.5&#8243; _module_preset=\u00bbdefault\u00bb text_font_size=\u00bb18px\u00bb custom_margin=\u00bb||10px||false|false\u00bb custom_padding=\u00bb|20px||20px|false|false\u00bb scroll_fade_enable=\u00bbon\u00bb global_colors_info=\u00bb{}\u00bb]<\/p>\n<p>La Oficina del Museo proporciona informaci\u00f3n sobre el suministro de material de prensa y presta colaboraci\u00f3n a los medios:<\/p>\n<p>[\/et_pb_text][et_pb_text _builder_version=\u00bb4.27.5&#8243; _module_preset=\u00bbdefault\u00bb text_font_size=\u00bb18px\u00bb custom_margin=\u00bb||0px||false|false\u00bb custom_padding=\u00bb10px|20px|0px|30px|false|false\u00bb scroll_fade_enable=\u00bbon\u00bb global_colors_info=\u00bb{}\u00bb]<\/p>\n<ul class=\"wp-block-list divi-contact-list prensa\">\n<li><span class=\"icon icon-phone\"><\/span><br \/>\n<span class=\"text\"><a href=\"tel:+34944028081\">94 402 80 81<\/a><\/span><\/li>\n<li><span class=\"icon icon-mail\"><\/span><br \/>\n<span class=\"text\"><a href=\"mailto:emya2026@euskararenetxea.eus\">emya2026@euskararenetxea.eus<\/a><\/span><\/li>\n<\/ul>\n<p>[\/et_pb_text][et_pb_divider color=\u00bb#D6D6D6&#8243; _builder_version=\u00bb4.27.5&#8243; _module_preset=\u00bbdefault\u00bb custom_margin=\u00bb0px||0px||false|false\u00bb custom_padding=\u00bb10px||10px||false|false\u00bb global_colors_info=\u00bb{}\u00bb][\/et_pb_divider][et_pb_text _builder_version=\u00bb4.27.5&#8243; _module_preset=\u00bbdefault\u00bb text_font_size=\u00bb18px\u00bb custom_margin=\u00bb||10px||false|false\u00bb custom_padding=\u00bb|20px||20px|false|false\u00bb scroll_fade_enable=\u00bbon\u00bb global_colors_info=\u00bb{}\u00bb]<\/p>\n<p>La Oficina del Museo proporciona informaci\u00f3n sobre el suministro de material de prensa y presta colaboraci\u00f3n a los medios:<\/p>\n<p>[\/et_pb_text][et_pb_text _builder_version=\u00bb4.27.5&#8243; _module_preset=\u00bbdefault\u00bb text_font_size=\u00bb18px\u00bb custom_margin=\u00bb||10px||false|false\u00bb custom_padding=\u00bb|20px||20px|false|false\u00bb scroll_fade_enable=\u00bbon\u00bb global_colors_info=\u00bb{}\u00bb]<\/p>\n<p>Para m\u00e1s informaci\u00f3n, visite la p\u00e1gina web del <a href=\"https:\/\/europeanforum.museum\/\" target=\"_blank\" rel=\"noopener\"><strong>EMYA<\/strong><\/a>.<\/p>\n<p>[\/et_pb_text][et_pb_heading title=\u00bbDESCARGAR ARCHIVOS\u00bb admin_label=\u00bbT\u00edtulo\u00bb _builder_version=\u00bb4.27.5&#8243; _module_preset=\u00bb78938ff8-75a3-4592-8234-5b8bb59b9f47&#8243; title_level=\u00bbh2&#8243; title_font=\u00bb|700||on|||||\u00bb title_font_size=\u00bb22px\u00bb title_line_height=\u00bb1.1em\u00bb custom_padding=\u00bb40px|20px|20px|20px|false|false\u00bb title_font_size_tablet=\u00bb22px\u00bb title_font_size_phone=\u00bb22px\u00bb title_font_size_last_edited=\u00bbon|phone\u00bb global_colors_info=\u00bb{}\u00bb][\/et_pb_heading][\/et_pb_column][\/et_pb_row][et_pb_row column_structure=\u00bb1_2,1_2&#8243; make_equal=\u00bbon\u00bb _builder_version=\u00bb4.27.5&#8243; _module_preset=\u00bbdefault\u00bb width=\u00bb1080px\u00bb width_tablet=\u00bb100%\u00bb width_phone=\u00bb100%\u00bb width_last_edited=\u00bbon|phone\u00bb custom_margin=\u00bb0px||0px||false|false\u00bb custom_padding=\u00bb0px|20px|50px|20px|false|false\u00bb scroll_fade_enable=\u00bbon\u00bb locked=\u00bboff\u00bb global_colors_info=\u00bb{}\u00bb][et_pb_column type=\u00bb1_2&#8243; _builder_version=\u00bb4.27.5&#8243; _module_preset=\u00bbdefault\u00bb custom_padding=\u00bb30px|30px|30px|30px|false|false\u00bb border_radii=\u00bbon|1px|1px|1px|1px\u00bb border_width_all=\u00bb1px\u00bb border_color_all=\u00bb#D6D6D6&#8243; global_colors_info=\u00bb{}\u00bb][et_pb_heading title=\u00bbLOGOTIPO\u00bb _builder_version=\u00bb4.27.5&#8243; _module_preset=\u00bbdefault\u00bb title_level=\u00bbh3&#8243; title_font=\u00bb|300||on|||||\u00bb title_text_align=\u00bbcenter\u00bb title_text_color=\u00bbgcid-heading-color\u00bb title_font_size=\u00bb22px\u00bb custom_margin=\u00bb||0px||false|false\u00bb custom_padding=\u00bb||0px||false|false\u00bb title_font_size_tablet=\u00bb22px\u00bb title_font_size_phone=\u00bb22px\u00bb title_font_size_last_edited=\u00bbon|tablet\u00bb global_colors_info=\u00bb{%22gcid-heading-color%22:%91%22title_text_color%22%93}\u00bb][\/et_pb_heading][et_pb_heading title=\u00bbEuskararen Etxea\u00bb _builder_version=\u00bb4.27.5&#8243; _module_preset=\u00bbdefault\u00bb title_level=\u00bbh4&#8243; title_font=\u00bb|600|||||||\u00bb title_text_align=\u00bbcenter\u00bb title_text_color=\u00bb#000000&#8243; title_font_size=\u00bb18px\u00bb custom_margin=\u00bb||0px||false|false\u00bb custom_padding=\u00bb||0px||false|false\u00bb title_font_size_tablet=\u00bb18px\u00bb title_font_size_phone=\u00bb18px\u00bb title_font_size_last_edited=\u00bbon|tablet\u00bb global_colors_info=\u00bb{}\u00bb][\/et_pb_heading][et_pb_image src=\u00bbhttps:\/\/emya2026bilbao.eus\/wp-content\/uploads\/2026\/02\/euskararen-etxea-logo-black.svg\u00bb url=\u00bbhttps:\/\/emya2026bilbao.eus\/wp-content\/uploads\/2026\/02\/EMYA-logo.pdf\u00bb url_new_window=\u00bbon\u00bb _builder_version=\u00bb4.27.5&#8243; _module_preset=\u00bbdefault\u00bb width=\u00bb60%\u00bb module_alignment=\u00bbcenter\u00bb custom_margin=\u00bb||||false|false\u00bb custom_padding=\u00bb20px||10px||false|false\u00bb global_colors_info=\u00bb{}\u00bb][\/et_pb_image][et_pb_button button_url=\u00bbhttps:\/\/emya2026bilbao.eus\/wp-content\/uploads\/2026\/03\/Logo-euskararen-etxea.pdf\u00bb url_new_window=\u00bbon\u00bb button_text=\u00bbDESCARGAR PDF\u00bb button_alignment=\u00bbcenter\u00bb _builder_version=\u00bb4.27.5&#8243; _module_preset=\u00bbdefault\u00bb button_text_size=\u00bb16px\u00bb button_text_color=\u00bbgcid-primary-color\u00bb button_bg_color=\u00bbgcid-secondary-color\u00bb custom_padding=\u00bb12px|30px|12px|30px|true|true\u00bb hover_enabled=\u00bb0&#8243; global_colors_info=\u00bb{%22gcid-primary-color%22:%91%22button_bg_color%22,%22button_text_color%22%93,%22gcid-secondary-color%22:%91%22button_bg_color%22%93}\u00bb sticky_enabled=\u00bb0&#8243;][\/et_pb_button][\/et_pb_column][et_pb_column type=\u00bb1_2&#8243; _builder_version=\u00bb4.27.5&#8243; _module_preset=\u00bbdefault\u00bb custom_padding=\u00bb30px|30px|30px|30px|false|false\u00bb border_radii=\u00bbon|1px|1px|1px|1px\u00bb border_width_all=\u00bb1px\u00bb border_color_all=\u00bb#D6D6D6&#8243; global_colors_info=\u00bb{}\u00bb][et_pb_heading title=\u00bbLOGOTIPO\u00bb _builder_version=\u00bb4.27.5&#8243; _module_preset=\u00bbdefault\u00bb title_level=\u00bbh3&#8243; title_font=\u00bb|300||on|||||\u00bb title_text_align=\u00bbcenter\u00bb title_text_color=\u00bbgcid-heading-color\u00bb title_font_size=\u00bb22px\u00bb custom_margin=\u00bb||0px||false|false\u00bb custom_padding=\u00bb||0px||false|false\u00bb title_font_size_tablet=\u00bb22px\u00bb global_colors_info=\u00bb{%22gcid-heading-color%22:%91%22title_text_color%22%93}\u00bb][\/et_pb_heading][et_pb_heading title=\u00bbEUROPEAN MUSEUM OF THE YEAR AWARDS\u00bb _builder_version=\u00bb4.27.5&#8243; _module_preset=\u00bbdefault\u00bb title_level=\u00bbh4&#8243; title_font=\u00bb|600|||||||\u00bb title_text_align=\u00bbcenter\u00bb title_text_color=\u00bb#000000&#8243; title_font_size=\u00bb18px\u00bb custom_margin=\u00bb||0px||false|false\u00bb custom_padding=\u00bb||0px||false|false\u00bb title_font_size_tablet=\u00bb18px\u00bb global_colors_info=\u00bb{}\u00bb][\/et_pb_heading][et_pb_image src=\u00bbhttps:\/\/emya2026bilbao.eus\/wp-content\/uploads\/2026\/02\/EMYA-logo-black.svg\u00bb url=\u00bbhttps:\/\/emya2026bilbao.eus\/wp-content\/uploads\/2026\/02\/EMYA-logo.pdf\u00bb url_new_window=\u00bbon\u00bb _builder_version=\u00bb4.27.5&#8243; _module_preset=\u00bbdefault\u00bb width=\u00bb23%\u00bb module_alignment=\u00bbcenter\u00bb custom_padding=\u00bb20px||10px||false|false\u00bb global_colors_info=\u00bb{}\u00bb][\/et_pb_image][et_pb_button button_url=\u00bbhttps:\/\/emya2026bilbao.eus\/wp-content\/uploads\/2026\/02\/EMYA-logo.pdf\u00bb url_new_window=\u00bbon\u00bb button_text=\u00bbDESCARGAR PDF\u00bb button_alignment=\u00bbcenter\u00bb _builder_version=\u00bb4.27.5&#8243; _module_preset=\u00bbdefault\u00bb button_text_size=\u00bb16px\u00bb button_text_color=\u00bbgcid-primary-color\u00bb button_bg_color=\u00bbgcid-secondary-color\u00bb custom_padding=\u00bb12px|30px|12px|30px|true|true\u00bb global_colors_info=\u00bb{%22gcid-primary-color%22:%91%22button_bg_color%22,%22button_text_color%22%93,%22gcid-secondary-color%22:%91%22button_bg_color%22%93}\u00bb][\/et_pb_button][\/et_pb_column][\/et_pb_row][et_pb_row _builder_version=\u00bb4.27.5&#8243; _module_preset=\u00bbdefault\u00bb width=\u00bb1080px\u00bb width_tablet=\u00bb100%\u00bb width_phone=\u00bb100%\u00bb width_last_edited=\u00bbon|phone\u00bb custom_margin=\u00bb0px||0px||false|false\u00bb custom_padding=\u00bb0px||40px||false|false\u00bb locked=\u00bboff\u00bb global_colors_info=\u00bb{}\u00bb][et_pb_column type=\u00bb4_4&#8243; _builder_version=\u00bb4.25.0&#8243; _module_preset=\u00bbdefault\u00bb global_colors_info=\u00bb{}\u00bb][et_pb_heading title=\u00bbPROGRAMA DE LA CONFERENCIA\u00bb admin_label=\u00bbT\u00edtulo\u00bb _builder_version=\u00bb4.27.5&#8243; _module_preset=\u00bb78938ff8-75a3-4592-8234-5b8bb59b9f47&#8243; title_level=\u00bbh2&#8243; title_font=\u00bb|700||on|||||\u00bb title_font_size=\u00bb22px\u00bb title_line_height=\u00bb1.1em\u00bb custom_margin=\u00bb||0px||false|false\u00bb custom_padding=\u00bb20px|20px|20px|20px|false|false\u00bb title_font_size_tablet=\u00bb22px\u00bb title_font_size_phone=\u00bb22px\u00bb title_font_size_last_edited=\u00bbon|phone\u00bb global_colors_info=\u00bb{}\u00bb][\/et_pb_heading][et_pb_text _builder_version=\u00bb4.27.5&#8243; _module_preset=\u00bbdefault\u00bb text_font_size=\u00bb18px\u00bb custom_margin=\u00bb0px||10px||false|false\u00bb custom_padding=\u00bb0px|20px||20px|false|false\u00bb scroll_fade_enable=\u00bbon\u00bb global_colors_info=\u00bb{}\u00bb]<\/p>\n<p>Tanto la conferencia como la ceremonia de entrega de premios <strong>EMYA2026<\/strong> incluyen presentaciones de los nominados en paneles tem\u00e1ticos, ponencias magistrales, talleres impartidos por los ganadores de ediciones anteriores, visitas guiadas a monumentos y museos, as\u00ed como inspiradoras charlas entre bastidores.<\/p>\n<p>[\/et_pb_text][et_pb_text _builder_version=\u00bb4.27.5&#8243; _module_preset=\u00bbdefault\u00bb text_font_size=\u00bb18px\u00bb custom_margin=\u00bb||10px||false|false\u00bb custom_padding=\u00bb|20px||20px|false|false\u00bb scroll_fade_enable=\u00bbon\u00bb global_colors_info=\u00bb{}\u00bb]<\/p>\n<p>Ser\u00e1 un evento \u00fanico que reunir\u00e1 a especialistas en museos de toda Europa.<\/p>\n<p>[\/et_pb_text][\/et_pb_column][\/et_pb_row][\/et_pb_section]<\/p>\n","protected":false},"excerpt":{"rendered":"<p>La Oficina del Museo proporciona informaci\u00f3n sobre el suministro de material de prensa y presta colaboraci\u00f3n a los medios: 94 402 80 81 emya2026@euskararenetxea.eus La Oficina del Museo proporciona informaci\u00f3n sobre el suministro de material de prensa y presta colaboraci\u00f3n a los medios:Para m\u00e1s informaci\u00f3n, visite la p\u00e1gina web del EMYA.Tanto la conferencia como la [&hellip;]<\/p>\n","protected":false},"author":1,"featured_media":0,"parent":0,"menu_order":0,"comment_status":"closed","ping_status":"closed","template":"","meta":{"_et_pb_use_builder":"on","_et_pb_old_content":"","_et_gb_content_width":"","footnotes":""},"class_list":["post-1389","page","type-page","status-publish","hentry"],"_links":{"self":[{"href":"https:\/\/emya2026bilbao.eus\/es\/wp-json\/wp\/v2\/pages\/1389","targetHints":{"allow":["GET"]}}],"collection":[{"href":"https:\/\/emya2026bilbao.eus\/es\/wp-json\/wp\/v2\/pages"}],"about":[{"href":"https:\/\/emya2026bilbao.eus\/es\/wp-json\/wp\/v2\/types\/page"}],"author":[{"embeddable":true,"href":"https:\/\/emya2026bilbao.eus\/es\/wp-json\/wp\/v2\/users\/1"}],"replies":[{"embeddable":true,"href":"https:\/\/emya2026bilbao.eus\/es\/wp-json\/wp\/v2\/comments?post=1389"}],"version-history":[{"count":52,"href":"https:\/\/emya2026bilbao.eus\/es\/wp-json\/wp\/v2\/pages\/1389\/revisions"}],"predecessor-version":[{"id":2643,"href":"https:\/\/emya2026bilbao.eus\/es\/wp-json\/wp\/v2\/pages\/1389\/revisions\/2643"}],"wp:attachment":[{"href":"https:\/\/emya2026bilbao.eus\/es\/wp-json\/wp\/v2\/media?parent=1389"}],"curies":[{"name":"wp","href":"https:\/\/api.w.org\/{rel}","templated":true}]}}