{"id":1255,"date":"2026-02-10T09:27:24","date_gmt":"2026-02-10T08:27:24","guid":{"rendered":"https:\/\/emya2026bilbao.eus\/?page_id=1255"},"modified":"2026-04-21T14:00:26","modified_gmt":"2026-04-21T12:00:26","slug":"programa-del-congreso","status":"publish","type":"page","link":"https:\/\/emya2026bilbao.eus\/es\/programa-del-congreso\/","title":{"rendered":"Programa del congreso"},"content":{"rendered":"<p>[et_pb_section fb_built=\u00bb1&#8243; admin_label=\u00bbHeader\u00bb module_class=\u00bbtitFond\u00bb _builder_version=\u00bb4.27.5&#8243; _module_preset=\u00bbdefault\u00bb width=\u00bb100%\u00bb custom_margin=\u00bb||0px||false|false\u00bb custom_padding=\u00bb||0px||false|false\u00bb scroll_horizontal_motion=\u00bb0|50|50|100|-4|0|0&#8243; collapsed=\u00bboff\u00bb global_colors_info=\u00bb{}\u00bb][et_pb_row _builder_version=\u00bb4.27.5&#8243; _module_preset=\u00bb698f9690-9eb0-4f99-ad59-f238b97be924&#8243; background_color=\u00bbgcid-secondary-color\u00bb background_image=\u00bbhttps:\/\/emya2026bilbao.eus\/wp-content\/uploads\/2026\/02\/emya-trama-tit.svg\u00bb width=\u00bb1080px\u00bb width_tablet=\u00bb80%\u00bb width_phone=\u00bb80%\u00bb width_last_edited=\u00bbon|desktop\u00bb custom_margin=\u00bb||||false|false\u00bb custom_padding=\u00bb15px|40px|5px|20px|false|false\u00bb custom_padding_tablet=\u00bb13px|0px|7px|20px|false|false\u00bb custom_padding_phone=\u00bb15px|20px|3px|0px|false|false\u00bb border_radii=\u00bboff||0px|0px|\u00bb box_shadow_color=\u00bbgcid-secondary-color\u00bb global_colors_info=\u00bb{%22gcid-primary-color%22:%91%22box_shadow_color%22%93,%22gcid-secondary-color%22:%91%22box_shadow_color%22,%22background_color%22%93}\u00bb][et_pb_column type=\u00bb4_4&#8243; _builder_version=\u00bb4.25.0&#8243; _module_preset=\u00bbdefault\u00bb global_colors_info=\u00bb{}\u00bb][et_pb_heading title=\u00bbPROGRAMA DEL CONGRESO\u00bb _builder_version=\u00bb4.27.5&#8243; _module_preset=\u00bb0f4a8d2c-a668-46c5-b1a5-6149f83510c6&#8243; title_font=\u00bb|700|||||||\u00bb title_text_color=\u00bb#FFFFFF\u00bb title_font_size=\u00bb40px\u00bb title_line_height=\u00bb1em\u00bb custom_margin=\u00bb||||false|false\u00bb custom_padding=\u00bb0px||0px||false|false\u00bb global_colors_info=\u00bb{}\u00bb][\/et_pb_heading][\/et_pb_column][\/et_pb_row][\/et_pb_section][et_pb_section fb_built=\u00bb1&#8243; admin_label=\u00bbBorde\u00bb _builder_version=\u00bb4.27.5&#8243; _module_preset=\u00bbdefault\u00bb width=\u00bb90%\u00bb custom_margin=\u00bb10px||||false|false\u00bb custom_padding=\u00bb0px||||false|false\u00bb scroll_horizontal_motion=\u00bb0|50|50|100|-4|0|0&#8243; collapsed=\u00bboff\u00bb global_colors_info=\u00bb{}\u00bb][et_pb_row module_class=\u00bbsubTit\u00bb _builder_version=\u00bb4.27.5&#8243; _module_preset=\u00bb698f9690-9eb0-4f99-ad59-f238b97be924&#8243; background_color=\u00bbgcid-heading-color\u00bb background_enable_image=\u00bboff\u00bb width=\u00bb1080px\u00bb width_tablet=\u00bb80%\u00bb width_phone=\u00bb70%\u00bb width_last_edited=\u00bbon|desktop\u00bb min_height=\u00bb0px\u00bb height=\u00bb0px\u00bb max_height=\u00bb5px\u00bb custom_padding=\u00bb15px|40px|10px||false|false\u00bb custom_padding_tablet=\u00bb5px||5px||true|false\u00bb custom_padding_phone=\u00bb5px|0px|5px|0px|true|false\u00bb border_radii=\u00bboff||0px|0px|\u00bb box_shadow_color=\u00bbgcid-heading-color\u00bb global_colors_info=\u00bb{%22gcid-primary-color%22:%91%22background_color%22%93,%22gcid-heading-color%22:%91%22background_color%22,%22box_shadow_color%22%93}\u00bb][et_pb_column type=\u00bb4_4&#8243; _builder_version=\u00bb4.27.5&#8243; _module_preset=\u00bbdefault\u00bb background_color=\u00bbgcid-heading-color\u00bb global_colors_info=\u00bb{%22gcid-heading-color%22:%91%22background_color%22%93}\u00bb][\/et_pb_column][\/et_pb_row][\/et_pb_section][et_pb_section fb_built=\u00bb1&#8243; admin_label=\u00bbTexto Intro\u00bb _builder_version=\u00bb4.27.5&#8243; _module_preset=\u00bbdefault\u00bb width=\u00bb1080px\u00bb width_tablet=\u00bb100%\u00bb width_phone=\u00bb90%\u00bb width_last_edited=\u00bbon|desktop\u00bb module_alignment=\u00bbcenter\u00bb custom_margin=\u00bb0px||0px||false|false\u00bb custom_padding=\u00bb0px||0px||false|false\u00bb locked=\u00bboff\u00bb collapsed=\u00bboff\u00bb global_colors_info=\u00bb{}\u00bb][et_pb_row _builder_version=\u00bb4.27.5&#8243; _module_preset=\u00bbdefault\u00bb width=\u00bb1080px\u00bb width_tablet=\u00bb100%\u00bb width_phone=\u00bb100%\u00bb width_last_edited=\u00bbon|phone\u00bb custom_margin=\u00bb0px||0px||false|false\u00bb custom_padding=\u00bb0px||0px||false|false\u00bb locked=\u00bboff\u00bb global_colors_info=\u00bb{}\u00bb][et_pb_column type=\u00bb4_4&#8243; _builder_version=\u00bb4.25.0&#8243; _module_preset=\u00bbdefault\u00bb global_colors_info=\u00bb{}\u00bb][et_pb_text _builder_version=\u00bb4.27.5&#8243; _module_preset=\u00bbdefault\u00bb text_font_size=\u00bb18px\u00bb custom_margin=\u00bb||10px||false|false\u00bb custom_padding=\u00bb|20px||20px|false|false\u00bb scroll_fade_enable=\u00bbon\u00bb global_colors_info=\u00bb{}\u00bb]<\/p>\n<p>Tanto la conferencia como la ceremonia de entrega de premios <strong>EMYA2026<\/strong> incluyen presentaciones de los nominados en paneles tem\u00e1ticos, ponencias magistrales, talleres impartidos por los ganadores de ediciones anteriores, visitas guiadas a monumentos y museos, as\u00ed como inspiradoras charlas entre bastidores.<\/p>\n<p>[\/et_pb_text][et_pb_text _builder_version=\u00bb4.27.5&#8243; _module_preset=\u00bbdefault\u00bb text_font_size=\u00bb18px\u00bb custom_margin=\u00bb||10px||false|false\u00bb custom_padding=\u00bb|20px||20px|false|false\u00bb scroll_fade_enable=\u00bbon\u00bb global_colors_info=\u00bb{}\u00bb]<\/p>\n<p>Ser\u00e1 un evento \u00fanico que reunir\u00e1 a especialistas en museos de toda Europa.<\/p>\n<p>[\/et_pb_text][et_pb_button button_url=\u00bbhttps:\/\/emya2026bilbao.eus\/wp-content\/uploads\/2026\/04\/PROGRAMA-EMYA-2026-Digital-ENG.pdf\u00bb url_new_window=\u00bbon\u00bb button_text=\u00bbDESCARGAR PROGRAMA (ENG)\u00bb _builder_version=\u00bb4.27.6&#8243; _module_preset=\u00bbdefault\u00bb button_text_size=\u00bb16px\u00bb button_bg_color=\u00bbgcid-secondary-color\u00bb button_icon=\u00bb&#xf1c1;||fa||400&#8243; button_icon_placement=\u00bbleft\u00bb button_on_hover=\u00bboff\u00bb custom_margin=\u00bb40px|20px|40px|20px|false|false\u00bb custom_padding=\u00bb12px|24px|12px|40px|true|false\u00bb animation_style=\u00bbfade\u00bb hover_enabled=\u00bb0&#8243; global_colors_info=\u00bb{%22gcid-secondary-color%22:%91%22button_bg_color%22%93}\u00bb sticky_enabled=\u00bb0&#8243;][\/et_pb_button][\/et_pb_column][\/et_pb_row][\/et_pb_section][et_pb_section fb_built=\u00bb1&#8243; custom_padding_last_edited=\u00bbon|phone\u00bb admin_label=\u00bbBloque Programa D\u00eda\u00bb _builder_version=\u00bb4.27.5&#8243; _module_preset=\u00bbdefault\u00bb width=\u00bb1080px\u00bb width_tablet=\u00bb100%\u00bb width_phone=\u00bb90%\u00bb width_last_edited=\u00bbon|desktop\u00bb module_alignment=\u00bbcenter\u00bb custom_margin=\u00bb0px||0px||false|false\u00bb custom_padding=\u00bb60px|20px|15px|20px|false|false\u00bb custom_padding_tablet=\u00bb20px||||false|false\u00bb custom_padding_phone=\u00bb20px||||false|false\u00bb locked=\u00bboff\u00bb collapsed=\u00bboff\u00bb global_colors_info=\u00bb{}\u00bb][et_pb_row column_structure=\u00bb1_4,3_4&#8243; use_custom_gutter=\u00bbon\u00bb gutter_width=\u00bb1&#8243; _builder_version=\u00bb4.27.5&#8243; _module_preset=\u00bbdefault\u00bb width=\u00bb100%\u00bb width_tablet=\u00bb100%\u00bb width_phone=\u00bb100%\u00bb width_last_edited=\u00bbon|desktop\u00bb custom_margin=\u00bb0px||0px||false|false\u00bb custom_padding=\u00bb0px||0px||false|false\u00bb locked=\u00bboff\u00bb global_colors_info=\u00bb{}\u00bb][et_pb_column type=\u00bb1_4&#8243; module_class=\u00bbprogram-time\u00bb _builder_version=\u00bb4.27.5&#8243; _module_preset=\u00bbdefault\u00bb global_colors_info=\u00bb{}\u00bb][et_pb_heading title=\u00bbD\u00cdA 1&#8243; _builder_version=\u00bb4.27.5&#8243; _module_preset=\u00bbdefault\u00bb title_level=\u00bbh2&#8243; title_font=\u00bb|800|||||||\u00bb title_text_color=\u00bbgcid-secondary-color\u00bb title_font_size=\u00bb40px\u00bb title_font_size_tablet=\u00bb40px\u00bb title_font_size_phone=\u00bb40px\u00bb global_colors_info=\u00bb{%22gcid-secondary-color%22:%91%22title_text_color%22%93}\u00bb][\/et_pb_heading][\/et_pb_column][et_pb_column type=\u00bb3_4&#8243; module_class=\u00bbprogram-content\u00bb _builder_version=\u00bb4.27.5&#8243; _module_preset=\u00bbdefault\u00bb global_colors_info=\u00bb{}\u00bb][et_pb_heading title=\u00bbMI\u00c9RCOLES, 10 de junio de 2026&#8243; _builder_version=\u00bb4.27.5&#8243; _module_preset=\u00bbdefault\u00bb title_level=\u00bbh3&#8243; title_font=\u00bb|700|||||||\u00bb title_text_align=\u00bbleft\u00bb title_font_size=\u00bb30px\u00bb title_line_height=\u00bb1em\u00bb custom_margin=\u00bb||0px||false|false\u00bb custom_padding=\u00bb||0px||false|false\u00bb title_font_size_tablet=\u00bb25px\u00bb title_font_size_phone=\u00bb25px\u00bb title_font_size_last_edited=\u00bbon|tablet\u00bb global_colors_info=\u00bb{}\u00bb][\/et_pb_heading][et_pb_heading title=\u00bbEuskararen Etxea y su Centro de Interpretaci\u00f3n del Euskera\u00bb _builder_version=\u00bb4.27.5&#8243; _module_preset=\u00bbdefault\u00bb title_level=\u00bbh4&#8243; title_font=\u00bb|700|||||||\u00bb title_text_align=\u00bbleft\u00bb title_font_size=\u00bb30px\u00bb title_line_height=\u00bb1em\u00bb custom_margin=\u00bb0px||0px||false|false\u00bb custom_padding=\u00bb0px||0px||false|false\u00bb title_font_size_tablet=\u00bb24px\u00bb global_colors_info=\u00bb{}\u00bb][\/et_pb_heading][et_pb_text _builder_version=\u00bb4.27.5&#8243; _module_preset=\u00bbdefault\u00bb text_font_size=\u00bb18px\u00bb text_line_height=\u00bb1.5em\u00bb custom_margin=\u00bb||18px||false|false\u00bb custom_padding=\u00bb||0px||false|false\u00bb global_colors_info=\u00bb{}\u00bb]<\/p>\n<p><a href=\"https:\/\/maps.app.goo.gl\/ZXQMNHgNQx9k5dNM8\" target=\"_blank\" rel=\"noopener\">Agoitz Plaza, 1, Deusto, Bilbao, Bizkaia<\/a><\/p>\n<p>[\/et_pb_text][et_pb_divider color=\u00bb#D6D6D6&#8243; divider_weight=\u00bb7px\u00bb _builder_version=\u00bb4.27.5&#8243; _module_preset=\u00bbdefault\u00bb height=\u00bb8px\u00bb max_height=\u00bb8px\u00bb custom_margin=\u00bb0px||10px||false|false\u00bb custom_padding=\u00bb0px||0px||false|false\u00bb global_colors_info=\u00bb{}\u00bb][\/et_pb_divider][\/et_pb_column][\/et_pb_row][\/et_pb_section][et_pb_section fb_built=\u00bb1&#8243; admin_label=\u00bbBloque Programa D\u00eda\u00bb _builder_version=\u00bb4.27.5&#8243; _module_preset=\u00bbdefault\u00bb width=\u00bb1080px\u00bb width_tablet=\u00bb100%\u00bb width_phone=\u00bb90%\u00bb width_last_edited=\u00bbon|desktop\u00bb module_alignment=\u00bbcenter\u00bb custom_margin=\u00bb0px||0px||false|false\u00bb custom_padding=\u00bb10px|20px|10px|20px|false|false\u00bb locked=\u00bboff\u00bb collapsed=\u00bboff\u00bb global_colors_info=\u00bb{}\u00bb][et_pb_row column_structure=\u00bb1_4,3_4&#8243; use_custom_gutter=\u00bbon\u00bb gutter_width=\u00bb1&#8243; _builder_version=\u00bb4.27.5&#8243; _module_preset=\u00bbdefault\u00bb width=\u00bb100%\u00bb width_tablet=\u00bb100%\u00bb width_phone=\u00bb100%\u00bb width_last_edited=\u00bbon|phone\u00bb custom_margin=\u00bb0px||0px||false|false\u00bb custom_padding=\u00bb0px||0px||false|false\u00bb locked=\u00bboff\u00bb global_colors_info=\u00bb{}\u00bb][et_pb_column type=\u00bb1_4&#8243; module_class=\u00bbprogram-time\u00bb _builder_version=\u00bb4.27.5&#8243; _module_preset=\u00bbdefault\u00bb global_colors_info=\u00bb{}\u00bb][et_pb_heading title=\u00bb10:00 \u2013 19:00&#8243; _builder_version=\u00bb4.27.5&#8243; _module_preset=\u00bbdefault\u00bb title_level=\u00bbh4&#8243; title_font=\u00bb|800|||||||\u00bb title_text_color=\u00bbgcid-secondary-color\u00bb title_font_size=\u00bb22px\u00bb title_line_height=\u00bb1em\u00bb title_font_size_tablet=\u00bb22px\u00bb title_font_size_phone=\u00bb22px\u00bb global_colors_info=\u00bb{%22gcid-secondary-color%22:%91%22title_text_color%22%93}\u00bb][\/et_pb_heading][\/et_pb_column][et_pb_column type=\u00bb3_4&#8243; module_class=\u00bbprogram-content\u00bb _builder_version=\u00bb4.27.5&#8243; _module_preset=\u00bbdefault\u00bb global_colors_info=\u00bb{}\u00bb][et_pb_heading title=\u00bbMesa de inscripci\u00f3n e informaci\u00f3n\u00bb _builder_version=\u00bb4.27.5&#8243; _module_preset=\u00bbdefault\u00bb title_level=\u00bbh4&#8243; title_font=\u00bb|700|||||||\u00bb title_text_align=\u00bbleft\u00bb title_text_color=\u00bb#000000&#8243; title_font_size=\u00bb22px\u00bb title_line_height=\u00bb1em\u00bb custom_margin=\u00bb||0px||false|false\u00bb custom_padding=\u00bb||0px||false|false\u00bb title_font_size_tablet=\u00bb22px\u00bb global_colors_info=\u00bb{}\u00bb][\/et_pb_heading][\/et_pb_column][\/et_pb_row][\/et_pb_section][et_pb_section fb_built=\u00bb1&#8243; admin_label=\u00bbBloque Programa D\u00eda\u00bb _builder_version=\u00bb4.27.5&#8243; _module_preset=\u00bbdefault\u00bb width=\u00bb1080px\u00bb width_tablet=\u00bb100%\u00bb width_phone=\u00bb90%\u00bb width_last_edited=\u00bbon|desktop\u00bb module_alignment=\u00bbcenter\u00bb custom_margin=\u00bb0px||0px||false|false\u00bb custom_padding=\u00bb10px|20px|10px|20px|false|false\u00bb locked=\u00bboff\u00bb collapsed=\u00bboff\u00bb global_colors_info=\u00bb{}\u00bb][et_pb_row column_structure=\u00bb1_4,3_4&#8243; use_custom_gutter=\u00bbon\u00bb gutter_width=\u00bb1&#8243; _builder_version=\u00bb4.27.5&#8243; _module_preset=\u00bbdefault\u00bb width=\u00bb100%\u00bb width_tablet=\u00bb100%\u00bb width_phone=\u00bb100%\u00bb width_last_edited=\u00bbon|phone\u00bb custom_margin=\u00bb0px||0px||false|false\u00bb custom_padding=\u00bb0px||0px||false|false\u00bb locked=\u00bboff\u00bb global_colors_info=\u00bb{}\u00bb][et_pb_column type=\u00bb1_4&#8243; module_class=\u00bbprogram-time\u00bb _builder_version=\u00bb4.27.5&#8243; _module_preset=\u00bbdefault\u00bb global_colors_info=\u00bb{}\u00bb][et_pb_heading title=\u00bb10:00 \u2013 18:00&#8243; _builder_version=\u00bb4.27.5&#8243; _module_preset=\u00bbdefault\u00bb title_level=\u00bbh4&#8243; title_font=\u00bb|800|||||||\u00bb title_text_color=\u00bbgcid-secondary-color\u00bb title_font_size=\u00bb22px\u00bb title_line_height=\u00bb1em\u00bb title_font_size_tablet=\u00bb22px\u00bb title_font_size_phone=\u00bb22px\u00bb global_colors_info=\u00bb{%22gcid-secondary-color%22:%91%22title_text_color%22%93}\u00bb][\/et_pb_heading][\/et_pb_column][et_pb_column type=\u00bb3_4&#8243; module_class=\u00bbprogram-content\u00bb _builder_version=\u00bb4.27.5&#8243; _module_preset=\u00bbdefault\u00bb global_colors_info=\u00bb{}\u00bb][et_pb_heading title=\u00bbExposici\u00f3n permanente &#8211; Visita guiada\u00bb _builder_version=\u00bb4.27.5&#8243; _module_preset=\u00bbdefault\u00bb title_level=\u00bbh4&#8243; title_font=\u00bb|700|||||||\u00bb title_text_align=\u00bbleft\u00bb title_text_color=\u00bb#000000&#8243; title_font_size=\u00bb22px\u00bb title_line_height=\u00bb1em\u00bb custom_margin=\u00bb||0px||false|false\u00bb custom_padding=\u00bb||0px||false|false\u00bb title_font_size_tablet=\u00bb22px\u00bb global_colors_info=\u00bb{}\u00bb][\/et_pb_heading][et_pb_text _builder_version=\u00bb4.27.5&#8243; _module_preset=\u00bbdefault\u00bb text_font_size=\u00bb18px\u00bb text_line_height=\u00bb1.5em\u00bb custom_margin=\u00bb||30px||false|false\u00bb custom_padding=\u00bb||0px||false|false\u00bb global_colors_info=\u00bb{}\u00bb]<\/p>\n<p>Idioma: EU\/EN<br \/>Durante el mismo horario se ofrecen visitas individuales a la exposici\u00f3n,<br \/>con audiogu\u00eda. EU\/ES\/EN\/FR<br \/>No es necesario inscribirse.<\/p>\n<p>[\/et_pb_text][et_pb_heading title=\u00bbVisitas guiadas a pie por Bilbao\u00bb _builder_version=\u00bb4.27.5&#8243; _module_preset=\u00bbdefault\u00bb title_level=\u00bbh4&#8243; title_font=\u00bb|700|||||||\u00bb title_text_align=\u00bbleft\u00bb title_text_color=\u00bb#000000&#8243; title_font_size=\u00bb22px\u00bb title_line_height=\u00bb1em\u00bb custom_margin=\u00bb||0px||false|false\u00bb custom_padding=\u00bb||0px||false|false\u00bb title_font_size_tablet=\u00bb22px\u00bb global_colors_info=\u00bb{}\u00bb][\/et_pb_heading][et_pb_text _builder_version=\u00bb4.27.5&#8243; _module_preset=\u00bbdefault\u00bb text_font_size=\u00bb18px\u00bb text_line_height=\u00bb1.5em\u00bb custom_margin=\u00bb||30px||false|false\u00bb custom_padding=\u00bb||0px||false|false\u00bb global_colors_info=\u00bb{}\u00bb]<\/p>\n<p>Es necesario inscribirse:<br \/><a href=\"mailto:registration@euskararenetxea.eus\">registration@euskararenetxea.eus<\/a><\/p>\n<p>[\/et_pb_text][et_pb_heading title=\u00bbPunto de encuentro:\u00bb _builder_version=\u00bb4.27.5&#8243; _module_preset=\u00bbdefault\u00bb title_level=\u00bbh4&#8243; title_font=\u00bb|700|||||||\u00bb title_text_align=\u00bbleft\u00bb title_text_color=\u00bb#000000&#8243; title_font_size=\u00bb22px\u00bb title_line_height=\u00bb1em\u00bb custom_margin=\u00bb||0px||false|false\u00bb custom_padding=\u00bb||0px||false|false\u00bb title_font_size_tablet=\u00bb22px\u00bb global_colors_info=\u00bb{}\u00bb][\/et_pb_heading][et_pb_text _builder_version=\u00bb4.27.5&#8243; _module_preset=\u00bbdefault\u00bb text_font_size=\u00bb18px\u00bb text_line_height=\u00bb1.5em\u00bb custom_margin=\u00bb||30px||false|false\u00bb custom_padding=\u00bb||0px||false|false\u00bb global_colors_info=\u00bb{}\u00bb]<\/p>\n<p>Palacio de la Diputaci\u00f3n Foral de Bizkaia.<br \/>Gran V\u00eda Don Diego L\u00f3pez de Haro, 25, Bilbao. <a href=\"https:\/\/labur.eus\/tour-Bilbao\" target=\"_blank\" rel=\"noopener\">C\u00f3mo llegar<\/a><\/p>\n<p>[\/et_pb_text][et_pb_heading title=\u00bbDuraci\u00f3n:\u00bb _builder_version=\u00bb4.27.5&#8243; _module_preset=\u00bbdefault\u00bb title_level=\u00bbh4&#8243; title_font=\u00bb|700|||||||\u00bb title_text_align=\u00bbleft\u00bb title_text_color=\u00bb#000000&#8243; title_font_size=\u00bb22px\u00bb title_line_height=\u00bb1em\u00bb custom_margin=\u00bb||0px||false|false\u00bb custom_padding=\u00bb||0px||false|false\u00bb title_font_size_tablet=\u00bb22px\u00bb global_colors_info=\u00bb{}\u00bb][\/et_pb_heading][et_pb_text _builder_version=\u00bb4.27.5&#8243; _module_preset=\u00bbdefault\u00bb text_font_size=\u00bb18px\u00bb text_line_height=\u00bb1.5em\u00bb custom_margin=\u00bb||30px||false|false\u00bb custom_padding=\u00bb||0px||false|false\u00bb global_colors_info=\u00bb{}\u00bb]<\/p>\n<p>10:00 \u2013 13:00 Grupo 1<br \/>11:00 \u2013 14:00 Grupo 2<\/p>\n<p>[\/et_pb_text][\/et_pb_column][\/et_pb_row][\/et_pb_section][et_pb_section fb_built=\u00bb1&#8243; admin_label=\u00bbBloque Programa D\u00eda\u00bb _builder_version=\u00bb4.27.5&#8243; _module_preset=\u00bbdefault\u00bb width=\u00bb1080px\u00bb width_tablet=\u00bb100%\u00bb width_phone=\u00bb90%\u00bb width_last_edited=\u00bbon|desktop\u00bb module_alignment=\u00bbcenter\u00bb custom_margin=\u00bb0px||0px||false|false\u00bb custom_padding=\u00bb10px|20px|10px|20px|false|false\u00bb locked=\u00bboff\u00bb collapsed=\u00bboff\u00bb global_colors_info=\u00bb{}\u00bb][et_pb_row column_structure=\u00bb1_4,3_4&#8243; use_custom_gutter=\u00bbon\u00bb gutter_width=\u00bb1&#8243; _builder_version=\u00bb4.27.5&#8243; _module_preset=\u00bbdefault\u00bb width=\u00bb100%\u00bb width_tablet=\u00bb100%\u00bb width_phone=\u00bb100%\u00bb width_last_edited=\u00bbon|phone\u00bb custom_margin=\u00bb0px||0px||false|false\u00bb custom_padding=\u00bb0px||0px||false|false\u00bb locked=\u00bboff\u00bb global_colors_info=\u00bb{}\u00bb][et_pb_column type=\u00bb1_4&#8243; module_class=\u00bbprogram-time\u00bb _builder_version=\u00bb4.27.5&#8243; _module_preset=\u00bbdefault\u00bb global_colors_info=\u00bb{}\u00bb][et_pb_heading title=\u00bb14:00 \u2013 14:45&#8243; _builder_version=\u00bb4.27.5&#8243; _module_preset=\u00bbdefault\u00bb title_level=\u00bbh4&#8243; title_font=\u00bb|800|||||||\u00bb title_text_color=\u00bbgcid-secondary-color\u00bb title_font_size=\u00bb22px\u00bb title_line_height=\u00bb1em\u00bb title_font_size_tablet=\u00bb22px\u00bb title_font_size_phone=\u00bb22px\u00bb global_colors_info=\u00bb{%22gcid-secondary-color%22:%91%22title_text_color%22%93}\u00bb][\/et_pb_heading][\/et_pb_column][et_pb_column type=\u00bb3_4&#8243; module_class=\u00bbprogram-content\u00bb _builder_version=\u00bb4.27.5&#8243; _module_preset=\u00bbdefault\u00bb global_colors_info=\u00bb{}\u00bb][et_pb_heading title=\u00bbMi primera clase de euskera (vasco)\u00bb _builder_version=\u00bb4.27.5&#8243; _module_preset=\u00bbdefault\u00bb title_level=\u00bbh4&#8243; title_font=\u00bb|700|||||||\u00bb title_text_align=\u00bbleft\u00bb title_text_color=\u00bb#000000&#8243; title_font_size=\u00bb22px\u00bb title_line_height=\u00bb1em\u00bb custom_margin=\u00bb||0px||false|false\u00bb custom_padding=\u00bb||0px||false|false\u00bb title_font_size_tablet=\u00bb22px\u00bb global_colors_info=\u00bb{}\u00bb][\/et_pb_heading][et_pb_text _builder_version=\u00bb4.27.5&#8243; _module_preset=\u00bbdefault\u00bb text_font_size=\u00bb18px\u00bb text_line_height=\u00bb1.5em\u00bb custom_margin=\u00bb||18px||false|false\u00bb custom_padding=\u00bb||0px||false|false\u00bb global_colors_info=\u00bb{}\u00bb]<\/p>\n<p>Kaixo!<br \/>\u00danete a nuestra clase expr\u00e9s para aprender lo esencial para moverte por la ciudad como la gente local. \u00a1Ven a romper el hielo con el euskera!<\/p>\n<p>[\/et_pb_text][et_pb_text _builder_version=\u00bb4.27.5&#8243; _module_preset=\u00bbdefault\u00bb text_font_size=\u00bb18px\u00bb text_line_height=\u00bb1.5em\u00bb custom_margin=\u00bb||18px||false|false\u00bb custom_padding=\u00bb||0px||false|false\u00bb global_colors_info=\u00bb{}\u00bb]<\/p>\n<p>No es necesario inscribirse.<\/p>\n<p>[\/et_pb_text][\/et_pb_column][\/et_pb_row][\/et_pb_section][et_pb_section fb_built=\u00bb1&#8243; admin_label=\u00bbBloque Programa D\u00eda\u00bb _builder_version=\u00bb4.27.5&#8243; _module_preset=\u00bbdefault\u00bb width=\u00bb1080px\u00bb width_tablet=\u00bb100%\u00bb width_phone=\u00bb90%\u00bb width_last_edited=\u00bbon|desktop\u00bb module_alignment=\u00bbcenter\u00bb custom_margin=\u00bb0px||0px||false|false\u00bb custom_padding=\u00bb10px|20px|10px|20px|false|false\u00bb locked=\u00bboff\u00bb collapsed=\u00bboff\u00bb global_colors_info=\u00bb{}\u00bb][et_pb_row column_structure=\u00bb1_4,3_4&#8243; use_custom_gutter=\u00bbon\u00bb gutter_width=\u00bb1&#8243; _builder_version=\u00bb4.27.5&#8243; _module_preset=\u00bbdefault\u00bb width=\u00bb100%\u00bb width_tablet=\u00bb100%\u00bb width_phone=\u00bb100%\u00bb width_last_edited=\u00bbon|phone\u00bb custom_margin=\u00bb0px||0px||false|false\u00bb custom_padding=\u00bb0px||0px||false|false\u00bb locked=\u00bboff\u00bb global_colors_info=\u00bb{}\u00bb][et_pb_column type=\u00bb1_4&#8243; module_class=\u00bbprogram-time\u00bb _builder_version=\u00bb4.27.5&#8243; _module_preset=\u00bbdefault\u00bb global_colors_info=\u00bb{}\u00bb][et_pb_heading title=\u00bb15:00 \u2013 16:00&#8243; _builder_version=\u00bb4.27.5&#8243; _module_preset=\u00bbdefault\u00bb title_level=\u00bbh4&#8243; title_font=\u00bb|800|||||||\u00bb title_text_color=\u00bbgcid-secondary-color\u00bb title_font_size=\u00bb22px\u00bb title_line_height=\u00bb1em\u00bb title_font_size_tablet=\u00bb22px\u00bb title_font_size_phone=\u00bb22px\u00bb global_colors_info=\u00bb{%22gcid-secondary-color%22:%91%22title_text_color%22%93}\u00bb][\/et_pb_heading][\/et_pb_column][et_pb_column type=\u00bb3_4&#8243; module_class=\u00bbprogram-content\u00bb _builder_version=\u00bb4.27.5&#8243; _module_preset=\u00bbdefault\u00bb global_colors_info=\u00bb{}\u00bb][et_pb_heading title=\u00bbTalleres\u00bb _builder_version=\u00bb4.27.5&#8243; _module_preset=\u00bbdefault\u00bb title_level=\u00bbh4&#8243; title_font=\u00bb|700|||||||\u00bb title_text_align=\u00bbleft\u00bb title_text_color=\u00bb#000000&#8243; title_font_size=\u00bb22px\u00bb title_line_height=\u00bb1em\u00bb custom_margin=\u00bb||0px||false|false\u00bb custom_padding=\u00bb||0px||false|false\u00bb title_font_size_tablet=\u00bb22px\u00bb global_colors_info=\u00bb{}\u00bb][\/et_pb_heading][et_pb_text _builder_version=\u00bb4.27.5&#8243; _module_preset=\u00bbdefault\u00bb text_font_size=\u00bb18px\u00bb text_line_height=\u00bb1.5em\u00bb custom_margin=\u00bb||18px||false|false\u00bb custom_padding=\u00bb||0px||false|false\u00bb global_colors_info=\u00bb{}\u00bb]<\/p>\n<p>Se ofrecer\u00e1n dos talleres simult\u00e1neamente.<\/p>\n<p>[\/et_pb_text][et_pb_text _builder_version=\u00bb4.27.5&#8243; _module_preset=\u00bbdefault\u00bb text_font_size=\u00bb18px\u00bb text_line_height=\u00bb1.5em\u00bb custom_margin=\u00bb||18px||false|false\u00bb custom_padding=\u00bb||0px||false|false\u00bb global_colors_info=\u00bb{}\u00bb]<\/p>\n<p>No es necesario inscribirse.<a href=\"mailto:registration@euskararenetxea.eus\"><\/a><\/p>\n<p>[\/et_pb_text][et_pb_heading title=\u00bbEl Bosque de Oma\u00bb _builder_version=\u00bb4.27.5&#8243; _module_preset=\u00bbdefault\u00bb title_level=\u00bbh4&#8243; title_font=\u00bb|700|||||||\u00bb title_text_align=\u00bbleft\u00bb title_text_color=\u00bb#000000&#8243; title_font_size=\u00bb22px\u00bb title_line_height=\u00bb1em\u00bb custom_margin=\u00bb||0px||false|false\u00bb custom_padding=\u00bb||0px||false|false\u00bb title_font_size_tablet=\u00bb22px\u00bb global_colors_info=\u00bb{}\u00bb][\/et_pb_heading][et_pb_text _builder_version=\u00bb4.27.5&#8243; _module_preset=\u00bbdefault\u00bb text_font_size=\u00bb18px\u00bb text_line_height=\u00bb1.5em\u00bb custom_margin=\u00bb||18px||false|false\u00bb custom_padding=\u00bb||0px||false|false\u00bb global_colors_info=\u00bb{}\u00bb]<\/p>\n<p>Donde la naturaleza se fusiona con el arte. Ad\u00e9ntrate en el \u00abBosque Pintado\u00bb de Agust\u00edn Ibarrola para vivir una experiencia creativa \u00fanica. Descubre los secretos del Land Art, descifra los mensajes ocultos en los \u00e1rboles y encuentra tu inspiraci\u00f3n en el coraz\u00f3n de la Reserva de la Biosfera de Urdaibai.<\/p>\n<p>[\/et_pb_text][et_pb_heading title=\u00bbMuseo Vasco\u00bb _builder_version=\u00bb4.27.5&#8243; _module_preset=\u00bbdefault\u00bb title_level=\u00bbh4&#8243; title_font=\u00bb|700|||||||\u00bb title_text_align=\u00bbleft\u00bb title_text_color=\u00bb#000000&#8243; title_font_size=\u00bb22px\u00bb title_line_height=\u00bb1em\u00bb custom_margin=\u00bb||0px||false|false\u00bb custom_padding=\u00bb||0px||false|false\u00bb title_font_size_tablet=\u00bb22px\u00bb global_colors_info=\u00bb{}\u00bb][\/et_pb_heading][et_pb_text _builder_version=\u00bb4.27.5&#8243; _module_preset=\u00bbdefault\u00bb text_font_size=\u00bb18px\u00bb text_line_height=\u00bb1.5em\u00bb custom_margin=\u00bb||18px||false|false\u00bb custom_padding=\u00bb||0px||false|false\u00bb global_colors_info=\u00bb{}\u00bb]<\/p>\n<p>Experimenta la esencia vasca. Ad\u00e9ntrate en el coraz\u00f3n del casco antiguo de Bilbao para disfrutar de un viaje interactivo por el patrimonio vasco. Desde artesan\u00edas antiguas hasta secretos culturales, descubre las tradiciones que han caracterizado a nuestro pueblo en este taller creativo \u00fanico.<\/p>\n<p>[\/et_pb_text][\/et_pb_column][\/et_pb_row][\/et_pb_section][et_pb_section fb_built=\u00bb1&#8243; admin_label=\u00bbBloque Programa D\u00eda\u00bb _builder_version=\u00bb4.27.5&#8243; _module_preset=\u00bbdefault\u00bb width=\u00bb1080px\u00bb width_tablet=\u00bb100%\u00bb width_phone=\u00bb90%\u00bb width_last_edited=\u00bbon|desktop\u00bb module_alignment=\u00bbcenter\u00bb custom_margin=\u00bb0px||0px||false|false\u00bb custom_padding=\u00bb10px|20px|10px|20px|false|false\u00bb locked=\u00bboff\u00bb collapsed=\u00bboff\u00bb global_colors_info=\u00bb{}\u00bb][et_pb_row column_structure=\u00bb1_4,3_4&#8243; use_custom_gutter=\u00bbon\u00bb gutter_width=\u00bb1&#8243; _builder_version=\u00bb4.27.5&#8243; _module_preset=\u00bbdefault\u00bb width=\u00bb100%\u00bb width_tablet=\u00bb100%\u00bb width_phone=\u00bb100%\u00bb width_last_edited=\u00bbon|phone\u00bb custom_margin=\u00bb0px||0px||false|false\u00bb custom_padding=\u00bb0px||0px||false|false\u00bb locked=\u00bboff\u00bb global_colors_info=\u00bb{}\u00bb][et_pb_column type=\u00bb1_4&#8243; module_class=\u00bbprogram-time\u00bb _builder_version=\u00bb4.27.5&#8243; _module_preset=\u00bbdefault\u00bb global_colors_info=\u00bb{}\u00bb][et_pb_heading title=\u00bb16:00 \u2013 17:00&#8243; _builder_version=\u00bb4.27.5&#8243; _module_preset=\u00bbdefault\u00bb title_level=\u00bbh4&#8243; title_font=\u00bb|800|||||||\u00bb title_text_color=\u00bbgcid-secondary-color\u00bb title_font_size=\u00bb22px\u00bb title_line_height=\u00bb1em\u00bb title_font_size_tablet=\u00bb22px\u00bb title_font_size_phone=\u00bb22px\u00bb global_colors_info=\u00bb{%22gcid-secondary-color%22:%91%22title_text_color%22%93}\u00bb][\/et_pb_heading][\/et_pb_column][et_pb_column type=\u00bb3_4&#8243; module_class=\u00bbprogram-content\u00bb _builder_version=\u00bb4.27.5&#8243; _module_preset=\u00bbdefault\u00bb global_colors_info=\u00bb{}\u00bb][et_pb_heading title=\u00bbUn encuentro con\u00bb _builder_version=\u00bb4.27.5&#8243; _module_preset=\u00bbdefault\u00bb title_level=\u00bbh4&#8243; title_font=\u00bb|700|||||||\u00bb title_text_align=\u00bbleft\u00bb title_text_color=\u00bb#000000&#8243; title_font_size=\u00bb22px\u00bb title_line_height=\u00bb1em\u00bb custom_margin=\u00bb||0px||false|false\u00bb custom_padding=\u00bb||0px||false|false\u00bb title_font_size_tablet=\u00bb22px\u00bb global_colors_info=\u00bb{}\u00bb][\/et_pb_heading][et_pb_text _builder_version=\u00bb4.27.5&#8243; _module_preset=\u00bbdefault\u00bb text_font_size=\u00bb18px\u00bb text_line_height=\u00bb1.5em\u00bb custom_margin=\u00bb||18px||false|false\u00bb custom_padding=\u00bb||0px||false|false\u00bb global_colors_info=\u00bb{}\u00bb]<\/p>\n<p>Un espacio de networking dise\u00f1ado para fomentar la conversaci\u00f3n entre representantes de museos vascos y europeos.<\/p>\n<p>[\/et_pb_text][et_pb_text _builder_version=\u00bb4.27.5&#8243; _module_preset=\u00bbdefault\u00bb text_font_size=\u00bb18px\u00bb text_line_height=\u00bb1.5em\u00bb custom_margin=\u00bb||18px||false|false\u00bb custom_padding=\u00bb||0px||false|false\u00bb global_colors_info=\u00bb{}\u00bb]<\/p>\n<p>Es necesario inscribirse:<br \/><a href=\"mailto:registration@euskararenetxea.eus\">registration@euskararenetxea.eus<\/a><\/p>\n<p>[\/et_pb_text][\/et_pb_column][\/et_pb_row][\/et_pb_section][et_pb_section fb_built=\u00bb1&#8243; admin_label=\u00bbBloque Programa D\u00eda\u00bb _builder_version=\u00bb4.27.5&#8243; _module_preset=\u00bbdefault\u00bb width=\u00bb1080px\u00bb width_tablet=\u00bb100%\u00bb width_phone=\u00bb90%\u00bb width_last_edited=\u00bbon|desktop\u00bb module_alignment=\u00bbcenter\u00bb custom_margin=\u00bb0px||0px||false|false\u00bb custom_padding=\u00bb10px|20px|10px|20px|false|false\u00bb locked=\u00bboff\u00bb collapsed=\u00bboff\u00bb global_colors_info=\u00bb{}\u00bb][et_pb_row column_structure=\u00bb1_4,3_4&#8243; use_custom_gutter=\u00bbon\u00bb gutter_width=\u00bb1&#8243; _builder_version=\u00bb4.27.5&#8243; _module_preset=\u00bbdefault\u00bb width=\u00bb100%\u00bb width_tablet=\u00bb100%\u00bb width_phone=\u00bb100%\u00bb width_last_edited=\u00bbon|phone\u00bb custom_margin=\u00bb0px||0px||false|false\u00bb custom_padding=\u00bb0px||0px||false|false\u00bb locked=\u00bboff\u00bb global_colors_info=\u00bb{}\u00bb][et_pb_column type=\u00bb1_4&#8243; module_class=\u00bbprogram-time\u00bb _builder_version=\u00bb4.27.5&#8243; _module_preset=\u00bbdefault\u00bb global_colors_info=\u00bb{}\u00bb][et_pb_heading title=\u00bb17:00 \u2013 17:30&#8243; _builder_version=\u00bb4.27.5&#8243; _module_preset=\u00bbdefault\u00bb title_level=\u00bbh4&#8243; title_font=\u00bb|800|||||||\u00bb title_text_color=\u00bbgcid-secondary-color\u00bb title_font_size=\u00bb22px\u00bb title_line_height=\u00bb1em\u00bb title_font_size_tablet=\u00bb22px\u00bb title_font_size_phone=\u00bb22px\u00bb global_colors_info=\u00bb{%22gcid-secondary-color%22:%91%22title_text_color%22%93}\u00bb][\/et_pb_heading][\/et_pb_column][et_pb_column type=\u00bb3_4&#8243; module_class=\u00bbprogram-content\u00bb _builder_version=\u00bb4.27.5&#8243; _module_preset=\u00bbdefault\u00bb global_colors_info=\u00bb{}\u00bb][et_pb_heading title=\u00bbEspacio abierto de networking\u00bb _builder_version=\u00bb4.27.5&#8243; _module_preset=\u00bbdefault\u00bb title_level=\u00bbh4&#8243; title_font=\u00bb|700|||||||\u00bb title_text_align=\u00bbleft\u00bb title_text_color=\u00bb#000000&#8243; title_font_size=\u00bb22px\u00bb title_line_height=\u00bb1em\u00bb custom_margin=\u00bb||0px||false|false\u00bb custom_padding=\u00bb||0px||false|false\u00bb title_font_size_tablet=\u00bb22px\u00bb global_colors_info=\u00bb{}\u00bb][\/et_pb_heading][\/et_pb_column][\/et_pb_row][\/et_pb_section][et_pb_section fb_built=\u00bb1&#8243; admin_label=\u00bbBloque Programa D\u00eda\u00bb _builder_version=\u00bb4.27.5&#8243; _module_preset=\u00bbdefault\u00bb width=\u00bb1080px\u00bb width_tablet=\u00bb100%\u00bb width_phone=\u00bb90%\u00bb width_last_edited=\u00bbon|desktop\u00bb module_alignment=\u00bbcenter\u00bb custom_margin=\u00bb0px||0px||false|false\u00bb custom_padding=\u00bb10px|20px|10px|20px|false|false\u00bb locked=\u00bboff\u00bb collapsed=\u00bboff\u00bb global_colors_info=\u00bb{}\u00bb][et_pb_row column_structure=\u00bb1_4,3_4&#8243; use_custom_gutter=\u00bbon\u00bb gutter_width=\u00bb1&#8243; _builder_version=\u00bb4.27.5&#8243; _module_preset=\u00bbdefault\u00bb width=\u00bb100%\u00bb width_tablet=\u00bb100%\u00bb width_phone=\u00bb100%\u00bb width_last_edited=\u00bbon|phone\u00bb custom_margin=\u00bb0px||0px||false|false\u00bb custom_padding=\u00bb0px||0px||false|false\u00bb locked=\u00bboff\u00bb global_colors_info=\u00bb{}\u00bb][et_pb_column type=\u00bb1_4&#8243; module_class=\u00bbprogram-time\u00bb _builder_version=\u00bb4.27.5&#8243; _module_preset=\u00bbdefault\u00bb global_colors_info=\u00bb{}\u00bb][et_pb_heading title=\u00bb19:00 \u2013 20:30&#8243; _builder_version=\u00bb4.27.5&#8243; _module_preset=\u00bbdefault\u00bb title_level=\u00bbh4&#8243; title_font=\u00bb|800|||||||\u00bb title_text_color=\u00bbgcid-secondary-color\u00bb title_font_size=\u00bb22px\u00bb title_line_height=\u00bb1em\u00bb title_font_size_tablet=\u00bb22px\u00bb title_font_size_phone=\u00bb22px\u00bb global_colors_info=\u00bb{%22gcid-secondary-color%22:%91%22title_text_color%22%93}\u00bb][\/et_pb_heading][\/et_pb_column][et_pb_column type=\u00bb3_4&#8243; module_class=\u00bbprogram-content\u00bb _builder_version=\u00bb4.27.5&#8243; _module_preset=\u00bbdefault\u00bb global_colors_info=\u00bb{}\u00bb][et_pb_heading title=\u00bbReuni\u00f3n informal con un ligero tentempi\u00e9\u00bb _builder_version=\u00bb4.27.5&#8243; _module_preset=\u00bbdefault\u00bb title_level=\u00bbh4&#8243; title_font=\u00bb|700|||||||\u00bb title_text_align=\u00bbleft\u00bb title_text_color=\u00bb#000000&#8243; title_font_size=\u00bb22px\u00bb title_line_height=\u00bb1em\u00bb custom_margin=\u00bb||0px||false|false\u00bb custom_padding=\u00bb||0px||false|false\u00bb title_font_size_tablet=\u00bb22px\u00bb global_colors_info=\u00bb{}\u00bb][\/et_pb_heading][et_pb_text _builder_version=\u00bb4.27.5&#8243; _module_preset=\u00bbdefault\u00bb text_font_size=\u00bb18px\u00bb text_line_height=\u00bb1.5em\u00bb custom_margin=\u00bb||18px||false|false\u00bb custom_padding=\u00bb||0px||false|false\u00bb global_colors_info=\u00bb{}\u00bb]<\/p>\n<p>Lugar: Euskal Museoa Bilbao Museo Vasco<br \/><a href=\"https:\/\/maps.app.goo.gl\/sH5kX5rHqcMEXUF27\" target=\"_blank\" rel=\"noopener\">Unamuno Miguel Plaza, 4, Ibaiondo, Bilbao, Bizkaia<\/a><\/p>\n<p>[\/et_pb_text][et_pb_text _builder_version=\u00bb4.27.5&#8243; _module_preset=\u00bbdefault\u00bb text_font_size=\u00bb18px\u00bb text_line_height=\u00bb1.5em\u00bb custom_margin=\u00bb||18px||false|false\u00bb custom_padding=\u00bb||0px||false|false\u00bb global_colors_info=\u00bb{}\u00bb]<\/p>\n<p>Bienvenida: Sorkunde Aiarza, directora del Museo Vasco; Iurdana Acasuso, directora de Euskararen Etxea; y Joan Segu\u00ed, miembro del jurado de los EMYA.<\/p>\n<p>A continuaci\u00f3n, actuaci\u00f3n en directo de m\u00fasica tradicional vasca a cargo de Korrontzi.<\/p>\n<p>[\/et_pb_text][\/et_pb_column][\/et_pb_row][\/et_pb_section][et_pb_section fb_built=\u00bb1&#8243; admin_label=\u00bbBloque Programa D\u00eda\u00bb _builder_version=\u00bb4.27.5&#8243; _module_preset=\u00bbdefault\u00bb width=\u00bb1080px\u00bb width_tablet=\u00bb100%\u00bb width_phone=\u00bb90%\u00bb width_last_edited=\u00bbon|desktop\u00bb module_alignment=\u00bbcenter\u00bb custom_margin=\u00bb0px||0px||false|false\u00bb custom_padding=\u00bb60px|20px|15px|20px|false|false\u00bb locked=\u00bboff\u00bb collapsed=\u00bboff\u00bb global_colors_info=\u00bb{}\u00bb][et_pb_row column_structure=\u00bb1_4,3_4&#8243; use_custom_gutter=\u00bbon\u00bb gutter_width=\u00bb1&#8243; _builder_version=\u00bb4.27.5&#8243; _module_preset=\u00bbdefault\u00bb width=\u00bb100%\u00bb width_tablet=\u00bb100%\u00bb width_phone=\u00bb100%\u00bb width_last_edited=\u00bbon|desktop\u00bb custom_margin=\u00bb0px||0px||false|false\u00bb custom_padding=\u00bb0px||0px||false|false\u00bb locked=\u00bboff\u00bb global_colors_info=\u00bb{}\u00bb][et_pb_column type=\u00bb1_4&#8243; module_class=\u00bbprogram-time\u00bb _builder_version=\u00bb4.27.5&#8243; _module_preset=\u00bbdefault\u00bb global_colors_info=\u00bb{}\u00bb][et_pb_heading title=\u00bbD\u00cdA 2&#8243; _builder_version=\u00bb4.27.5&#8243; _module_preset=\u00bbdefault\u00bb title_level=\u00bbh2&#8243; title_font=\u00bb|800|||||||\u00bb title_text_color=\u00bbgcid-secondary-color\u00bb title_font_size=\u00bb40px\u00bb title_font_size_tablet=\u00bb40px\u00bb title_font_size_phone=\u00bb40px\u00bb global_colors_info=\u00bb{%22gcid-secondary-color%22:%91%22title_text_color%22%93}\u00bb][\/et_pb_heading][\/et_pb_column][et_pb_column type=\u00bb3_4&#8243; module_class=\u00bbprogram-content\u00bb _builder_version=\u00bb4.27.5&#8243; _module_preset=\u00bbdefault\u00bb global_colors_info=\u00bb{}\u00bb][et_pb_heading title=\u00bbJUEVES, 11 de junio de 2026&#8243; _builder_version=\u00bb4.27.5&#8243; _module_preset=\u00bbdefault\u00bb title_level=\u00bbh3&#8243; title_font=\u00bb|700|||||||\u00bb title_text_align=\u00bbleft\u00bb title_font_size=\u00bb30px\u00bb title_line_height=\u00bb1em\u00bb custom_margin=\u00bb||0px||false|false\u00bb custom_padding=\u00bb||0px||false|false\u00bb title_font_size_tablet=\u00bb25px\u00bb title_font_size_phone=\u00bb25px\u00bb title_font_size_last_edited=\u00bbon|tablet\u00bb global_colors_info=\u00bb{}\u00bb][\/et_pb_heading][et_pb_heading title=\u00bbPalacio de Congresos y de la M\u00fasica Euskalduna\u00bb _builder_version=\u00bb4.27.5&#8243; _module_preset=\u00bbdefault\u00bb title_level=\u00bbh4&#8243; title_font=\u00bb|700|||||||\u00bb title_text_align=\u00bbleft\u00bb title_font_size=\u00bb30px\u00bb title_line_height=\u00bb1em\u00bb custom_margin=\u00bb0px||0px||false|false\u00bb custom_padding=\u00bb0px||0px||false|false\u00bb title_font_size_tablet=\u00bb24px\u00bb global_colors_info=\u00bb{}\u00bb][\/et_pb_heading][et_pb_text _builder_version=\u00bb4.27.5&#8243; _module_preset=\u00bbdefault\u00bb text_font_size=\u00bb18px\u00bb text_line_height=\u00bb1.5em\u00bb custom_margin=\u00bb||18px||false|false\u00bb custom_padding=\u00bb||0px||false|false\u00bb global_colors_info=\u00bb{}\u00bb]<\/p>\n<p><a href=\"https:\/\/www.google.com\/maps\/place\/data=!4m2!3m1!1s0xd4e502463ab4003:0xdd291c55d656c0a1?sa=X&amp;ved=1t:8290&amp;ictx=111\" target=\"_blank\" rel=\"noopener\">Abandoibarra Etorb., 4, Abando, Bilbao, Bizkaia<\/a><\/p>\n<p>[\/et_pb_text][et_pb_divider color=\u00bb#D6D6D6&#8243; divider_weight=\u00bb7px\u00bb _builder_version=\u00bb4.27.5&#8243; _module_preset=\u00bbdefault\u00bb height=\u00bb8px\u00bb max_height=\u00bb8px\u00bb custom_margin=\u00bb0px||10px||false|false\u00bb custom_padding=\u00bb0px||0px||false|false\u00bb global_colors_info=\u00bb{}\u00bb][\/et_pb_divider][\/et_pb_column][\/et_pb_row][\/et_pb_section][et_pb_section fb_built=\u00bb1&#8243; admin_label=\u00bbBloque Programa D\u00eda\u00bb _builder_version=\u00bb4.27.5&#8243; _module_preset=\u00bbdefault\u00bb width=\u00bb1080px\u00bb width_tablet=\u00bb100%\u00bb width_phone=\u00bb90%\u00bb width_last_edited=\u00bbon|desktop\u00bb module_alignment=\u00bbcenter\u00bb custom_margin=\u00bb0px||0px||false|false\u00bb custom_padding=\u00bb10px|20px|10px|20px|false|false\u00bb locked=\u00bboff\u00bb collapsed=\u00bboff\u00bb global_colors_info=\u00bb{}\u00bb][et_pb_row column_structure=\u00bb1_4,3_4&#8243; use_custom_gutter=\u00bbon\u00bb gutter_width=\u00bb1&#8243; _builder_version=\u00bb4.27.5&#8243; _module_preset=\u00bbdefault\u00bb width=\u00bb100%\u00bb width_tablet=\u00bb100%\u00bb width_phone=\u00bb100%\u00bb width_last_edited=\u00bbon|phone\u00bb custom_margin=\u00bb0px||0px||false|false\u00bb custom_padding=\u00bb0px||0px||false|false\u00bb locked=\u00bboff\u00bb global_colors_info=\u00bb{}\u00bb][et_pb_column type=\u00bb1_4&#8243; module_class=\u00bbprogram-time\u00bb _builder_version=\u00bb4.27.5&#8243; _module_preset=\u00bbdefault\u00bb global_colors_info=\u00bb{}\u00bb][et_pb_heading title=\u00bb8:30 \u2013 18:00&#8243; _builder_version=\u00bb4.27.5&#8243; _module_preset=\u00bbdefault\u00bb title_level=\u00bbh4&#8243; title_font=\u00bb|800|||||||\u00bb title_text_color=\u00bbgcid-secondary-color\u00bb title_font_size=\u00bb22px\u00bb title_line_height=\u00bb1em\u00bb title_font_size_tablet=\u00bb22px\u00bb title_font_size_phone=\u00bb22px\u00bb global_colors_info=\u00bb{%22gcid-secondary-color%22:%91%22title_text_color%22%93}\u00bb][\/et_pb_heading][\/et_pb_column][et_pb_column type=\u00bb3_4&#8243; module_class=\u00bbprogram-content\u00bb _builder_version=\u00bb4.27.5&#8243; _module_preset=\u00bbdefault\u00bb global_colors_info=\u00bb{}\u00bb][et_pb_heading title=\u00bbMesa de inscripci\u00f3n e informaci\u00f3n\u00bb _builder_version=\u00bb4.27.5&#8243; _module_preset=\u00bbdefault\u00bb title_level=\u00bbh4&#8243; title_font=\u00bb|700|||||||\u00bb title_text_align=\u00bbleft\u00bb title_text_color=\u00bb#000000&#8243; title_font_size=\u00bb22px\u00bb title_line_height=\u00bb1em\u00bb custom_margin=\u00bb||0px||false|false\u00bb custom_padding=\u00bb||0px||false|false\u00bb title_font_size_tablet=\u00bb22px\u00bb global_colors_info=\u00bb{}\u00bb][\/et_pb_heading][\/et_pb_column][\/et_pb_row][\/et_pb_section][et_pb_section fb_built=\u00bb1&#8243; admin_label=\u00bbBloque Programa D\u00eda\u00bb _builder_version=\u00bb4.27.5&#8243; _module_preset=\u00bbdefault\u00bb width=\u00bb1080px\u00bb width_tablet=\u00bb100%\u00bb width_phone=\u00bb90%\u00bb width_last_edited=\u00bbon|desktop\u00bb module_alignment=\u00bbcenter\u00bb custom_margin=\u00bb0px||0px||false|false\u00bb custom_padding=\u00bb10px|20px|10px|20px|false|false\u00bb locked=\u00bboff\u00bb collapsed=\u00bboff\u00bb global_colors_info=\u00bb{}\u00bb][et_pb_row column_structure=\u00bb1_4,3_4&#8243; use_custom_gutter=\u00bbon\u00bb gutter_width=\u00bb1&#8243; _builder_version=\u00bb4.27.5&#8243; _module_preset=\u00bbdefault\u00bb width=\u00bb100%\u00bb width_tablet=\u00bb100%\u00bb width_phone=\u00bb100%\u00bb width_last_edited=\u00bbon|phone\u00bb custom_margin=\u00bb0px||0px||false|false\u00bb custom_padding=\u00bb0px||0px||false|false\u00bb locked=\u00bboff\u00bb global_colors_info=\u00bb{}\u00bb][et_pb_column type=\u00bb1_4&#8243; module_class=\u00bbprogram-time\u00bb _builder_version=\u00bb4.27.5&#8243; _module_preset=\u00bbdefault\u00bb global_colors_info=\u00bb{}\u00bb][et_pb_heading title=\u00bb9:15 \u2013 9:45&#8243; _builder_version=\u00bb4.27.5&#8243; _module_preset=\u00bbdefault\u00bb title_level=\u00bbh4&#8243; title_font=\u00bb|800|||||||\u00bb title_text_color=\u00bbgcid-secondary-color\u00bb title_font_size=\u00bb22px\u00bb title_line_height=\u00bb1em\u00bb title_font_size_tablet=\u00bb22px\u00bb title_font_size_phone=\u00bb22px\u00bb global_colors_info=\u00bb{%22gcid-secondary-color%22:%91%22title_text_color%22%93}\u00bb][\/et_pb_heading][\/et_pb_column][et_pb_column type=\u00bb3_4&#8243; module_class=\u00bbprogram-content\u00bb _builder_version=\u00bb4.27.5&#8243; _module_preset=\u00bbdefault\u00bb global_colors_info=\u00bb{}\u00bb][et_pb_heading title=\u00bbApertura de los EMYA2026&#8243; _builder_version=\u00bb4.27.5&#8243; _module_preset=\u00bbdefault\u00bb title_level=\u00bbh4&#8243; title_font=\u00bb|700|||||||\u00bb title_text_align=\u00bbleft\u00bb title_text_color=\u00bb#000000&#8243; title_font_size=\u00bb22px\u00bb title_line_height=\u00bb1em\u00bb custom_margin=\u00bb||0px||false|false\u00bb custom_padding=\u00bb||0px||false|false\u00bb title_font_size_tablet=\u00bb22px\u00bb global_colors_info=\u00bb{}\u00bb][\/et_pb_heading][et_pb_text _builder_version=\u00bb4.27.5&#8243; _module_preset=\u00bbdefault\u00bb text_font_size=\u00bb18px\u00bb text_line_height=\u00bb1.5em\u00bb custom_margin=\u00bb||18px||false|false\u00bb custom_padding=\u00bb||0px||false|false\u00bb global_colors_info=\u00bb{}\u00bb]<\/p>\n<p>Amina Krvavac, Presidenta del Foro Europeo de Museos<br \/>Iurdana Acasuso, Directora de Euskararen Etxea<br \/>Leixuri Arrizabalaga, Diputada foral de Euskera, Cultura y Deporte<\/p>\n<p>[\/et_pb_text][\/et_pb_column][\/et_pb_row][\/et_pb_section][et_pb_section fb_built=\u00bb1&#8243; admin_label=\u00bbBloque Programa D\u00eda\u00bb _builder_version=\u00bb4.27.5&#8243; _module_preset=\u00bbdefault\u00bb width=\u00bb1080px\u00bb width_tablet=\u00bb100%\u00bb width_phone=\u00bb90%\u00bb width_last_edited=\u00bbon|desktop\u00bb module_alignment=\u00bbcenter\u00bb custom_margin=\u00bb0px||0px||false|false\u00bb custom_padding=\u00bb10px|20px|10px|20px|false|false\u00bb locked=\u00bboff\u00bb collapsed=\u00bboff\u00bb global_colors_info=\u00bb{}\u00bb][et_pb_row column_structure=\u00bb1_4,3_4&#8243; use_custom_gutter=\u00bbon\u00bb gutter_width=\u00bb1&#8243; _builder_version=\u00bb4.27.5&#8243; _module_preset=\u00bbdefault\u00bb width=\u00bb100%\u00bb width_tablet=\u00bb100%\u00bb width_phone=\u00bb100%\u00bb width_last_edited=\u00bbon|phone\u00bb custom_margin=\u00bb0px||0px||false|false\u00bb custom_padding=\u00bb0px||0px||false|false\u00bb locked=\u00bboff\u00bb global_colors_info=\u00bb{}\u00bb][et_pb_column type=\u00bb1_4&#8243; module_class=\u00bbprogram-time\u00bb _builder_version=\u00bb4.27.5&#8243; _module_preset=\u00bbdefault\u00bb global_colors_info=\u00bb{}\u00bb][et_pb_heading title=\u00bb9:45 \u2013 10:05&#8243; _builder_version=\u00bb4.27.5&#8243; _module_preset=\u00bbdefault\u00bb title_level=\u00bbh4&#8243; title_font=\u00bb|800|||||||\u00bb title_text_color=\u00bbgcid-secondary-color\u00bb title_font_size=\u00bb22px\u00bb title_line_height=\u00bb1em\u00bb title_font_size_tablet=\u00bb22px\u00bb title_font_size_phone=\u00bb22px\u00bb global_colors_info=\u00bb{%22gcid-secondary-color%22:%91%22title_text_color%22%93}\u00bb][\/et_pb_heading][\/et_pb_column][et_pb_column type=\u00bb3_4&#8243; module_class=\u00bbprogram-content\u00bb _builder_version=\u00bb4.27.5&#8243; _module_preset=\u00bbdefault\u00bb global_colors_info=\u00bb{}\u00bb][et_pb_heading title=\u00bbMuseo de M\u00e1nchester, ganador del EMYA 2025 (M\u00e1nchester, Reino Unido)\u00bb _builder_version=\u00bb4.27.5&#8243; _module_preset=\u00bbdefault\u00bb title_level=\u00bbh4&#8243; title_font=\u00bb|700|||||||\u00bb title_text_align=\u00bbleft\u00bb title_text_color=\u00bb#000000&#8243; title_font_size=\u00bb22px\u00bb title_line_height=\u00bb1em\u00bb custom_margin=\u00bb||0px||false|false\u00bb custom_padding=\u00bb||0px||false|false\u00bb title_font_size_tablet=\u00bb22px\u00bb global_colors_info=\u00bb{}\u00bb][\/et_pb_heading][et_pb_text _builder_version=\u00bb4.27.5&#8243; _module_preset=\u00bbdefault\u00bb text_font_size=\u00bb18px\u00bb text_line_height=\u00bb1.5em\u00bb custom_margin=\u00bb||18px||false|false\u00bb custom_padding=\u00bb||0px||false|false\u00bb global_colors_info=\u00bb{}\u00bb]<\/p>\n<p>Presentaci\u00f3n: Amina Krvavac, Presidenta del Foro Europeo de Museos<\/p>\n<p>[\/et_pb_text][\/et_pb_column][\/et_pb_row][\/et_pb_section][et_pb_section fb_built=\u00bb1&#8243; admin_label=\u00bbBloque Programa D\u00eda\u00bb _builder_version=\u00bb4.27.5&#8243; _module_preset=\u00bbdefault\u00bb width=\u00bb1080px\u00bb width_tablet=\u00bb100%\u00bb width_phone=\u00bb90%\u00bb width_last_edited=\u00bbon|desktop\u00bb module_alignment=\u00bbcenter\u00bb custom_margin=\u00bb0px||0px||false|false\u00bb custom_padding=\u00bb10px|20px|10px|20px|false|false\u00bb locked=\u00bboff\u00bb collapsed=\u00bboff\u00bb global_colors_info=\u00bb{}\u00bb][et_pb_row column_structure=\u00bb1_4,3_4&#8243; use_custom_gutter=\u00bbon\u00bb gutter_width=\u00bb1&#8243; _builder_version=\u00bb4.27.5&#8243; _module_preset=\u00bbdefault\u00bb width=\u00bb100%\u00bb width_tablet=\u00bb100%\u00bb width_phone=\u00bb100%\u00bb width_last_edited=\u00bbon|phone\u00bb custom_margin=\u00bb0px||0px||false|false\u00bb custom_padding=\u00bb0px||0px||false|false\u00bb locked=\u00bboff\u00bb global_colors_info=\u00bb{}\u00bb][et_pb_column type=\u00bb1_4&#8243; module_class=\u00bbprogram-time\u00bb _builder_version=\u00bb4.27.5&#8243; _module_preset=\u00bbdefault\u00bb global_colors_info=\u00bb{}\u00bb][et_pb_heading title=\u00bb10:05 \u2013 10:35&#8243; _builder_version=\u00bb4.27.5&#8243; _module_preset=\u00bbdefault\u00bb title_level=\u00bbh4&#8243; title_font=\u00bb|800|||||||\u00bb title_text_color=\u00bbgcid-secondary-color\u00bb title_font_size=\u00bb22px\u00bb title_line_height=\u00bb1em\u00bb title_font_size_tablet=\u00bb22px\u00bb title_font_size_phone=\u00bb22px\u00bb global_colors_info=\u00bb{%22gcid-secondary-color%22:%91%22title_text_color%22%93}\u00bb][\/et_pb_heading][\/et_pb_column][et_pb_column type=\u00bb3_4&#8243; module_class=\u00bbprogram-content\u00bb _builder_version=\u00bb4.27.5&#8243; _module_preset=\u00bbdefault\u00bb global_colors_info=\u00bb{}\u00bb][et_pb_heading title=\u00bbDiscurso de apertura \u2013 Por determinar\u00bb _builder_version=\u00bb4.27.5&#8243; _module_preset=\u00bbdefault\u00bb title_level=\u00bbh4&#8243; title_font=\u00bb|700|||||||\u00bb title_text_align=\u00bbleft\u00bb title_text_color=\u00bb#000000&#8243; title_font_size=\u00bb22px\u00bb title_line_height=\u00bb1em\u00bb custom_margin=\u00bb||0px||false|false\u00bb custom_padding=\u00bb||0px||false|false\u00bb title_font_size_tablet=\u00bb22px\u00bb global_colors_info=\u00bb{}\u00bb][\/et_pb_heading][et_pb_text _builder_version=\u00bb4.27.5&#8243; _module_preset=\u00bbdefault\u00bb text_font_size=\u00bb18px\u00bb text_line_height=\u00bb1.5em\u00bb custom_margin=\u00bb||18px||false|false\u00bb custom_padding=\u00bb||0px||false|false\u00bb global_colors_info=\u00bb{}\u00bb]<\/p>\n<p>Presentaci\u00f3n: Adriana Mu\u00f1oz, Consejera del FEM<\/p>\n<p>[\/et_pb_text][\/et_pb_column][\/et_pb_row][\/et_pb_section][et_pb_section fb_built=\u00bb1&#8243; admin_label=\u00bbBloque Programa D\u00eda\u00bb _builder_version=\u00bb4.27.5&#8243; _module_preset=\u00bbdefault\u00bb width=\u00bb1080px\u00bb width_tablet=\u00bb100%\u00bb width_phone=\u00bb90%\u00bb width_last_edited=\u00bbon|desktop\u00bb module_alignment=\u00bbcenter\u00bb custom_margin=\u00bb0px||0px||false|false\u00bb custom_padding=\u00bb10px|20px|10px|20px|false|false\u00bb locked=\u00bboff\u00bb collapsed=\u00bboff\u00bb global_colors_info=\u00bb{}\u00bb][et_pb_row column_structure=\u00bb1_4,3_4&#8243; use_custom_gutter=\u00bbon\u00bb gutter_width=\u00bb1&#8243; _builder_version=\u00bb4.27.5&#8243; _module_preset=\u00bbdefault\u00bb width=\u00bb100%\u00bb width_tablet=\u00bb100%\u00bb width_phone=\u00bb100%\u00bb width_last_edited=\u00bbon|phone\u00bb custom_margin=\u00bb0px||0px||false|false\u00bb custom_padding=\u00bb0px||0px||false|false\u00bb locked=\u00bboff\u00bb global_colors_info=\u00bb{}\u00bb][et_pb_column type=\u00bb1_4&#8243; module_class=\u00bbprogram-time\u00bb _builder_version=\u00bb4.27.5&#8243; _module_preset=\u00bbdefault\u00bb global_colors_info=\u00bb{}\u00bb][et_pb_heading title=\u00bb10:35 \u2013 10:50&#8243; _builder_version=\u00bb4.27.5&#8243; _module_preset=\u00bbdefault\u00bb title_level=\u00bbh4&#8243; title_font=\u00bb|800|||||||\u00bb title_text_color=\u00bbgcid-secondary-color\u00bb title_font_size=\u00bb22px\u00bb title_line_height=\u00bb1em\u00bb title_font_size_tablet=\u00bb22px\u00bb title_font_size_phone=\u00bb22px\u00bb global_colors_info=\u00bb{%22gcid-secondary-color%22:%91%22title_text_color%22%93}\u00bb][\/et_pb_heading][\/et_pb_column][et_pb_column type=\u00bb3_4&#8243; module_class=\u00bbprogram-content\u00bb _builder_version=\u00bb4.27.5&#8243; _module_preset=\u00bbdefault\u00bb global_colors_info=\u00bb{}\u00bb][et_pb_heading title=\u00bbPausa caf\u00e9\u00bb _builder_version=\u00bb4.27.5&#8243; _module_preset=\u00bbdefault\u00bb title_level=\u00bbh4&#8243; title_font=\u00bb|700|||||||\u00bb title_text_align=\u00bbleft\u00bb title_text_color=\u00bb#000000&#8243; title_font_size=\u00bb22px\u00bb title_line_height=\u00bb1em\u00bb custom_margin=\u00bb||0px||false|false\u00bb custom_padding=\u00bb||0px||false|false\u00bb title_font_size_tablet=\u00bb22px\u00bb global_colors_info=\u00bb{}\u00bb][\/et_pb_heading][\/et_pb_column][\/et_pb_row][\/et_pb_section][et_pb_section fb_built=\u00bb1&#8243; admin_label=\u00bbBloque Programa D\u00eda\u00bb _builder_version=\u00bb4.27.5&#8243; _module_preset=\u00bbdefault\u00bb width=\u00bb1080px\u00bb width_tablet=\u00bb100%\u00bb width_phone=\u00bb90%\u00bb width_last_edited=\u00bbon|desktop\u00bb module_alignment=\u00bbcenter\u00bb custom_margin=\u00bb0px||0px||false|false\u00bb custom_padding=\u00bb10px|20px|10px|20px|false|false\u00bb locked=\u00bboff\u00bb collapsed=\u00bboff\u00bb global_colors_info=\u00bb{}\u00bb][et_pb_row column_structure=\u00bb1_4,3_4&#8243; use_custom_gutter=\u00bbon\u00bb gutter_width=\u00bb1&#8243; _builder_version=\u00bb4.27.5&#8243; _module_preset=\u00bbdefault\u00bb width=\u00bb100%\u00bb width_tablet=\u00bb100%\u00bb width_phone=\u00bb100%\u00bb width_last_edited=\u00bbon|phone\u00bb custom_margin=\u00bb0px||0px||false|false\u00bb custom_padding=\u00bb0px||0px||false|false\u00bb locked=\u00bboff\u00bb global_colors_info=\u00bb{}\u00bb][et_pb_column type=\u00bb1_4&#8243; module_class=\u00bbprogram-time\u00bb _builder_version=\u00bb4.27.5&#8243; _module_preset=\u00bbdefault\u00bb global_colors_info=\u00bb{}\u00bb][et_pb_heading title=\u00bb10:50 \u2013 11:00&#8243; _builder_version=\u00bb4.27.5&#8243; _module_preset=\u00bbdefault\u00bb title_level=\u00bbh4&#8243; title_font=\u00bb|800|||||||\u00bb title_text_color=\u00bbgcid-secondary-color\u00bb title_font_size=\u00bb22px\u00bb title_line_height=\u00bb1em\u00bb title_font_size_tablet=\u00bb22px\u00bb title_font_size_phone=\u00bb22px\u00bb global_colors_info=\u00bb{%22gcid-secondary-color%22:%91%22title_text_color%22%93}\u00bb][\/et_pb_heading][\/et_pb_column][et_pb_column type=\u00bb3_4&#8243; module_class=\u00bbprogram-content\u00bb _builder_version=\u00bb4.27.5&#8243; _module_preset=\u00bbdefault\u00bb global_colors_info=\u00bb{}\u00bb][et_pb_heading title=\u00bbPresentaci\u00f3n de las nominaciones a los EMYA y mesas redondas tem\u00e1ticas\u00bb _builder_version=\u00bb4.27.5&#8243; _module_preset=\u00bbdefault\u00bb title_level=\u00bbh4&#8243; title_font=\u00bb|700|||||||\u00bb title_text_align=\u00bbleft\u00bb title_text_color=\u00bb#000000&#8243; title_font_size=\u00bb22px\u00bb title_line_height=\u00bb1em\u00bb custom_margin=\u00bb||0px||false|false\u00bb custom_padding=\u00bb||0px||false|false\u00bb title_font_size_tablet=\u00bb22px\u00bb global_colors_info=\u00bb{}\u00bb][\/et_pb_heading][et_pb_text _builder_version=\u00bb4.27.5&#8243; _module_preset=\u00bbdefault\u00bb text_font_size=\u00bb18px\u00bb text_line_height=\u00bb1.5em\u00bb custom_margin=\u00bb||18px||false|false\u00bb custom_padding=\u00bb||0px||false|false\u00bb global_colors_info=\u00bb{}\u00bb]<\/p>\n<p>Presentaci\u00f3n: Agnes Aljas, Copresidenta del jurado de los EMYA<\/p>\n<p>[\/et_pb_text][\/et_pb_column][\/et_pb_row][\/et_pb_section][et_pb_section fb_built=\u00bb1&#8243; admin_label=\u00bbBloque Programa D\u00eda\u00bb _builder_version=\u00bb4.27.5&#8243; _module_preset=\u00bbdefault\u00bb width=\u00bb1080px\u00bb width_tablet=\u00bb100%\u00bb width_phone=\u00bb90%\u00bb width_last_edited=\u00bbon|desktop\u00bb module_alignment=\u00bbcenter\u00bb custom_margin=\u00bb0px||0px||false|false\u00bb custom_padding=\u00bb10px|20px|10px|20px|false|false\u00bb locked=\u00bboff\u00bb collapsed=\u00bboff\u00bb global_colors_info=\u00bb{}\u00bb][et_pb_row column_structure=\u00bb1_4,3_4&#8243; use_custom_gutter=\u00bbon\u00bb gutter_width=\u00bb1&#8243; _builder_version=\u00bb4.27.5&#8243; _module_preset=\u00bbdefault\u00bb width=\u00bb100%\u00bb width_tablet=\u00bb100%\u00bb width_phone=\u00bb100%\u00bb width_last_edited=\u00bbon|phone\u00bb custom_margin=\u00bb0px||0px||false|false\u00bb custom_padding=\u00bb0px||0px||false|false\u00bb locked=\u00bboff\u00bb global_colors_info=\u00bb{}\u00bb][et_pb_column type=\u00bb1_4&#8243; module_class=\u00bbprogram-time\u00bb _builder_version=\u00bb4.27.5&#8243; _module_preset=\u00bbdefault\u00bb global_colors_info=\u00bb{}\u00bb][et_pb_heading title=\u00bb11:00 \u2013 12:00&#8243; _builder_version=\u00bb4.27.5&#8243; _module_preset=\u00bbdefault\u00bb title_level=\u00bbh4&#8243; title_font=\u00bb|800|||||||\u00bb title_text_color=\u00bbgcid-secondary-color\u00bb title_font_size=\u00bb22px\u00bb title_line_height=\u00bb1em\u00bb title_font_size_tablet=\u00bb22px\u00bb title_font_size_phone=\u00bb22px\u00bb global_colors_info=\u00bb{%22gcid-secondary-color%22:%91%22title_text_color%22%93}\u00bb][\/et_pb_heading][\/et_pb_column][et_pb_column type=\u00bb3_4&#8243; module_class=\u00bbprogram-content\u00bb _builder_version=\u00bb4.27.5&#8243; _module_preset=\u00bbdefault\u00bb global_colors_info=\u00bb{}\u00bb][et_pb_heading title=\u00bbVisibilizar lo dif\u00edcil\u00bb _builder_version=\u00bb4.27.5&#8243; _module_preset=\u00bbdefault\u00bb title_level=\u00bbh4&#8243; title_font=\u00bb|700|||||||\u00bb title_text_align=\u00bbleft\u00bb title_text_color=\u00bb#000000&#8243; title_font_size=\u00bb22px\u00bb title_line_height=\u00bb1em\u00bb custom_margin=\u00bb||0px||false|false\u00bb custom_padding=\u00bb||0px||false|false\u00bb title_font_size_tablet=\u00bb22px\u00bb global_colors_info=\u00bb{}\u00bb][\/et_pb_heading][et_pb_text _builder_version=\u00bb4.27.5&#8243; _module_preset=\u00bbdefault\u00bb text_font_size=\u00bb18px\u00bb text_line_height=\u00bb1.5em\u00bb custom_margin=\u00bb||18px||false|false\u00bb custom_padding=\u00bb||0px||false|false\u00bb global_colors_info=\u00bb{}\u00bb]<\/p>\n<p>Los museos comprometidos con los derechos, la resistencia y las historias violentas compartir\u00e1n c\u00f3mo afrontan el da\u00f1o, la opresi\u00f3n y la lucha sin neutralidad ni silencio. Los\/las ponentes debatir\u00e1n c\u00f3mo las estrategias curatoriales inclusivas sacan a la luz narrativas tensas y honran las experiencias vividas, y c\u00f3mo los museos rompen la comodidad institucional invitando al di\u00e1logo, la rendici\u00f3n de cuentas y la transformaci\u00f3n a trav\u00e9s de historias que a menudo se consideran demasiado dif\u00edciles de mostrar.<\/p>\n<p>[\/et_pb_text][et_pb_text _builder_version=\u00bb4.27.5&#8243; _module_preset=\u00bbdefault\u00bb text_font_size=\u00bb18px\u00bb text_line_height=\u00bb1.5em\u00bb custom_margin=\u00bb||18px||false|false\u00bb custom_padding=\u00bb||0px||false|false\u00bb global_colors_info=\u00bb{}\u00bb]<\/p>\n<p>Moderadora: Zandra Yeaman, miembro del jurado de los EMYA<\/p>\n<p>[\/et_pb_text][et_pb_text _builder_version=\u00bb4.27.5&#8243; _module_preset=\u00bbdefault\u00bb text_font_size=\u00bb18px\u00bb text_line_height=\u00bb1.5em\u00bb custom_margin=\u00bb||30px||false|false\u00bb custom_padding=\u00bb||0px||false|false\u00bb global_colors_info=\u00bb{}\u00bb]<\/p>\n<p><span>\u2022 Museo Nacional de la Resistencia y los Derechos Humanos, Esch-sur-Alzette, Luxemburgo<\/span><br \/><span>\u2022 Museo Henry Dunant, Heiden, Suiza<\/span><br \/><span>\u2022 Centro de Documentaci\u00f3n de Obersalzberg, Berchtesgarden, Alemania<\/span><br \/><span>\u2022 Fortaleza de Sedd\u00fclbahir, \u00c7annakale, Turqu\u00eda<\/span><\/p>\n<p>[\/et_pb_text][\/et_pb_column][\/et_pb_row][\/et_pb_section][et_pb_section fb_built=\u00bb1&#8243; admin_label=\u00bbBloque Programa D\u00eda\u00bb _builder_version=\u00bb4.27.5&#8243; _module_preset=\u00bbdefault\u00bb width=\u00bb1080px\u00bb width_tablet=\u00bb100%\u00bb width_phone=\u00bb90%\u00bb width_last_edited=\u00bbon|desktop\u00bb module_alignment=\u00bbcenter\u00bb custom_margin=\u00bb0px||0px||false|false\u00bb custom_padding=\u00bb10px|20px|10px|20px|false|false\u00bb locked=\u00bboff\u00bb collapsed=\u00bboff\u00bb global_colors_info=\u00bb{}\u00bb][et_pb_row column_structure=\u00bb1_4,3_4&#8243; use_custom_gutter=\u00bbon\u00bb gutter_width=\u00bb1&#8243; _builder_version=\u00bb4.27.5&#8243; _module_preset=\u00bbdefault\u00bb width=\u00bb100%\u00bb width_tablet=\u00bb100%\u00bb width_phone=\u00bb100%\u00bb width_last_edited=\u00bbon|phone\u00bb custom_margin=\u00bb0px||0px||false|false\u00bb custom_padding=\u00bb0px||0px||false|false\u00bb locked=\u00bboff\u00bb global_colors_info=\u00bb{}\u00bb][et_pb_column type=\u00bb1_4&#8243; module_class=\u00bbprogram-time\u00bb _builder_version=\u00bb4.27.5&#8243; _module_preset=\u00bbdefault\u00bb global_colors_info=\u00bb{}\u00bb][et_pb_heading title=\u00bb12:00 \u2013 13:00&#8243; _builder_version=\u00bb4.27.5&#8243; _module_preset=\u00bbdefault\u00bb title_level=\u00bbh4&#8243; title_font=\u00bb|800|||||||\u00bb title_text_color=\u00bbgcid-secondary-color\u00bb title_font_size=\u00bb22px\u00bb title_line_height=\u00bb1em\u00bb title_font_size_tablet=\u00bb22px\u00bb title_font_size_phone=\u00bb22px\u00bb global_colors_info=\u00bb{%22gcid-secondary-color%22:%91%22title_text_color%22%93}\u00bb][\/et_pb_heading][\/et_pb_column][et_pb_column type=\u00bb3_4&#8243; module_class=\u00bbprogram-content\u00bb _builder_version=\u00bb4.27.5&#8243; _module_preset=\u00bbdefault\u00bb global_colors_info=\u00bb{}\u00bb][et_pb_heading title=\u00bbUn museo para todos\/as: programas inclusivos\u00bb _builder_version=\u00bb4.27.5&#8243; _module_preset=\u00bbdefault\u00bb title_level=\u00bbh4&#8243; title_font=\u00bb|700|||||||\u00bb title_text_align=\u00bbleft\u00bb title_text_color=\u00bb#000000&#8243; title_font_size=\u00bb22px\u00bb title_line_height=\u00bb1em\u00bb custom_margin=\u00bb||0px||false|false\u00bb custom_padding=\u00bb||0px||false|false\u00bb title_font_size_tablet=\u00bb22px\u00bb global_colors_info=\u00bb{}\u00bb][\/et_pb_heading][et_pb_text _builder_version=\u00bb4.27.5&#8243; _module_preset=\u00bbdefault\u00bb text_font_size=\u00bb18px\u00bb text_line_height=\u00bb1.5em\u00bb custom_margin=\u00bb||18px||false|false\u00bb custom_padding=\u00bb||0px||false|false\u00bb global_colors_info=\u00bb{}\u00bb]<\/p>\n<p>Aunque los museos est\u00e1n abiertos a todo el mundo, sigue sin estar claro qu\u00e9 significa eso realmente en la pr\u00e1ctica diaria: para qui\u00e9n se crean los museos, qu\u00e9 voces se escuchan en ellos y c\u00f3mo la inclusi\u00f3n puede convertirse en una manera de trabajar sostenida y basada en las relaciones, en lugar de una actividad basada en proyectos.<\/p>\n<p>[\/et_pb_text][et_pb_text _builder_version=\u00bb4.27.5&#8243; _module_preset=\u00bbdefault\u00bb text_font_size=\u00bb18px\u00bb text_line_height=\u00bb1.5em\u00bb custom_margin=\u00bb||18px||false|false\u00bb custom_padding=\u00bb||0px||false|false\u00bb global_colors_info=\u00bb{}\u00bb]<\/p>\n<p>Moderador: Beat H\u00e4chler, miembro del jurado de los EMYA<\/p>\n<p>[\/et_pb_text][et_pb_text _builder_version=\u00bb4.27.5&#8243; _module_preset=\u00bbdefault\u00bb text_font_size=\u00bb18px\u00bb text_line_height=\u00bb1.5em\u00bb custom_margin=\u00bb||30px||false|false\u00bb custom_padding=\u00bb||0px||false|false\u00bb global_colors_info=\u00bb{}\u00bb]<\/p>\n<p>\u2022 Museo de Villena (MUVI), Villena, Espa\u00f1a<br \/>\u2022 Museo de Lisboa &#8211; Palacio Pimenta, Lisboa, Portugal<br \/>\u2022 Den Gamle By, National Open &#8211; Museo Nacional al Aire Libre de Historia y Cultura Urbana, Aarhus, Dinamarca<\/p>\n<p>[\/et_pb_text][\/et_pb_column][\/et_pb_row][\/et_pb_section][et_pb_section fb_built=\u00bb1&#8243; admin_label=\u00bbBloque Programa D\u00eda\u00bb _builder_version=\u00bb4.27.5&#8243; _module_preset=\u00bbdefault\u00bb width=\u00bb1080px\u00bb width_tablet=\u00bb100%\u00bb width_phone=\u00bb90%\u00bb width_last_edited=\u00bbon|desktop\u00bb module_alignment=\u00bbcenter\u00bb custom_margin=\u00bb0px||0px||false|false\u00bb custom_padding=\u00bb10px|20px|10px|20px|false|false\u00bb locked=\u00bboff\u00bb collapsed=\u00bboff\u00bb global_colors_info=\u00bb{}\u00bb][et_pb_row column_structure=\u00bb1_4,3_4&#8243; use_custom_gutter=\u00bbon\u00bb gutter_width=\u00bb1&#8243; _builder_version=\u00bb4.27.5&#8243; _module_preset=\u00bbdefault\u00bb width=\u00bb100%\u00bb width_tablet=\u00bb100%\u00bb width_phone=\u00bb100%\u00bb width_last_edited=\u00bbon|phone\u00bb custom_margin=\u00bb0px||0px||false|false\u00bb custom_padding=\u00bb0px||0px||false|false\u00bb locked=\u00bboff\u00bb global_colors_info=\u00bb{}\u00bb][et_pb_column type=\u00bb1_4&#8243; module_class=\u00bbprogram-time\u00bb _builder_version=\u00bb4.27.5&#8243; _module_preset=\u00bbdefault\u00bb global_colors_info=\u00bb{}\u00bb][et_pb_heading title=\u00bb13:00 \u2013 14:00&#8243; _builder_version=\u00bb4.27.5&#8243; _module_preset=\u00bbdefault\u00bb title_level=\u00bbh4&#8243; title_font=\u00bb|800|||||||\u00bb title_text_color=\u00bbgcid-secondary-color\u00bb title_font_size=\u00bb22px\u00bb title_line_height=\u00bb1em\u00bb title_font_size_tablet=\u00bb22px\u00bb title_font_size_phone=\u00bb22px\u00bb global_colors_info=\u00bb{%22gcid-secondary-color%22:%91%22title_text_color%22%93}\u00bb][\/et_pb_heading][\/et_pb_column][et_pb_column type=\u00bb3_4&#8243; module_class=\u00bbprogram-content\u00bb _builder_version=\u00bb4.27.5&#8243; _module_preset=\u00bbdefault\u00bb global_colors_info=\u00bb{}\u00bb][et_pb_heading title=\u00bbAlmuerzo\u00bb _builder_version=\u00bb4.27.5&#8243; _module_preset=\u00bbdefault\u00bb title_level=\u00bbh4&#8243; title_font=\u00bb|700|||||||\u00bb title_text_align=\u00bbleft\u00bb title_text_color=\u00bb#000000&#8243; title_font_size=\u00bb22px\u00bb title_line_height=\u00bb1em\u00bb custom_margin=\u00bb||0px||false|false\u00bb custom_padding=\u00bb||0px||false|false\u00bb title_font_size_tablet=\u00bb22px\u00bb global_colors_info=\u00bb{}\u00bb][\/et_pb_heading][\/et_pb_column][\/et_pb_row][\/et_pb_section][et_pb_section fb_built=\u00bb1&#8243; admin_label=\u00bbBloque Programa D\u00eda\u00bb _builder_version=\u00bb4.27.5&#8243; _module_preset=\u00bbdefault\u00bb width=\u00bb1080px\u00bb width_tablet=\u00bb100%\u00bb width_phone=\u00bb90%\u00bb width_last_edited=\u00bbon|desktop\u00bb module_alignment=\u00bbcenter\u00bb custom_margin=\u00bb0px||0px||false|false\u00bb custom_padding=\u00bb10px|20px|10px|20px|false|false\u00bb locked=\u00bboff\u00bb collapsed=\u00bboff\u00bb global_colors_info=\u00bb{}\u00bb][et_pb_row column_structure=\u00bb1_4,3_4&#8243; use_custom_gutter=\u00bbon\u00bb gutter_width=\u00bb1&#8243; _builder_version=\u00bb4.27.5&#8243; _module_preset=\u00bbdefault\u00bb width=\u00bb100%\u00bb width_tablet=\u00bb100%\u00bb width_phone=\u00bb100%\u00bb width_last_edited=\u00bbon|phone\u00bb custom_margin=\u00bb0px||0px||false|false\u00bb custom_padding=\u00bb0px||0px||false|false\u00bb locked=\u00bboff\u00bb global_colors_info=\u00bb{}\u00bb][et_pb_column type=\u00bb1_4&#8243; module_class=\u00bbprogram-time\u00bb _builder_version=\u00bb4.27.5&#8243; _module_preset=\u00bbdefault\u00bb global_colors_info=\u00bb{}\u00bb][et_pb_heading title=\u00bb14:00 \u2013 14:20&#8243; _builder_version=\u00bb4.27.5&#8243; _module_preset=\u00bbdefault\u00bb title_level=\u00bbh4&#8243; title_font=\u00bb|800|||||||\u00bb title_text_color=\u00bbgcid-secondary-color\u00bb title_font_size=\u00bb22px\u00bb title_line_height=\u00bb1em\u00bb title_font_size_tablet=\u00bb22px\u00bb title_font_size_phone=\u00bb22px\u00bb global_colors_info=\u00bb{%22gcid-secondary-color%22:%91%22title_text_color%22%93}\u00bb][\/et_pb_heading][\/et_pb_column][et_pb_column type=\u00bb3_4&#8243; module_class=\u00bbprogram-content\u00bb _builder_version=\u00bb4.27.5&#8243; _module_preset=\u00bbdefault\u00bb global_colors_info=\u00bb{}\u00bb][et_pb_heading title=\u00bbCentro de Interpretaci\u00f3n del Salvavidas de Alvor (CISA), ganador del Premio Silletto 2025 (Portim\u00e3o, Portugal)\u00bb _builder_version=\u00bb4.27.5&#8243; _module_preset=\u00bbdefault\u00bb title_level=\u00bbh4&#8243; title_font=\u00bb|700|||||||\u00bb title_text_align=\u00bbleft\u00bb title_text_color=\u00bb#000000&#8243; title_font_size=\u00bb22px\u00bb title_line_height=\u00bb1em\u00bb custom_margin=\u00bb||0px||false|false\u00bb custom_padding=\u00bb||0px||false|false\u00bb title_font_size_tablet=\u00bb22px\u00bb global_colors_info=\u00bb{}\u00bb][\/et_pb_heading][et_pb_text _builder_version=\u00bb4.27.5&#8243; _module_preset=\u00bbdefault\u00bb text_font_size=\u00bb18px\u00bb text_line_height=\u00bb1.5em\u00bb custom_margin=\u00bb||18px||false|false\u00bb custom_padding=\u00bb||0px||false|false\u00bb global_colors_info=\u00bb{}\u00bb]<\/p>\n<p>Presentaci\u00f3n: Dani\u00eblle Kuijten, Copresidenta del jurado de los EMYA<\/p>\n<p>[\/et_pb_text][\/et_pb_column][\/et_pb_row][\/et_pb_section][et_pb_section fb_built=\u00bb1&#8243; admin_label=\u00bbBloque Programa D\u00eda\u00bb _builder_version=\u00bb4.27.5&#8243; _module_preset=\u00bbdefault\u00bb width=\u00bb1080px\u00bb width_tablet=\u00bb100%\u00bb width_phone=\u00bb90%\u00bb width_last_edited=\u00bbon|desktop\u00bb module_alignment=\u00bbcenter\u00bb custom_margin=\u00bb0px||0px||false|false\u00bb custom_padding=\u00bb10px|20px|10px|20px|false|false\u00bb locked=\u00bboff\u00bb collapsed=\u00bboff\u00bb global_colors_info=\u00bb{}\u00bb][et_pb_row column_structure=\u00bb1_4,3_4&#8243; use_custom_gutter=\u00bbon\u00bb gutter_width=\u00bb1&#8243; _builder_version=\u00bb4.27.5&#8243; _module_preset=\u00bbdefault\u00bb width=\u00bb100%\u00bb width_tablet=\u00bb100%\u00bb width_phone=\u00bb100%\u00bb width_last_edited=\u00bbon|phone\u00bb custom_margin=\u00bb0px||0px||false|false\u00bb custom_padding=\u00bb0px||0px||false|false\u00bb locked=\u00bboff\u00bb global_colors_info=\u00bb{}\u00bb][et_pb_column type=\u00bb1_4&#8243; module_class=\u00bbprogram-time\u00bb _builder_version=\u00bb4.27.5&#8243; _module_preset=\u00bbdefault\u00bb global_colors_info=\u00bb{}\u00bb][et_pb_heading title=\u00bb14:20 \u2013 15:20&#8243; _builder_version=\u00bb4.27.5&#8243; _module_preset=\u00bbdefault\u00bb title_level=\u00bbh4&#8243; title_font=\u00bb|800|||||||\u00bb title_text_color=\u00bbgcid-secondary-color\u00bb title_font_size=\u00bb22px\u00bb title_line_height=\u00bb1em\u00bb title_font_size_tablet=\u00bb22px\u00bb title_font_size_phone=\u00bb22px\u00bb global_colors_info=\u00bb{%22gcid-secondary-color%22:%91%22title_text_color%22%93}\u00bb][\/et_pb_heading][\/et_pb_column][et_pb_column type=\u00bb3_4&#8243; module_class=\u00bbprogram-content\u00bb _builder_version=\u00bb4.27.5&#8243; _module_preset=\u00bbdefault\u00bb global_colors_info=\u00bb{}\u00bb][et_pb_heading title=\u00bb\u00bfComunidades al mando?\u00bb _builder_version=\u00bb4.27.5&#8243; _module_preset=\u00bbdefault\u00bb title_level=\u00bbh4&#8243; title_font=\u00bb|700|||||||\u00bb title_text_align=\u00bbleft\u00bb title_text_color=\u00bb#000000&#8243; title_font_size=\u00bb22px\u00bb title_line_height=\u00bb1em\u00bb custom_margin=\u00bb||0px||false|false\u00bb custom_padding=\u00bb||0px||false|false\u00bb title_font_size_tablet=\u00bb22px\u00bb global_colors_info=\u00bb{}\u00bb][\/et_pb_heading][et_pb_text _builder_version=\u00bb4.27.5&#8243; _module_preset=\u00bbdefault\u00bb text_font_size=\u00bb18px\u00bb text_line_height=\u00bb1.5em\u00bb custom_margin=\u00bb||18px||false|false\u00bb custom_padding=\u00bb||0px||false|false\u00bb global_colors_info=\u00bb{}\u00bb]<\/p>\n<p>En este panel nos preguntaremos qu\u00e9 significa trabajar con una comunidad o como una comunidad. Para ello, reunir\u00e1 a instituciones moldeadas por iniciativas ciudadanas y a aquellas que invitan a la participaci\u00f3n. Exploraremos la cocreaci\u00f3n, el cuidado, la memoria, el activismo y la disrupci\u00f3n, y analizaremos c\u00f3mo las voces de la comunidad pueden alterar las normas institucionales al tiempo que permiten a los museos potenciar la participaci\u00f3n, fomentar la inclusi\u00f3n e impulsar el cambio social.<\/p>\n<p>[\/et_pb_text][et_pb_text _builder_version=\u00bb4.27.5&#8243; _module_preset=\u00bbdefault\u00bb text_font_size=\u00bb18px\u00bb text_line_height=\u00bb1.5em\u00bb custom_margin=\u00bb||18px||false|false\u00bb custom_padding=\u00bb||0px||false|false\u00bb global_colors_info=\u00bb{}\u00bb]<\/p>\n<p>Moderadora: Dani\u00eblle Kuijten, Copresidenta del jurado de los EMYA<\/p>\n<p>[\/et_pb_text][et_pb_text _builder_version=\u00bb4.27.5&#8243; _module_preset=\u00bbdefault\u00bb text_font_size=\u00bb18px\u00bb text_line_height=\u00bb1.5em\u00bb custom_margin=\u00bb||30px||false|false\u00bb custom_padding=\u00bb||0px||false|false\u00bb global_colors_info=\u00bb{}\u00bb]<\/p>\n<p>\u2022 Museo de la Locura, Trate, Eslovenia<br \/>\u2022 AlpenStadtmuseum Sonthofen, Sonthofen, Alemania<br \/>\u2022 Museo de la Ciudad de Tartu, Tartu, Estonia<br \/>\u2022 Museo de la Civilizaci\u00f3n Rural de Mendrisiotto, Stabio, Suiza<\/p>\n<p>[\/et_pb_text][\/et_pb_column][\/et_pb_row][\/et_pb_section][et_pb_section fb_built=\u00bb1&#8243; admin_label=\u00bbBloque Programa D\u00eda\u00bb _builder_version=\u00bb4.27.5&#8243; _module_preset=\u00bbdefault\u00bb width=\u00bb1080px\u00bb width_tablet=\u00bb100%\u00bb width_phone=\u00bb90%\u00bb width_last_edited=\u00bbon|desktop\u00bb module_alignment=\u00bbcenter\u00bb custom_margin=\u00bb0px||0px||false|false\u00bb custom_padding=\u00bb10px|20px|10px|20px|false|false\u00bb locked=\u00bboff\u00bb collapsed=\u00bboff\u00bb global_colors_info=\u00bb{}\u00bb][et_pb_row column_structure=\u00bb1_4,3_4&#8243; use_custom_gutter=\u00bbon\u00bb gutter_width=\u00bb1&#8243; _builder_version=\u00bb4.27.5&#8243; _module_preset=\u00bbdefault\u00bb width=\u00bb100%\u00bb width_tablet=\u00bb100%\u00bb width_phone=\u00bb100%\u00bb width_last_edited=\u00bbon|phone\u00bb custom_margin=\u00bb0px||0px||false|false\u00bb custom_padding=\u00bb0px||0px||false|false\u00bb locked=\u00bboff\u00bb global_colors_info=\u00bb{}\u00bb][et_pb_column type=\u00bb1_4&#8243; module_class=\u00bbprogram-time\u00bb _builder_version=\u00bb4.27.5&#8243; _module_preset=\u00bbdefault\u00bb global_colors_info=\u00bb{}\u00bb][et_pb_heading title=\u00bb15:20 \u2013 16:00&#8243; _builder_version=\u00bb4.27.5&#8243; _module_preset=\u00bbdefault\u00bb title_level=\u00bbh4&#8243; title_font=\u00bb|800|||||||\u00bb title_text_color=\u00bbgcid-secondary-color\u00bb title_font_size=\u00bb22px\u00bb title_line_height=\u00bb1em\u00bb title_font_size_tablet=\u00bb22px\u00bb title_font_size_phone=\u00bb22px\u00bb global_colors_info=\u00bb{%22gcid-secondary-color%22:%91%22title_text_color%22%93}\u00bb][\/et_pb_heading][\/et_pb_column][et_pb_column type=\u00bb3_4&#8243; module_class=\u00bbprogram-content\u00bb _builder_version=\u00bb4.27.5&#8243; _module_preset=\u00bbdefault\u00bb global_colors_info=\u00bb{}\u00bb][et_pb_heading title=\u00bbPausa caf\u00e9\u00bb _builder_version=\u00bb4.27.5&#8243; _module_preset=\u00bbdefault\u00bb title_level=\u00bbh4&#8243; title_font=\u00bb|700|||||||\u00bb title_text_align=\u00bbleft\u00bb title_text_color=\u00bb#000000&#8243; title_font_size=\u00bb22px\u00bb title_line_height=\u00bb1em\u00bb custom_margin=\u00bb||0px||false|false\u00bb custom_padding=\u00bb||0px||false|false\u00bb title_font_size_tablet=\u00bb22px\u00bb global_colors_info=\u00bb{}\u00bb][\/et_pb_heading][\/et_pb_column][\/et_pb_row][\/et_pb_section][et_pb_section fb_built=\u00bb1&#8243; admin_label=\u00bbBloque Programa D\u00eda\u00bb _builder_version=\u00bb4.27.5&#8243; _module_preset=\u00bbdefault\u00bb width=\u00bb1080px\u00bb width_tablet=\u00bb100%\u00bb width_phone=\u00bb90%\u00bb width_last_edited=\u00bbon|desktop\u00bb module_alignment=\u00bbcenter\u00bb custom_margin=\u00bb0px||0px||false|false\u00bb custom_padding=\u00bb10px|20px|10px|20px|false|false\u00bb locked=\u00bboff\u00bb collapsed=\u00bboff\u00bb global_colors_info=\u00bb{}\u00bb][et_pb_row column_structure=\u00bb1_4,3_4&#8243; use_custom_gutter=\u00bbon\u00bb gutter_width=\u00bb1&#8243; _builder_version=\u00bb4.27.5&#8243; _module_preset=\u00bbdefault\u00bb width=\u00bb100%\u00bb width_tablet=\u00bb100%\u00bb width_phone=\u00bb100%\u00bb width_last_edited=\u00bbon|phone\u00bb custom_margin=\u00bb0px||0px||false|false\u00bb custom_padding=\u00bb0px||0px||false|false\u00bb locked=\u00bboff\u00bb global_colors_info=\u00bb{}\u00bb][et_pb_column type=\u00bb1_4&#8243; module_class=\u00bbprogram-time\u00bb _builder_version=\u00bb4.27.5&#8243; _module_preset=\u00bbdefault\u00bb global_colors_info=\u00bb{}\u00bb][et_pb_heading title=\u00bb16:00 \u2013 16:20&#8243; _builder_version=\u00bb4.27.5&#8243; _module_preset=\u00bbdefault\u00bb title_level=\u00bbh4&#8243; title_font=\u00bb|800|||||||\u00bb title_text_color=\u00bbgcid-secondary-color\u00bb title_font_size=\u00bb22px\u00bb title_line_height=\u00bb1em\u00bb title_font_size_tablet=\u00bb22px\u00bb title_font_size_phone=\u00bb22px\u00bb global_colors_info=\u00bb{%22gcid-secondary-color%22:%91%22title_text_color%22%93}\u00bb][\/et_pb_heading][\/et_pb_column][et_pb_column type=\u00bb3_4&#8243; module_class=\u00bbprogram-content\u00bb _builder_version=\u00bb4.27.5&#8243; _module_preset=\u00bbdefault\u00bb global_colors_info=\u00bb{}\u00bb][et_pb_heading title=\u00bbMUZOO, ganador del Premio Meyvaert 2025 (La Chaux-de-Fonds, Suiza)\u00bb _builder_version=\u00bb4.27.5&#8243; _module_preset=\u00bbdefault\u00bb title_level=\u00bbh4&#8243; title_font=\u00bb|700|||||||\u00bb title_text_align=\u00bbleft\u00bb title_text_color=\u00bb#000000&#8243; title_font_size=\u00bb22px\u00bb title_line_height=\u00bb1em\u00bb custom_margin=\u00bb||0px||false|false\u00bb custom_padding=\u00bb||0px||false|false\u00bb title_font_size_tablet=\u00bb22px\u00bb global_colors_info=\u00bb{}\u00bb][\/et_pb_heading][et_pb_text _builder_version=\u00bb4.27.5&#8243; _module_preset=\u00bbdefault\u00bb text_font_size=\u00bb18px\u00bb text_line_height=\u00bb1.5em\u00bb custom_margin=\u00bb||18px||false|false\u00bb custom_padding=\u00bb||0px||false|false\u00bb global_colors_info=\u00bb{}\u00bb]<\/p>\n<p>Presentaci\u00f3n: Hans Looijen, Consejero del FEM<\/p>\n<p>[\/et_pb_text][\/et_pb_column][\/et_pb_row][\/et_pb_section][et_pb_section fb_built=\u00bb1&#8243; admin_label=\u00bbBloque Programa D\u00eda\u00bb _builder_version=\u00bb4.27.5&#8243; _module_preset=\u00bbdefault\u00bb width=\u00bb1080px\u00bb width_tablet=\u00bb100%\u00bb width_phone=\u00bb90%\u00bb width_last_edited=\u00bbon|desktop\u00bb module_alignment=\u00bbcenter\u00bb custom_margin=\u00bb0px||0px||false|false\u00bb custom_padding=\u00bb10px|20px|10px|20px|false|false\u00bb locked=\u00bboff\u00bb collapsed=\u00bboff\u00bb global_colors_info=\u00bb{}\u00bb][et_pb_row column_structure=\u00bb1_4,3_4&#8243; use_custom_gutter=\u00bbon\u00bb gutter_width=\u00bb1&#8243; _builder_version=\u00bb4.27.5&#8243; _module_preset=\u00bbdefault\u00bb width=\u00bb100%\u00bb width_tablet=\u00bb100%\u00bb width_phone=\u00bb100%\u00bb width_last_edited=\u00bbon|phone\u00bb custom_margin=\u00bb0px||0px||false|false\u00bb custom_padding=\u00bb0px||0px||false|false\u00bb locked=\u00bboff\u00bb global_colors_info=\u00bb{}\u00bb][et_pb_column type=\u00bb1_4&#8243; module_class=\u00bbprogram-time\u00bb _builder_version=\u00bb4.27.5&#8243; _module_preset=\u00bbdefault\u00bb global_colors_info=\u00bb{}\u00bb][et_pb_heading title=\u00bb16:20 \u2013 17:20&#8243; _builder_version=\u00bb4.27.5&#8243; _module_preset=\u00bbdefault\u00bb title_level=\u00bbh4&#8243; title_font=\u00bb|800|||||||\u00bb title_text_color=\u00bbgcid-secondary-color\u00bb title_font_size=\u00bb22px\u00bb title_line_height=\u00bb1em\u00bb title_font_size_tablet=\u00bb22px\u00bb title_font_size_phone=\u00bb22px\u00bb global_colors_info=\u00bb{%22gcid-secondary-color%22:%91%22title_text_color%22%93}\u00bb][\/et_pb_heading][\/et_pb_column][et_pb_column type=\u00bb3_4&#8243; module_class=\u00bbprogram-content\u00bb _builder_version=\u00bb4.27.5&#8243; _module_preset=\u00bbdefault\u00bb global_colors_info=\u00bb{}\u00bb][et_pb_heading title=\u00bbConectar con el p\u00fablico a trav\u00e9s de los sentidos\u00bb _builder_version=\u00bb4.27.5&#8243; _module_preset=\u00bbdefault\u00bb title_level=\u00bbh4&#8243; title_font=\u00bb|700|||||||\u00bb title_text_align=\u00bbleft\u00bb title_text_color=\u00bb#000000&#8243; title_font_size=\u00bb22px\u00bb title_line_height=\u00bb1em\u00bb custom_margin=\u00bb||0px||false|false\u00bb custom_padding=\u00bb||0px||false|false\u00bb title_font_size_tablet=\u00bb22px\u00bb global_colors_info=\u00bb{}\u00bb][\/et_pb_heading][et_pb_text _builder_version=\u00bb4.27.5&#8243; _module_preset=\u00bbdefault\u00bb text_font_size=\u00bb18px\u00bb text_line_height=\u00bb1.5em\u00bb custom_margin=\u00bb||18px||false|false\u00bb custom_padding=\u00bb||0px||false|false\u00bb global_colors_info=\u00bb{}\u00bb]<\/p>\n<p>Cada vez son m\u00e1s los museos que ofrecen al p\u00fablico experiencias multisensoriales, activando la vista, el o\u00eddo, el olfato y el tacto, y propiciando la inmersi\u00f3n para lograr una conexi\u00f3n y un significado m\u00e1s profundos. Este panel debatir\u00e1 c\u00f3mo el dise\u00f1o sensorial puede enriquecer la interpretaci\u00f3n sin sobrecargar el contenido, y qu\u00e9 papel desempe\u00f1an los sentidos en la configuraci\u00f3n de la memoria, la empat\u00eda y la participaci\u00f3n del p\u00fablico.<\/p>\n<p>[\/et_pb_text][et_pb_text _builder_version=\u00bb4.27.5&#8243; _module_preset=\u00bbdefault\u00bb text_font_size=\u00bb18px\u00bb text_line_height=\u00bb1.5em\u00bb custom_margin=\u00bb||18px||false|false\u00bb custom_padding=\u00bb||0px||false|false\u00bb global_colors_info=\u00bb{}\u00bb]<\/p>\n<p>Moderador: Micha\u0142 Wi\u015bniewski, Consejero del FEM<\/p>\n<p>[\/et_pb_text][et_pb_text _builder_version=\u00bb4.27.5&#8243; _module_preset=\u00bbdefault\u00bb text_font_size=\u00bb18px\u00bb text_line_height=\u00bb1.5em\u00bb custom_margin=\u00bb||30px||false|false\u00bb custom_padding=\u00bb||0px||false|false\u00bb global_colors_info=\u00bb{}\u00bb]<\/p>\n<p>\u2022 Sensoria, La Casa de las Fragancias y los Sabores de Holzminden, Holzminden, Alemania<br \/>\u2022 Museo del Hospital de San Juan, Brujas, B\u00e9lgica<br \/>\u2022 Museo del Samurai de Berl\u00edn, Berl\u00edn, Alemania<br \/>\u2022 Gal\u00e1ctica, Arcos de las Salinas, Espa\u00f1a<\/p>\n<p>[\/et_pb_text][\/et_pb_column][\/et_pb_row][\/et_pb_section][et_pb_section fb_built=\u00bb1&#8243; admin_label=\u00bbBloque Programa D\u00eda\u00bb _builder_version=\u00bb4.27.5&#8243; _module_preset=\u00bbdefault\u00bb width=\u00bb1080px\u00bb width_tablet=\u00bb100%\u00bb width_phone=\u00bb90%\u00bb width_last_edited=\u00bbon|desktop\u00bb module_alignment=\u00bbcenter\u00bb custom_margin=\u00bb0px||0px||false|false\u00bb custom_padding=\u00bb10px|20px|10px|20px|false|false\u00bb locked=\u00bboff\u00bb collapsed=\u00bboff\u00bb global_colors_info=\u00bb{}\u00bb][et_pb_row column_structure=\u00bb1_4,3_4&#8243; use_custom_gutter=\u00bbon\u00bb gutter_width=\u00bb1&#8243; _builder_version=\u00bb4.27.5&#8243; _module_preset=\u00bbdefault\u00bb width=\u00bb100%\u00bb width_tablet=\u00bb100%\u00bb width_phone=\u00bb100%\u00bb width_last_edited=\u00bbon|phone\u00bb custom_margin=\u00bb0px||0px||false|false\u00bb custom_padding=\u00bb0px||0px||false|false\u00bb locked=\u00bboff\u00bb global_colors_info=\u00bb{}\u00bb][et_pb_column type=\u00bb1_4&#8243; module_class=\u00bbprogram-time\u00bb _builder_version=\u00bb4.27.5&#8243; _module_preset=\u00bbdefault\u00bb global_colors_info=\u00bb{}\u00bb][et_pb_heading title=\u00bb19:30 \u2013 21:30&#8243; _builder_version=\u00bb4.27.5&#8243; _module_preset=\u00bbdefault\u00bb title_level=\u00bbh4&#8243; title_font=\u00bb|800|||||||\u00bb title_text_color=\u00bbgcid-secondary-color\u00bb title_font_size=\u00bb22px\u00bb title_line_height=\u00bb1em\u00bb title_font_size_tablet=\u00bb22px\u00bb title_font_size_phone=\u00bb22px\u00bb global_colors_info=\u00bb{%22gcid-secondary-color%22:%91%22title_text_color%22%93}\u00bb][\/et_pb_heading][\/et_pb_column][et_pb_column type=\u00bb3_4&#8243; module_class=\u00bbprogram-content\u00bb _builder_version=\u00bb4.27.5&#8243; _module_preset=\u00bbdefault\u00bb global_colors_info=\u00bb{}\u00bb][et_pb_heading title=\u00bbRecepci\u00f3n de bienvenida\u00bb _builder_version=\u00bb4.27.5&#8243; _module_preset=\u00bbdefault\u00bb title_level=\u00bbh4&#8243; title_font=\u00bb|700|||||||\u00bb title_text_align=\u00bbleft\u00bb title_text_color=\u00bb#000000&#8243; title_font_size=\u00bb22px\u00bb title_line_height=\u00bb1em\u00bb custom_margin=\u00bb||0px||false|false\u00bb custom_padding=\u00bb||0px||false|false\u00bb title_font_size_tablet=\u00bb22px\u00bb global_colors_info=\u00bb{}\u00bb][\/et_pb_heading][et_pb_text _builder_version=\u00bb4.27.5&#8243; _module_preset=\u00bbdefault\u00bb text_font_size=\u00bb18px\u00bb text_line_height=\u00bb1.5em\u00bb custom_margin=\u00bb||18px||false|false\u00bb custom_padding=\u00bb||0px||false|false\u00bb global_colors_info=\u00bb{}\u00bb]<\/p>\n<p>Lugar: Palacio de Congresos y de la M\u00fasica Euskalduna<\/p>\n<p>[\/et_pb_text][et_pb_text _builder_version=\u00bb4.27.5&#8243; _module_preset=\u00bbdefault\u00bb text_font_size=\u00bb18px\u00bb text_line_height=\u00bb1.5em\u00bb custom_margin=\u00bb||18px||false|false\u00bb custom_padding=\u00bb||0px||false|false\u00bb global_colors_info=\u00bb{}\u00bb]<\/p>\n<p>Bienvenida: Iurdana Acasuso, Directora de Euskararen Etxea<\/p>\n<p>[\/et_pb_text][\/et_pb_column][\/et_pb_row][\/et_pb_section][et_pb_section fb_built=\u00bb1&#8243; admin_label=\u00bbBloque Programa D\u00eda\u00bb _builder_version=\u00bb4.27.5&#8243; _module_preset=\u00bbdefault\u00bb width=\u00bb1080px\u00bb width_tablet=\u00bb100%\u00bb width_phone=\u00bb90%\u00bb width_last_edited=\u00bbon|desktop\u00bb module_alignment=\u00bbcenter\u00bb custom_margin=\u00bb0px||0px||false|false\u00bb custom_padding=\u00bb60px|20px|15px|20px|false|false\u00bb locked=\u00bboff\u00bb collapsed=\u00bboff\u00bb global_colors_info=\u00bb{}\u00bb][et_pb_row column_structure=\u00bb1_4,3_4&#8243; use_custom_gutter=\u00bbon\u00bb gutter_width=\u00bb1&#8243; _builder_version=\u00bb4.27.5&#8243; _module_preset=\u00bbdefault\u00bb width=\u00bb100%\u00bb width_tablet=\u00bb100%\u00bb width_phone=\u00bb100%\u00bb width_last_edited=\u00bbon|desktop\u00bb custom_margin=\u00bb0px||0px||false|false\u00bb custom_padding=\u00bb0px||0px||false|false\u00bb locked=\u00bboff\u00bb global_colors_info=\u00bb{}\u00bb][et_pb_column type=\u00bb1_4&#8243; module_class=\u00bbprogram-time\u00bb _builder_version=\u00bb4.27.5&#8243; _module_preset=\u00bbdefault\u00bb global_colors_info=\u00bb{}\u00bb][et_pb_heading title=\u00bbD\u00cdA 3&#8243; _builder_version=\u00bb4.27.5&#8243; _module_preset=\u00bbdefault\u00bb title_level=\u00bbh2&#8243; title_font=\u00bb|800|||||||\u00bb title_text_color=\u00bbgcid-secondary-color\u00bb title_font_size=\u00bb40px\u00bb title_font_size_tablet=\u00bb40px\u00bb title_font_size_phone=\u00bb40px\u00bb global_colors_info=\u00bb{%22gcid-secondary-color%22:%91%22title_text_color%22%93}\u00bb][\/et_pb_heading][\/et_pb_column][et_pb_column type=\u00bb3_4&#8243; module_class=\u00bbprogram-content\u00bb _builder_version=\u00bb4.27.5&#8243; _module_preset=\u00bbdefault\u00bb global_colors_info=\u00bb{}\u00bb][et_pb_heading title=\u00bbVIERNES, 12 de junio de 2026&#8243; _builder_version=\u00bb4.27.5&#8243; _module_preset=\u00bbdefault\u00bb title_level=\u00bbh3&#8243; title_font=\u00bb|700|||||||\u00bb title_text_align=\u00bbleft\u00bb title_font_size=\u00bb30px\u00bb title_line_height=\u00bb1em\u00bb custom_margin=\u00bb||0px||false|false\u00bb custom_padding=\u00bb||0px||false|false\u00bb title_font_size_tablet=\u00bb25px\u00bb title_font_size_phone=\u00bb25px\u00bb title_font_size_last_edited=\u00bbon|tablet\u00bb global_colors_info=\u00bb{}\u00bb][\/et_pb_heading][et_pb_heading title=\u00bbPalacio de Congresos y de la M\u00fasica Euskalduna\u00bb _builder_version=\u00bb4.27.5&#8243; _module_preset=\u00bbdefault\u00bb title_level=\u00bbh4&#8243; title_font=\u00bb|700|||||||\u00bb title_text_align=\u00bbleft\u00bb title_font_size=\u00bb30px\u00bb title_line_height=\u00bb1em\u00bb custom_margin=\u00bb0px||0px||false|false\u00bb custom_padding=\u00bb0px||0px||false|false\u00bb title_font_size_tablet=\u00bb24px\u00bb global_colors_info=\u00bb{}\u00bb][\/et_pb_heading][et_pb_text _builder_version=\u00bb4.27.5&#8243; _module_preset=\u00bbdefault\u00bb text_font_size=\u00bb18px\u00bb text_line_height=\u00bb1.5em\u00bb custom_margin=\u00bb||18px||false|false\u00bb custom_padding=\u00bb||0px||false|false\u00bb global_colors_info=\u00bb{}\u00bb]<\/p>\n<p><a href=\"https:\/\/www.google.com\/maps\/place\/data=!4m2!3m1!1s0xd4e502463ab4003:0xdd291c55d656c0a1?sa=X&amp;ved=1t:8290&amp;ictx=111\" target=\"_blank\" rel=\"noopener\">Abandoibarra Etorb., 4, Abando, Bilbao, Bizkaia<\/a><span>\u00a0<\/span><\/p>\n<p>[\/et_pb_text][et_pb_divider color=\u00bb#D6D6D6&#8243; divider_weight=\u00bb7px\u00bb _builder_version=\u00bb4.27.5&#8243; _module_preset=\u00bbdefault\u00bb height=\u00bb8px\u00bb max_height=\u00bb8px\u00bb custom_margin=\u00bb0px||10px||false|false\u00bb custom_padding=\u00bb0px||0px||false|false\u00bb global_colors_info=\u00bb{}\u00bb][\/et_pb_divider][\/et_pb_column][\/et_pb_row][\/et_pb_section][et_pb_section fb_built=\u00bb1&#8243; admin_label=\u00bbBloque Programa D\u00eda\u00bb _builder_version=\u00bb4.27.5&#8243; _module_preset=\u00bbdefault\u00bb width=\u00bb1080px\u00bb width_tablet=\u00bb100%\u00bb width_phone=\u00bb90%\u00bb width_last_edited=\u00bbon|desktop\u00bb module_alignment=\u00bbcenter\u00bb custom_margin=\u00bb0px||0px||false|false\u00bb custom_padding=\u00bb10px|20px|10px|20px|false|false\u00bb locked=\u00bboff\u00bb collapsed=\u00bboff\u00bb global_colors_info=\u00bb{}\u00bb][et_pb_row column_structure=\u00bb1_4,3_4&#8243; use_custom_gutter=\u00bbon\u00bb gutter_width=\u00bb1&#8243; _builder_version=\u00bb4.27.5&#8243; _module_preset=\u00bbdefault\u00bb width=\u00bb100%\u00bb width_tablet=\u00bb100%\u00bb width_phone=\u00bb100%\u00bb width_last_edited=\u00bbon|phone\u00bb custom_margin=\u00bb0px||0px||false|false\u00bb custom_padding=\u00bb0px||0px||false|false\u00bb locked=\u00bboff\u00bb global_colors_info=\u00bb{}\u00bb][et_pb_column type=\u00bb1_4&#8243; module_class=\u00bbprogram-time\u00bb _builder_version=\u00bb4.27.5&#8243; _module_preset=\u00bbdefault\u00bb global_colors_info=\u00bb{}\u00bb][et_pb_heading title=\u00bb8:30 \u2013 18:00&#8243; _builder_version=\u00bb4.27.5&#8243; _module_preset=\u00bbdefault\u00bb title_level=\u00bbh4&#8243; title_font=\u00bb|800|||||||\u00bb title_text_color=\u00bbgcid-secondary-color\u00bb title_font_size=\u00bb22px\u00bb title_line_height=\u00bb1em\u00bb title_font_size_tablet=\u00bb22px\u00bb title_font_size_phone=\u00bb22px\u00bb global_colors_info=\u00bb{%22gcid-secondary-color%22:%91%22title_text_color%22%93}\u00bb][\/et_pb_heading][\/et_pb_column][et_pb_column type=\u00bb3_4&#8243; module_class=\u00bbprogram-content\u00bb _builder_version=\u00bb4.27.5&#8243; _module_preset=\u00bbdefault\u00bb global_colors_info=\u00bb{}\u00bb][et_pb_heading title=\u00bbMesa de inscripci\u00f3n e informaci\u00f3n\u00bb _builder_version=\u00bb4.27.5&#8243; _module_preset=\u00bbdefault\u00bb title_level=\u00bbh4&#8243; title_font=\u00bb|700|||||||\u00bb title_text_align=\u00bbleft\u00bb title_text_color=\u00bb#000000&#8243; title_font_size=\u00bb22px\u00bb title_line_height=\u00bb1em\u00bb custom_margin=\u00bb||0px||false|false\u00bb custom_padding=\u00bb||0px||false|false\u00bb title_font_size_tablet=\u00bb22px\u00bb global_colors_info=\u00bb{}\u00bb][\/et_pb_heading][\/et_pb_column][\/et_pb_row][\/et_pb_section][et_pb_section fb_built=\u00bb1&#8243; admin_label=\u00bbBloque Programa D\u00eda\u00bb _builder_version=\u00bb4.27.5&#8243; _module_preset=\u00bbdefault\u00bb width=\u00bb1080px\u00bb width_tablet=\u00bb100%\u00bb width_phone=\u00bb90%\u00bb width_last_edited=\u00bbon|desktop\u00bb module_alignment=\u00bbcenter\u00bb custom_margin=\u00bb0px||0px||false|false\u00bb custom_padding=\u00bb10px|20px|10px|20px|false|false\u00bb locked=\u00bboff\u00bb collapsed=\u00bboff\u00bb global_colors_info=\u00bb{}\u00bb][et_pb_row column_structure=\u00bb1_4,3_4&#8243; use_custom_gutter=\u00bbon\u00bb gutter_width=\u00bb1&#8243; _builder_version=\u00bb4.27.5&#8243; _module_preset=\u00bbdefault\u00bb width=\u00bb100%\u00bb width_tablet=\u00bb100%\u00bb width_phone=\u00bb100%\u00bb width_last_edited=\u00bbon|phone\u00bb custom_margin=\u00bb0px||0px||false|false\u00bb custom_padding=\u00bb0px||0px||false|false\u00bb locked=\u00bboff\u00bb global_colors_info=\u00bb{}\u00bb][et_pb_column type=\u00bb1_4&#8243; module_class=\u00bbprogram-time\u00bb _builder_version=\u00bb4.27.5&#8243; _module_preset=\u00bbdefault\u00bb global_colors_info=\u00bb{}\u00bb][et_pb_heading title=\u00bb9:00 \u2013 9:20&#8243; _builder_version=\u00bb4.27.5&#8243; _module_preset=\u00bbdefault\u00bb title_level=\u00bbh4&#8243; title_font=\u00bb|800|||||||\u00bb title_text_color=\u00bbgcid-secondary-color\u00bb title_font_size=\u00bb22px\u00bb title_line_height=\u00bb1em\u00bb title_font_size_tablet=\u00bb22px\u00bb title_font_size_phone=\u00bb22px\u00bb global_colors_info=\u00bb{%22gcid-secondary-color%22:%91%22title_text_color%22%93}\u00bb][\/et_pb_heading][\/et_pb_column][et_pb_column type=\u00bb3_4&#8243; module_class=\u00bbprogram-content\u00bb _builder_version=\u00bb4.27.5&#8243; _module_preset=\u00bbdefault\u00bb global_colors_info=\u00bb{}\u00bb][et_pb_heading title=\u00bbEl juego como acto de rebeli\u00f3n creativa, Dra. Helen Charman, Directora del Young V&#038;A, ganadora del Premio del Museo del Consejo de Europa 2026 (Londres, Reino Unido)\u00bb _builder_version=\u00bb4.27.5&#8243; _module_preset=\u00bbdefault\u00bb title_level=\u00bbh4&#8243; title_font=\u00bb|700|||||||\u00bb title_text_align=\u00bbleft\u00bb title_text_color=\u00bb#000000&#8243; title_font_size=\u00bb22px\u00bb title_line_height=\u00bb1em\u00bb custom_margin=\u00bb||0px||false|false\u00bb custom_padding=\u00bb||0px||false|false\u00bb title_font_size_tablet=\u00bb22px\u00bb global_colors_info=\u00bb{}\u00bb][\/et_pb_heading][et_pb_text _builder_version=\u00bb4.27.5&#8243; _module_preset=\u00bbdefault\u00bb text_font_size=\u00bb18px\u00bb text_line_height=\u00bb1.5em\u00bb custom_margin=\u00bb||18px||false|false\u00bb custom_padding=\u00bb||0px||false|false\u00bb global_colors_info=\u00bb{}\u00bb]<\/p>\n<p>Introducci\u00f3n: Sra. Luz Mart\u00ednez-Seijo, Comisi\u00f3n de Cultura, Ciencia, Educaci\u00f3n y Medios de Comunicaci\u00f3n de la Asamblea Parlamentaria del Consejo de Europa (APCE)<\/p>\n<p>[\/et_pb_text][\/et_pb_column][\/et_pb_row][\/et_pb_section][et_pb_section fb_built=\u00bb1&#8243; admin_label=\u00bbBloque Programa D\u00eda\u00bb _builder_version=\u00bb4.27.5&#8243; _module_preset=\u00bbdefault\u00bb width=\u00bb1080px\u00bb width_tablet=\u00bb100%\u00bb width_phone=\u00bb90%\u00bb width_last_edited=\u00bbon|desktop\u00bb module_alignment=\u00bbcenter\u00bb custom_margin=\u00bb0px||0px||false|false\u00bb custom_padding=\u00bb10px|20px|10px|20px|false|false\u00bb locked=\u00bboff\u00bb collapsed=\u00bboff\u00bb global_colors_info=\u00bb{}\u00bb][et_pb_row column_structure=\u00bb1_4,3_4&#8243; use_custom_gutter=\u00bbon\u00bb gutter_width=\u00bb1&#8243; _builder_version=\u00bb4.27.5&#8243; _module_preset=\u00bbdefault\u00bb width=\u00bb100%\u00bb width_tablet=\u00bb100%\u00bb width_phone=\u00bb100%\u00bb width_last_edited=\u00bbon|phone\u00bb custom_margin=\u00bb0px||0px||false|false\u00bb custom_padding=\u00bb0px||0px||false|false\u00bb locked=\u00bboff\u00bb global_colors_info=\u00bb{}\u00bb][et_pb_column type=\u00bb1_4&#8243; module_class=\u00bbprogram-time\u00bb _builder_version=\u00bb4.27.5&#8243; _module_preset=\u00bbdefault\u00bb global_colors_info=\u00bb{}\u00bb][et_pb_heading title=\u00bb9:20 \u2013 10:20&#8243; _builder_version=\u00bb4.27.5&#8243; _module_preset=\u00bbdefault\u00bb title_level=\u00bbh4&#8243; title_font=\u00bb|800|||||||\u00bb title_text_color=\u00bbgcid-secondary-color\u00bb title_font_size=\u00bb22px\u00bb title_line_height=\u00bb1em\u00bb title_font_size_tablet=\u00bb22px\u00bb title_font_size_phone=\u00bb22px\u00bb global_colors_info=\u00bb{%22gcid-secondary-color%22:%91%22title_text_color%22%93}\u00bb][\/et_pb_heading][\/et_pb_column][et_pb_column type=\u00bb3_4&#8243; module_class=\u00bbprogram-content\u00bb _builder_version=\u00bb4.27.5&#8243; _module_preset=\u00bbdefault\u00bb global_colors_info=\u00bb{}\u00bb][et_pb_heading title=\u00bbEmpoderamiento de ni\u00f1os\/as y j\u00f3venes: nuevos enfoques\u00bb _builder_version=\u00bb4.27.5&#8243; _module_preset=\u00bbdefault\u00bb title_level=\u00bbh4&#8243; title_font=\u00bb|700|||||||\u00bb title_text_align=\u00bbleft\u00bb title_text_color=\u00bb#000000&#8243; title_font_size=\u00bb22px\u00bb title_line_height=\u00bb1em\u00bb custom_margin=\u00bb||0px||false|false\u00bb custom_padding=\u00bb||0px||false|false\u00bb title_font_size_tablet=\u00bb22px\u00bb global_colors_info=\u00bb{}\u00bb][\/et_pb_heading][et_pb_text _builder_version=\u00bb4.27.5&#8243; _module_preset=\u00bbdefault\u00bb text_font_size=\u00bb18px\u00bb text_line_height=\u00bb1.5em\u00bb custom_margin=\u00bb||18px||false|false\u00bb custom_padding=\u00bb||0px||false|false\u00bb global_colors_info=\u00bb{}\u00bb]<\/p>\n<p>Este panel debatir\u00e1 sobre la manera en la que las exposiciones de los museos empoderan a los ni\u00f1os\/as y j\u00f3venes para que sean algo m\u00e1s que simples visitantes, destacando las pr\u00e1cticas y m\u00e9todos que propician este cambio y los retos o tensiones que han surgido a lo largo del camino. Tambi\u00e9n se analizar\u00e1 el impacto que estas exposiciones han tenido en los ni\u00f1os\/as, j\u00f3venes y el p\u00fablico en general.<\/p>\n<p>[\/et_pb_text][et_pb_text _builder_version=\u00bb4.27.5&#8243; _module_preset=\u00bbdefault\u00bb text_font_size=\u00bb18px\u00bb text_line_height=\u00bb1.5em\u00bb custom_margin=\u00bb||18px||false|false\u00bb custom_padding=\u00bb||0px||false|false\u00bb global_colors_info=\u00bb{}\u00bb]<\/p>\n<p>Moderadora: Agnes Aljas, miembro del jurado de los EMYA<\/p>\n<p>[\/et_pb_text][et_pb_text _builder_version=\u00bb4.27.5&#8243; _module_preset=\u00bbdefault\u00bb text_font_size=\u00bb18px\u00bb text_line_height=\u00bb1.5em\u00bb custom_margin=\u00bb||30px||false|false\u00bb custom_padding=\u00bb||0px||false|false\u00bb global_colors_info=\u00bb{}\u00bb]<\/p>\n<p>\u2022 Museo Infantil Miiamilla, Tallin, Estonia<br \/>\u2022 Museo del Juego, Espoo, Finlandia<br \/>\u2022 CERN Science Getaway, Meyrin, Suiza<br \/>\u2022 Young V&amp;A, Londres, Reino Unido<\/p>\n<p>[\/et_pb_text][\/et_pb_column][\/et_pb_row][\/et_pb_section][et_pb_section fb_built=\u00bb1&#8243; admin_label=\u00bbBloque Programa D\u00eda\u00bb _builder_version=\u00bb4.27.5&#8243; _module_preset=\u00bbdefault\u00bb width=\u00bb1080px\u00bb width_tablet=\u00bb100%\u00bb width_phone=\u00bb90%\u00bb width_last_edited=\u00bbon|desktop\u00bb module_alignment=\u00bbcenter\u00bb custom_margin=\u00bb0px||0px||false|false\u00bb custom_padding=\u00bb10px|20px|10px|20px|false|false\u00bb locked=\u00bboff\u00bb collapsed=\u00bboff\u00bb global_colors_info=\u00bb{}\u00bb][et_pb_row column_structure=\u00bb1_4,3_4&#8243; use_custom_gutter=\u00bbon\u00bb gutter_width=\u00bb1&#8243; _builder_version=\u00bb4.27.5&#8243; _module_preset=\u00bbdefault\u00bb width=\u00bb100%\u00bb width_tablet=\u00bb100%\u00bb width_phone=\u00bb100%\u00bb width_last_edited=\u00bbon|phone\u00bb custom_margin=\u00bb0px||0px||false|false\u00bb custom_padding=\u00bb0px||0px||false|false\u00bb locked=\u00bboff\u00bb global_colors_info=\u00bb{}\u00bb][et_pb_column type=\u00bb1_4&#8243; module_class=\u00bbprogram-time\u00bb _builder_version=\u00bb4.27.5&#8243; _module_preset=\u00bbdefault\u00bb global_colors_info=\u00bb{}\u00bb][et_pb_heading title=\u00bb10:20 \u2013 10:45&#8243; _builder_version=\u00bb4.27.5&#8243; _module_preset=\u00bbdefault\u00bb title_level=\u00bbh4&#8243; title_font=\u00bb|800|||||||\u00bb title_text_color=\u00bbgcid-secondary-color\u00bb title_font_size=\u00bb22px\u00bb title_line_height=\u00bb1em\u00bb title_font_size_tablet=\u00bb22px\u00bb title_font_size_phone=\u00bb22px\u00bb global_colors_info=\u00bb{%22gcid-secondary-color%22:%91%22title_text_color%22%93}\u00bb][\/et_pb_heading][\/et_pb_column][et_pb_column type=\u00bb3_4&#8243; module_class=\u00bbprogram-content\u00bb _builder_version=\u00bb4.27.5&#8243; _module_preset=\u00bbdefault\u00bb global_colors_info=\u00bb{}\u00bb][et_pb_heading title=\u00bbPausa caf\u00e9\u00bb _builder_version=\u00bb4.27.5&#8243; _module_preset=\u00bbdefault\u00bb title_level=\u00bbh4&#8243; title_font=\u00bb|700|||||||\u00bb title_text_align=\u00bbleft\u00bb title_text_color=\u00bb#000000&#8243; title_font_size=\u00bb22px\u00bb title_line_height=\u00bb1em\u00bb custom_margin=\u00bb||0px||false|false\u00bb custom_padding=\u00bb||0px||false|false\u00bb title_font_size_tablet=\u00bb22px\u00bb global_colors_info=\u00bb{}\u00bb][\/et_pb_heading][\/et_pb_column][\/et_pb_row][\/et_pb_section][et_pb_section fb_built=\u00bb1&#8243; admin_label=\u00bbBloque Programa D\u00eda\u00bb _builder_version=\u00bb4.27.5&#8243; _module_preset=\u00bbdefault\u00bb width=\u00bb1080px\u00bb width_tablet=\u00bb100%\u00bb width_phone=\u00bb90%\u00bb width_last_edited=\u00bbon|desktop\u00bb module_alignment=\u00bbcenter\u00bb custom_margin=\u00bb0px||0px||false|false\u00bb custom_padding=\u00bb10px|20px|10px|20px|false|false\u00bb locked=\u00bboff\u00bb collapsed=\u00bboff\u00bb global_colors_info=\u00bb{}\u00bb][et_pb_row column_structure=\u00bb1_4,3_4&#8243; use_custom_gutter=\u00bbon\u00bb gutter_width=\u00bb1&#8243; _builder_version=\u00bb4.27.5&#8243; _module_preset=\u00bbdefault\u00bb width=\u00bb100%\u00bb width_tablet=\u00bb100%\u00bb width_phone=\u00bb100%\u00bb width_last_edited=\u00bbon|phone\u00bb custom_margin=\u00bb0px||0px||false|false\u00bb custom_padding=\u00bb0px||0px||false|false\u00bb locked=\u00bboff\u00bb global_colors_info=\u00bb{}\u00bb][et_pb_column type=\u00bb1_4&#8243; module_class=\u00bbprogram-time\u00bb _builder_version=\u00bb4.27.5&#8243; _module_preset=\u00bbdefault\u00bb global_colors_info=\u00bb{}\u00bb][et_pb_heading title=\u00bb10:45 \u2013 11:15&#8243; _builder_version=\u00bb4.27.5&#8243; _module_preset=\u00bbdefault\u00bb title_level=\u00bbh4&#8243; title_font=\u00bb|800|||||||\u00bb title_text_color=\u00bbgcid-secondary-color\u00bb title_font_size=\u00bb22px\u00bb title_line_height=\u00bb1em\u00bb title_font_size_tablet=\u00bb22px\u00bb title_font_size_phone=\u00bb22px\u00bb global_colors_info=\u00bb{%22gcid-secondary-color%22:%91%22title_text_color%22%93}\u00bb][\/et_pb_heading][\/et_pb_column][et_pb_column type=\u00bb3_4&#8243; module_class=\u00bbprogram-content\u00bb _builder_version=\u00bb4.27.5&#8243; _module_preset=\u00bbdefault\u00bb global_colors_info=\u00bb{}\u00bb][et_pb_heading title=\u00bbDiscurso de apertura \u2013 Por determinar\u00bb _builder_version=\u00bb4.27.5&#8243; _module_preset=\u00bbdefault\u00bb title_level=\u00bbh4&#8243; title_font=\u00bb|700|||||||\u00bb title_text_align=\u00bbleft\u00bb title_text_color=\u00bb#000000&#8243; title_font_size=\u00bb22px\u00bb title_line_height=\u00bb1em\u00bb custom_margin=\u00bb||0px||false|false\u00bb custom_padding=\u00bb||0px||false|false\u00bb title_font_size_tablet=\u00bb22px\u00bb global_colors_info=\u00bb{}\u00bb][\/et_pb_heading][et_pb_text _builder_version=\u00bb4.27.5&#8243; _module_preset=\u00bbdefault\u00bb text_font_size=\u00bb18px\u00bb text_line_height=\u00bb1.5em\u00bb custom_margin=\u00bb||18px||false|false\u00bb custom_padding=\u00bb||0px||false|false\u00bb global_colors_info=\u00bb{}\u00bb]<\/p>\n<p>Presentaci\u00f3n: Iurdana Acasuso, Directora de Euskararen Etxea<\/p>\n<p>[\/et_pb_text][\/et_pb_column][\/et_pb_row][\/et_pb_section][et_pb_section fb_built=\u00bb1&#8243; admin_label=\u00bbBloque Programa D\u00eda\u00bb _builder_version=\u00bb4.27.5&#8243; _module_preset=\u00bbdefault\u00bb width=\u00bb1080px\u00bb width_tablet=\u00bb100%\u00bb width_phone=\u00bb90%\u00bb width_last_edited=\u00bbon|desktop\u00bb module_alignment=\u00bbcenter\u00bb custom_margin=\u00bb0px||0px||false|false\u00bb custom_padding=\u00bb10px|20px|10px|20px|false|false\u00bb locked=\u00bboff\u00bb collapsed=\u00bboff\u00bb global_colors_info=\u00bb{}\u00bb][et_pb_row column_structure=\u00bb1_4,3_4&#8243; use_custom_gutter=\u00bbon\u00bb gutter_width=\u00bb1&#8243; _builder_version=\u00bb4.27.5&#8243; _module_preset=\u00bbdefault\u00bb width=\u00bb100%\u00bb width_tablet=\u00bb100%\u00bb width_phone=\u00bb100%\u00bb width_last_edited=\u00bbon|phone\u00bb custom_margin=\u00bb0px||0px||false|false\u00bb custom_padding=\u00bb0px||0px||false|false\u00bb locked=\u00bboff\u00bb global_colors_info=\u00bb{}\u00bb][et_pb_column type=\u00bb1_4&#8243; module_class=\u00bbprogram-time\u00bb _builder_version=\u00bb4.27.5&#8243; _module_preset=\u00bbdefault\u00bb global_colors_info=\u00bb{}\u00bb][et_pb_heading title=\u00bb11:15 \u2013 12:15&#8243; _builder_version=\u00bb4.27.5&#8243; _module_preset=\u00bbdefault\u00bb title_level=\u00bbh4&#8243; title_font=\u00bb|800|||||||\u00bb title_text_color=\u00bbgcid-secondary-color\u00bb title_font_size=\u00bb22px\u00bb title_line_height=\u00bb1em\u00bb title_font_size_tablet=\u00bb22px\u00bb title_font_size_phone=\u00bb22px\u00bb global_colors_info=\u00bb{%22gcid-secondary-color%22:%91%22title_text_color%22%93}\u00bb][\/et_pb_heading][\/et_pb_column][et_pb_column type=\u00bb3_4&#8243; module_class=\u00bbprogram-content\u00bb _builder_version=\u00bb4.27.5&#8243; _module_preset=\u00bbdefault\u00bb global_colors_info=\u00bb{}\u00bb][et_pb_heading title=\u00bbColecciones reconectadas: p\u00fablico y compromiso\u00bb _builder_version=\u00bb4.27.5&#8243; _module_preset=\u00bbdefault\u00bb title_level=\u00bbh4&#8243; title_font=\u00bb|700|||||||\u00bb title_text_align=\u00bbleft\u00bb title_text_color=\u00bb#000000&#8243; title_font_size=\u00bb22px\u00bb title_line_height=\u00bb1em\u00bb custom_margin=\u00bb||0px||false|false\u00bb custom_padding=\u00bb||0px||false|false\u00bb title_font_size_tablet=\u00bb22px\u00bb global_colors_info=\u00bb{}\u00bb][\/et_pb_heading][et_pb_text _builder_version=\u00bb4.27.5&#8243; _module_preset=\u00bbdefault\u00bb text_font_size=\u00bb18px\u00bb text_line_height=\u00bb1.5em\u00bb custom_margin=\u00bb||18px||false|false\u00bb custom_padding=\u00bb||0px||false|false\u00bb global_colors_info=\u00bb{}\u00bb]<\/p>\n<p>\u00bfC\u00f3mo transformamos los objetos almacenados en experiencias compartidas que invitan al cuidado, la curiosidad y el compromiso a largo plazo? Este panel explora c\u00f3mo las colecciones pueden reconectarse con el p\u00fablico a trav\u00e9s de pr\u00e1cticas participativas, herramientas digitales y narraciones locales. Los\/las ponentes compartir\u00e1n lecciones extra\u00eddas de diversos contextos.<\/p>\n<p>[\/et_pb_text][et_pb_text _builder_version=\u00bb4.27.5&#8243; _module_preset=\u00bbdefault\u00bb text_font_size=\u00bb18px\u00bb text_line_height=\u00bb1.5em\u00bb custom_margin=\u00bb||18px||false|false\u00bb custom_padding=\u00bb||0px||false|false\u00bb global_colors_info=\u00bb{}\u00bb]<\/p>\n<p>Moderador: Joan Segu\u00ed, miembro del jurado de los EMYA<\/p>\n<p>[\/et_pb_text][et_pb_text _builder_version=\u00bb4.27.5&#8243; _module_preset=\u00bbdefault\u00bb text_font_size=\u00bb18px\u00bb text_line_height=\u00bb1.5em\u00bb custom_margin=\u00bb||30px||false|false\u00bb custom_padding=\u00bb||0px||false|false\u00bb global_colors_info=\u00bb{}\u00bb]<\/p>\n<p>\u2022 Museo del Esqu\u00ed \u2013 Le Bo\u00e9chet, Les Bois, Suiza<br \/>\u2022 Museo de Etnograf\u00eda, Budapest, Hungr\u00eda<br \/>\u2022 MuMAPS. Museo de Mec\u00e1nica del Arte y del Patrimonio, Sainte-Croix, Suiza<br \/>\u2022 Museo de Ingenier\u00eda y Tecnolog\u00eda de Cracovia, Cracovia, Polonia<\/p>\n<p>[\/et_pb_text][\/et_pb_column][\/et_pb_row][\/et_pb_section][et_pb_section fb_built=\u00bb1&#8243; admin_label=\u00bbBloque Programa D\u00eda\u00bb _builder_version=\u00bb4.27.5&#8243; _module_preset=\u00bbdefault\u00bb width=\u00bb1080px\u00bb width_tablet=\u00bb100%\u00bb width_phone=\u00bb90%\u00bb width_last_edited=\u00bbon|desktop\u00bb module_alignment=\u00bbcenter\u00bb custom_margin=\u00bb0px||0px||false|false\u00bb custom_padding=\u00bb10px|20px|10px|20px|false|false\u00bb locked=\u00bboff\u00bb collapsed=\u00bboff\u00bb global_colors_info=\u00bb{}\u00bb][et_pb_row column_structure=\u00bb1_4,3_4&#8243; use_custom_gutter=\u00bbon\u00bb gutter_width=\u00bb1&#8243; _builder_version=\u00bb4.27.5&#8243; _module_preset=\u00bbdefault\u00bb width=\u00bb100%\u00bb width_tablet=\u00bb100%\u00bb width_phone=\u00bb100%\u00bb width_last_edited=\u00bbon|phone\u00bb custom_margin=\u00bb0px||0px||false|false\u00bb custom_padding=\u00bb0px||0px||false|false\u00bb locked=\u00bboff\u00bb global_colors_info=\u00bb{}\u00bb][et_pb_column type=\u00bb1_4&#8243; module_class=\u00bbprogram-time\u00bb _builder_version=\u00bb4.27.5&#8243; _module_preset=\u00bbdefault\u00bb global_colors_info=\u00bb{}\u00bb][et_pb_heading title=\u00bb12:15 \u2013 13:15&#8243; _builder_version=\u00bb4.27.5&#8243; _module_preset=\u00bbdefault\u00bb title_level=\u00bbh4&#8243; title_font=\u00bb|800|||||||\u00bb title_text_color=\u00bbgcid-secondary-color\u00bb title_font_size=\u00bb22px\u00bb title_line_height=\u00bb1em\u00bb title_font_size_tablet=\u00bb22px\u00bb title_font_size_phone=\u00bb22px\u00bb global_colors_info=\u00bb{%22gcid-secondary-color%22:%91%22title_text_color%22%93}\u00bb][\/et_pb_heading][\/et_pb_column][et_pb_column type=\u00bb3_4&#8243; module_class=\u00bbprogram-content\u00bb _builder_version=\u00bb4.27.5&#8243; _module_preset=\u00bbdefault\u00bb global_colors_info=\u00bb{}\u00bb][et_pb_heading title=\u00bbAlmuerzo\u00bb _builder_version=\u00bb4.27.5&#8243; _module_preset=\u00bbdefault\u00bb title_level=\u00bbh4&#8243; title_font=\u00bb|700|||||||\u00bb title_text_align=\u00bbleft\u00bb title_text_color=\u00bb#000000&#8243; title_font_size=\u00bb22px\u00bb title_line_height=\u00bb1em\u00bb custom_margin=\u00bb||0px||false|false\u00bb custom_padding=\u00bb||0px||false|false\u00bb title_font_size_tablet=\u00bb22px\u00bb global_colors_info=\u00bb{}\u00bb][\/et_pb_heading][\/et_pb_column][\/et_pb_row][\/et_pb_section][et_pb_section fb_built=\u00bb1&#8243; admin_label=\u00bbBloque Programa D\u00eda\u00bb _builder_version=\u00bb4.27.5&#8243; _module_preset=\u00bbdefault\u00bb width=\u00bb1080px\u00bb width_tablet=\u00bb100%\u00bb width_phone=\u00bb90%\u00bb width_last_edited=\u00bbon|desktop\u00bb module_alignment=\u00bbcenter\u00bb custom_margin=\u00bb0px||0px||false|false\u00bb custom_padding=\u00bb10px|20px|10px|20px|false|false\u00bb locked=\u00bboff\u00bb collapsed=\u00bboff\u00bb global_colors_info=\u00bb{}\u00bb][et_pb_row column_structure=\u00bb1_4,3_4&#8243; use_custom_gutter=\u00bbon\u00bb gutter_width=\u00bb1&#8243; _builder_version=\u00bb4.27.5&#8243; _module_preset=\u00bbdefault\u00bb width=\u00bb100%\u00bb width_tablet=\u00bb100%\u00bb width_phone=\u00bb100%\u00bb width_last_edited=\u00bbon|phone\u00bb custom_margin=\u00bb0px||0px||false|false\u00bb custom_padding=\u00bb0px||0px||false|false\u00bb locked=\u00bboff\u00bb global_colors_info=\u00bb{}\u00bb][et_pb_column type=\u00bb1_4&#8243; module_class=\u00bbprogram-time\u00bb _builder_version=\u00bb4.27.5&#8243; _module_preset=\u00bbdefault\u00bb global_colors_info=\u00bb{}\u00bb][et_pb_heading title=\u00bb13:15 \u2013 13:35&#8243; _builder_version=\u00bb4.27.5&#8243; _module_preset=\u00bbdefault\u00bb title_level=\u00bbh4&#8243; title_font=\u00bb|800|||||||\u00bb title_text_color=\u00bbgcid-secondary-color\u00bb title_font_size=\u00bb22px\u00bb title_line_height=\u00bb1em\u00bb title_font_size_tablet=\u00bb22px\u00bb title_font_size_phone=\u00bb22px\u00bb global_colors_info=\u00bb{%22gcid-secondary-color%22:%91%22title_text_color%22%93}\u00bb][\/et_pb_heading][\/et_pb_column][et_pb_column type=\u00bb3_4&#8243; module_class=\u00bbprogram-content\u00bb _builder_version=\u00bb4.27.5&#8243; _module_preset=\u00bbdefault\u00bb global_colors_info=\u00bb{}\u00bb][et_pb_heading title=\u00bbLos aspectos positivos en el B\u00f3sforo, \u00dcmit Mesci, Comisario, Museo de Arte Moderno de Estambul, ganador del Premio del Museo Portim\u00e3o 2025 (Estambul, Turqu\u00eda)\u00bb _builder_version=\u00bb4.27.5&#8243; _module_preset=\u00bbdefault\u00bb title_level=\u00bbh4&#8243; title_font=\u00bb|700|||||||\u00bb title_text_align=\u00bbleft\u00bb title_text_color=\u00bb#000000&#8243; title_font_size=\u00bb22px\u00bb title_line_height=\u00bb1em\u00bb custom_margin=\u00bb||0px||false|false\u00bb custom_padding=\u00bb||0px||false|false\u00bb title_font_size_tablet=\u00bb22px\u00bb global_colors_info=\u00bb{}\u00bb][\/et_pb_heading][et_pb_text _builder_version=\u00bb4.27.5&#8243; _module_preset=\u00bbdefault\u00bb text_font_size=\u00bb18px\u00bb text_line_height=\u00bb1.5em\u00bb custom_margin=\u00bb||18px||false|false\u00bb custom_padding=\u00bb||0px||false|false\u00bb global_colors_info=\u00bb{}\u00bb]<\/p>\n<p>Presentaci\u00f3n: Pedro Branco, Foro Europeo de Museos<\/p>\n<p>[\/et_pb_text][\/et_pb_column][\/et_pb_row][\/et_pb_section][et_pb_section fb_built=\u00bb1&#8243; admin_label=\u00bbBloque Programa D\u00eda\u00bb _builder_version=\u00bb4.27.5&#8243; _module_preset=\u00bbdefault\u00bb width=\u00bb1080px\u00bb width_tablet=\u00bb100%\u00bb width_phone=\u00bb90%\u00bb width_last_edited=\u00bbon|desktop\u00bb module_alignment=\u00bbcenter\u00bb custom_margin=\u00bb0px||0px||false|false\u00bb custom_padding=\u00bb10px|20px|10px|20px|false|false\u00bb locked=\u00bboff\u00bb collapsed=\u00bboff\u00bb global_colors_info=\u00bb{}\u00bb][et_pb_row column_structure=\u00bb1_4,3_4&#8243; use_custom_gutter=\u00bbon\u00bb gutter_width=\u00bb1&#8243; _builder_version=\u00bb4.27.5&#8243; _module_preset=\u00bbdefault\u00bb width=\u00bb100%\u00bb width_tablet=\u00bb100%\u00bb width_phone=\u00bb100%\u00bb width_last_edited=\u00bbon|phone\u00bb custom_margin=\u00bb0px||0px||false|false\u00bb custom_padding=\u00bb0px||0px||false|false\u00bb locked=\u00bboff\u00bb global_colors_info=\u00bb{}\u00bb][et_pb_column type=\u00bb1_4&#8243; module_class=\u00bbprogram-time\u00bb _builder_version=\u00bb4.27.5&#8243; _module_preset=\u00bbdefault\u00bb global_colors_info=\u00bb{}\u00bb][et_pb_heading title=\u00bb13:35 \u2013 14:35&#8243; _builder_version=\u00bb4.27.5&#8243; _module_preset=\u00bbdefault\u00bb title_level=\u00bbh4&#8243; title_font=\u00bb|800|||||||\u00bb title_text_color=\u00bbgcid-secondary-color\u00bb title_font_size=\u00bb22px\u00bb title_line_height=\u00bb1em\u00bb title_font_size_tablet=\u00bb22px\u00bb title_font_size_phone=\u00bb22px\u00bb global_colors_info=\u00bb{%22gcid-secondary-color%22:%91%22title_text_color%22%93}\u00bb][\/et_pb_heading][\/et_pb_column][et_pb_column type=\u00bb3_4&#8243; module_class=\u00bbprogram-content\u00bb _builder_version=\u00bb4.27.5&#8243; _module_preset=\u00bbdefault\u00bb global_colors_info=\u00bb{}\u00bb][et_pb_heading title=\u00bbTransformando los museos de arte, dise\u00f1o y arquitectura\u00bb _builder_version=\u00bb4.27.5&#8243; _module_preset=\u00bbdefault\u00bb title_level=\u00bbh4&#8243; title_font=\u00bb|700|||||||\u00bb title_text_align=\u00bbleft\u00bb title_text_color=\u00bb#000000&#8243; title_font_size=\u00bb22px\u00bb title_line_height=\u00bb1em\u00bb custom_margin=\u00bb||0px||false|false\u00bb custom_padding=\u00bb||0px||false|false\u00bb title_font_size_tablet=\u00bb22px\u00bb global_colors_info=\u00bb{}\u00bb][\/et_pb_heading][et_pb_text _builder_version=\u00bb4.27.5&#8243; _module_preset=\u00bbdefault\u00bb text_font_size=\u00bb18px\u00bb text_line_height=\u00bb1.5em\u00bb custom_margin=\u00bb||18px||false|false\u00bb custom_padding=\u00bb||0px||false|false\u00bb global_colors_info=\u00bb{}\u00bb]<\/p>\n<p>Los museos ampl\u00edan el conocimiento y estimulan el debate sobre el impacto de la arquitectura, el dise\u00f1o y el arte en la vida de las personas. \u00bfQu\u00e9 estrategias utilizan los museos para facilitar el di\u00e1logo en torno a temas controvertidos o en evoluci\u00f3n en los campos de la arquitectura, el dise\u00f1o y el arte? \u00bfC\u00f3mo colaboran los museos con arquitectos\/as, dise\u00f1adores\/as y artistas para crear experiencias significativas dirigidas a un p\u00fablico diverso?<\/p>\n<p>[\/et_pb_text][et_pb_text _builder_version=\u00bb4.27.5&#8243; _module_preset=\u00bbdefault\u00bb text_font_size=\u00bb18px\u00bb text_line_height=\u00bb1.5em\u00bb custom_margin=\u00bb||18px||false|false\u00bb custom_padding=\u00bb||0px||false|false\u00bb global_colors_info=\u00bb{}\u00bb]<\/p>\n<p>Moderadora: Dominika Mroczkowska-Rusiniak, miembro del jurado del EMYA<\/p>\n<p>[\/et_pb_text][et_pb_text _builder_version=\u00bb4.27.5&#8243; _module_preset=\u00bbdefault\u00bb text_font_size=\u00bb18px\u00bb text_line_height=\u00bb1.5em\u00bb custom_margin=\u00bb||30px||false|false\u00bb custom_padding=\u00bb||0px||false|false\u00bb global_colors_info=\u00bb{}\u00bb]<\/p>\n<p>\u2022 Museo de Artes Visuales Malva de Lahti, Lahti, Finlandia<br \/>\u2022 MUDE \u2013 Museo del Dise\u00f1o, Lisboa, Portugal<br \/>\u2022 Kunsthaus Baselland, Basilea, Suiza<\/p>\n<p>[\/et_pb_text][\/et_pb_column][\/et_pb_row][\/et_pb_section][et_pb_section fb_built=\u00bb1&#8243; admin_label=\u00bbBloque Programa D\u00eda\u00bb _builder_version=\u00bb4.27.5&#8243; _module_preset=\u00bbdefault\u00bb width=\u00bb1080px\u00bb width_tablet=\u00bb100%\u00bb width_phone=\u00bb90%\u00bb width_last_edited=\u00bbon|desktop\u00bb module_alignment=\u00bbcenter\u00bb custom_margin=\u00bb0px||0px||false|false\u00bb custom_padding=\u00bb10px|20px|10px|20px|false|false\u00bb locked=\u00bboff\u00bb collapsed=\u00bboff\u00bb global_colors_info=\u00bb{}\u00bb][et_pb_row column_structure=\u00bb1_4,3_4&#8243; use_custom_gutter=\u00bbon\u00bb gutter_width=\u00bb1&#8243; _builder_version=\u00bb4.27.5&#8243; _module_preset=\u00bbdefault\u00bb width=\u00bb100%\u00bb width_tablet=\u00bb100%\u00bb width_phone=\u00bb100%\u00bb width_last_edited=\u00bbon|phone\u00bb custom_margin=\u00bb0px||0px||false|false\u00bb custom_padding=\u00bb0px||0px||false|false\u00bb locked=\u00bboff\u00bb global_colors_info=\u00bb{}\u00bb][et_pb_column type=\u00bb1_4&#8243; module_class=\u00bbprogram-time\u00bb _builder_version=\u00bb4.27.5&#8243; _module_preset=\u00bbdefault\u00bb global_colors_info=\u00bb{}\u00bb][et_pb_heading title=\u00bb14:35 \u2013 14:50&#8243; _builder_version=\u00bb4.27.5&#8243; _module_preset=\u00bbdefault\u00bb title_level=\u00bbh4&#8243; title_font=\u00bb|800|||||||\u00bb title_text_color=\u00bbgcid-secondary-color\u00bb title_font_size=\u00bb22px\u00bb title_line_height=\u00bb1em\u00bb title_font_size_tablet=\u00bb22px\u00bb title_font_size_phone=\u00bb22px\u00bb global_colors_info=\u00bb{%22gcid-secondary-color%22:%91%22title_text_color%22%93}\u00bb][\/et_pb_heading][\/et_pb_column][et_pb_column type=\u00bb3_4&#8243; module_class=\u00bbprogram-content\u00bb _builder_version=\u00bb4.27.5&#8243; _module_preset=\u00bbdefault\u00bb global_colors_info=\u00bb{}\u00bb][et_pb_heading title=\u00bbPausa caf\u00e9\u00bb _builder_version=\u00bb4.27.5&#8243; _module_preset=\u00bbdefault\u00bb title_level=\u00bbh4&#8243; title_font=\u00bb|700|||||||\u00bb title_text_align=\u00bbleft\u00bb title_text_color=\u00bb#000000&#8243; title_font_size=\u00bb22px\u00bb title_line_height=\u00bb1em\u00bb custom_margin=\u00bb||0px||false|false\u00bb custom_padding=\u00bb||0px||false|false\u00bb title_font_size_tablet=\u00bb22px\u00bb global_colors_info=\u00bb{}\u00bb][\/et_pb_heading][\/et_pb_column][\/et_pb_row][\/et_pb_section][et_pb_section fb_built=\u00bb1&#8243; admin_label=\u00bbBloque Programa D\u00eda\u00bb _builder_version=\u00bb4.27.5&#8243; _module_preset=\u00bbdefault\u00bb width=\u00bb1080px\u00bb width_tablet=\u00bb100%\u00bb width_phone=\u00bb90%\u00bb width_last_edited=\u00bbon|desktop\u00bb module_alignment=\u00bbcenter\u00bb custom_margin=\u00bb0px||0px||false|false\u00bb custom_padding=\u00bb10px|20px|10px|20px|false|false\u00bb locked=\u00bboff\u00bb collapsed=\u00bboff\u00bb global_colors_info=\u00bb{}\u00bb][et_pb_row column_structure=\u00bb1_4,3_4&#8243; use_custom_gutter=\u00bbon\u00bb gutter_width=\u00bb1&#8243; _builder_version=\u00bb4.27.5&#8243; _module_preset=\u00bbdefault\u00bb width=\u00bb100%\u00bb width_tablet=\u00bb100%\u00bb width_phone=\u00bb100%\u00bb width_last_edited=\u00bbon|phone\u00bb custom_margin=\u00bb0px||0px||false|false\u00bb custom_padding=\u00bb0px||0px||false|false\u00bb locked=\u00bboff\u00bb global_colors_info=\u00bb{}\u00bb][et_pb_column type=\u00bb1_4&#8243; module_class=\u00bbprogram-time\u00bb _builder_version=\u00bb4.27.5&#8243; _module_preset=\u00bbdefault\u00bb global_colors_info=\u00bb{}\u00bb][et_pb_heading title=\u00bb14:50 \u2013 15:50&#8243; _builder_version=\u00bb4.27.5&#8243; _module_preset=\u00bbdefault\u00bb title_level=\u00bbh4&#8243; title_font=\u00bb|800|||||||\u00bb title_text_color=\u00bbgcid-secondary-color\u00bb title_font_size=\u00bb22px\u00bb title_line_height=\u00bb1em\u00bb title_font_size_tablet=\u00bb22px\u00bb title_font_size_phone=\u00bb22px\u00bb global_colors_info=\u00bb{%22gcid-secondary-color%22:%91%22title_text_color%22%93}\u00bb][\/et_pb_heading][\/et_pb_column][et_pb_column type=\u00bb3_4&#8243; module_class=\u00bbprogram-content\u00bb _builder_version=\u00bb4.27.5&#8243; _module_preset=\u00bbdefault\u00bb global_colors_info=\u00bb{}\u00bb][et_pb_heading title=\u00bbDesenterrando el pasado para el presente\u00bb _builder_version=\u00bb4.27.5&#8243; _module_preset=\u00bbdefault\u00bb title_level=\u00bbh4&#8243; title_font=\u00bb|700|||||||\u00bb title_text_align=\u00bbleft\u00bb title_text_color=\u00bb#000000&#8243; title_font_size=\u00bb22px\u00bb title_line_height=\u00bb1em\u00bb custom_margin=\u00bb||0px||false|false\u00bb custom_padding=\u00bb||0px||false|false\u00bb title_font_size_tablet=\u00bb22px\u00bb global_colors_info=\u00bb{}\u00bb][\/et_pb_heading][et_pb_text _builder_version=\u00bb4.27.5&#8243; _module_preset=\u00bbdefault\u00bb text_font_size=\u00bb18px\u00bb text_line_height=\u00bb1.5em\u00bb custom_margin=\u00bb||18px||false|false\u00bb custom_padding=\u00bb||0px||false|false\u00bb global_colors_info=\u00bb{}\u00bb]<\/p>\n<p>El pasado adquiere nuevos significados cuando las historias superpuestas salen a la luz de manera que resuenan en el p\u00fablico contempor\u00e1neo, ya sea a trav\u00e9s de pr\u00e1cticas corporales, la vida cotidiana, la memoria comunitaria o cuestiones medioambientales y sociales. El panel analiza c\u00f3mo el patrimonio material, la investigaci\u00f3n y la interpretaci\u00f3n experiencial pueden ir de la mano para conectar las experiencias pasadas con las realidades presentes y con las perspectivas orientadas al futuro.<\/p>\n<p>[\/et_pb_text][et_pb_text _builder_version=\u00bb4.27.5&#8243; _module_preset=\u00bbdefault\u00bb text_font_size=\u00bb18px\u00bb text_line_height=\u00bb1.5em\u00bb custom_margin=\u00bb||18px||false|false\u00bb custom_padding=\u00bb||0px||false|false\u00bb global_colors_info=\u00bb{}\u00bb]<\/p>\n<p>Moderador: Beat H\u00e4chler, miembro del jurado de los EMYA<\/p>\n<p>[\/et_pb_text][et_pb_text _builder_version=\u00bb4.27.5&#8243; _module_preset=\u00bbdefault\u00bb text_font_size=\u00bb18px\u00bb text_line_height=\u00bb1.5em\u00bb custom_margin=\u00bb||30px||false|false\u00bb custom_padding=\u00bb||0px||false|false\u00bb global_colors_info=\u00bb{}\u00bb]<\/p>\n<p>\u2022 Pile Dwellings Unteruhldingen, Uhldingen-Muhlhofen, Alemania<br \/>\u2022 Colecci\u00f3n Arqueol\u00f3gica Estatal, M\u00fanich, Alemania<br \/>\u2022 Museo Zeyrek \u00c7inili Hamam, Estambul, Turqu\u00eda<br \/>\u2022 Museo de la Miner\u00eda, La Uni\u00f3n, Espa\u00f1a<\/p>\n<p>[\/et_pb_text][\/et_pb_column][\/et_pb_row][\/et_pb_section][et_pb_section fb_built=\u00bb1&#8243; admin_label=\u00bbBloque Programa D\u00eda\u00bb _builder_version=\u00bb4.27.5&#8243; _module_preset=\u00bbdefault\u00bb width=\u00bb1080px\u00bb width_tablet=\u00bb100%\u00bb width_phone=\u00bb90%\u00bb width_last_edited=\u00bbon|desktop\u00bb module_alignment=\u00bbcenter\u00bb custom_margin=\u00bb0px||0px||false|false\u00bb custom_padding=\u00bb10px|20px|10px|20px|false|false\u00bb locked=\u00bboff\u00bb collapsed=\u00bboff\u00bb global_colors_info=\u00bb{}\u00bb][et_pb_row column_structure=\u00bb1_4,3_4&#8243; use_custom_gutter=\u00bbon\u00bb gutter_width=\u00bb1&#8243; _builder_version=\u00bb4.27.5&#8243; _module_preset=\u00bbdefault\u00bb width=\u00bb100%\u00bb width_tablet=\u00bb100%\u00bb width_phone=\u00bb100%\u00bb width_last_edited=\u00bbon|phone\u00bb custom_margin=\u00bb0px||0px||false|false\u00bb custom_padding=\u00bb0px||0px||false|false\u00bb locked=\u00bboff\u00bb global_colors_info=\u00bb{}\u00bb][et_pb_column type=\u00bb1_4&#8243; module_class=\u00bbprogram-time\u00bb _builder_version=\u00bb4.27.5&#8243; _module_preset=\u00bbdefault\u00bb global_colors_info=\u00bb{}\u00bb][et_pb_heading title=\u00bb15:50 \u2013 16:50&#8243; _builder_version=\u00bb4.27.5&#8243; _module_preset=\u00bbdefault\u00bb title_level=\u00bbh4&#8243; title_font=\u00bb|800|||||||\u00bb title_text_color=\u00bbgcid-secondary-color\u00bb title_font_size=\u00bb22px\u00bb title_line_height=\u00bb1em\u00bb title_font_size_tablet=\u00bb22px\u00bb title_font_size_phone=\u00bb22px\u00bb global_colors_info=\u00bb{%22gcid-secondary-color%22:%91%22title_text_color%22%93}\u00bb][\/et_pb_heading][\/et_pb_column][et_pb_column type=\u00bb3_4&#8243; module_class=\u00bbprogram-content\u00bb _builder_version=\u00bb4.27.5&#8243; _module_preset=\u00bbdefault\u00bb global_colors_info=\u00bb{}\u00bb][et_pb_heading title=\u00bbEcos m\u00e1s all\u00e1 de los objetos: comisariar lo intangible\u00bb _builder_version=\u00bb4.27.5&#8243; _module_preset=\u00bbdefault\u00bb title_level=\u00bbh4&#8243; title_font=\u00bb|700|||||||\u00bb title_text_align=\u00bbleft\u00bb title_text_color=\u00bb#000000&#8243; title_font_size=\u00bb22px\u00bb title_line_height=\u00bb1em\u00bb custom_margin=\u00bb||0px||false|false\u00bb custom_padding=\u00bb||0px||false|false\u00bb title_font_size_tablet=\u00bb22px\u00bb global_colors_info=\u00bb{}\u00bb][\/et_pb_heading][et_pb_text _builder_version=\u00bb4.27.5&#8243; _module_preset=\u00bbdefault\u00bb text_font_size=\u00bb18px\u00bb text_line_height=\u00bb1.5em\u00bb custom_margin=\u00bb||18px||false|false\u00bb custom_padding=\u00bb||0px||false|false\u00bb global_colors_info=\u00bb{}\u00bb]<\/p>\n<p>\u00bfC\u00f3mo narran los museos el patrimonio intangible a trav\u00e9s del sonido, la memoria y el lenguaje? \u00bfC\u00f3mo narran la experiencia vivida m\u00e1s all\u00e1 de los objetos? En este panel, los museos hablan de sus enfoques y exploran c\u00f3mo las pr\u00e1cticas curatoriales pueden hacer que lo invisible y lo inaudible cobren sentido para el p\u00fablico, sin perder el arraigo en el lugar, en la comunidad y en la relevancia contempor\u00e1nea.<\/p>\n<p>[\/et_pb_text][et_pb_text _builder_version=\u00bb4.27.5&#8243; _module_preset=\u00bbdefault\u00bb text_font_size=\u00bb18px\u00bb text_line_height=\u00bb1.5em\u00bb custom_margin=\u00bb||18px||false|false\u00bb custom_padding=\u00bb||0px||false|false\u00bb global_colors_info=\u00bb{}\u00bb]<\/p>\n<p>Moderadora: Nayat Karak\u00f6se, nueva miembro del jurado de los EMYA<\/p>\n<p>[\/et_pb_text][et_pb_text _builder_version=\u00bb4.27.5&#8243; _module_preset=\u00bbdefault\u00bb text_font_size=\u00bb18px\u00bb text_line_height=\u00bb1.5em\u00bb custom_margin=\u00bb||30px||false|false\u00bb custom_padding=\u00bb||0px||false|false\u00bb global_colors_info=\u00bb{}\u00bb]<\/p>\n<p>\u2022 Centro de Investigaci\u00f3n \u2013 Museo Tsitsanis, Trikala, Grecia<br \/>\u2022 Museo Nacional de Literatura y M\u00fasica de Letonia, Riga, Letonia<br \/>\u2022 La Muette \u2013 Espacios Literarios, Pully, Suiza<br \/>\u2022 Museo Kaj Munk, Ulfborg, Dinamarca<\/p>\n<p>[\/et_pb_text][\/et_pb_column][\/et_pb_row][\/et_pb_section][et_pb_section fb_built=\u00bb1&#8243; admin_label=\u00bbBloque Programa D\u00eda\u00bb _builder_version=\u00bb4.27.5&#8243; _module_preset=\u00bbdefault\u00bb width=\u00bb1080px\u00bb width_tablet=\u00bb100%\u00bb width_phone=\u00bb90%\u00bb width_last_edited=\u00bbon|desktop\u00bb module_alignment=\u00bbcenter\u00bb custom_margin=\u00bb0px||0px||false|false\u00bb custom_padding=\u00bb10px|20px|10px|20px|false|false\u00bb locked=\u00bboff\u00bb collapsed=\u00bboff\u00bb global_colors_info=\u00bb{}\u00bb][et_pb_row column_structure=\u00bb1_4,3_4&#8243; use_custom_gutter=\u00bbon\u00bb gutter_width=\u00bb1&#8243; _builder_version=\u00bb4.27.5&#8243; _module_preset=\u00bbdefault\u00bb width=\u00bb100%\u00bb width_tablet=\u00bb100%\u00bb width_phone=\u00bb100%\u00bb width_last_edited=\u00bbon|phone\u00bb custom_margin=\u00bb0px||0px||false|false\u00bb custom_padding=\u00bb0px||0px||false|false\u00bb locked=\u00bboff\u00bb global_colors_info=\u00bb{}\u00bb][et_pb_column type=\u00bb1_4&#8243; module_class=\u00bbprogram-time\u00bb _builder_version=\u00bb4.27.5&#8243; _module_preset=\u00bbdefault\u00bb global_colors_info=\u00bb{}\u00bb][et_pb_heading title=\u00bb19:00 \u2013 21:00&#8243; _builder_version=\u00bb4.27.5&#8243; _module_preset=\u00bbdefault\u00bb title_level=\u00bbh4&#8243; title_font=\u00bb|800|||||||\u00bb title_text_color=\u00bbgcid-secondary-color\u00bb title_font_size=\u00bb22px\u00bb title_line_height=\u00bb1em\u00bb title_font_size_tablet=\u00bb22px\u00bb title_font_size_phone=\u00bb22px\u00bb global_colors_info=\u00bb{%22gcid-secondary-color%22:%91%22title_text_color%22%93}\u00bb][\/et_pb_heading][\/et_pb_column][et_pb_column type=\u00bb3_4&#8243; module_class=\u00bbprogram-content\u00bb _builder_version=\u00bb4.27.5&#8243; _module_preset=\u00bbdefault\u00bb global_colors_info=\u00bb{}\u00bb][et_pb_heading title=\u00bbRecepci\u00f3n\u00bb _builder_version=\u00bb4.27.5&#8243; _module_preset=\u00bbdefault\u00bb title_level=\u00bbh4&#8243; title_font=\u00bb|700|||||||\u00bb title_text_align=\u00bbleft\u00bb title_text_color=\u00bb#000000&#8243; title_font_size=\u00bb22px\u00bb title_line_height=\u00bb1em\u00bb custom_margin=\u00bb||0px||false|false\u00bb custom_padding=\u00bb||0px||false|false\u00bb title_font_size_tablet=\u00bb22px\u00bb global_colors_info=\u00bb{}\u00bb][\/et_pb_heading][et_pb_text _builder_version=\u00bb4.27.5&#8243; _module_preset=\u00bbdefault\u00bb text_font_size=\u00bb18px\u00bb text_line_height=\u00bb1.5em\u00bb custom_margin=\u00bb||18px||false|false\u00bb custom_padding=\u00bb||0px||false|false\u00bb global_colors_info=\u00bb{}\u00bb]<\/p>\n<p>Lugar: Athletic Club Museoa, Estadio San Mam\u00e9s<br \/>Rafael Moreno Pitxitxi s\/n, Puerta 20, 48013 Bilbao, Bizkaia. <a href=\"http:\/\/google.com\/maps\/place\/\/data=!4m2!3m1!1s0xd4e503ace952781:0xefc0e30d626ad1ea?sa=X&amp;ved=1t:8290&amp;ictx=111\" target=\"_blank\" rel=\"noopener\">C\u00f3mo llegar<\/a><\/p>\n<p>[\/et_pb_text][et_pb_text _builder_version=\u00bb4.27.5&#8243; _module_preset=\u00bbdefault\u00bb text_font_size=\u00bb18px\u00bb text_line_height=\u00bb1.5em\u00bb custom_margin=\u00bb||18px||false|false\u00bb custom_padding=\u00bb||0px||false|false\u00bb global_colors_info=\u00bb{}\u00bb]<\/p>\n<p>Bienvenida: L\u00e9ontine Meijer Van Mensch, Consejera del FEM<\/p>\n<p>A continuaci\u00f3n, espect\u00e1culo de danza vasca. De la tradici\u00f3n a la contemporaneidad.<\/p>\n<p>[\/et_pb_text][\/et_pb_column][\/et_pb_row][\/et_pb_section][et_pb_section fb_built=\u00bb1&#8243; admin_label=\u00bbBloque Programa D\u00eda\u00bb _builder_version=\u00bb4.27.5&#8243; _module_preset=\u00bbdefault\u00bb width=\u00bb1080px\u00bb width_tablet=\u00bb100%\u00bb width_phone=\u00bb90%\u00bb width_last_edited=\u00bbon|desktop\u00bb module_alignment=\u00bbcenter\u00bb custom_margin=\u00bb0px||0px||false|false\u00bb custom_padding=\u00bb60px|20px|15px|20px|false|false\u00bb locked=\u00bboff\u00bb collapsed=\u00bboff\u00bb global_colors_info=\u00bb{}\u00bb][et_pb_row column_structure=\u00bb1_4,3_4&#8243; use_custom_gutter=\u00bbon\u00bb gutter_width=\u00bb1&#8243; _builder_version=\u00bb4.27.5&#8243; _module_preset=\u00bbdefault\u00bb width=\u00bb100%\u00bb width_tablet=\u00bb100%\u00bb width_phone=\u00bb100%\u00bb width_last_edited=\u00bbon|desktop\u00bb custom_margin=\u00bb0px||0px||false|false\u00bb custom_padding=\u00bb0px||0px||false|false\u00bb locked=\u00bboff\u00bb global_colors_info=\u00bb{}\u00bb][et_pb_column type=\u00bb1_4&#8243; module_class=\u00bbprogram-time\u00bb _builder_version=\u00bb4.27.5&#8243; _module_preset=\u00bbdefault\u00bb global_colors_info=\u00bb{}\u00bb][et_pb_heading title=\u00bbD\u00cdA 4&#8243; _builder_version=\u00bb4.27.5&#8243; _module_preset=\u00bbdefault\u00bb title_level=\u00bbh2&#8243; title_font=\u00bb|800|||||||\u00bb title_text_color=\u00bbgcid-secondary-color\u00bb title_font_size=\u00bb40px\u00bb title_font_size_tablet=\u00bb40px\u00bb title_font_size_phone=\u00bb40px\u00bb global_colors_info=\u00bb{%22gcid-secondary-color%22:%91%22title_text_color%22%93}\u00bb][\/et_pb_heading][\/et_pb_column][et_pb_column type=\u00bb3_4&#8243; module_class=\u00bbprogram-content\u00bb _builder_version=\u00bb4.27.5&#8243; _module_preset=\u00bbdefault\u00bb global_colors_info=\u00bb{}\u00bb][et_pb_heading title=\u00bbS\u00c1BADO, 13 de junio de 2026&#8243; _builder_version=\u00bb4.27.5&#8243; _module_preset=\u00bbdefault\u00bb title_level=\u00bbh3&#8243; title_font=\u00bb|700|||||||\u00bb title_text_align=\u00bbleft\u00bb title_font_size=\u00bb30px\u00bb title_line_height=\u00bb1em\u00bb custom_margin=\u00bb||0px||false|false\u00bb custom_padding=\u00bb||0px||false|false\u00bb title_font_size_tablet=\u00bb25px\u00bb title_font_size_phone=\u00bb25px\u00bb title_font_size_last_edited=\u00bbon|tablet\u00bb global_colors_info=\u00bb{}\u00bb][\/et_pb_heading][et_pb_heading title=\u00bbPalacio de Congresos y de la M\u00fasica Euskalduna\u00bb _builder_version=\u00bb4.27.5&#8243; _module_preset=\u00bbdefault\u00bb title_level=\u00bbh4&#8243; title_font=\u00bb|700|||||||\u00bb title_text_align=\u00bbleft\u00bb title_font_size=\u00bb30px\u00bb title_line_height=\u00bb1em\u00bb custom_margin=\u00bb0px||0px||false|false\u00bb custom_padding=\u00bb0px||0px||false|false\u00bb title_font_size_tablet=\u00bb24px\u00bb global_colors_info=\u00bb{}\u00bb][\/et_pb_heading][et_pb_text _builder_version=\u00bb4.27.5&#8243; _module_preset=\u00bbdefault\u00bb text_font_size=\u00bb18px\u00bb text_line_height=\u00bb1.5em\u00bb custom_margin=\u00bb||18px||false|false\u00bb custom_padding=\u00bb||0px||false|false\u00bb global_colors_info=\u00bb{}\u00bb]<\/p>\n<p><a href=\"https:\/\/www.google.com\/maps\/place\/data=!4m2!3m1!1s0xd4e502463ab4003:0xdd291c55d656c0a1?sa=X&amp;ved=1t:8290&amp;ictx=111\" target=\"_blank\" rel=\"noopener\">Abandoibarra Etorb., 4, Abando, Bilbao, Bizkaia<\/a><span>\u00a0<\/span><\/p>\n<p>[\/et_pb_text][et_pb_divider color=\u00bb#D6D6D6&#8243; divider_weight=\u00bb7px\u00bb _builder_version=\u00bb4.27.5&#8243; _module_preset=\u00bbdefault\u00bb height=\u00bb8px\u00bb max_height=\u00bb8px\u00bb custom_margin=\u00bb0px||10px||false|false\u00bb custom_padding=\u00bb0px||0px||false|false\u00bb global_colors_info=\u00bb{}\u00bb][\/et_pb_divider][\/et_pb_column][\/et_pb_row][\/et_pb_section][et_pb_section fb_built=\u00bb1&#8243; admin_label=\u00bbBloque Programa D\u00eda\u00bb _builder_version=\u00bb4.27.5&#8243; _module_preset=\u00bbdefault\u00bb width=\u00bb1080px\u00bb width_tablet=\u00bb100%\u00bb width_phone=\u00bb90%\u00bb width_last_edited=\u00bbon|desktop\u00bb module_alignment=\u00bbcenter\u00bb custom_margin=\u00bb0px||0px||false|false\u00bb custom_padding=\u00bb10px|20px|10px|20px|false|false\u00bb locked=\u00bboff\u00bb collapsed=\u00bboff\u00bb global_colors_info=\u00bb{}\u00bb][et_pb_row column_structure=\u00bb1_4,3_4&#8243; use_custom_gutter=\u00bbon\u00bb gutter_width=\u00bb1&#8243; _builder_version=\u00bb4.27.5&#8243; _module_preset=\u00bbdefault\u00bb width=\u00bb100%\u00bb width_tablet=\u00bb100%\u00bb width_phone=\u00bb100%\u00bb width_last_edited=\u00bbon|phone\u00bb custom_margin=\u00bb0px||0px||false|false\u00bb custom_padding=\u00bb0px||0px||false|false\u00bb locked=\u00bboff\u00bb global_colors_info=\u00bb{}\u00bb][et_pb_column type=\u00bb1_4&#8243; module_class=\u00bbprogram-time\u00bb _builder_version=\u00bb4.27.5&#8243; _module_preset=\u00bbdefault\u00bb global_colors_info=\u00bb{}\u00bb][et_pb_heading title=\u00bb8:30 \u2013 18:00&#8243; _builder_version=\u00bb4.27.5&#8243; _module_preset=\u00bbdefault\u00bb title_level=\u00bbh4&#8243; title_font=\u00bb|800|||||||\u00bb title_text_color=\u00bbgcid-secondary-color\u00bb title_font_size=\u00bb22px\u00bb title_line_height=\u00bb1em\u00bb title_font_size_tablet=\u00bb22px\u00bb title_font_size_phone=\u00bb22px\u00bb global_colors_info=\u00bb{%22gcid-secondary-color%22:%91%22title_text_color%22%93}\u00bb][\/et_pb_heading][\/et_pb_column][et_pb_column type=\u00bb3_4&#8243; module_class=\u00bbprogram-content\u00bb _builder_version=\u00bb4.27.5&#8243; _module_preset=\u00bbdefault\u00bb global_colors_info=\u00bb{}\u00bb][et_pb_heading title=\u00bbMesa de inscripci\u00f3n e informaci\u00f3n\u00bb _builder_version=\u00bb4.27.5&#8243; _module_preset=\u00bbdefault\u00bb title_level=\u00bbh4&#8243; title_font=\u00bb|700|||||||\u00bb title_text_align=\u00bbleft\u00bb title_text_color=\u00bb#000000&#8243; title_font_size=\u00bb22px\u00bb title_line_height=\u00bb1em\u00bb custom_margin=\u00bb||0px||false|false\u00bb custom_padding=\u00bb||0px||false|false\u00bb title_font_size_tablet=\u00bb22px\u00bb global_colors_info=\u00bb{}\u00bb][\/et_pb_heading][\/et_pb_column][\/et_pb_row][\/et_pb_section][et_pb_section fb_built=\u00bb1&#8243; admin_label=\u00bbBloque Programa D\u00eda\u00bb _builder_version=\u00bb4.27.5&#8243; _module_preset=\u00bbdefault\u00bb width=\u00bb1080px\u00bb width_tablet=\u00bb100%\u00bb width_phone=\u00bb90%\u00bb width_last_edited=\u00bbon|desktop\u00bb module_alignment=\u00bbcenter\u00bb custom_margin=\u00bb0px||0px||false|false\u00bb custom_padding=\u00bb10px|20px|10px|20px|false|false\u00bb locked=\u00bboff\u00bb collapsed=\u00bboff\u00bb global_colors_info=\u00bb{}\u00bb][et_pb_row column_structure=\u00bb1_4,3_4&#8243; use_custom_gutter=\u00bbon\u00bb gutter_width=\u00bb1&#8243; _builder_version=\u00bb4.27.5&#8243; _module_preset=\u00bbdefault\u00bb width=\u00bb100%\u00bb width_tablet=\u00bb100%\u00bb width_phone=\u00bb100%\u00bb width_last_edited=\u00bbon|phone\u00bb custom_margin=\u00bb0px||0px||false|false\u00bb custom_padding=\u00bb0px||0px||false|false\u00bb locked=\u00bboff\u00bb global_colors_info=\u00bb{}\u00bb][et_pb_column type=\u00bb1_4&#8243; module_class=\u00bbprogram-time\u00bb _builder_version=\u00bb4.27.5&#8243; _module_preset=\u00bbdefault\u00bb global_colors_info=\u00bb{}\u00bb][et_pb_heading title=\u00bb9:40 \u2013 10:00&#8243; _builder_version=\u00bb4.27.5&#8243; _module_preset=\u00bbdefault\u00bb title_level=\u00bbh4&#8243; title_font=\u00bb|800|||||||\u00bb title_text_color=\u00bbgcid-secondary-color\u00bb title_font_size=\u00bb22px\u00bb title_line_height=\u00bb1em\u00bb title_font_size_tablet=\u00bb22px\u00bb title_font_size_phone=\u00bb22px\u00bb global_colors_info=\u00bb{%22gcid-secondary-color%22:%91%22title_text_color%22%93}\u00bb][\/et_pb_heading][\/et_pb_column][et_pb_column type=\u00bb3_4&#8243; module_class=\u00bbprogram-content\u00bb _builder_version=\u00bb4.27.5&#8243; _module_preset=\u00bbdefault\u00bb global_colors_info=\u00bb{}\u00bb][et_pb_heading title=\u00bbCuando el reconocimiento se convierte en un espejo, Nini Sanadiradze, exdirectora general de la Uni\u00f3n de Museos de Tiflis, ganadora del Premio Kenneth Hudson al Coraje Institucional y la Integridad Profesional 2025 (Tiflis, Georgia)\u00bb _builder_version=\u00bb4.27.5&#8243; _module_preset=\u00bbdefault\u00bb title_level=\u00bbh4&#8243; title_font=\u00bb|700|||||||\u00bb title_text_align=\u00bbleft\u00bb title_text_color=\u00bb#000000&#8243; title_font_size=\u00bb22px\u00bb title_line_height=\u00bb1em\u00bb custom_margin=\u00bb||0px||false|false\u00bb custom_padding=\u00bb||0px||false|false\u00bb title_font_size_tablet=\u00bb22px\u00bb global_colors_info=\u00bb{}\u00bb][\/et_pb_heading][et_pb_text _builder_version=\u00bb4.27.5&#8243; _module_preset=\u00bbdefault\u00bb text_font_size=\u00bb18px\u00bb text_line_height=\u00bb1.5em\u00bb custom_margin=\u00bb||18px||false|false\u00bb custom_padding=\u00bb||0px||false|false\u00bb global_colors_info=\u00bb{}\u00bb]<\/p>\n<p>Presentaci\u00f3n: L\u00e9ontine Meijer Van Mensch, Consejera del FEM<\/p>\n<p>[\/et_pb_text][\/et_pb_column][\/et_pb_row][\/et_pb_section][et_pb_section fb_built=\u00bb1&#8243; admin_label=\u00bbBloque Programa D\u00eda\u00bb _builder_version=\u00bb4.27.5&#8243; _module_preset=\u00bbdefault\u00bb width=\u00bb1080px\u00bb width_tablet=\u00bb100%\u00bb width_phone=\u00bb90%\u00bb width_last_edited=\u00bbon|desktop\u00bb module_alignment=\u00bbcenter\u00bb custom_margin=\u00bb0px||0px||false|false\u00bb custom_padding=\u00bb10px|20px|10px|20px|false|false\u00bb locked=\u00bboff\u00bb collapsed=\u00bboff\u00bb global_colors_info=\u00bb{}\u00bb][et_pb_row column_structure=\u00bb1_4,3_4&#8243; use_custom_gutter=\u00bbon\u00bb gutter_width=\u00bb1&#8243; _builder_version=\u00bb4.27.5&#8243; _module_preset=\u00bbdefault\u00bb width=\u00bb100%\u00bb width_tablet=\u00bb100%\u00bb width_phone=\u00bb100%\u00bb width_last_edited=\u00bbon|phone\u00bb custom_margin=\u00bb0px||0px||false|false\u00bb custom_padding=\u00bb0px||0px||false|false\u00bb locked=\u00bboff\u00bb global_colors_info=\u00bb{}\u00bb][et_pb_column type=\u00bb1_4&#8243; module_class=\u00bbprogram-time\u00bb _builder_version=\u00bb4.27.5&#8243; _module_preset=\u00bbdefault\u00bb global_colors_info=\u00bb{}\u00bb][et_pb_heading title=\u00bb10:00 \u2013 11:00&#8243; _builder_version=\u00bb4.27.5&#8243; _module_preset=\u00bbdefault\u00bb title_level=\u00bbh4&#8243; title_font=\u00bb|800|||||||\u00bb title_text_color=\u00bbgcid-secondary-color\u00bb title_font_size=\u00bb22px\u00bb title_line_height=\u00bb1em\u00bb title_font_size_tablet=\u00bb22px\u00bb title_font_size_phone=\u00bb22px\u00bb global_colors_info=\u00bb{%22gcid-secondary-color%22:%91%22title_text_color%22%93}\u00bb][\/et_pb_heading][\/et_pb_column][et_pb_column type=\u00bb3_4&#8243; module_class=\u00bbprogram-content\u00bb _builder_version=\u00bb4.27.5&#8243; _module_preset=\u00bbdefault\u00bb global_colors_info=\u00bb{}\u00bb][et_pb_heading title=\u00bbMesa redonda: La resistencia de los museos\u00bb _builder_version=\u00bb4.27.5&#8243; _module_preset=\u00bbdefault\u00bb title_level=\u00bbh4&#8243; title_font=\u00bb|700|||||||\u00bb title_text_align=\u00bbleft\u00bb title_text_color=\u00bb#000000&#8243; title_font_size=\u00bb22px\u00bb title_line_height=\u00bb1em\u00bb custom_margin=\u00bb||0px||false|false\u00bb custom_padding=\u00bb||0px||false|false\u00bb title_font_size_tablet=\u00bb22px\u00bb global_colors_info=\u00bb{}\u00bb][\/et_pb_heading][et_pb_text _builder_version=\u00bb4.27.5&#8243; _module_preset=\u00bbdefault\u00bb text_font_size=\u00bb18px\u00bb text_line_height=\u00bb1.5em\u00bb custom_margin=\u00bb||18px||false|false\u00bb custom_padding=\u00bb||0px||false|false\u00bb global_colors_info=\u00bb{}\u00bb]<\/p>\n<p>Moderadora: Sharon Heal, Consejera del FEM<\/p>\n<p>[\/et_pb_text][\/et_pb_column][\/et_pb_row][\/et_pb_section][et_pb_section fb_built=\u00bb1&#8243; admin_label=\u00bbBloque Programa D\u00eda\u00bb _builder_version=\u00bb4.27.5&#8243; _module_preset=\u00bbdefault\u00bb width=\u00bb1080px\u00bb width_tablet=\u00bb100%\u00bb width_phone=\u00bb90%\u00bb width_last_edited=\u00bbon|desktop\u00bb module_alignment=\u00bbcenter\u00bb custom_margin=\u00bb0px||0px||false|false\u00bb custom_padding=\u00bb10px|20px|10px|20px|false|false\u00bb locked=\u00bboff\u00bb collapsed=\u00bboff\u00bb global_colors_info=\u00bb{}\u00bb][et_pb_row column_structure=\u00bb1_4,3_4&#8243; use_custom_gutter=\u00bbon\u00bb gutter_width=\u00bb1&#8243; _builder_version=\u00bb4.27.5&#8243; _module_preset=\u00bbdefault\u00bb width=\u00bb100%\u00bb width_tablet=\u00bb100%\u00bb width_phone=\u00bb100%\u00bb width_last_edited=\u00bbon|phone\u00bb custom_margin=\u00bb0px||0px||false|false\u00bb custom_padding=\u00bb0px||0px||false|false\u00bb locked=\u00bboff\u00bb global_colors_info=\u00bb{}\u00bb][et_pb_column type=\u00bb1_4&#8243; module_class=\u00bbprogram-time\u00bb _builder_version=\u00bb4.27.5&#8243; _module_preset=\u00bbdefault\u00bb global_colors_info=\u00bb{}\u00bb][et_pb_heading title=\u00bb11:00 \u2013 11:15&#8243; _builder_version=\u00bb4.27.5&#8243; _module_preset=\u00bbdefault\u00bb title_level=\u00bbh4&#8243; title_font=\u00bb|800|||||||\u00bb title_text_color=\u00bbgcid-secondary-color\u00bb title_font_size=\u00bb22px\u00bb title_line_height=\u00bb1em\u00bb title_font_size_tablet=\u00bb22px\u00bb title_font_size_phone=\u00bb22px\u00bb global_colors_info=\u00bb{%22gcid-secondary-color%22:%91%22title_text_color%22%93}\u00bb][\/et_pb_heading][\/et_pb_column][et_pb_column type=\u00bb3_4&#8243; module_class=\u00bbprogram-content\u00bb _builder_version=\u00bb4.27.5&#8243; _module_preset=\u00bbdefault\u00bb global_colors_info=\u00bb{}\u00bb][et_pb_heading title=\u00bbPausa caf\u00e9\u00bb _builder_version=\u00bb4.27.5&#8243; _module_preset=\u00bbdefault\u00bb title_level=\u00bbh4&#8243; title_font=\u00bb|700|||||||\u00bb title_text_align=\u00bbleft\u00bb title_text_color=\u00bb#000000&#8243; title_font_size=\u00bb22px\u00bb title_line_height=\u00bb1em\u00bb custom_margin=\u00bb||0px||false|false\u00bb custom_padding=\u00bb||0px||false|false\u00bb title_font_size_tablet=\u00bb22px\u00bb global_colors_info=\u00bb{}\u00bb][\/et_pb_heading][\/et_pb_column][\/et_pb_row][\/et_pb_section][et_pb_section fb_built=\u00bb1&#8243; admin_label=\u00bbBloque Programa D\u00eda\u00bb _builder_version=\u00bb4.27.5&#8243; _module_preset=\u00bbdefault\u00bb width=\u00bb1080px\u00bb width_tablet=\u00bb100%\u00bb width_phone=\u00bb90%\u00bb width_last_edited=\u00bbon|desktop\u00bb module_alignment=\u00bbcenter\u00bb custom_margin=\u00bb0px||0px||false|false\u00bb custom_padding=\u00bb10px|20px|10px|20px|false|false\u00bb locked=\u00bboff\u00bb collapsed=\u00bboff\u00bb global_colors_info=\u00bb{}\u00bb][et_pb_row column_structure=\u00bb1_4,3_4&#8243; use_custom_gutter=\u00bbon\u00bb gutter_width=\u00bb1&#8243; _builder_version=\u00bb4.27.5&#8243; _module_preset=\u00bbdefault\u00bb width=\u00bb100%\u00bb width_tablet=\u00bb100%\u00bb width_phone=\u00bb100%\u00bb width_last_edited=\u00bbon|phone\u00bb custom_margin=\u00bb0px||0px||false|false\u00bb custom_padding=\u00bb0px||0px||false|false\u00bb locked=\u00bboff\u00bb global_colors_info=\u00bb{}\u00bb][et_pb_column type=\u00bb1_4&#8243; module_class=\u00bbprogram-time\u00bb _builder_version=\u00bb4.27.5&#8243; _module_preset=\u00bbdefault\u00bb global_colors_info=\u00bb{}\u00bb][et_pb_heading title=\u00bb11:15 \u2013 11:30&#8243; _builder_version=\u00bb4.27.5&#8243; _module_preset=\u00bbdefault\u00bb title_level=\u00bbh4&#8243; title_font=\u00bb|800|||||||\u00bb title_text_color=\u00bbgcid-secondary-color\u00bb title_font_size=\u00bb22px\u00bb title_line_height=\u00bb1em\u00bb title_font_size_tablet=\u00bb22px\u00bb title_font_size_phone=\u00bb22px\u00bb global_colors_info=\u00bb{%22gcid-secondary-color%22:%91%22title_text_color%22%93}\u00bb][\/et_pb_heading][\/et_pb_column][et_pb_column type=\u00bb3_4&#8243; module_class=\u00bbprogram-content\u00bb _builder_version=\u00bb4.27.5&#8243; _module_preset=\u00bbdefault\u00bb global_colors_info=\u00bb{}\u00bb][et_pb_heading title=\u00bbPresentaci\u00f3n EMYA2027&#8243; _builder_version=\u00bb4.27.5&#8243; _module_preset=\u00bbdefault\u00bb title_level=\u00bbh4&#8243; title_font=\u00bb|700|||||||\u00bb title_text_align=\u00bbleft\u00bb title_text_color=\u00bb#000000&#8243; title_font_size=\u00bb22px\u00bb title_line_height=\u00bb1em\u00bb custom_margin=\u00bb||0px||false|false\u00bb custom_padding=\u00bb||0px||false|false\u00bb title_font_size_tablet=\u00bb22px\u00bb global_colors_info=\u00bb{}\u00bb][\/et_pb_heading][\/et_pb_column][\/et_pb_row][\/et_pb_section][et_pb_section fb_built=\u00bb1&#8243; admin_label=\u00bbBloque Programa D\u00eda\u00bb _builder_version=\u00bb4.27.5&#8243; _module_preset=\u00bbdefault\u00bb width=\u00bb1080px\u00bb width_tablet=\u00bb100%\u00bb width_phone=\u00bb90%\u00bb width_last_edited=\u00bbon|desktop\u00bb module_alignment=\u00bbcenter\u00bb custom_margin=\u00bb0px||0px||false|false\u00bb custom_padding=\u00bb10px|20px|10px|20px|false|false\u00bb locked=\u00bboff\u00bb collapsed=\u00bboff\u00bb global_colors_info=\u00bb{}\u00bb][et_pb_row column_structure=\u00bb1_4,3_4&#8243; use_custom_gutter=\u00bbon\u00bb gutter_width=\u00bb1&#8243; _builder_version=\u00bb4.27.5&#8243; _module_preset=\u00bbdefault\u00bb width=\u00bb100%\u00bb width_tablet=\u00bb100%\u00bb width_phone=\u00bb100%\u00bb width_last_edited=\u00bbon|phone\u00bb custom_margin=\u00bb0px||0px||false|false\u00bb custom_padding=\u00bb0px||0px||false|false\u00bb locked=\u00bboff\u00bb global_colors_info=\u00bb{}\u00bb][et_pb_column type=\u00bb1_4&#8243; module_class=\u00bbprogram-time\u00bb _builder_version=\u00bb4.27.5&#8243; _module_preset=\u00bbdefault\u00bb global_colors_info=\u00bb{}\u00bb][et_pb_heading title=\u00bb11:30 \u2013 12:15&#8243; _builder_version=\u00bb4.27.5&#8243; _module_preset=\u00bbdefault\u00bb title_level=\u00bbh4&#8243; title_font=\u00bb|800|||||||\u00bb title_text_color=\u00bbgcid-secondary-color\u00bb title_font_size=\u00bb22px\u00bb title_line_height=\u00bb1em\u00bb title_font_size_tablet=\u00bb22px\u00bb title_font_size_phone=\u00bb22px\u00bb global_colors_info=\u00bb{%22gcid-secondary-color%22:%91%22title_text_color%22%93}\u00bb][\/et_pb_heading][\/et_pb_column][et_pb_column type=\u00bb3_4&#8243; module_class=\u00bbprogram-content\u00bb _builder_version=\u00bb4.27.5&#8243; _module_preset=\u00bbdefault\u00bb global_colors_info=\u00bb{}\u00bb][et_pb_heading title=\u00bbCeremonia de entrega de certificados\u00bb _builder_version=\u00bb4.27.5&#8243; _module_preset=\u00bbdefault\u00bb title_level=\u00bbh4&#8243; title_font=\u00bb|700|||||||\u00bb title_text_align=\u00bbleft\u00bb title_text_color=\u00bb#000000&#8243; title_font_size=\u00bb22px\u00bb title_line_height=\u00bb1em\u00bb custom_margin=\u00bb||0px||false|false\u00bb custom_padding=\u00bb||0px||false|false\u00bb title_font_size_tablet=\u00bb22px\u00bb global_colors_info=\u00bb{}\u00bb][\/et_pb_heading][et_pb_text _builder_version=\u00bb4.27.5&#8243; _module_preset=\u00bbdefault\u00bb text_font_size=\u00bb18px\u00bb text_line_height=\u00bb1.5em\u00bb custom_margin=\u00bb||18px||false|false\u00bb custom_padding=\u00bb||0px||false|false\u00bb global_colors_info=\u00bb{}\u00bb]<\/p>\n<p>El Foro Europeo de Museos entregar\u00e1 oficialmente los certificados a todos los museos nominados.<\/p>\n<p>[\/et_pb_text][et_pb_text _builder_version=\u00bb4.27.5&#8243; _module_preset=\u00bbdefault\u00bb text_font_size=\u00bb18px\u00bb text_line_height=\u00bb1.5em\u00bb custom_margin=\u00bb||18px||false|false\u00bb custom_padding=\u00bb||0px||false|false\u00bb global_colors_info=\u00bb{}\u00bb]<\/p>\n<p>Presentado por: La miembro del jurado de los EMYA Dominika Mroczkowska-Rusiniak y la representante nacional del FEM en Espa\u00f1a, Karmele Barandiaran<\/p>\n<p>[\/et_pb_text][et_pb_heading title=\u00bbFotograf\u00eda de grupo de todos los museos nominados\u00bb _builder_version=\u00bb4.27.5&#8243; _module_preset=\u00bbdefault\u00bb title_level=\u00bbh4&#8243; title_font=\u00bb|700|||||||\u00bb title_text_align=\u00bbleft\u00bb title_text_color=\u00bb#000000&#8243; title_font_size=\u00bb22px\u00bb title_line_height=\u00bb1em\u00bb custom_margin=\u00bb||0px||false|false\u00bb custom_padding=\u00bb||0px||false|false\u00bb title_font_size_tablet=\u00bb22px\u00bb global_colors_info=\u00bb{}\u00bb][\/et_pb_heading][\/et_pb_column][\/et_pb_row][\/et_pb_section][et_pb_section fb_built=\u00bb1&#8243; admin_label=\u00bbBloque Programa D\u00eda\u00bb _builder_version=\u00bb4.27.5&#8243; _module_preset=\u00bbdefault\u00bb width=\u00bb1080px\u00bb width_tablet=\u00bb100%\u00bb width_phone=\u00bb90%\u00bb width_last_edited=\u00bbon|desktop\u00bb module_alignment=\u00bbcenter\u00bb custom_margin=\u00bb0px||0px||false|false\u00bb custom_padding=\u00bb10px|20px|10px|20px|false|false\u00bb locked=\u00bboff\u00bb collapsed=\u00bboff\u00bb global_colors_info=\u00bb{}\u00bb][et_pb_row column_structure=\u00bb1_4,3_4&#8243; use_custom_gutter=\u00bbon\u00bb gutter_width=\u00bb1&#8243; _builder_version=\u00bb4.27.5&#8243; _module_preset=\u00bbdefault\u00bb width=\u00bb100%\u00bb width_tablet=\u00bb100%\u00bb width_phone=\u00bb100%\u00bb width_last_edited=\u00bbon|phone\u00bb custom_margin=\u00bb0px||0px||false|false\u00bb custom_padding=\u00bb0px||0px||false|false\u00bb locked=\u00bboff\u00bb global_colors_info=\u00bb{}\u00bb][et_pb_column type=\u00bb1_4&#8243; module_class=\u00bbprogram-time\u00bb _builder_version=\u00bb4.27.5&#8243; _module_preset=\u00bbdefault\u00bb global_colors_info=\u00bb{}\u00bb][et_pb_heading title=\u00bb12:30 \u2013 13:30&#8243; _builder_version=\u00bb4.27.5&#8243; _module_preset=\u00bbdefault\u00bb title_level=\u00bbh4&#8243; title_font=\u00bb|800|||||||\u00bb title_text_color=\u00bbgcid-secondary-color\u00bb title_font_size=\u00bb22px\u00bb title_line_height=\u00bb1em\u00bb title_font_size_tablet=\u00bb22px\u00bb title_font_size_phone=\u00bb22px\u00bb global_colors_info=\u00bb{%22gcid-secondary-color%22:%91%22title_text_color%22%93}\u00bb][\/et_pb_heading][\/et_pb_column][et_pb_column type=\u00bb3_4&#8243; module_class=\u00bbprogram-content\u00bb _builder_version=\u00bb4.27.5&#8243; _module_preset=\u00bbdefault\u00bb global_colors_info=\u00bb{}\u00bb][et_pb_heading title=\u00bbAlmuerzo\u00bb _builder_version=\u00bb4.27.5&#8243; _module_preset=\u00bbdefault\u00bb title_level=\u00bbh4&#8243; title_font=\u00bb|700|||||||\u00bb title_text_align=\u00bbleft\u00bb title_text_color=\u00bb#000000&#8243; title_font_size=\u00bb22px\u00bb title_line_height=\u00bb1em\u00bb custom_margin=\u00bb||0px||false|false\u00bb custom_padding=\u00bb||0px||false|false\u00bb title_font_size_tablet=\u00bb22px\u00bb global_colors_info=\u00bb{}\u00bb][\/et_pb_heading][\/et_pb_column][\/et_pb_row][\/et_pb_section][et_pb_section fb_built=\u00bb1&#8243; admin_label=\u00bbBloque Programa D\u00eda\u00bb _builder_version=\u00bb4.27.5&#8243; _module_preset=\u00bbdefault\u00bb width=\u00bb1080px\u00bb width_tablet=\u00bb100%\u00bb width_phone=\u00bb90%\u00bb width_last_edited=\u00bbon|desktop\u00bb module_alignment=\u00bbcenter\u00bb custom_margin=\u00bb0px||0px||false|false\u00bb custom_padding=\u00bb10px|20px|10px|20px|false|false\u00bb locked=\u00bboff\u00bb collapsed=\u00bboff\u00bb global_colors_info=\u00bb{}\u00bb][et_pb_row column_structure=\u00bb1_4,3_4&#8243; use_custom_gutter=\u00bbon\u00bb gutter_width=\u00bb1&#8243; _builder_version=\u00bb4.27.5&#8243; _module_preset=\u00bbdefault\u00bb width=\u00bb100%\u00bb width_tablet=\u00bb100%\u00bb width_phone=\u00bb100%\u00bb width_last_edited=\u00bbon|phone\u00bb custom_margin=\u00bb0px||0px||false|false\u00bb custom_padding=\u00bb0px||0px||false|false\u00bb locked=\u00bboff\u00bb global_colors_info=\u00bb{}\u00bb][et_pb_column type=\u00bb1_4&#8243; module_class=\u00bbprogram-time\u00bb _builder_version=\u00bb4.27.5&#8243; _module_preset=\u00bbdefault\u00bb global_colors_info=\u00bb{}\u00bb][et_pb_heading title=\u00bb13:30 \u2013 14:30&#8243; _builder_version=\u00bb4.27.5&#8243; _module_preset=\u00bbdefault\u00bb title_level=\u00bbh4&#8243; title_font=\u00bb|800|||||||\u00bb title_text_color=\u00bbgcid-secondary-color\u00bb title_font_size=\u00bb22px\u00bb title_line_height=\u00bb1em\u00bb title_font_size_tablet=\u00bb22px\u00bb title_font_size_phone=\u00bb22px\u00bb global_colors_info=\u00bb{%22gcid-secondary-color%22:%91%22title_text_color%22%93}\u00bb][\/et_pb_heading][\/et_pb_column][et_pb_column type=\u00bb3_4&#8243; module_class=\u00bbprogram-content\u00bb _builder_version=\u00bb4.27.5&#8243; _module_preset=\u00bbdefault\u00bb global_colors_info=\u00bb{}\u00bb][et_pb_heading title=\u00bbTalleres impartidos por anteriores ganadores del premio \u2013 Por confirmar\u00bb _builder_version=\u00bb4.27.5&#8243; _module_preset=\u00bbdefault\u00bb title_level=\u00bbh4&#8243; title_font=\u00bb|700|||||||\u00bb title_text_align=\u00bbleft\u00bb title_text_color=\u00bb#000000&#8243; title_font_size=\u00bb22px\u00bb title_line_height=\u00bb1em\u00bb custom_margin=\u00bb||0px||false|false\u00bb custom_padding=\u00bb||0px||false|false\u00bb title_font_size_tablet=\u00bb22px\u00bb global_colors_info=\u00bb{}\u00bb][\/et_pb_heading][et_pb_text _builder_version=\u00bb4.27.5&#8243; _module_preset=\u00bbdefault\u00bb text_font_size=\u00bb18px\u00bb text_line_height=\u00bb1.5em\u00bb custom_margin=\u00bb||18px||false|false\u00bb custom_padding=\u00bb||0px||false|false\u00bb global_colors_info=\u00bb{}\u00bb]<\/p>\n<p>La inscripci\u00f3n para los talleres se realizar\u00e1 in situ, en el mostrador de inscripci\u00f3n, y por orden de llegada.<\/p>\n<p>[\/et_pb_text][et_pb_heading title=\u00bbTarde libre para las personas participantes\u00bb _builder_version=\u00bb4.27.5&#8243; _module_preset=\u00bbdefault\u00bb title_level=\u00bbh4&#8243; title_font=\u00bb|700|||||||\u00bb title_text_align=\u00bbleft\u00bb title_text_color=\u00bb#000000&#8243; title_font_size=\u00bb22px\u00bb title_line_height=\u00bb1em\u00bb custom_margin=\u00bb||0px||false|false\u00bb custom_padding=\u00bb||0px||false|false\u00bb title_font_size_tablet=\u00bb22px\u00bb global_colors_info=\u00bb{}\u00bb][\/et_pb_heading][\/et_pb_column][\/et_pb_row][\/et_pb_section][et_pb_section fb_built=\u00bb1&#8243; admin_label=\u00bbBloque Programa D\u00eda\u00bb _builder_version=\u00bb4.27.5&#8243; _module_preset=\u00bbdefault\u00bb width=\u00bb1080px\u00bb width_tablet=\u00bb100%\u00bb width_phone=\u00bb90%\u00bb width_last_edited=\u00bbon|desktop\u00bb module_alignment=\u00bbcenter\u00bb custom_margin=\u00bb0px||0px||false|false\u00bb custom_padding=\u00bb10px|20px|10px|20px|false|false\u00bb locked=\u00bboff\u00bb collapsed=\u00bboff\u00bb global_colors_info=\u00bb{}\u00bb][et_pb_row column_structure=\u00bb1_4,3_4&#8243; use_custom_gutter=\u00bbon\u00bb gutter_width=\u00bb1&#8243; _builder_version=\u00bb4.27.5&#8243; _module_preset=\u00bbdefault\u00bb width=\u00bb100%\u00bb width_tablet=\u00bb100%\u00bb width_phone=\u00bb100%\u00bb width_last_edited=\u00bbon|phone\u00bb custom_margin=\u00bb0px||0px||false|false\u00bb custom_padding=\u00bb0px||0px||false|false\u00bb locked=\u00bboff\u00bb global_colors_info=\u00bb{}\u00bb][et_pb_column type=\u00bb1_4&#8243; module_class=\u00bbprogram-time\u00bb _builder_version=\u00bb4.27.5&#8243; _module_preset=\u00bbdefault\u00bb global_colors_info=\u00bb{}\u00bb][et_pb_heading title=\u00bb18:00 \u2013 20:00&#8243; _builder_version=\u00bb4.27.5&#8243; _module_preset=\u00bbdefault\u00bb title_level=\u00bbh4&#8243; title_font=\u00bb|800|||||||\u00bb title_text_color=\u00bbgcid-secondary-color\u00bb title_font_size=\u00bb22px\u00bb title_line_height=\u00bb1em\u00bb title_font_size_tablet=\u00bb22px\u00bb title_font_size_phone=\u00bb22px\u00bb global_colors_info=\u00bb{%22gcid-secondary-color%22:%91%22title_text_color%22%93}\u00bb][\/et_pb_heading][\/et_pb_column][et_pb_column type=\u00bb3_4&#8243; module_class=\u00bbprogram-content\u00bb _builder_version=\u00bb4.27.5&#8243; _module_preset=\u00bbdefault\u00bb global_colors_info=\u00bb{}\u00bb][et_pb_heading title=\u00bbCEREMONIA DE PREMIOS EMYA2026&#8243; _builder_version=\u00bb4.27.5&#8243; _module_preset=\u00bbdefault\u00bb title_level=\u00bbh4&#8243; title_font=\u00bb|700|||||||\u00bb title_text_align=\u00bbleft\u00bb title_text_color=\u00bb#000000&#8243; title_font_size=\u00bb22px\u00bb title_line_height=\u00bb1em\u00bb custom_margin=\u00bb||0px||false|false\u00bb custom_padding=\u00bb||0px||false|false\u00bb title_font_size_tablet=\u00bb22px\u00bb global_colors_info=\u00bb{}\u00bb][\/et_pb_heading][et_pb_text _builder_version=\u00bb4.27.5&#8243; _module_preset=\u00bbdefault\u00bb text_font_size=\u00bb18px\u00bb text_line_height=\u00bb1.5em\u00bb custom_margin=\u00bb||18px||false|false\u00bb custom_padding=\u00bb||0px||false|false\u00bb global_colors_info=\u00bb{}\u00bb]<\/p>\n<div>Lugar de la ceremonia: Palacio de Congresos y de la M\u00fasica Euskalduna<\/div>\n<div><strong>C\u00f3digo de vestimenta: Semiformal<\/strong><\/div>\n<div>Maestro de ceremonia: Mathieu Viau Courville, Juez EMYA<\/div>\n<p>[\/et_pb_text][\/et_pb_column][\/et_pb_row][\/et_pb_section][et_pb_section fb_built=\u00bb1&#8243; admin_label=\u00bbBloque Programa D\u00eda\u00bb _builder_version=\u00bb4.27.5&#8243; _module_preset=\u00bbdefault\u00bb width=\u00bb1080px\u00bb width_tablet=\u00bb100%\u00bb width_phone=\u00bb90%\u00bb width_last_edited=\u00bbon|desktop\u00bb module_alignment=\u00bbcenter\u00bb custom_margin=\u00bb0px||0px||false|false\u00bb custom_padding=\u00bb10px|20px|10px|20px|false|false\u00bb locked=\u00bboff\u00bb collapsed=\u00bboff\u00bb global_colors_info=\u00bb{}\u00bb][et_pb_row column_structure=\u00bb1_4,3_4&#8243; use_custom_gutter=\u00bbon\u00bb gutter_width=\u00bb1&#8243; _builder_version=\u00bb4.27.5&#8243; _module_preset=\u00bbdefault\u00bb width=\u00bb100%\u00bb width_tablet=\u00bb100%\u00bb width_phone=\u00bb100%\u00bb width_last_edited=\u00bbon|phone\u00bb custom_margin=\u00bb0px||0px||false|false\u00bb custom_padding=\u00bb0px||0px||false|false\u00bb locked=\u00bboff\u00bb global_colors_info=\u00bb{}\u00bb][et_pb_column type=\u00bb1_4&#8243; module_class=\u00bbprogram-time\u00bb _builder_version=\u00bb4.27.5&#8243; _module_preset=\u00bbdefault\u00bb global_colors_info=\u00bb{}\u00bb][et_pb_heading title=\u00bb21:00 \u2013 23:00&#8243; _builder_version=\u00bb4.27.5&#8243; _module_preset=\u00bbdefault\u00bb title_level=\u00bbh4&#8243; title_font=\u00bb|800|||||||\u00bb title_text_color=\u00bbgcid-secondary-color\u00bb title_font_size=\u00bb22px\u00bb title_line_height=\u00bb1em\u00bb title_font_size_tablet=\u00bb22px\u00bb title_font_size_phone=\u00bb22px\u00bb global_colors_info=\u00bb{%22gcid-secondary-color%22:%91%22title_text_color%22%93}\u00bb][\/et_pb_heading][\/et_pb_column][et_pb_column type=\u00bb3_4&#8243; module_class=\u00bbprogram-content\u00bb _builder_version=\u00bb4.27.5&#8243; _module_preset=\u00bbdefault\u00bb global_colors_info=\u00bb{}\u00bb][et_pb_heading title=\u00bbCENA DE GALA DE LOS EMYA\u00bb _builder_version=\u00bb4.27.5&#8243; _module_preset=\u00bbdefault\u00bb title_level=\u00bbh4&#8243; title_font=\u00bb|700|||||||\u00bb title_text_align=\u00bbleft\u00bb title_text_color=\u00bb#000000&#8243; title_font_size=\u00bb22px\u00bb title_line_height=\u00bb1em\u00bb custom_margin=\u00bb||0px||false|false\u00bb custom_padding=\u00bb||0px||false|false\u00bb title_font_size_tablet=\u00bb22px\u00bb global_colors_info=\u00bb{}\u00bb][\/et_pb_heading][et_pb_text _builder_version=\u00bb4.27.5&#8243; _module_preset=\u00bbdefault\u00bb text_font_size=\u00bb18px\u00bb text_line_height=\u00bb1.5em\u00bb custom_margin=\u00bb||18px||false|false\u00bb custom_padding=\u00bb||0px||false|false\u00bb global_colors_info=\u00bb{}\u00bb]<\/p>\n<p>Lugar: Museo Guggenheim Bilbao<br \/>Ganador del Premio al Museo Europeo del A\u00f1o 2000<br \/><a href=\"https:\/\/www.google.com\/maps\/place\/data=!4m2!3m1!1s0xd4e4fdede6031b5:0x508893b7cdaf6dad?sa=X&amp;ved=1t:8290&amp;ictx=111\" target=\"_blank\" rel=\"noopener\">Abandoibarra Etorb., 2, Abando, Bilbao, Bizkaia<\/a><\/p>\n<p>[\/et_pb_text][\/et_pb_column][\/et_pb_row][\/et_pb_section][et_pb_section fb_built=\u00bb1&#8243; admin_label=\u00bbBloque Programa D\u00eda\u00bb _builder_version=\u00bb4.27.5&#8243; _module_preset=\u00bbdefault\u00bb width=\u00bb1080px\u00bb width_tablet=\u00bb100%\u00bb width_phone=\u00bb90%\u00bb width_last_edited=\u00bbon|desktop\u00bb module_alignment=\u00bbcenter\u00bb custom_margin=\u00bb0px||0px||false|false\u00bb custom_padding=\u00bb60px|20px|15px|20px|false|false\u00bb locked=\u00bboff\u00bb collapsed=\u00bboff\u00bb global_colors_info=\u00bb{}\u00bb][et_pb_row column_structure=\u00bb1_4,3_4&#8243; use_custom_gutter=\u00bbon\u00bb gutter_width=\u00bb1&#8243; _builder_version=\u00bb4.27.5&#8243; _module_preset=\u00bbdefault\u00bb width=\u00bb100%\u00bb width_tablet=\u00bb100%\u00bb width_phone=\u00bb100%\u00bb width_last_edited=\u00bbon|desktop\u00bb custom_margin=\u00bb0px||0px||false|false\u00bb custom_padding=\u00bb0px||0px||false|false\u00bb locked=\u00bboff\u00bb global_colors_info=\u00bb{}\u00bb][et_pb_column type=\u00bb1_4&#8243; module_class=\u00bbprogram-time\u00bb _builder_version=\u00bb4.27.5&#8243; _module_preset=\u00bbdefault\u00bb global_colors_info=\u00bb{}\u00bb][et_pb_heading title=\u00bbD\u00cdA 5&#8243; _builder_version=\u00bb4.27.5&#8243; _module_preset=\u00bbdefault\u00bb title_level=\u00bbh2&#8243; title_font=\u00bb|800|||||||\u00bb title_text_color=\u00bbgcid-secondary-color\u00bb title_font_size=\u00bb40px\u00bb title_font_size_tablet=\u00bb40px\u00bb title_font_size_phone=\u00bb40px\u00bb global_colors_info=\u00bb{%22gcid-secondary-color%22:%91%22title_text_color%22%93}\u00bb][\/et_pb_heading][\/et_pb_column][et_pb_column type=\u00bb3_4&#8243; module_class=\u00bbprogram-content\u00bb _builder_version=\u00bb4.27.5&#8243; _module_preset=\u00bbdefault\u00bb global_colors_info=\u00bb{}\u00bb][et_pb_heading title=\u00bbDOMINGO, 14 de junio de 2026&#8243; _builder_version=\u00bb4.27.5&#8243; _module_preset=\u00bbdefault\u00bb title_level=\u00bbh3&#8243; title_font=\u00bb|700|||||||\u00bb title_text_align=\u00bbleft\u00bb title_font_size=\u00bb30px\u00bb title_line_height=\u00bb1em\u00bb custom_margin=\u00bb||0px||false|false\u00bb custom_padding=\u00bb||0px||false|false\u00bb title_font_size_tablet=\u00bb25px\u00bb title_font_size_phone=\u00bb25px\u00bb title_font_size_last_edited=\u00bbon|tablet\u00bb global_colors_info=\u00bb{}\u00bb][\/et_pb_heading][et_pb_heading title=\u00bbVisitas opcionales por Bizkaia\u00bb _builder_version=\u00bb4.27.5&#8243; _module_preset=\u00bbdefault\u00bb title_level=\u00bbh4&#8243; title_font=\u00bb|700|||||||\u00bb title_text_align=\u00bbleft\u00bb title_font_size=\u00bb30px\u00bb title_line_height=\u00bb1em\u00bb custom_margin=\u00bb0px||0px||false|false\u00bb custom_padding=\u00bb0px||0px||false|false\u00bb title_font_size_tablet=\u00bb24px\u00bb global_colors_info=\u00bb{}\u00bb][\/et_pb_heading][et_pb_text _builder_version=\u00bb4.27.5&#8243; _module_preset=\u00bbdefault\u00bb text_font_size=\u00bb18px\u00bb text_line_height=\u00bb1.5em\u00bb custom_margin=\u00bb||18px||false|false\u00bb custom_padding=\u00bb||0px||false|false\u00bb global_colors_info=\u00bb{}\u00bb]<\/p>\n<p>Es necesario inscribirse:<br \/><a href=\"mailto:registration@euskararenetxea.eus\">registration@euskararenetxea.eus<\/a><\/p>\n<p>[\/et_pb_text][et_pb_divider color=\u00bb#D6D6D6&#8243; divider_weight=\u00bb7px\u00bb _builder_version=\u00bb4.27.5&#8243; _module_preset=\u00bbdefault\u00bb height=\u00bb8px\u00bb max_height=\u00bb8px\u00bb custom_margin=\u00bb0px||10px||false|false\u00bb custom_padding=\u00bb0px||0px||false|false\u00bb global_colors_info=\u00bb{}\u00bb][\/et_pb_divider][\/et_pb_column][\/et_pb_row][\/et_pb_section][et_pb_section fb_built=\u00bb1&#8243; admin_label=\u00bbBloque Programa D\u00eda\u00bb _builder_version=\u00bb4.27.5&#8243; _module_preset=\u00bbdefault\u00bb width=\u00bb1080px\u00bb width_tablet=\u00bb100%\u00bb width_phone=\u00bb90%\u00bb width_last_edited=\u00bbon|desktop\u00bb module_alignment=\u00bbcenter\u00bb custom_margin=\u00bb0px||0px||false|false\u00bb custom_padding=\u00bb10px|20px|10px|20px|false|false\u00bb locked=\u00bboff\u00bb collapsed=\u00bboff\u00bb global_colors_info=\u00bb{}\u00bb][et_pb_row column_structure=\u00bb1_4,3_4&#8243; use_custom_gutter=\u00bbon\u00bb gutter_width=\u00bb1&#8243; _builder_version=\u00bb4.27.5&#8243; _module_preset=\u00bbdefault\u00bb width=\u00bb100%\u00bb width_tablet=\u00bb100%\u00bb width_phone=\u00bb100%\u00bb width_last_edited=\u00bbon|phone\u00bb custom_margin=\u00bb0px||0px||false|false\u00bb custom_padding=\u00bb0px||0px||false|false\u00bb locked=\u00bboff\u00bb global_colors_info=\u00bb{}\u00bb][et_pb_column type=\u00bb1_4&#8243; module_class=\u00bbprogram-time\u00bb _builder_version=\u00bb4.27.5&#8243; _module_preset=\u00bbdefault\u00bb global_colors_info=\u00bb{}\u00bb][\/et_pb_column][et_pb_column type=\u00bb3_4&#8243; module_class=\u00bbprogram-content\u00bb _builder_version=\u00bb4.27.5&#8243; _module_preset=\u00bbdefault\u00bb global_colors_info=\u00bb{}\u00bb][et_pb_heading title=\u00bbBilbao como nunca lo hab\u00edas visto: la ciudad desde sus entra\u00f1as\u00bb _builder_version=\u00bb4.27.5&#8243; _module_preset=\u00bbdefault\u00bb title_level=\u00bbh4&#8243; title_font=\u00bb|700|||on||||\u00bb title_text_align=\u00bbleft\u00bb title_text_color=\u00bb#000000&#8243; title_font_size=\u00bb22px\u00bb title_line_height=\u00bb1em\u00bb custom_margin=\u00bb||0px||false|false\u00bb custom_padding=\u00bb||0px||false|false\u00bb title_font_size_tablet=\u00bb22px\u00bb global_colors_info=\u00bb{}\u00bb][\/et_pb_heading][et_pb_text _builder_version=\u00bb4.27.5&#8243; _module_preset=\u00bbdefault\u00bb text_font_size=\u00bb18px\u00bb text_line_height=\u00bb1.5em\u00bb custom_margin=\u00bb||18px||false|false\u00bb custom_padding=\u00bb||0px||false|false\u00bb global_colors_info=\u00bb{}\u00bb]<\/p>\n<p>\u00bfQuieres descubrir la esencia de Bilbao? Sube a bordo y navega por el r\u00edo Nervi\u00f3n, la v\u00eda fluvial que ha marcado el pasado de la ciudad y su identidad moderna. No hay mejor manera de explorar Bilbao que siguiendo el r\u00edo que la atraviesa.<\/p>\n<p>[\/et_pb_text][et_pb_text _builder_version=\u00bb4.27.5&#8243; _module_preset=\u00bbdefault\u00bb text_font_size=\u00bb18px\u00bb text_line_height=\u00bb1.5em\u00bb custom_margin=\u00bb||18px||false|false\u00bb custom_padding=\u00bb||0px||false|false\u00bb global_colors_info=\u00bb{}\u00bb]<\/p>\n<p><strong>Duraci\u00f3n<\/strong>: 10:45-12:00<\/p>\n<p>[\/et_pb_text][et_pb_text _builder_version=\u00bb4.27.5&#8243; _module_preset=\u00bbdefault\u00bb text_font_size=\u00bb18px\u00bb text_line_height=\u00bb1.5em\u00bb custom_margin=\u00bb||18px||false|false\u00bb custom_padding=\u00bb||0px||false|false\u00bb global_colors_info=\u00bb{}\u00bb]<\/p>\n<p><strong>Punto de encuentro<\/strong>: Plaza P\u00edo Baroja, 1, Bilbao. <a href=\"https:\/\/labur.eus\/Bilbao-on-board\" target=\"_blank\" rel=\"noopener\">C\u00f3mo llegar<\/a><\/p>\n<p>[\/et_pb_text][\/et_pb_column][\/et_pb_row][\/et_pb_section][et_pb_section fb_built=\u00bb1&#8243; admin_label=\u00bbBloque Programa D\u00eda\u00bb _builder_version=\u00bb4.27.5&#8243; _module_preset=\u00bbdefault\u00bb width=\u00bb1080px\u00bb width_tablet=\u00bb100%\u00bb width_phone=\u00bb90%\u00bb width_last_edited=\u00bbon|desktop\u00bb module_alignment=\u00bbcenter\u00bb custom_margin=\u00bb0px||0px||false|false\u00bb custom_padding=\u00bb10px|20px|10px|20px|false|false\u00bb locked=\u00bboff\u00bb collapsed=\u00bboff\u00bb global_colors_info=\u00bb{}\u00bb][et_pb_row column_structure=\u00bb1_4,3_4&#8243; use_custom_gutter=\u00bbon\u00bb gutter_width=\u00bb1&#8243; _builder_version=\u00bb4.27.5&#8243; _module_preset=\u00bbdefault\u00bb width=\u00bb100%\u00bb width_tablet=\u00bb100%\u00bb width_phone=\u00bb100%\u00bb width_last_edited=\u00bbon|phone\u00bb custom_margin=\u00bb0px||0px||false|false\u00bb custom_padding=\u00bb0px||0px||false|false\u00bb locked=\u00bboff\u00bb global_colors_info=\u00bb{}\u00bb][et_pb_column type=\u00bb1_4&#8243; module_class=\u00bbprogram-time\u00bb _builder_version=\u00bb4.27.5&#8243; _module_preset=\u00bbdefault\u00bb global_colors_info=\u00bb{}\u00bb][\/et_pb_column][et_pb_column type=\u00bb3_4&#8243; module_class=\u00bbprogram-content\u00bb _builder_version=\u00bb4.27.5&#8243; _module_preset=\u00bbdefault\u00bb global_colors_info=\u00bb{}\u00bb][et_pb_heading title=\u00bbBizkaia, tierra de hierro y lana: un viaje a nuestras ra\u00edces\u00bb _builder_version=\u00bb4.27.5&#8243; _module_preset=\u00bbdefault\u00bb title_level=\u00bbh4&#8243; title_font=\u00bb|700|||on||||\u00bb title_text_align=\u00bbleft\u00bb title_text_color=\u00bb#000000&#8243; title_font_size=\u00bb22px\u00bb title_line_height=\u00bb1em\u00bb custom_margin=\u00bb||0px||false|false\u00bb custom_padding=\u00bb||0px||false|false\u00bb title_font_size_tablet=\u00bb22px\u00bb global_colors_info=\u00bb{}\u00bb][\/et_pb_heading][et_pb_text _builder_version=\u00bb4.27.5&#8243; _module_preset=\u00bbdefault\u00bb text_font_size=\u00bb18px\u00bb text_line_height=\u00bb1.5em\u00bb custom_margin=\u00bb||18px||false|false\u00bb custom_padding=\u00bb||0px||false|false\u00bb global_colors_info=\u00bb{}\u00bb]<\/p>\n<p>Descubre la esencia de Bizkaia en un viaje que te transportar\u00e1 al pasado. D\u00e9jate sorprender por la magia de La Encartada Fabrika-Museoa, en Balmaseda. Este original molino del siglo XIX se conserva tal y como funcionaba en su d\u00eda, con su maquinaria y equipamiento intactos y en sus posiciones originales. Se trata de una de las colecciones m\u00e1s completas del mundo de tecnolog\u00eda textil hist\u00f3rica, que permite a las personas visitantes experimentar las aut\u00e9nticas im\u00e1genes, sonidos e incluso olores de un molino de aquella \u00e9poca que sigue funcionando. Contin\u00faa tu ruta en el Museo Vasco de la Miner\u00eda, en Gallarta, donde podr\u00e1s explorar los principales yacimientos de hierro de la zona, conocer el exigente trabajo de los mineros y metal\u00fargicos y seguir la evoluci\u00f3n de las t\u00e9cnicas mineras y la tecnolog\u00eda industrial hasta nuestros d\u00edas. Descubre c\u00f3mo cobran vida los paisajes, las herramientas y las historias que han dado forma a nuestro patrimonio minero. Dos museos distintos, tejidos con lana y forjados en hierro, que juntos definen el car\u00e1cter resiliente de la identidad vasca.<\/p>\n<p>[\/et_pb_text][et_pb_text _builder_version=\u00bb4.27.5&#8243; _module_preset=\u00bbdefault\u00bb text_font_size=\u00bb18px\u00bb text_line_height=\u00bb1.5em\u00bb custom_margin=\u00bb||18px||false|false\u00bb custom_padding=\u00bb||0px||false|false\u00bb global_colors_info=\u00bb{}\u00bb]<\/p>\n<p><strong>Duraci\u00f3n<\/strong>: 9:00-13:00<\/p>\n<p>[\/et_pb_text][et_pb_text _builder_version=\u00bb4.27.5&#8243; _module_preset=\u00bbdefault\u00bb text_font_size=\u00bb18px\u00bb text_line_height=\u00bb1.5em\u00bb custom_margin=\u00bb||18px||false|false\u00bb custom_padding=\u00bb||0px||false|false\u00bb global_colors_info=\u00bb{}\u00bb]<\/p>\n<p><strong>Punto de encuentro<\/strong>: Palacio de Congresos y de la M\u00fasica Euskalduna<\/p>\n<p>[\/et_pb_text][\/et_pb_column][\/et_pb_row][\/et_pb_section][et_pb_section fb_built=\u00bb1&#8243; admin_label=\u00bbBloque Programa D\u00eda\u00bb _builder_version=\u00bb4.27.5&#8243; _module_preset=\u00bbdefault\u00bb width=\u00bb1080px\u00bb width_tablet=\u00bb100%\u00bb width_phone=\u00bb90%\u00bb width_last_edited=\u00bbon|desktop\u00bb module_alignment=\u00bbcenter\u00bb custom_margin=\u00bb0px||0px||false|false\u00bb custom_padding=\u00bb10px|20px|10px|20px|false|false\u00bb locked=\u00bboff\u00bb collapsed=\u00bboff\u00bb global_colors_info=\u00bb{}\u00bb][et_pb_row column_structure=\u00bb1_4,3_4&#8243; use_custom_gutter=\u00bbon\u00bb gutter_width=\u00bb1&#8243; _builder_version=\u00bb4.27.5&#8243; _module_preset=\u00bbdefault\u00bb width=\u00bb100%\u00bb width_tablet=\u00bb100%\u00bb width_phone=\u00bb100%\u00bb width_last_edited=\u00bbon|phone\u00bb custom_margin=\u00bb0px||0px||false|false\u00bb custom_padding=\u00bb0px||0px||false|false\u00bb locked=\u00bboff\u00bb global_colors_info=\u00bb{}\u00bb][et_pb_column type=\u00bb1_4&#8243; module_class=\u00bbprogram-time\u00bb _builder_version=\u00bb4.27.5&#8243; _module_preset=\u00bbdefault\u00bb global_colors_info=\u00bb{}\u00bb][\/et_pb_column][et_pb_column type=\u00bb3_4&#8243; module_class=\u00bbprogram-content\u00bb _builder_version=\u00bb4.27.5&#8243; _module_preset=\u00bbdefault\u00bb global_colors_info=\u00bb{}\u00bb][et_pb_heading title=\u00bbDescubriendo el patrimonio del txakoli y la cultura marinera vasca\u00bb _builder_version=\u00bb4.27.5&#8243; _module_preset=\u00bbdefault\u00bb title_level=\u00bbh4&#8243; title_font=\u00bb|700|||on||||\u00bb title_text_align=\u00bbleft\u00bb title_text_color=\u00bb#000000&#8243; title_font_size=\u00bb22px\u00bb title_line_height=\u00bb1em\u00bb custom_margin=\u00bb||0px||false|false\u00bb custom_padding=\u00bb||0px||false|false\u00bb title_font_size_tablet=\u00bb22px\u00bb global_colors_info=\u00bb{}\u00bb][\/et_pb_heading][et_pb_text _builder_version=\u00bb4.27.5&#8243; _module_preset=\u00bbdefault\u00bb text_font_size=\u00bb18px\u00bb text_line_height=\u00bb1.5em\u00bb custom_margin=\u00bb||18px||false|false\u00bb custom_padding=\u00bb||0px||false|false\u00bb global_colors_info=\u00bb{}\u00bb]<\/p>\n<p>Descubre dos expresiones esenciales del patrimonio de Bizkaia con una visita combinada al Museo del Txakoli-Txakolingunea en Bakio y al Museo del Pescador en Bermeo. Comienza explorando la historia, la evoluci\u00f3n y la producci\u00f3n del txakoli y descubre c\u00f3mo este vino \u00fanico ha moldeado la identidad local. A continuaci\u00f3n, dir\u00edjete a la hist\u00f3rica Torre de Ercilla, en Bermeo, donde el Museo del Pescador ofrece una visi\u00f3n fascinante de las tradiciones, la vida cotidiana y la cultura mar\u00edtima de las comunidades pesqueras vascas a trav\u00e9s de sus exposiciones, visitas guiadas y actividades.<\/p>\n<p>[\/et_pb_text][et_pb_text _builder_version=\u00bb4.27.5&#8243; _module_preset=\u00bbdefault\u00bb text_font_size=\u00bb18px\u00bb text_line_height=\u00bb1.5em\u00bb custom_margin=\u00bb||18px||false|false\u00bb custom_padding=\u00bb||0px||false|false\u00bb global_colors_info=\u00bb{}\u00bb]<\/p>\n<p><strong>Duraci\u00f3n<\/strong>: 10:00-18:00<\/p>\n<p>[\/et_pb_text][et_pb_text _builder_version=\u00bb4.27.5&#8243; _module_preset=\u00bbdefault\u00bb text_font_size=\u00bb18px\u00bb text_line_height=\u00bb1.5em\u00bb custom_margin=\u00bb||18px||false|false\u00bb custom_padding=\u00bb||0px||false|false\u00bb global_colors_info=\u00bb{}\u00bb]<\/p>\n<p><strong>Punto de encuentro<\/strong>: Palacio de Congresos y de la M\u00fasica Euskalduna<\/p>\n<p>[\/et_pb_text][\/et_pb_column][\/et_pb_row][\/et_pb_section][et_pb_section fb_built=\u00bb1&#8243; admin_label=\u00bbBloque Programa D\u00eda\u00bb _builder_version=\u00bb4.27.5&#8243; _module_preset=\u00bbdefault\u00bb width=\u00bb1080px\u00bb width_tablet=\u00bb100%\u00bb width_phone=\u00bb90%\u00bb width_last_edited=\u00bbon|desktop\u00bb module_alignment=\u00bbcenter\u00bb custom_margin=\u00bb0px||0px||false|false\u00bb custom_padding=\u00bb60px|20px|15px|20px|false|false\u00bb locked=\u00bboff\u00bb collapsed=\u00bboff\u00bb global_colors_info=\u00bb{}\u00bb][et_pb_row column_structure=\u00bb1_4,3_4&#8243; use_custom_gutter=\u00bbon\u00bb gutter_width=\u00bb1&#8243; _builder_version=\u00bb4.27.5&#8243; _module_preset=\u00bbdefault\u00bb width=\u00bb100%\u00bb width_tablet=\u00bb100%\u00bb width_phone=\u00bb100%\u00bb width_last_edited=\u00bbon|desktop\u00bb custom_margin=\u00bb0px||0px||false|false\u00bb custom_padding=\u00bb0px||0px||false|false\u00bb locked=\u00bboff\u00bb global_colors_info=\u00bb{}\u00bb][et_pb_column type=\u00bb1_4&#8243; module_class=\u00bbprogram-time\u00bb _builder_version=\u00bb4.27.5&#8243; _module_preset=\u00bbdefault\u00bb global_colors_info=\u00bb{}\u00bb][\/et_pb_column][et_pb_column type=\u00bb3_4&#8243; module_class=\u00bbprogram-content\u00bb _builder_version=\u00bb4.27.5&#8243; _module_preset=\u00bbdefault\u00bb global_colors_info=\u00bb{}\u00bb][et_pb_heading title=\u00bbReuniones internas de EMF\/EMYA\u00bb _builder_version=\u00bb4.27.5&#8243; _module_preset=\u00bbdefault\u00bb title_level=\u00bbh3&#8243; title_font=\u00bb|700|||||||\u00bb title_text_align=\u00bbleft\u00bb title_font_size=\u00bb30px\u00bb title_line_height=\u00bb1em\u00bb custom_margin=\u00bb||0px||false|false\u00bb custom_padding=\u00bb||0px||false|false\u00bb title_font_size_tablet=\u00bb25px\u00bb title_font_size_phone=\u00bb25px\u00bb title_font_size_last_edited=\u00bbon|tablet\u00bb global_colors_info=\u00bb{}\u00bb][\/et_pb_heading][et_pb_text _builder_version=\u00bb4.27.5&#8243; _module_preset=\u00bbdefault\u00bb text_font_size=\u00bb18px\u00bb text_line_height=\u00bb1.5em\u00bb custom_margin=\u00bb||18px||false|false\u00bb custom_padding=\u00bb||0px||false|false\u00bb global_colors_info=\u00bb{}\u00bb]<\/p>\n<p><strong>MI\u00c9RCOLES, 10 de junio de 2026<\/strong><br \/>Lugar: Euskararen Etxea<br \/><a href=\"https:\/\/www.google.com\/maps\/place\/data=!4m2!3m1!1s0xd4e506c5c7a8a33:0x86da43fc1cc317b2?sa=X&amp;ved=1t:8290&amp;ictx=111\" target=\"_blank\" rel=\"noopener\">Agoitz Plaza, 1, Deusto, Bilbao, Bizkaia<\/a><\/p>\n<p>[\/et_pb_text][et_pb_divider color=\u00bb#D6D6D6&#8243; divider_weight=\u00bb7px\u00bb _builder_version=\u00bb4.27.5&#8243; _module_preset=\u00bbdefault\u00bb height=\u00bb8px\u00bb max_height=\u00bb8px\u00bb custom_margin=\u00bb0px||10px||false|false\u00bb custom_padding=\u00bb0px||0px||false|false\u00bb global_colors_info=\u00bb{}\u00bb][\/et_pb_divider][\/et_pb_column][\/et_pb_row][\/et_pb_section][et_pb_section fb_built=\u00bb1&#8243; admin_label=\u00bbBloque Programa D\u00eda\u00bb _builder_version=\u00bb4.27.5&#8243; _module_preset=\u00bbdefault\u00bb width=\u00bb1080px\u00bb width_tablet=\u00bb100%\u00bb width_phone=\u00bb90%\u00bb width_last_edited=\u00bbon|desktop\u00bb module_alignment=\u00bbcenter\u00bb custom_margin=\u00bb0px||0px||false|false\u00bb custom_padding=\u00bb10px|20px|10px|20px|false|false\u00bb locked=\u00bboff\u00bb collapsed=\u00bboff\u00bb global_colors_info=\u00bb{}\u00bb][et_pb_row column_structure=\u00bb1_4,3_4&#8243; use_custom_gutter=\u00bbon\u00bb gutter_width=\u00bb1&#8243; _builder_version=\u00bb4.27.5&#8243; _module_preset=\u00bbdefault\u00bb width=\u00bb100%\u00bb width_tablet=\u00bb100%\u00bb width_phone=\u00bb100%\u00bb width_last_edited=\u00bbon|phone\u00bb custom_margin=\u00bb0px||0px||false|false\u00bb custom_padding=\u00bb0px||0px||false|false\u00bb locked=\u00bboff\u00bb global_colors_info=\u00bb{}\u00bb][et_pb_column type=\u00bb1_4&#8243; module_class=\u00bbprogram-time\u00bb _builder_version=\u00bb4.27.5&#8243; _module_preset=\u00bbdefault\u00bb global_colors_info=\u00bb{}\u00bb][et_pb_heading title=\u00bb14:00&#8243; _builder_version=\u00bb4.27.5&#8243; _module_preset=\u00bbdefault\u00bb title_level=\u00bbh4&#8243; title_font=\u00bb|800|||||||\u00bb title_text_color=\u00bbgcid-secondary-color\u00bb title_font_size=\u00bb22px\u00bb title_line_height=\u00bb1em\u00bb title_font_size_tablet=\u00bb22px\u00bb title_font_size_phone=\u00bb22px\u00bb global_colors_info=\u00bb{%22gcid-secondary-color%22:%91%22title_text_color%22%93}\u00bb][\/et_pb_heading][\/et_pb_column][et_pb_column type=\u00bb3_4&#8243; module_class=\u00bbprogram-content\u00bb _builder_version=\u00bb4.27.5&#8243; _module_preset=\u00bbdefault\u00bb global_colors_info=\u00bb{}\u00bb][et_pb_heading title=\u00bbReuni\u00f3n del jurado de los EMYA y del Consejo de Administraci\u00f3n del EMF\u00bb _builder_version=\u00bb4.27.6&#8243; _module_preset=\u00bbdefault\u00bb title_level=\u00bbh4&#8243; title_font=\u00bb|700|||||||\u00bb title_text_align=\u00bbleft\u00bb title_text_color=\u00bb#000000&#8243; title_font_size=\u00bb22px\u00bb title_line_height=\u00bb1em\u00bb custom_margin=\u00bb||0px||false|false\u00bb custom_padding=\u00bb||0px||false|false\u00bb title_font_size_tablet=\u00bb22px\u00bb global_colors_info=\u00bb{}\u00bb][\/et_pb_heading][\/et_pb_column][\/et_pb_row][\/et_pb_section][et_pb_section fb_built=\u00bb1&#8243; admin_label=\u00bbBloque Programa D\u00eda\u00bb _builder_version=\u00bb4.27.5&#8243; _module_preset=\u00bbdefault\u00bb width=\u00bb1080px\u00bb width_tablet=\u00bb100%\u00bb width_phone=\u00bb90%\u00bb width_last_edited=\u00bbon|desktop\u00bb module_alignment=\u00bbcenter\u00bb custom_margin=\u00bb0px||0px||false|false\u00bb custom_padding=\u00bb10px|20px|10px|20px|false|false\u00bb locked=\u00bboff\u00bb collapsed=\u00bboff\u00bb global_colors_info=\u00bb{}\u00bb][et_pb_row column_structure=\u00bb1_4,3_4&#8243; use_custom_gutter=\u00bbon\u00bb gutter_width=\u00bb1&#8243; _builder_version=\u00bb4.27.5&#8243; _module_preset=\u00bbdefault\u00bb width=\u00bb100%\u00bb width_tablet=\u00bb100%\u00bb width_phone=\u00bb100%\u00bb width_last_edited=\u00bbon|phone\u00bb custom_margin=\u00bb0px||0px||false|false\u00bb custom_padding=\u00bb0px||0px||false|false\u00bb locked=\u00bboff\u00bb global_colors_info=\u00bb{}\u00bb][et_pb_column type=\u00bb1_4&#8243; module_class=\u00bbprogram-time\u00bb _builder_version=\u00bb4.27.5&#8243; _module_preset=\u00bbdefault\u00bb global_colors_info=\u00bb{}\u00bb][et_pb_heading title=\u00bb16:00&#8243; _builder_version=\u00bb4.27.5&#8243; _module_preset=\u00bbdefault\u00bb title_level=\u00bbh4&#8243; title_font=\u00bb|800|||||||\u00bb title_text_color=\u00bbgcid-secondary-color\u00bb title_font_size=\u00bb22px\u00bb title_line_height=\u00bb1em\u00bb title_font_size_tablet=\u00bb22px\u00bb title_font_size_phone=\u00bb22px\u00bb global_colors_info=\u00bb{%22gcid-secondary-color%22:%91%22title_text_color%22%93}\u00bb][\/et_pb_heading][\/et_pb_column][et_pb_column type=\u00bb3_4&#8243; module_class=\u00bbprogram-content\u00bb _builder_version=\u00bb4.27.5&#8243; _module_preset=\u00bbdefault\u00bb global_colors_info=\u00bb{}\u00bb][et_pb_heading title=\u00bbReuni\u00f3n del Consejo de Administraci\u00f3n del EFM\u00bb _builder_version=\u00bb4.27.6&#8243; _module_preset=\u00bbdefault\u00bb title_level=\u00bbh4&#8243; title_font=\u00bb|700|||||||\u00bb title_text_align=\u00bbleft\u00bb title_text_color=\u00bb#000000&#8243; title_font_size=\u00bb22px\u00bb title_line_height=\u00bb1em\u00bb custom_margin=\u00bb||0px||false|false\u00bb custom_padding=\u00bb||0px||false|false\u00bb title_font_size_tablet=\u00bb22px\u00bb global_colors_info=\u00bb{}\u00bb][\/et_pb_heading][\/et_pb_column][\/et_pb_row][\/et_pb_section][et_pb_section fb_built=\u00bb1&#8243; admin_label=\u00bbBloque Programa D\u00eda\u00bb _builder_version=\u00bb4.27.5&#8243; _module_preset=\u00bbdefault\u00bb width=\u00bb1080px\u00bb width_tablet=\u00bb100%\u00bb width_phone=\u00bb90%\u00bb width_last_edited=\u00bbon|desktop\u00bb module_alignment=\u00bbcenter\u00bb custom_margin=\u00bb0px||0px||false|false\u00bb custom_padding=\u00bb10px|20px|10px|20px|false|false\u00bb locked=\u00bboff\u00bb collapsed=\u00bboff\u00bb global_colors_info=\u00bb{}\u00bb][et_pb_row column_structure=\u00bb1_4,3_4&#8243; use_custom_gutter=\u00bbon\u00bb gutter_width=\u00bb1&#8243; _builder_version=\u00bb4.27.5&#8243; _module_preset=\u00bbdefault\u00bb width=\u00bb100%\u00bb width_tablet=\u00bb100%\u00bb width_phone=\u00bb100%\u00bb width_last_edited=\u00bbon|phone\u00bb custom_margin=\u00bb0px||0px||false|false\u00bb custom_padding=\u00bb0px||0px||false|false\u00bb locked=\u00bboff\u00bb global_colors_info=\u00bb{}\u00bb][et_pb_column type=\u00bb1_4&#8243; module_class=\u00bbprogram-time\u00bb _builder_version=\u00bb4.27.5&#8243; _module_preset=\u00bbdefault\u00bb global_colors_info=\u00bb{}\u00bb][et_pb_heading title=\u00bb17:00 \u2013 18:00&#8243; _builder_version=\u00bb4.27.5&#8243; _module_preset=\u00bbdefault\u00bb title_level=\u00bbh4&#8243; title_font=\u00bb|800|||||||\u00bb title_text_color=\u00bbgcid-secondary-color\u00bb title_font_size=\u00bb22px\u00bb title_line_height=\u00bb1em\u00bb title_font_size_tablet=\u00bb22px\u00bb title_font_size_phone=\u00bb22px\u00bb global_colors_info=\u00bb{%22gcid-secondary-color%22:%91%22title_text_color%22%93}\u00bb][\/et_pb_heading][\/et_pb_column][et_pb_column type=\u00bb3_4&#8243; module_class=\u00bbprogram-content\u00bb _builder_version=\u00bb4.27.5&#8243; _module_preset=\u00bbdefault\u00bb global_colors_info=\u00bb{}\u00bb][et_pb_heading title=\u00bbNetworking con representantes nacionales\u00bb _builder_version=\u00bb4.27.5&#8243; _module_preset=\u00bbdefault\u00bb title_level=\u00bbh4&#8243; title_font=\u00bb|700|||||||\u00bb title_text_align=\u00bbleft\u00bb title_text_color=\u00bb#000000&#8243; title_font_size=\u00bb22px\u00bb title_line_height=\u00bb1em\u00bb custom_margin=\u00bb||0px||false|false\u00bb custom_padding=\u00bb||0px||false|false\u00bb title_font_size_tablet=\u00bb22px\u00bb global_colors_info=\u00bb{}\u00bb][\/et_pb_heading][\/et_pb_column][\/et_pb_row][\/et_pb_section][et_pb_section fb_built=\u00bb1&#8243; admin_label=\u00bbBloque Programa D\u00eda\u00bb _builder_version=\u00bb4.27.5&#8243; _module_preset=\u00bbdefault\u00bb width=\u00bb1080px\u00bb width_tablet=\u00bb100%\u00bb width_phone=\u00bb90%\u00bb width_last_edited=\u00bbon|desktop\u00bb module_alignment=\u00bbcenter\u00bb custom_margin=\u00bb0px||0px||false|false\u00bb custom_padding=\u00bb20px|20px|15px|20px|false|false\u00bb locked=\u00bboff\u00bb collapsed=\u00bboff\u00bb global_colors_info=\u00bb{}\u00bb][et_pb_row column_structure=\u00bb1_4,3_4&#8243; use_custom_gutter=\u00bbon\u00bb gutter_width=\u00bb1&#8243; _builder_version=\u00bb4.27.5&#8243; _module_preset=\u00bbdefault\u00bb width=\u00bb100%\u00bb width_tablet=\u00bb100%\u00bb width_phone=\u00bb100%\u00bb width_last_edited=\u00bbon|desktop\u00bb custom_margin=\u00bb0px||0px||false|false\u00bb custom_padding=\u00bb0px||0px||false|false\u00bb locked=\u00bboff\u00bb global_colors_info=\u00bb{}\u00bb][et_pb_column type=\u00bb1_4&#8243; module_class=\u00bbprogram-time\u00bb _builder_version=\u00bb4.27.5&#8243; _module_preset=\u00bbdefault\u00bb global_colors_info=\u00bb{}\u00bb][\/et_pb_column][et_pb_column type=\u00bb3_4&#8243; module_class=\u00bbprogram-content\u00bb _builder_version=\u00bb4.27.5&#8243; _module_preset=\u00bbdefault\u00bb global_colors_info=\u00bb{}\u00bb][et_pb_text _builder_version=\u00bb4.27.5&#8243; _module_preset=\u00bbdefault\u00bb text_font_size=\u00bb18px\u00bb text_line_height=\u00bb1.5em\u00bb custom_margin=\u00bb||18px||false|false\u00bb custom_padding=\u00bb||0px||false|false\u00bb global_colors_info=\u00bb{}\u00bb]<\/p>\n<p><strong>S\u00c1BADO, 13 de junio de 2026<\/strong><br \/>Lugar: Palacio de Congresos y de la M\u00fasica Euskalduna<br \/><a href=\"https:\/\/www.google.com\/maps\/place\/data=!4m2!3m1!1s0xd4e502463ab4003:0xdd291c55d656c0a1?sa=X&amp;ved=1t:8290&amp;ictx=111\" target=\"_blank\" rel=\"noopener\">Abandoibarra Etorb., 4, Abando, Bilbao, Bizkaia<\/a><\/p>\n<p>[\/et_pb_text][et_pb_divider color=\u00bb#D6D6D6&#8243; divider_weight=\u00bb7px\u00bb _builder_version=\u00bb4.27.5&#8243; _module_preset=\u00bbdefault\u00bb height=\u00bb8px\u00bb max_height=\u00bb8px\u00bb custom_margin=\u00bb0px||10px||false|false\u00bb custom_padding=\u00bb0px||0px||false|false\u00bb global_colors_info=\u00bb{}\u00bb][\/et_pb_divider][\/et_pb_column][\/et_pb_row][\/et_pb_section][et_pb_section fb_built=\u00bb1&#8243; admin_label=\u00bbBloque Programa D\u00eda\u00bb _builder_version=\u00bb4.27.5&#8243; _module_preset=\u00bbdefault\u00bb width=\u00bb1080px\u00bb width_tablet=\u00bb100%\u00bb width_phone=\u00bb90%\u00bb width_last_edited=\u00bbon|desktop\u00bb module_alignment=\u00bbcenter\u00bb custom_margin=\u00bb0px||0px||false|false\u00bb custom_padding=\u00bb10px|20px|10px|20px|false|false\u00bb locked=\u00bboff\u00bb collapsed=\u00bboff\u00bb global_colors_info=\u00bb{}\u00bb][et_pb_row column_structure=\u00bb1_4,3_4&#8243; use_custom_gutter=\u00bbon\u00bb gutter_width=\u00bb1&#8243; _builder_version=\u00bb4.27.5&#8243; _module_preset=\u00bbdefault\u00bb width=\u00bb100%\u00bb width_tablet=\u00bb100%\u00bb width_phone=\u00bb100%\u00bb width_last_edited=\u00bbon|phone\u00bb custom_margin=\u00bb0px||0px||false|false\u00bb custom_padding=\u00bb0px||0px||false|false\u00bb locked=\u00bboff\u00bb global_colors_info=\u00bb{}\u00bb][et_pb_column type=\u00bb1_4&#8243; module_class=\u00bbprogram-time\u00bb _builder_version=\u00bb4.27.5&#8243; _module_preset=\u00bbdefault\u00bb global_colors_info=\u00bb{}\u00bb][et_pb_heading title=\u00bb13:00&#8243; _builder_version=\u00bb4.27.5&#8243; _module_preset=\u00bbdefault\u00bb title_level=\u00bbh4&#8243; title_font=\u00bb|800|||||||\u00bb title_text_color=\u00bbgcid-secondary-color\u00bb title_font_size=\u00bb22px\u00bb title_line_height=\u00bb1em\u00bb title_font_size_tablet=\u00bb22px\u00bb title_font_size_phone=\u00bb22px\u00bb global_colors_info=\u00bb{%22gcid-secondary-color%22:%91%22title_text_color%22%93}\u00bb][\/et_pb_heading][\/et_pb_column][et_pb_column type=\u00bb3_4&#8243; module_class=\u00bbprogram-content\u00bb _builder_version=\u00bb4.27.5&#8243; _module_preset=\u00bbdefault\u00bb global_colors_info=\u00bb{}\u00bb][et_pb_heading title=\u00bbReuni\u00f3n de representantes nacionales del EFM, el jurado de los EMYA y el Consejo de Administraci\u00f3n del EFM\u00bb _builder_version=\u00bb4.27.5&#8243; _module_preset=\u00bbdefault\u00bb title_level=\u00bbh4&#8243; title_font=\u00bb|700|||||||\u00bb title_text_align=\u00bbleft\u00bb title_text_color=\u00bb#000000&#8243; title_font_size=\u00bb22px\u00bb title_line_height=\u00bb1em\u00bb custom_margin=\u00bb||0px||false|false\u00bb custom_padding=\u00bb||0px||false|false\u00bb title_font_size_tablet=\u00bb22px\u00bb global_colors_info=\u00bb{}\u00bb][\/et_pb_heading][\/et_pb_column][\/et_pb_row][\/et_pb_section][et_pb_section fb_built=\u00bb1&#8243; admin_label=\u00bbBloque Programa D\u00eda\u00bb _builder_version=\u00bb4.27.5&#8243; _module_preset=\u00bbdefault\u00bb width=\u00bb1080px\u00bb width_tablet=\u00bb100%\u00bb width_phone=\u00bb90%\u00bb width_last_edited=\u00bbon|desktop\u00bb module_alignment=\u00bbcenter\u00bb custom_margin=\u00bb0px||0px||false|false\u00bb custom_padding=\u00bb10px|20px|10px|20px|false|false\u00bb locked=\u00bboff\u00bb collapsed=\u00bboff\u00bb global_colors_info=\u00bb{}\u00bb][et_pb_row column_structure=\u00bb1_4,3_4&#8243; use_custom_gutter=\u00bbon\u00bb gutter_width=\u00bb1&#8243; _builder_version=\u00bb4.27.5&#8243; _module_preset=\u00bbdefault\u00bb width=\u00bb100%\u00bb width_tablet=\u00bb100%\u00bb width_phone=\u00bb100%\u00bb width_last_edited=\u00bbon|phone\u00bb custom_margin=\u00bb0px||0px||false|false\u00bb custom_padding=\u00bb0px||0px||false|false\u00bb locked=\u00bboff\u00bb global_colors_info=\u00bb{}\u00bb][et_pb_column type=\u00bb1_4&#8243; module_class=\u00bbprogram-time\u00bb _builder_version=\u00bb4.27.5&#8243; _module_preset=\u00bbdefault\u00bb global_colors_info=\u00bb{}\u00bb][et_pb_heading title=\u00bb14:30&#8243; _builder_version=\u00bb4.27.5&#8243; _module_preset=\u00bbdefault\u00bb title_level=\u00bbh4&#8243; title_font=\u00bb|800|||||||\u00bb title_text_color=\u00bbgcid-secondary-color\u00bb title_font_size=\u00bb22px\u00bb title_line_height=\u00bb1em\u00bb title_font_size_tablet=\u00bb22px\u00bb title_font_size_phone=\u00bb22px\u00bb global_colors_info=\u00bb{%22gcid-secondary-color%22:%91%22title_text_color%22%93}\u00bb][\/et_pb_heading][\/et_pb_column][et_pb_column type=\u00bb3_4&#8243; module_class=\u00bbprogram-content\u00bb _builder_version=\u00bb4.27.5&#8243; _module_preset=\u00bbdefault\u00bb global_colors_info=\u00bb{}\u00bb][et_pb_heading title=\u00bbReuni\u00f3n del jurado de los EMYA y el Consejo de Administraci\u00f3n del EMF\u00bb _builder_version=\u00bb4.27.6&#8243; _module_preset=\u00bbdefault\u00bb title_level=\u00bbh4&#8243; title_font=\u00bb|700|||||||\u00bb title_text_align=\u00bbleft\u00bb title_text_color=\u00bb#000000&#8243; title_font_size=\u00bb22px\u00bb title_line_height=\u00bb1em\u00bb custom_margin=\u00bb||0px||false|false\u00bb custom_padding=\u00bb||0px||false|false\u00bb title_font_size_tablet=\u00bb22px\u00bb global_colors_info=\u00bb{}\u00bb][\/et_pb_heading][\/et_pb_column][\/et_pb_row][\/et_pb_section][et_pb_section fb_built=\u00bb1&#8243; admin_label=\u00bbBloque Programa D\u00eda\u00bb _builder_version=\u00bb4.27.5&#8243; _module_preset=\u00bbdefault\u00bb width=\u00bb1080px\u00bb width_tablet=\u00bb100%\u00bb width_phone=\u00bb90%\u00bb width_last_edited=\u00bbon|desktop\u00bb module_alignment=\u00bbcenter\u00bb custom_margin=\u00bb0px||0px||false|false\u00bb custom_padding=\u00bb10px|20px|60px|20px|false|false\u00bb locked=\u00bboff\u00bb collapsed=\u00bboff\u00bb global_colors_info=\u00bb{}\u00bb][et_pb_row column_structure=\u00bb1_4,3_4&#8243; use_custom_gutter=\u00bbon\u00bb gutter_width=\u00bb1&#8243; _builder_version=\u00bb4.27.5&#8243; _module_preset=\u00bbdefault\u00bb width=\u00bb100%\u00bb width_tablet=\u00bb100%\u00bb width_phone=\u00bb100%\u00bb width_last_edited=\u00bbon|phone\u00bb custom_margin=\u00bb0px||0px||false|false\u00bb custom_padding=\u00bb0px||0px||false|false\u00bb locked=\u00bboff\u00bb global_colors_info=\u00bb{}\u00bb][et_pb_column type=\u00bb1_4&#8243; module_class=\u00bbprogram-time\u00bb _builder_version=\u00bb4.27.5&#8243; _module_preset=\u00bbdefault\u00bb global_colors_info=\u00bb{}\u00bb][et_pb_heading title=\u00bb15:00&#8243; _builder_version=\u00bb4.27.5&#8243; _module_preset=\u00bbdefault\u00bb title_level=\u00bbh4&#8243; title_font=\u00bb|800|||||||\u00bb title_text_color=\u00bbgcid-secondary-color\u00bb title_font_size=\u00bb22px\u00bb title_line_height=\u00bb1em\u00bb title_font_size_tablet=\u00bb22px\u00bb title_font_size_phone=\u00bb22px\u00bb global_colors_info=\u00bb{%22gcid-secondary-color%22:%91%22title_text_color%22%93}\u00bb][\/et_pb_heading][\/et_pb_column][et_pb_column type=\u00bb3_4&#8243; module_class=\u00bbprogram-content\u00bb _builder_version=\u00bb4.27.5&#8243; _module_preset=\u00bbdefault\u00bb global_colors_info=\u00bb{}\u00bb][et_pb_heading title=\u00bbReuni\u00f3n del jurado de los EMYA\u00bb _builder_version=\u00bb4.27.5&#8243; _module_preset=\u00bbdefault\u00bb title_level=\u00bbh4&#8243; title_font=\u00bb|700|||||||\u00bb title_text_align=\u00bbleft\u00bb title_text_color=\u00bb#000000&#8243; title_font_size=\u00bb22px\u00bb title_line_height=\u00bb1em\u00bb custom_margin=\u00bb||0px||false|false\u00bb custom_padding=\u00bb||0px||false|false\u00bb title_font_size_tablet=\u00bb22px\u00bb global_colors_info=\u00bb{}\u00bb][\/et_pb_heading][\/et_pb_column][\/et_pb_row][\/et_pb_section]<\/p>\n","protected":false},"excerpt":{"rendered":"<p>Tanto la conferencia como la ceremonia de entrega de premios EMYA2026 incluyen presentaciones de los nominados en paneles tem\u00e1ticos, ponencias magistrales, talleres impartidos por los ganadores de ediciones anteriores, visitas guiadas a monumentos y museos, as\u00ed como inspiradoras charlas entre bastidores.Ser\u00e1 un evento \u00fanico que reunir\u00e1 a especialistas en museos de toda Europa.Agoitz Plaza, 1, [&hellip;]<\/p>\n","protected":false},"author":1,"featured_media":0,"parent":0,"menu_order":0,"comment_status":"closed","ping_status":"closed","template":"","meta":{"_et_pb_use_builder":"on","_et_pb_old_content":"","_et_gb_content_width":"","footnotes":""},"class_list":["post-1255","page","type-page","status-publish","hentry"],"_links":{"self":[{"href":"https:\/\/emya2026bilbao.eus\/es\/wp-json\/wp\/v2\/pages\/1255","targetHints":{"allow":["GET"]}}],"collection":[{"href":"https:\/\/emya2026bilbao.eus\/es\/wp-json\/wp\/v2\/pages"}],"about":[{"href":"https:\/\/emya2026bilbao.eus\/es\/wp-json\/wp\/v2\/types\/page"}],"author":[{"embeddable":true,"href":"https:\/\/emya2026bilbao.eus\/es\/wp-json\/wp\/v2\/users\/1"}],"replies":[{"embeddable":true,"href":"https:\/\/emya2026bilbao.eus\/es\/wp-json\/wp\/v2\/comments?post=1255"}],"version-history":[{"count":65,"href":"https:\/\/emya2026bilbao.eus\/es\/wp-json\/wp\/v2\/pages\/1255\/revisions"}],"predecessor-version":[{"id":3160,"href":"https:\/\/emya2026bilbao.eus\/es\/wp-json\/wp\/v2\/pages\/1255\/revisions\/3160"}],"wp:attachment":[{"href":"https:\/\/emya2026bilbao.eus\/es\/wp-json\/wp\/v2\/media?parent=1255"}],"curies":[{"name":"wp","href":"https:\/\/api.w.org\/{rel}","templated":true}]}}