{"id":1217,"date":"2026-02-09T13:55:28","date_gmt":"2026-02-09T12:55:28","guid":{"rendered":"https:\/\/emya2026bilbao.eus\/?page_id=1217"},"modified":"2026-03-12T13:14:30","modified_gmt":"2026-03-12T12:14:30","slug":"nominados-emya2026","status":"publish","type":"page","link":"https:\/\/emya2026bilbao.eus\/es\/nominados-emya2026\/","title":{"rendered":"Nominados EMYA2026"},"content":{"rendered":"<p>[et_pb_section fb_built=\u00bb1&#8243; admin_label=\u00bbHeader\u00bb module_class=\u00bbtitFond\u00bb _builder_version=\u00bb4.27.5&#8243; _module_preset=\u00bbdefault\u00bb width=\u00bb100%\u00bb custom_margin=\u00bb||0px||false|false\u00bb custom_padding=\u00bb||0px||false|false\u00bb scroll_horizontal_motion=\u00bb0|50|50|100|-4|0|0&#8243; collapsed=\u00bboff\u00bb global_colors_info=\u00bb{}\u00bb][et_pb_row _builder_version=\u00bb4.27.5&#8243; _module_preset=\u00bb698f9690-9eb0-4f99-ad59-f238b97be924&#8243; background_color=\u00bbgcid-secondary-color\u00bb background_image=\u00bbhttps:\/\/emya2026bilbao.eus\/wp-content\/uploads\/2026\/02\/emya-trama-tit.svg\u00bb width=\u00bb1080px\u00bb width_tablet=\u00bb80%\u00bb width_phone=\u00bb80%\u00bb width_last_edited=\u00bbon|desktop\u00bb custom_margin=\u00bb||||false|false\u00bb custom_padding=\u00bb15px|40px|5px|20px|false|false\u00bb custom_padding_tablet=\u00bb13px|0px|7px|20px|false|false\u00bb custom_padding_phone=\u00bb15px|20px|3px|0px|false|false\u00bb border_radii=\u00bboff||0px|0px|\u00bb box_shadow_color=\u00bbgcid-secondary-color\u00bb global_colors_info=\u00bb{%22gcid-primary-color%22:%91%22box_shadow_color%22%93,%22gcid-secondary-color%22:%91%22box_shadow_color%22,%22background_color%22%93}\u00bb][et_pb_column type=\u00bb4_4&#8243; _builder_version=\u00bb4.25.0&#8243; _module_preset=\u00bbdefault\u00bb global_colors_info=\u00bb{}\u00bb][et_pb_heading title=\u00bbNOMINADOS AL EMYA2026&#8243; _builder_version=\u00bb4.27.5&#8243; _module_preset=\u00bb0f4a8d2c-a668-46c5-b1a5-6149f83510c6&#8243; title_font=\u00bb|700|||||||\u00bb title_text_color=\u00bb#FFFFFF\u00bb title_font_size=\u00bb40px\u00bb title_line_height=\u00bb1em\u00bb custom_margin=\u00bb||||false|false\u00bb custom_padding=\u00bb0px||0px||false|false\u00bb global_colors_info=\u00bb{}\u00bb][\/et_pb_heading][\/et_pb_column][\/et_pb_row][\/et_pb_section][et_pb_section fb_built=\u00bb1&#8243; admin_label=\u00bbBorde\u00bb _builder_version=\u00bb4.27.5&#8243; _module_preset=\u00bbdefault\u00bb width=\u00bb90%\u00bb custom_margin=\u00bb10px||||false|false\u00bb custom_padding=\u00bb0px||||false|false\u00bb scroll_horizontal_motion=\u00bb0|50|50|100|-4|0|0&#8243; collapsed=\u00bboff\u00bb global_colors_info=\u00bb{}\u00bb][et_pb_row module_class=\u00bbsubTit\u00bb _builder_version=\u00bb4.27.5&#8243; _module_preset=\u00bb698f9690-9eb0-4f99-ad59-f238b97be924&#8243; background_color=\u00bbgcid-heading-color\u00bb background_enable_image=\u00bboff\u00bb width=\u00bb1080px\u00bb width_tablet=\u00bb80%\u00bb width_phone=\u00bb70%\u00bb width_last_edited=\u00bbon|desktop\u00bb min_height=\u00bb0px\u00bb height=\u00bb0px\u00bb max_height=\u00bb5px\u00bb custom_padding=\u00bb15px|40px|10px||false|false\u00bb custom_padding_tablet=\u00bb5px||5px||true|false\u00bb custom_padding_phone=\u00bb5px|0px|5px|0px|true|false\u00bb border_radii=\u00bboff||0px|0px|\u00bb box_shadow_color=\u00bbgcid-heading-color\u00bb global_colors_info=\u00bb{%22gcid-primary-color%22:%91%22background_color%22%93,%22gcid-heading-color%22:%91%22background_color%22,%22box_shadow_color%22%93}\u00bb][et_pb_column type=\u00bb4_4&#8243; _builder_version=\u00bb4.27.5&#8243; _module_preset=\u00bbdefault\u00bb background_color=\u00bbgcid-heading-color\u00bb global_colors_info=\u00bb{%22gcid-heading-color%22:%91%22background_color%22%93}\u00bb][\/et_pb_column][\/et_pb_row][\/et_pb_section][et_pb_section fb_built=\u00bb1&#8243; admin_label=\u00bbResume\u00bb _builder_version=\u00bb4.27.5&#8243; _module_preset=\u00bbdefault\u00bb width=\u00bb1080px\u00bb width_tablet=\u00bb90%\u00bb width_phone=\u00bb90%\u00bb width_last_edited=\u00bbon|desktop\u00bb module_alignment=\u00bbcenter\u00bb custom_margin=\u00bb0px||0px||false|false\u00bb custom_padding=\u00bb0px||20px||false|false\u00bb locked=\u00bboff\u00bb collapsed=\u00bboff\u00bb global_colors_info=\u00bb{}\u00bb][et_pb_row _builder_version=\u00bb4.27.5&#8243; _module_preset=\u00bbdefault\u00bb width=\u00bb1080px\u00bb width_tablet=\u00bb100%\u00bb width_phone=\u00bb100%\u00bb width_last_edited=\u00bbon|phone\u00bb custom_margin=\u00bb0px||0px||false|false\u00bb custom_padding=\u00bb0px||0px||false|false\u00bb locked=\u00bboff\u00bb global_colors_info=\u00bb{}\u00bb][et_pb_column type=\u00bb4_4&#8243; _builder_version=\u00bb4.25.0&#8243; _module_preset=\u00bbdefault\u00bb global_colors_info=\u00bb{}\u00bb][et_pb_text _builder_version=\u00bb4.27.5&#8243; _module_preset=\u00bbdefault\u00bb text_font_size=\u00bb18px\u00bb custom_margin=\u00bb||10px||false|false\u00bb custom_padding=\u00bb|20px||20px|false|false\u00bb scroll_fade_enable=\u00bbon\u00bb global_colors_info=\u00bb{}\u00bb]<\/p>\n<p>Treinta y cuatro museos de diecisiete pa\u00edses est\u00e1n nominados para el <strong>EMYA2026<\/strong>.<\/p>\n<p>[\/et_pb_text][et_pb_text _builder_version=\u00bb4.27.5&#8243; _module_preset=\u00bbdefault\u00bb text_font_size=\u00bb18px\u00bb custom_margin=\u00bb||10px||false|false\u00bb custom_padding=\u00bb|20px||20px|false|false\u00bb scroll_fade_enable=\u00bbon\u00bb global_colors_info=\u00bb{}\u00bb]<\/p>\n<p>Los ganadores se anunciar\u00e1n en la conferencia anual y la ceremonia de entrega de premios, que tendr\u00e1n lugar del 10 al 14 de junio de 2026 en Bilbao, Vizcaya, Espa\u00f1a. La conferencia est\u00e1 organizada por el <strong>Foro Europeo de Museos (EMF)<\/strong> y acogida por <strong>Euskararen Etxea<\/strong> y su Centro de Interpretaci\u00f3n del Euskera, galardonado con el <strong>Premio de Museos del Consejo de Europa 2025<\/strong>. El evento reunir\u00e1 a la comunidad <strong>EMYA<\/strong>, incluyendo representaci\u00f3n de instituciones que ya se han presentado al premio, han sido nominadas o han recibido el premio, as\u00ed como a personas colaboradoras y expertas de todo el sector muse\u00edstico.<\/p>\n<p>[\/et_pb_text][et_pb_button button_url=\u00bbhttps:\/\/europeanforum.museum\/editions\/current-edition\u00bb url_new_window=\u00bbon\u00bb button_text=\u00bbLISTA DE NOMINADOS\u00bb _builder_version=\u00bb4.27.5&#8243; _module_preset=\u00bbdefault\u00bb button_text_size=\u00bb16px\u00bb button_bg_color=\u00bbgcid-secondary-color\u00bb custom_margin=\u00bb40px|20px|40px|20px|false|false\u00bb custom_padding=\u00bb12px|30px|12px|30px|true|true\u00bb scroll_fade_enable=\u00bbon\u00bb global_colors_info=\u00bb{%22gcid-secondary-color%22:%91%22button_bg_color%22%93}\u00bb][\/et_pb_button][et_pb_image src=\u00bbhttps:\/\/emya2026bilbao.eus\/wp-content\/uploads\/2026\/02\/emya-2026-youtube-en-1.png\u00bb url=\u00bbhttps:\/\/www.youtube.com\/playlist?list=PLYoXMVAC5xPLQkIuvM2Orv_F1QJx_l3ag\u00bb url_new_window=\u00bbon\u00bb _builder_version=\u00bb4.27.5&#8243; _module_preset=\u00bbdefault\u00bb global_colors_info=\u00bb{}\u00bb][\/et_pb_image][et_pb_code _builder_version=\u00bb4.27.5&#8243; _module_preset=\u00bbdefault\u00bb custom_margin=\u00bb80px||||false|false\u00bb custom_margin_tablet=\u00bb40px||||false|false\u00bb custom_margin_phone=\u00bb30px||||false|false\u00bb custom_margin_last_edited=\u00bbon|phone\u00bb global_colors_info=\u00bb{}\u00bb]<\/p>\n<ul class=\"museum-list\"><!-- [et_pb_line_break_holder] -->  <\/p>\n<li><!-- [et_pb_line_break_holder] -->    <span class=\"museum-name\">Museum St John\u2019s Hospital<\/span><!-- [et_pb_line_break_holder] -->    <span class=\"museum-location\">Belgium<\/span><!-- [et_pb_line_break_holder] -->  <\/li>\n<p><!-- [et_pb_line_break_holder] -->  <\/p>\n<li><!-- [et_pb_line_break_holder] -->    <span class=\"museum-name\">Den Gamle By. National Open-Air Museum of Urban History and Culture<\/span><!-- [et_pb_line_break_holder] -->    <span class=\"museum-location\">Denmark<\/span><!-- [et_pb_line_break_holder] -->  <\/li>\n<p><!-- [et_pb_line_break_holder] -->  <\/p>\n<li><!-- [et_pb_line_break_holder] -->    <span class=\"museum-name\">Kaj Munk Museum, part of the Ringkobing Fjord Museums<\/span><!-- [et_pb_line_break_holder] -->    <span class=\"museum-location\">Denmark<\/span><!-- [et_pb_line_break_holder] -->  <\/li>\n<p><!-- [et_pb_line_break_holder] -->  <\/p>\n<li><!-- [et_pb_line_break_holder] -->    <span class=\"museum-name\">Children\u2019s Museum Miiamilla, branch of Tallinn City Museum<\/span><!-- [et_pb_line_break_holder] -->    <span class=\"museum-location\">Estonia<\/span><!-- [et_pb_line_break_holder] -->  <\/li>\n<p><!-- [et_pb_line_break_holder] -->  <\/p>\n<li><!-- [et_pb_line_break_holder] -->    <span class=\"museum-name\">Tartu City Museum<\/span><!-- [et_pb_line_break_holder] -->    <span class=\"museum-location\">Estonia<\/span><!-- [et_pb_line_break_holder] -->  <\/li>\n<p><!-- [et_pb_line_break_holder] -->  <\/p>\n<li><!-- [et_pb_line_break_holder] -->    <span class=\"museum-name\">Lahti Museum of Visual Arts Malva<\/span><!-- [et_pb_line_break_holder] -->    <span class=\"museum-location\">Finland<\/span><!-- [et_pb_line_break_holder] -->  <\/li>\n<p><!-- [et_pb_line_break_holder] -->  <\/p>\n<li><!-- [et_pb_line_break_holder] -->    <span class=\"museum-name\">Museum of Play<\/span><!-- [et_pb_line_break_holder] -->    <span class=\"museum-location\">Finland<\/span><!-- [et_pb_line_break_holder] -->  <\/li>\n<p><!-- [et_pb_line_break_holder] -->  <\/p>\n<li><!-- [et_pb_line_break_holder] -->    <span class=\"museum-name\">Pile Dwellings Unteruhldingen<\/span><!-- [et_pb_line_break_holder] -->    <span class=\"museum-location\">Germany<\/span><!-- [et_pb_line_break_holder] -->  <\/li>\n<p><!-- [et_pb_line_break_holder] -->  <\/p>\n<li><!-- [et_pb_line_break_holder] -->    <span class=\"museum-name\">Samurai Museum Berlin<\/span><!-- [et_pb_line_break_holder] -->    <span class=\"museum-location\">Germany<\/span><!-- [et_pb_line_break_holder] -->  <\/li>\n<p><!-- [et_pb_line_break_holder] -->  <\/p>\n<li><!-- [et_pb_line_break_holder] -->    <span class=\"museum-name\">State Archaeological Collection<\/span><!-- [et_pb_line_break_holder] -->    <span class=\"museum-location\">Germany<\/span><!-- [et_pb_line_break_holder] -->  <\/li>\n<p><!-- [et_pb_line_break_holder] -->  <\/p>\n<li><!-- [et_pb_line_break_holder] -->    <span class=\"museum-name\">Sensoria \u2013 The House of Fragrances and Flavours Holzminden<\/span><!-- [et_pb_line_break_holder] -->    <span class=\"museum-location\">Germany<\/span><!-- [et_pb_line_break_holder] -->  <\/li>\n<p><!-- [et_pb_line_break_holder] -->  <\/p>\n<li><!-- [et_pb_line_break_holder] -->    <span class=\"museum-name\">AlpenStadtMuseum Sonthofen<\/span><!-- [et_pb_line_break_holder] -->    <span class=\"museum-location\">Germany<\/span><!-- [et_pb_line_break_holder] -->  <\/li>\n<p><!-- [et_pb_line_break_holder] -->  <\/p>\n<li><!-- [et_pb_line_break_holder] -->    <span class=\"museum-name\">Obersalzberg Documentation Center<\/span><!-- [et_pb_line_break_holder] -->    <span class=\"museum-location\">Germany<\/span><!-- [et_pb_line_break_holder] -->  <\/li>\n<p><!-- [et_pb_line_break_holder] -->  <\/p>\n<li><!-- [et_pb_line_break_holder] -->    <span class=\"museum-name\">Research Center \u2013 Tsitsanis Museum<\/span><!-- [et_pb_line_break_holder] -->    <span class=\"museum-location\">Greece<\/span><!-- [et_pb_line_break_holder] -->  <\/li>\n<p><!-- [et_pb_line_break_holder] -->  <\/p>\n<li><!-- [et_pb_line_break_holder] -->    <span class=\"museum-name\">Museum of Ethnography in Budapest<\/span><!-- [et_pb_line_break_holder] -->    <span class=\"museum-location\">Hungary<\/span><!-- [et_pb_line_break_holder] -->  <\/li>\n<p><!-- [et_pb_line_break_holder] -->  <\/p>\n<li><!-- [et_pb_line_break_holder] -->    <span class=\"museum-name\">Latvian National Museum of Literature and Music<\/span><!-- [et_pb_line_break_holder] -->    <span class=\"museum-location\">Latvia<\/span><!-- [et_pb_line_break_holder] -->  <\/li>\n<p><!-- [et_pb_line_break_holder] -->  <\/p>\n<li><!-- [et_pb_line_break_holder] -->    <span class=\"museum-name\">National Museum of Resistance and Human Rights<\/span><!-- [et_pb_line_break_holder] -->    <span class=\"museum-location\">Luxembourg<\/span><!-- [et_pb_line_break_holder] -->  <\/li>\n<p><!-- [et_pb_line_break_holder] -->  <\/p>\n<li><!-- [et_pb_line_break_holder] -->    <span class=\"museum-name\">Museum of Engineering and Technology in Krakow<\/span><!-- [et_pb_line_break_holder] -->    <span class=\"museum-location\">Poland<\/span><!-- [et_pb_line_break_holder] -->  <\/li>\n<p><!-- [et_pb_line_break_holder] -->  <\/p>\n<li><!-- [et_pb_line_break_holder] -->    <span class=\"museum-name\">MUDE \u2013 Design Museum<\/span><!-- [et_pb_line_break_holder] -->    <span class=\"museum-location\">Portugal<\/span><!-- [et_pb_line_break_holder] -->  <\/li>\n<p><!-- [et_pb_line_break_holder] -->  <\/p>\n<li><!-- [et_pb_line_break_holder] -->    <span class=\"museum-name\">Lisbon Museum \u2013 Pimenta Palace<\/span><!-- [et_pb_line_break_holder] -->    <span class=\"museum-location\">Portugal<\/span><!-- [et_pb_line_break_holder] -->  <\/li>\n<p><!-- [et_pb_line_break_holder] -->  <\/p>\n<li><!-- [et_pb_line_break_holder] -->    <span class=\"museum-name\">Museum of Madness Institute<\/span><!-- [et_pb_line_break_holder] -->    <span class=\"museum-location\">Slovenia<\/span><!-- [et_pb_line_break_holder] -->  <\/li>\n<p><!-- [et_pb_line_break_holder] -->  <\/p>\n<li><!-- [et_pb_line_break_holder] -->    <span class=\"museum-name\">Galactica<\/span><!-- [et_pb_line_break_holder] -->    <span class=\"museum-location\">Spain<\/span><!-- [et_pb_line_break_holder] -->  <\/li>\n<p><!-- [et_pb_line_break_holder] -->  <\/p>\n<li><!-- [et_pb_line_break_holder] -->    <span class=\"museum-name\">La Uni\u00f3n Mining Museum<\/span><!-- [et_pb_line_break_holder] -->    <span class=\"museum-location\">Spain<\/span><!-- [et_pb_line_break_holder] -->  <\/li>\n<p><!-- [et_pb_line_break_holder] -->  <\/p>\n<li><!-- [et_pb_line_break_holder] -->    <span class=\"museum-name\">Villena Museum MUVI<\/span><!-- [et_pb_line_break_holder] -->    <span class=\"museum-location\">Spain<\/span><!-- [et_pb_line_break_holder] -->  <\/li>\n<p><!-- [et_pb_line_break_holder] -->  <\/p>\n<li><!-- [et_pb_line_break_holder] -->    <span class=\"museum-name\">MuMAPS. Museum of Art Mechanics and Heritage<\/span><!-- [et_pb_line_break_holder] -->    <span class=\"museum-location\">Switzerland<\/span><!-- [et_pb_line_break_holder] -->  <\/li>\n<p><!-- [et_pb_line_break_holder] -->  <\/p>\n<li><!-- [et_pb_line_break_holder] -->    <span class=\"museum-name\">Mus\u00e9e du Ski \u2013 Le Bo\u00e9chet<\/span><!-- [et_pb_line_break_holder] -->    <span class=\"museum-location\">Switzerland<\/span><!-- [et_pb_line_break_holder] -->  <\/li>\n<p><!-- [et_pb_line_break_holder] -->  <\/p>\n<li><!-- [et_pb_line_break_holder] -->    <span class=\"museum-name\">La Muette \u2013 espaces litt\u00e9raires<\/span><!-- [et_pb_line_break_holder] -->    <span class=\"museum-location\">Switzerland<\/span><!-- [et_pb_line_break_holder] -->  <\/li>\n<p><!-- [et_pb_line_break_holder] -->  <\/p>\n<li><!-- [et_pb_line_break_holder] -->    <span class=\"museum-name\">Museum of the Rural Civilization of Mendrisiotto<\/span><!-- [et_pb_line_break_holder] -->    <span class=\"museum-location\">Switzerland<\/span><!-- [et_pb_line_break_holder] -->  <\/li>\n<p><!-- [et_pb_line_break_holder] -->  <\/p>\n<li><!-- [et_pb_line_break_holder] -->    <span class=\"museum-name\">CERN Science Gateway<\/span><!-- [et_pb_line_break_holder] -->    <span class=\"museum-location\">Switzerland<\/span><!-- [et_pb_line_break_holder] -->  <\/li>\n<p><!-- [et_pb_line_break_holder] -->  <\/p>\n<li><!-- [et_pb_line_break_holder] -->    <span class=\"museum-name\">Museum Henry Dunant<\/span><!-- [et_pb_line_break_holder] -->    <span class=\"museum-location\">Switzerland<\/span><!-- [et_pb_line_break_holder] -->  <\/li>\n<p><!-- [et_pb_line_break_holder] -->  <\/p>\n<li><!-- [et_pb_line_break_holder] -->    <span class=\"museum-name\">Kunsthaus Baselland<\/span><!-- [et_pb_line_break_holder] -->    <span class=\"museum-location\">Switzerland<\/span><!-- [et_pb_line_break_holder] -->  <\/li>\n<p><!-- [et_pb_line_break_holder] -->  <\/p>\n<li><!-- [et_pb_line_break_holder] -->    <span class=\"museum-name\">Zeyrek \u00c7inili Hamam Museum<\/span><!-- [et_pb_line_break_holder] -->    <span class=\"museum-location\">T\u00fcrkiye<\/span><!-- [et_pb_line_break_holder] -->  <\/li>\n<p><!-- [et_pb_line_break_holder] -->  <\/p>\n<li><!-- [et_pb_line_break_holder] -->    <span class=\"museum-name\">Sedd\u00fclbahir Fortress<\/span><!-- [et_pb_line_break_holder] -->    <span class=\"museum-location\">T\u00fcrkiye<\/span><!-- [et_pb_line_break_holder] -->  <\/li>\n<p><!-- [et_pb_line_break_holder] -->  <\/p>\n<li><!-- [et_pb_line_break_holder] -->    <span class=\"museum-name\">Young V&#038;A<\/span><!-- [et_pb_line_break_holder] -->    <span class=\"museum-location\">United Kingdom<\/span><!-- [et_pb_line_break_holder] -->  <\/li>\n<p><!-- [et_pb_line_break_holder] --><\/ul>\n<p>[\/et_pb_code][\/et_pb_column][\/et_pb_row][\/et_pb_section][et_pb_section fb_built=\u00bb1&#8243; _builder_version=\u00bb4.27.5&#8243; _module_preset=\u00bbdefault\u00bb custom_margin=\u00bb60px||20px||false|false\u00bb custom_margin_tablet=\u00bb10px||0px||false|false\u00bb custom_margin_phone=\u00bb0px||0px||false|false\u00bb custom_margin_last_edited=\u00bbon|desktop\u00bb custom_padding=\u00bb0px||30px||false|false\u00bb global_colors_info=\u00bb{}\u00bb][et_pb_row _builder_version=\u00bb4.27.5&#8243; _module_preset=\u00bbdefault\u00bb background_image=\u00bbhttps:\/\/emya2026bilbao.eus\/wp-content\/uploads\/2026\/01\/trama-hojas_.png\u00bb parallax=\u00bbon\u00bb width=\u00bb100%\u00bb max_width=\u00bb100%\u00bb min_height=\u00bb300px\u00bb min_height_tablet=\u00bb150px\u00bb min_height_phone=\u00bb100px\u00bb min_height_last_edited=\u00bbon|desktop\u00bb global_colors_info=\u00bb{}\u00bb][et_pb_column type=\u00bb4_4&#8243; _builder_version=\u00bb4.27.5&#8243; _module_preset=\u00bbdefault\u00bb background_image=\u00bbhttps:\/\/emya2026bilbao.eus\/wp-content\/uploads\/2026\/01\/trama-hojas_.png\u00bb global_colors_info=\u00bb{}\u00bb][\/et_pb_column][\/et_pb_row][\/et_pb_section]<\/p>\n","protected":false},"excerpt":{"rendered":"<p>Treinta y cuatro museos de diecisiete pa\u00edses est\u00e1n nominados para el EMYA2026.Los ganadores se anunciar\u00e1n en la conferencia anual y la ceremonia de entrega de premios, que tendr\u00e1n lugar del 10 al 14 de junio de 2026 en Bilbao, Vizcaya, Espa\u00f1a. La conferencia est\u00e1 organizada por el Foro Europeo de Museos (EMF) y acogida por [&hellip;]<\/p>\n","protected":false},"author":1,"featured_media":0,"parent":0,"menu_order":0,"comment_status":"closed","ping_status":"closed","template":"","meta":{"_et_pb_use_builder":"on","_et_pb_old_content":"","_et_gb_content_width":"","footnotes":""},"class_list":["post-1217","page","type-page","status-publish","hentry"],"_links":{"self":[{"href":"https:\/\/emya2026bilbao.eus\/es\/wp-json\/wp\/v2\/pages\/1217","targetHints":{"allow":["GET"]}}],"collection":[{"href":"https:\/\/emya2026bilbao.eus\/es\/wp-json\/wp\/v2\/pages"}],"about":[{"href":"https:\/\/emya2026bilbao.eus\/es\/wp-json\/wp\/v2\/types\/page"}],"author":[{"embeddable":true,"href":"https:\/\/emya2026bilbao.eus\/es\/wp-json\/wp\/v2\/users\/1"}],"replies":[{"embeddable":true,"href":"https:\/\/emya2026bilbao.eus\/es\/wp-json\/wp\/v2\/comments?post=1217"}],"version-history":[{"count":33,"href":"https:\/\/emya2026bilbao.eus\/es\/wp-json\/wp\/v2\/pages\/1217\/revisions"}],"predecessor-version":[{"id":2927,"href":"https:\/\/emya2026bilbao.eus\/es\/wp-json\/wp\/v2\/pages\/1217\/revisions\/2927"}],"wp:attachment":[{"href":"https:\/\/emya2026bilbao.eus\/es\/wp-json\/wp\/v2\/media?parent=1217"}],"curies":[{"name":"wp","href":"https:\/\/api.w.org\/{rel}","templated":true}]}}