{"id":1189,"date":"2026-02-09T13:13:27","date_gmt":"2026-02-09T12:13:27","guid":{"rendered":"https:\/\/emya2026bilbao.eus\/?page_id=1189"},"modified":"2026-03-05T11:00:25","modified_gmt":"2026-03-05T10:00:25","slug":"preguntas-frecuentes","status":"publish","type":"page","link":"https:\/\/emya2026bilbao.eus\/es\/preguntas-frecuentes\/","title":{"rendered":"Preguntas frecuentes"},"content":{"rendered":"<p>[et_pb_section fb_built=\u00bb1&#8243; admin_label=\u00bbHeader\u00bb module_class=\u00bbtitFond\u00bb _builder_version=\u00bb4.27.5&#8243; _module_preset=\u00bbdefault\u00bb width=\u00bb100%\u00bb custom_margin=\u00bb||0px||false|false\u00bb custom_padding=\u00bb||0px||false|false\u00bb scroll_horizontal_motion=\u00bb0|50|50|100|-4|0|0&#8243; collapsed=\u00bboff\u00bb global_colors_info=\u00bb{}\u00bb][et_pb_row _builder_version=\u00bb4.27.5&#8243; _module_preset=\u00bb698f9690-9eb0-4f99-ad59-f238b97be924&#8243; background_color=\u00bbgcid-secondary-color\u00bb background_image=\u00bbhttps:\/\/emya2026bilbao.eus\/wp-content\/uploads\/2026\/02\/emya-trama-tit.svg\u00bb width=\u00bb1080px\u00bb width_tablet=\u00bb80%\u00bb width_phone=\u00bb80%\u00bb width_last_edited=\u00bbon|desktop\u00bb custom_margin=\u00bb||||false|false\u00bb custom_padding=\u00bb15px|40px|5px|20px|false|false\u00bb custom_padding_tablet=\u00bb13px|0px|7px|20px|false|false\u00bb custom_padding_phone=\u00bb15px|20px|3px|0px|false|false\u00bb border_radii=\u00bboff||0px|0px|\u00bb box_shadow_color=\u00bbgcid-secondary-color\u00bb global_colors_info=\u00bb{%22gcid-primary-color%22:%91%22box_shadow_color%22%93,%22gcid-secondary-color%22:%91%22box_shadow_color%22,%22background_color%22%93}\u00bb][et_pb_column type=\u00bb4_4&#8243; _builder_version=\u00bb4.25.0&#8243; _module_preset=\u00bbdefault\u00bb global_colors_info=\u00bb{}\u00bb][et_pb_heading title=\u00bbPREGUNTAS FRECUENTES\u00bb _builder_version=\u00bb4.27.5&#8243; _module_preset=\u00bb0f4a8d2c-a668-46c5-b1a5-6149f83510c6&#8243; title_font=\u00bb|700|||||||\u00bb title_text_color=\u00bb#FFFFFF\u00bb title_font_size=\u00bb40px\u00bb title_line_height=\u00bb1em\u00bb custom_margin=\u00bb||0px||false|false\u00bb custom_padding=\u00bb0px||0px||false|false\u00bb global_colors_info=\u00bb{}\u00bb][\/et_pb_heading][\/et_pb_column][\/et_pb_row][\/et_pb_section][et_pb_section fb_built=\u00bb1&#8243; admin_label=\u00bbBorde\u00bb _builder_version=\u00bb4.27.5&#8243; _module_preset=\u00bbdefault\u00bb width=\u00bb90%\u00bb custom_margin=\u00bb10px||0px||false|false\u00bb custom_margin_tablet=\u00bb10px||0px||false|false\u00bb custom_margin_phone=\u00bb10px||0px||false|false\u00bb custom_margin_last_edited=\u00bbon|phone\u00bb custom_padding=\u00bb0px||0px||false|false\u00bb scroll_horizontal_motion=\u00bb0|50|50|100|-4|0|0&#8243; collapsed=\u00bboff\u00bb global_colors_info=\u00bb{}\u00bb][et_pb_row module_class=\u00bbsubTit\u00bb _builder_version=\u00bb4.27.5&#8243; _module_preset=\u00bb698f9690-9eb0-4f99-ad59-f238b97be924&#8243; background_color=\u00bbgcid-heading-color\u00bb background_enable_image=\u00bboff\u00bb width=\u00bb1080px\u00bb width_tablet=\u00bb80%\u00bb width_phone=\u00bb70%\u00bb width_last_edited=\u00bbon|desktop\u00bb min_height=\u00bb0px\u00bb height=\u00bb0px\u00bb max_height=\u00bb5px\u00bb custom_padding=\u00bb15px|40px|10px||false|false\u00bb custom_padding_tablet=\u00bb5px||5px||true|false\u00bb custom_padding_phone=\u00bb5px|0px|5px|0px|true|false\u00bb border_radii=\u00bboff||0px|0px|\u00bb box_shadow_color=\u00bbgcid-heading-color\u00bb global_colors_info=\u00bb{%22gcid-primary-color%22:%91%22background_color%22%93,%22gcid-heading-color%22:%91%22background_color%22,%22box_shadow_color%22%93}\u00bb][et_pb_column type=\u00bb4_4&#8243; _builder_version=\u00bb4.27.5&#8243; _module_preset=\u00bbdefault\u00bb background_color=\u00bbgcid-heading-color\u00bb global_colors_info=\u00bb{%22gcid-heading-color%22:%91%22background_color%22%93}\u00bb][\/et_pb_column][\/et_pb_row][\/et_pb_section][et_pb_section fb_built=\u00bb1&#8243; custom_padding_last_edited=\u00bbon|phone\u00bb admin_label=\u00bbResume\u00bb _builder_version=\u00bb4.27.5&#8243; _module_preset=\u00bbdefault\u00bb width=\u00bb1080px\u00bb width_tablet=\u00bb90%\u00bb width_phone=\u00bb90%\u00bb width_last_edited=\u00bbon|desktop\u00bb module_alignment=\u00bbcenter\u00bb custom_margin=\u00bb0px||0px||false|false\u00bb custom_padding=\u00bb30px||20px||false|false\u00bb custom_padding_tablet=\u00bb10px||||false|false\u00bb custom_padding_phone=\u00bb10px||||false|false\u00bb locked=\u00bboff\u00bb collapsed=\u00bboff\u00bb global_colors_info=\u00bb{}\u00bb][et_pb_row _builder_version=\u00bb4.27.5&#8243; _module_preset=\u00bbdefault\u00bb width=\u00bb1080px\u00bb width_tablet=\u00bb100%\u00bb width_phone=\u00bb100%\u00bb width_last_edited=\u00bbon|desktop\u00bb custom_margin=\u00bb0px|||0px|false|false\u00bb custom_padding=\u00bb0px||||false|false\u00bb global_colors_info=\u00bb{}\u00bb][et_pb_column type=\u00bb4_4&#8243; _builder_version=\u00bb4.25.0&#8243; _module_preset=\u00bbdefault\u00bb global_colors_info=\u00bb{}\u00bb][et_pb_accordion toggle_icon=\u00bb&#xf078;||fa||900&#8243; icon_color=\u00bbgcid-secondary-color\u00bb use_icon_font_size=\u00bbon\u00bb _builder_version=\u00bb4.27.5&#8243; _module_preset=\u00bbdefault\u00bb toggle_font_size=\u00bb24px\u00bb custom_margin=\u00bb|20px||20px|false|false\u00bb toggle_font_size_tablet=\u00bb22px\u00bb toggle_font_size_phone=\u00bb20px\u00bb toggle_font_size_last_edited=\u00bbon|phone\u00bb global_colors_info=\u00bb{%22gcid-primary-color%22:%91%22quote_text_color%22,%22quote_text_color%22%93,%22gcid-heading-color%22:%91%22toggle_text_color%22,%22toggle_text_color%22%93,%22gcid-secondary-color%22:%91%22icon_color%22%93}\u00bb][et_pb_accordion_item title=\u00bbTransporte\u00bb open=\u00bbon\u00bb icon_color=\u00bbgcid-secondary-color\u00bb toggle_icon=\u00bb&#x33;||divi||400&#8243; use_icon_font_size=\u00bbon\u00bb icon_font_size=\u00bb30px\u00bb _builder_version=\u00bb4.27.5&#8243; _module_preset=\u00bbdefault\u00bb global_colors_info=\u00bb{%22gcid-secondary-color%22:%91%22icon_color%22%93}\u00bb]<\/p>\n<p><span style=\"text-decoration: underline;\"><strong>Del Aeropuerto al Centro de Bilbao (y viceversa)<\/strong><\/span><\/p>\n<p>El Aeropuerto de Bilbao (BIO), conocido como \u00abLa Paloma\u00bb, se encuentra a unos 12 km del centro de la ciudad. El trayecto suele durar entre 15 y 25 minutos, dependiendo del tr\u00e1fico y el transporte elegido.<\/p>\n<p>&nbsp;<\/p>\n<p><strong>Autob\u00fas P\u00fablico<\/strong><\/p>\n<p>(Bizkaibus &#8211; L\u00ednea A3247)<\/p>\n<p>Es la opci\u00f3n m\u00e1s econ\u00f3mica y eficiente. Los autobuses son de color verde.<\/p>\n<p>Recorrido: Aeropuerto \u2194 Alameda Recalde 14 \u2194 Plaza Moy\u00faa (centro neur\u00e1lgico) \u2194 Gran V\u00eda 46 \u2194 Intermodal (Estaci\u00f3n central de autobuses).<\/p>\n<p>Frecuencia: Cada 15 &#8211; 20 minutos.<\/p>\n<p>Horario:<\/p>\n<ul>\n<li>Desde el aeropuerto: 06:15 a 00:00.<\/li>\n<li>Desde Bilbao (Intermodal): 05:15 a 22:00.<\/li>\n<\/ul>\n<p>Precio: Billete ocasional: 4.50 \u20ac (se puede pagar con tarjeta bancaria en la cabina de Bizkaibus del aeropuerto o directamente al conductor).<\/p>\n<p>&nbsp;<\/p>\n<p><strong>Taxi<\/strong><\/p>\n<p>La parada se encuentra justo a la salida de la terminal de llegadas (Planta 1).<\/p>\n<p>Precio aproximado: Entre 25 \u20ac y 35 \u20ac hasta el centro de Bilbao. La tarifa var\u00eda seg\u00fan si es d\u00eda laborable, noche o festivo.<\/p>\n<p>Tiempo: Unos 15 minutos.<\/p>\n<p>Pago: La mayor\u00eda acepta tarjeta de cr\u00e9dito, pero siempre es recomendable confirmarlo antes de subir.<\/p>\n<p>&nbsp;<\/p>\n<p><strong>Transporte Privado<\/strong><\/p>\n<p>Uber \/ Cabify: Operan en la ciudad. El precio es din\u00e1mico y se consulta a trav\u00e9s de sus apps. El punto de recogida suele estar se\u00f1alizado en el parking o zonas espec\u00edficas de la terminal.<\/p>\n<p>[\/et_pb_accordion_item][et_pb_accordion_item title=\u00bbAlojamiento\u00bb toggle_icon=\u00bb&#x33;||divi||400&#8243; use_icon_font_size=\u00bbon\u00bb icon_font_size=\u00bb30px\u00bb _builder_version=\u00bb4.27.5&#8243; _module_preset=\u00bbdefault\u00bb hover_enabled=\u00bb0&#8243; global_colors_info=\u00bb{}\u00bb open=\u00bboff\u00bb sticky_enabled=\u00bb0&#8243;]<\/p>\n<p><strong>Catalonia Gran Via Bilbao Hotel<\/strong><\/p>\n<p>Con un 10% de descuento para asistentes a EMYA 2026 con el c\u00f3digo EMYABILBAO.<\/p>\n<p><a href=\"https:\/\/www.cataloniahotels.com\/en\/pages\/emya-bilbao\" target=\"_blank\" rel=\"noopener\">+ Info<\/a><a href=\"https:\/\/www.cataloniahotels.com\/en\/pages\/emya-bilbao\" target=\"_blank\" rel=\"noopener\"><\/a><\/p>\n<p>&nbsp;<\/p>\n<p><strong>Meli\u00e1 Bilbao Hotel<\/strong><\/p>\n<p><a href=\"https:\/\/www.melia.com\/es\/hoteles\/espana\/bilbao\/melia-bilbao?esl-k=sem-google|ng|c675455637010|me|khotel%20melia%20bilbao|p|t|dc|a134023307492|g14891490160&amp;gclsrc=aw.ds&amp;&amp;gad_source=1&amp;gad_campaignid=14891490160&amp;gclid=Cj0KCQiAyvHLBhDlARIsAHxl6xqhruR5iof7yPgFx_QZqWT0EqCuG0f4x0Ei87upf5XBJONtSrvds7UaAmEXEALw_wcB\" target=\"_blank\" rel=\"noopener\">+ Info<\/a><\/p>\n<p>&nbsp;<\/p>\n<p><strong>Abba Euskalduna Hotel<\/strong><\/p>\n<p><a href=\"https:\/\/www.abbahoteles.com\/es\/destinos\/abba-euskalduna-hotel\/el-hotel.html?origen=ppc&amp;gad_source=1&amp;gad_campaignid=14156204399&amp;gclid=Cj0KCQiAyvHLBhDlARIsAHxl6xoN22TeLHYokczy7cb3AStIS_cTknQsjt9Lp4wEN5icoxhlgT466twaAs8AEALw_wcB#0\" target=\"_blank\" rel=\"noopener\">+ Info<\/a><\/p>\n<p>&nbsp;<\/p>\n<p><strong>NH Collection Villa de Bilbao Hotel<\/strong><\/p>\n<p><a href=\"https:\/\/www.nh-collection.com\/es\/hotel\/nh-collection-villa-de-bilbao?campid=8435708&amp;utm_campaign=nh_hotel&amp;utm_source=google&amp;utm_medium=cpc&amp;utm_id=18311236994&amp;utm_source_platform=sa360&amp;gclsrc=aw.ds&amp;gad_source=1&amp;gad_campaignid=18311236994&amp;gclid=Cj0KCQiAyvHLBhDlARIsAHxl6xoeqAonAIbsXiVPjZahF_WWnCd1-cK1cK-FBjrSD-dHrqyhahR3P_YaArvJEALw_wcB\" target=\"_blank\" rel=\"noopener\">+ Info<\/a><\/p>\n<p>&nbsp;<\/p>\n<p><strong>Ilunion Bilbao Hotel<\/strong><\/p>\n<p><a href=\"https:\/\/www.ilunionhotels.com\/hoteles\/ilunion-bilbao\" target=\"_blank\" rel=\"noopener\">+ Info<\/a><a href=\"https:\/\/www.ilunionhotels.com\/hoteles\/ilunion-bilbao\" target=\"_blank\" rel=\"noopener\"><\/a><\/p>\n<p>&nbsp;<\/p>\n<p><strong>NH Bilbao Deusto Hotel<\/strong><\/p>\n<p><a href=\"https:\/\/www.nh-hotels.com\/es\/hotel\/nh-bilbao-deusto?campid=8435708&amp;utm_campaign=nh_hotel&amp;utm_source=google&amp;utm_medium=cpc&amp;utm_id=22347317918&amp;utm_source_platform=sa360&amp;gclsrc=aw.ds&amp;gad_source=1&amp;gad_campaignid=22347317918&amp;gclid=Cj0KCQiAyvHLBhDlARIsAHxl6xrntihUVSnKzVrISZ8OaHXDf7HqlI3Lr6DAYi-dP0IYY9fPjGVRKxcaAt2SEALw_wcB\" target=\"_blank\" rel=\"noopener\">+ Info<\/a><\/p>\n<p>&nbsp;<\/p>\n<p><strong>Mir\u00f3 Hotel<\/strong><\/p>\n<p><a href=\"https:\/\/www.mirohotelbilbao.com\/?gad_source=1&amp;gad_campaignid=21373468256&amp;gclid=Cj0KCQiAyvHLBhDlARIsAHxl6xpGpmANYGlejDy77M8YE2WGeAigwcopHimZosZg3ojVdeHHub5Rnk4aAg9bEALw_wcB\" target=\"_blank\" rel=\"noopener\">+ Info<\/a><a href=\"https:\/\/www.mirohotelbilbao.com\/?gad_source=1&amp;gad_campaignid=21373468256&amp;gclid=Cj0KCQiAyvHLBhDlARIsAHxl6xpGpmANYGlejDy77M8YE2WGeAigwcopHimZosZg3ojVdeHHub5Rnk4aAg9bEALw_wcB\" target=\"_blank\" rel=\"noopener\"><\/a><\/p>\n<p>[\/et_pb_accordion_item][et_pb_accordion_item title=\u00bbC\u00f3mo llegar al Palacio Euskalduna\u00bb _builder_version=\u00bb4.27.5&#8243; _module_preset=\u00bbdefault\u00bb global_colors_info=\u00bb{}\u00bb open=\u00bboff\u00bb]<\/p>\n<p><strong>A pie<\/strong><\/p>\n<p>Bilbao es una ciudad muy accesible. Si te alojas en el centro, podr\u00e1s llegar al Palacio Euskalduna disfrutando de un agradable paseo por la Avenida Abandoibarra (junto a la r\u00eda) o por la Gran V\u00eda.<\/p>\n<p>&nbsp;<\/p>\n<p><strong>Tranv\u00eda (Euskotren Tranbia)<\/strong><\/p>\n<p>La parada \u00abEuskalduna\u00bb te deja literalmente en la puerta del palacio. Mapa tranvia: <a href=\"https:\/\/euskotren.eus\/es\/tranvia\/bilbao\" target=\"_blank\" rel=\"noopener\">https:\/\/euskotren.eus\/es\/tranvia\/bilbao<\/a><\/p>\n<p>&nbsp;<\/p>\n<p><strong>Metro<\/strong><\/p>\n<p>Las estaciones m\u00e1s cercanas son \u00abSan Mam\u00e9s\u00bb (Salida: Sabino Arana) e \u00abIndautxu\u00bb (Salida: Doctor Areilza). Desde ambas hay un paseo de unos 5-7 minutos hasta el palacio. Mapa metro: <a href=\"https:\/\/www.metrobilbao.eus\/es\/mapa-y-estado-de-la-red?line=L1\" target=\"_blank\" rel=\"noopener\">https:\/\/www.metrobilbao.eus\/es\/mapa-y-estado-de-la-red?line=L1<\/a><\/p>\n<p>[\/et_pb_accordion_item][\/et_pb_accordion][\/et_pb_column][\/et_pb_row][et_pb_row _builder_version=\u00bb4.27.5&#8243; _module_preset=\u00bbdefault\u00bb width=\u00bb1080px\u00bb width_tablet=\u00bb100%\u00bb width_phone=\u00bb100%\u00bb width_last_edited=\u00bbon|phone\u00bb custom_margin=\u00bb0px||0px||false|false\u00bb custom_padding=\u00bb0px||0px||false|false\u00bb locked=\u00bboff\u00bb global_colors_info=\u00bb{}\u00bb][et_pb_column type=\u00bb4_4&#8243; _builder_version=\u00bb4.25.0&#8243; _module_preset=\u00bbdefault\u00bb global_colors_info=\u00bb{}\u00bb][\/et_pb_column][\/et_pb_row][\/et_pb_section]<\/p>\n","protected":false},"excerpt":{"rendered":"<p>Del Aeropuerto al Centro de Bilbao (y viceversa) El Aeropuerto de Bilbao (BIO), conocido como \u00abLa Paloma\u00bb, se encuentra a unos 12 km del centro de la ciudad. El trayecto suele durar entre 15 y 25 minutos, dependiendo del tr\u00e1fico y el transporte elegido. &nbsp; Autob\u00fas P\u00fablico (Bizkaibus &#8211; L\u00ednea A3247) Es la opci\u00f3n m\u00e1s [&hellip;]<\/p>\n","protected":false},"author":1,"featured_media":0,"parent":0,"menu_order":0,"comment_status":"closed","ping_status":"closed","template":"","meta":{"_et_pb_use_builder":"on","_et_pb_old_content":"","_et_gb_content_width":"","footnotes":""},"class_list":["post-1189","page","type-page","status-publish","hentry"],"_links":{"self":[{"href":"https:\/\/emya2026bilbao.eus\/es\/wp-json\/wp\/v2\/pages\/1189","targetHints":{"allow":["GET"]}}],"collection":[{"href":"https:\/\/emya2026bilbao.eus\/es\/wp-json\/wp\/v2\/pages"}],"about":[{"href":"https:\/\/emya2026bilbao.eus\/es\/wp-json\/wp\/v2\/types\/page"}],"author":[{"embeddable":true,"href":"https:\/\/emya2026bilbao.eus\/es\/wp-json\/wp\/v2\/users\/1"}],"replies":[{"embeddable":true,"href":"https:\/\/emya2026bilbao.eus\/es\/wp-json\/wp\/v2\/comments?post=1189"}],"version-history":[{"count":25,"href":"https:\/\/emya2026bilbao.eus\/es\/wp-json\/wp\/v2\/pages\/1189\/revisions"}],"predecessor-version":[{"id":2665,"href":"https:\/\/emya2026bilbao.eus\/es\/wp-json\/wp\/v2\/pages\/1189\/revisions\/2665"}],"wp:attachment":[{"href":"https:\/\/emya2026bilbao.eus\/es\/wp-json\/wp\/v2\/media?parent=1189"}],"curies":[{"name":"wp","href":"https:\/\/api.w.org\/{rel}","templated":true}]}}