{"id":2099,"date":"2026-01-27T15:30:42","date_gmt":"2026-01-27T14:30:42","guid":{"rendered":"https:\/\/emya2026bilbao.eus\/?page_id=2099"},"modified":"2026-04-23T09:56:33","modified_gmt":"2026-04-23T07:56:33","slug":"venue","status":"publish","type":"page","link":"https:\/\/emya2026bilbao.eus\/en\/venue\/","title":{"rendered":"Venue"},"content":{"rendered":"<p>[et_pb_section fb_built=&#8221;1&#8243; admin_label=&#8221;Header&#8221; module_class=&#8221;titFond&#8221; _builder_version=&#8221;4.27.5&#8243; _module_preset=&#8221;default&#8221; width=&#8221;100%&#8221; custom_margin=&#8221;||0px||false|false&#8221; custom_padding=&#8221;||0px||false|false&#8221; scroll_horizontal_motion=&#8221;0|50|50|100|-4|0|0&#8243; collapsed=&#8221;off&#8221; global_colors_info=&#8221;{}&#8221;][et_pb_row _builder_version=&#8221;4.27.5&#8243; _module_preset=&#8221;698f9690-9eb0-4f99-ad59-f238b97be924&#8243; background_color=&#8221;gcid-secondary-color&#8221; background_image=&#8221;https:\/\/emya2026bilbao.eus\/wp-content\/uploads\/2026\/02\/emya-trama-tit.svg&#8221; width=&#8221;1080px&#8221; width_tablet=&#8221;80%&#8221; width_phone=&#8221;80%&#8221; width_last_edited=&#8221;on|desktop&#8221; custom_margin=&#8221;||||false|false&#8221; custom_padding=&#8221;15px|40px|5px|20px|false|false&#8221; custom_padding_tablet=&#8221;13px|0px|7px|20px|false|false&#8221; custom_padding_phone=&#8221;15px|20px|3px|0px|false|false&#8221; border_radii=&#8221;off||0px|0px|&#8221; box_shadow_color=&#8221;gcid-secondary-color&#8221; global_colors_info=&#8221;{%22gcid-primary-color%22:%91%22box_shadow_color%22%93,%22gcid-secondary-color%22:%91%22box_shadow_color%22,%22background_color%22%93}&#8221;][et_pb_column type=&#8221;4_4&#8243; _builder_version=&#8221;4.25.0&#8243; _module_preset=&#8221;default&#8221; global_colors_info=&#8221;{}&#8221;][et_pb_heading title=&#8221;VENUE&#8221; _builder_version=&#8221;4.27.5&#8243; _module_preset=&#8221;0f4a8d2c-a668-46c5-b1a5-6149f83510c6&#8243; title_font=&#8221;|700|||||||&#8221; title_text_color=&#8221;#FFFFFF&#8221; title_font_size=&#8221;40px&#8221; title_line_height=&#8221;1em&#8221; custom_margin=&#8221;||||false|false&#8221; custom_padding=&#8221;0px||0px||false|false&#8221; global_colors_info=&#8221;{}&#8221;][\/et_pb_heading][\/et_pb_column][\/et_pb_row][\/et_pb_section][et_pb_section fb_built=&#8221;1&#8243; admin_label=&#8221;Borde&#8221; _builder_version=&#8221;4.27.5&#8243; _module_preset=&#8221;default&#8221; width=&#8221;90%&#8221; custom_margin=&#8221;10px||||false|false&#8221; custom_padding=&#8221;0px||||false|false&#8221; scroll_horizontal_motion=&#8221;0|50|50|100|-4|0|0&#8243; collapsed=&#8221;off&#8221; global_colors_info=&#8221;{}&#8221;][et_pb_row module_class=&#8221;subTit&#8221; _builder_version=&#8221;4.27.5&#8243; _module_preset=&#8221;698f9690-9eb0-4f99-ad59-f238b97be924&#8243; background_color=&#8221;gcid-heading-color&#8221; background_enable_image=&#8221;off&#8221; width=&#8221;1080px&#8221; width_tablet=&#8221;80%&#8221; width_phone=&#8221;70%&#8221; width_last_edited=&#8221;on|desktop&#8221; min_height=&#8221;0px&#8221; height=&#8221;0px&#8221; max_height=&#8221;5px&#8221; custom_padding=&#8221;15px|40px|10px||false|false&#8221; custom_padding_tablet=&#8221;5px||5px||true|false&#8221; custom_padding_phone=&#8221;5px|0px|5px|0px|true|false&#8221; border_radii=&#8221;off||0px|0px|&#8221; box_shadow_color=&#8221;gcid-heading-color&#8221; global_colors_info=&#8221;{%22gcid-primary-color%22:%91%22background_color%22%93,%22gcid-heading-color%22:%91%22background_color%22,%22box_shadow_color%22%93}&#8221;][et_pb_column type=&#8221;4_4&#8243; _builder_version=&#8221;4.27.5&#8243; _module_preset=&#8221;default&#8221; background_color=&#8221;gcid-heading-color&#8221; global_colors_info=&#8221;{%22gcid-heading-color%22:%91%22background_color%22%93}&#8221;][\/et_pb_column][\/et_pb_row][\/et_pb_section][et_pb_section fb_built=&#8221;1&#8243; admin_label=&#8221;Resume&#8221; _builder_version=&#8221;4.27.5&#8243; _module_preset=&#8221;default&#8221; width=&#8221;1080px&#8221; width_tablet=&#8221;90%&#8221; width_phone=&#8221;90%&#8221; width_last_edited=&#8221;on|desktop&#8221; module_alignment=&#8221;center&#8221; custom_margin=&#8221;0px||0px||false|false&#8221; custom_padding=&#8221;0px||20px||false|false&#8221; locked=&#8221;off&#8221; collapsed=&#8221;off&#8221; global_colors_info=&#8221;{}&#8221;][et_pb_row _builder_version=&#8221;4.27.5&#8243; _module_preset=&#8221;default&#8221; width=&#8221;1080px&#8221; width_tablet=&#8221;100%&#8221; width_phone=&#8221;100%&#8221; width_last_edited=&#8221;on|desktop&#8221; custom_margin=&#8221;0px|||0px|false|false&#8221; custom_padding=&#8221;0px||||false|false&#8221; global_colors_info=&#8221;{}&#8221;][et_pb_column type=&#8221;4_4&#8243; _builder_version=&#8221;4.25.0&#8243; _module_preset=&#8221;default&#8221; global_colors_info=&#8221;{}&#8221;][et_pb_heading title=&#8221;EUSKALDUNA JAUREGIA \u2013 Euskalduna Conference Centre and Concert Hall&#8221; admin_label=&#8221;T\u00edtulo&#8221; _builder_version=&#8221;4.27.5&#8243; _module_preset=&#8221;78938ff8-75a3-4592-8234-5b8bb59b9f47&#8243; title_level=&#8221;h2&#8243; title_font=&#8221;|700||on|||||&#8221; title_font_size=&#8221;36px&#8221; title_line_height=&#8221;1.1em&#8221; custom_padding=&#8221;|20px||20px|false|false&#8221; title_font_size_phone=&#8221;30px&#8221; global_colors_info=&#8221;{}&#8221;][\/et_pb_heading][\/et_pb_column][\/et_pb_row][et_pb_row _builder_version=&#8221;4.27.5&#8243; _module_preset=&#8221;default&#8221; width=&#8221;1080px&#8221; width_tablet=&#8221;100%&#8221; width_phone=&#8221;100%&#8221; width_last_edited=&#8221;on|phone&#8221; custom_margin=&#8221;0px||0px||false|false&#8221; custom_padding=&#8221;0px||0px||false|false&#8221; locked=&#8221;off&#8221; global_colors_info=&#8221;{}&#8221;][et_pb_column type=&#8221;4_4&#8243; _builder_version=&#8221;4.25.0&#8243; _module_preset=&#8221;default&#8221; global_colors_info=&#8221;{}&#8221;][et_pb_image src=&#8221;https:\/\/emya2026bilbao.eus\/wp-content\/uploads\/2026\/02\/euskalduna-03.jpg&#8221; _builder_version=&#8221;4.27.5&#8243; _module_preset=&#8221;default&#8221; custom_margin=&#8221;||60px||false|false&#8221; custom_margin_tablet=&#8221;||50px||false|false&#8221; custom_margin_phone=&#8221;||30px||false|false&#8221; custom_margin_last_edited=&#8221;on|phone&#8221; global_colors_info=&#8221;{}&#8221;][\/et_pb_image][et_pb_text _builder_version=&#8221;4.27.5&#8243; _module_preset=&#8221;default&#8221; text_font_size=&#8221;18px&#8221; custom_margin=&#8221;||10px||false|false&#8221; custom_padding=&#8221;|20px||20px|false|false&#8221; scroll_fade_enable=&#8221;on&#8221; global_colors_info=&#8221;{}&#8221;]<\/p>\n<p>The 2026 Annual Conference and Awards Ceremony of the EMYA (European Museum of the Year Awards) will be hosted by Euskararen Etxea and its Basque Language Interpretation Centre, the 2025 winner of the Council of Europe Museum Prize,<strong> from 10 to 14 June<\/strong>.<\/p>\n<p>[\/et_pb_text][et_pb_text _builder_version=&#8221;4.27.5&#8243; _module_preset=&#8221;default&#8221; text_font_size=&#8221;18px&#8221; custom_margin=&#8221;||10px||false|false&#8221; custom_padding=&#8221;|20px||20px|false|false&#8221; scroll_fade_enable=&#8221;on&#8221; global_colors_info=&#8221;{}&#8221;]<\/p>\n<p>This unique event will bring together the EMYA community \u2014 former candidates, winners, <strong>EMYA2026<\/strong> nominees, partners, and museum professionals \u2014 for panel discussions, workshops, and debates exploring innovation and best practices in the European museum field.<\/p>\n<p>[\/et_pb_text][et_pb_divider show_divider=&#8221;off&#8221; _builder_version=&#8221;4.27.5&#8243; _module_preset=&#8221;default&#8221; global_colors_info=&#8221;{}&#8221;][\/et_pb_divider][et_pb_text _builder_version=&#8221;4.27.5&#8243; _module_preset=&#8221;default&#8221; text_font_size=&#8221;18px&#8221; custom_margin=&#8221;||10px||false|false&#8221; custom_padding=&#8221;|20px||20px|false|false&#8221; scroll_fade_enable=&#8221;on&#8221; global_colors_info=&#8221;{}&#8221;]<\/p>\n<h4>Main Conference Venue<\/h4>\n<p>[\/et_pb_text][et_pb_text _builder_version=&#8221;4.27.5&#8243; _module_preset=&#8221;default&#8221; text_font_size=&#8221;18px&#8221; custom_margin=&#8221;||10px||false|false&#8221; custom_padding=&#8221;|20px||20px|false|false&#8221; scroll_fade_enable=&#8221;on&#8221; global_colors_info=&#8221;{}&#8221;]<\/p>\n<p>The main conference sessions and the awards ceremony will take place at Euskalduna Jauregia \u2013 Euskalduna Conference Centre and Concert Hall, one of Bilbao\u2019s most emblematic cultural spaces. Designed by architects Federico Soriano and Dolores Palacios to evoke a ship under construction on the former Euskalduna shipyard site, the building received the Enric Miralles Award for Architecture at the 6th Spanish Architecture Biennial in 2001.<\/p>\n<p>[\/et_pb_text][et_pb_gallery gallery_ids=&#8221;2095,2096,2097,2098&#8243; posts_number=&#8221;100&#8243; show_title_and_caption=&#8221;off&#8221; show_pagination=&#8221;off&#8221; _builder_version=&#8221;4.27.5&#8243; _module_preset=&#8221;default&#8221; custom_margin=&#8221;60px||0px||false|false&#8221; custom_margin_tablet=&#8221;60px||0px||false|false&#8221; custom_margin_phone=&#8221;30px||||false|false&#8221; custom_margin_last_edited=&#8221;on|phone&#8221; custom_padding=&#8221;0px|20px|0px|20px|false|false&#8221; global_colors_info=&#8221;{}&#8221;][\/et_pb_gallery][et_pb_text _builder_version=&#8221;4.27.5&#8243; _module_preset=&#8221;default&#8221; text_font_size=&#8221;18px&#8221; custom_margin=&#8221;0px||10px||false|false&#8221; custom_padding=&#8221;|20px||20px|false|false&#8221; scroll_fade_enable=&#8221;on&#8221; global_colors_info=&#8221;{}&#8221;]<\/p>\n<p>This 58,200 m\u00b2 multi\u2011purpose complex is located in the heart of Bilbao, close to the international airport. It hosts a wide range of economic, academic, political, social, and cultural events. Euskalduna is home to the city\u2019s opera season, organised by ABAO (Friends of the Opera of Bilbao), and it is also the base of the Bilbao Symphony Orchestra (BOS), founded in 1920.<\/p>\n<p>[\/et_pb_text][et_pb_divider show_divider=&#8221;off&#8221; _builder_version=&#8221;4.27.5&#8243; _module_preset=&#8221;default&#8221; global_colors_info=&#8221;{}&#8221;][\/et_pb_divider][et_pb_text _builder_version=&#8221;4.27.5&#8243; _module_preset=&#8221;default&#8221; text_font_size=&#8221;18px&#8221; custom_margin=&#8221;||10px||false|false&#8221; custom_padding=&#8221;|20px||20px|false|false&#8221; scroll_fade_enable=&#8221;on&#8221; global_colors_info=&#8221;{}&#8221;]<\/p>\n<h4>Euskararen Etxea<\/h4>\n<p>[\/et_pb_text][et_pb_text _builder_version=&#8221;4.27.5&#8243; _module_preset=&#8221;default&#8221; text_font_size=&#8221;18px&#8221; custom_margin=&#8221;||10px||false|false&#8221; custom_padding=&#8221;|20px||20px|false|false&#8221; scroll_fade_enable=&#8221;on&#8221; global_colors_info=&#8221;{}&#8221;]<\/p>\n<p>Activities and the collection of registration materials on Wednesday, 10 June, will take place at Euskararen Etxea, located at Agoitz Plaza 1 in Bilbao.<\/p>\n<p>[\/et_pb_text][et_pb_divider show_divider=&#8221;off&#8221; _builder_version=&#8221;4.27.5&#8243; _module_preset=&#8221;default&#8221; global_colors_info=&#8221;{}&#8221;][\/et_pb_divider][et_pb_text _builder_version=&#8221;4.27.5&#8243; _module_preset=&#8221;default&#8221; text_font_size=&#8221;18px&#8221; custom_margin=&#8221;||10px||false|false&#8221; custom_padding=&#8221;|20px||20px|false|false&#8221; scroll_fade_enable=&#8221;on&#8221; global_colors_info=&#8221;{}&#8221;]<\/p>\n<h4>Additional Venues Across Bilbao<\/h4>\n<p>[\/et_pb_text][et_pb_text _builder_version=&#8221;4.27.5&#8243; _module_preset=&#8221;default&#8221; text_font_size=&#8221;18px&#8221; custom_margin=&#8221;||10px||false|false&#8221; custom_padding=&#8221;|20px||20px|false|false&#8221; scroll_fade_enable=&#8221;on&#8221; global_colors_info=&#8221;{}&#8221;]<\/p>\n<p>EMYA2026 will extend across several remarkable cultural venues in the city:<\/p>\n<ul>\n<li style=\"list-style-type: none;\">\n<ul>\n<li>Guggenheim Bilbao Museum (winner EMYA 2000) \u2013 Gala Dinner<\/li>\n<li>Euskal Museoa Bilbao Museo Vasco \u2013 Evening reception<\/li>\n<li>Athletic Club Museoa (EMYA 2020 nominee) and San Mam\u00e9s Stadium \u2013 Evening reception<\/li>\n<\/ul>\n<\/li>\n<\/ul>\n<p>[\/et_pb_text][et_pb_text _builder_version=&#8221;4.27.5&#8243; _module_preset=&#8221;default&#8221; text_font_size=&#8221;18px&#8221; custom_margin=&#8221;||10px||false|false&#8221; custom_padding=&#8221;|20px||20px|false|false&#8221; scroll_fade_enable=&#8221;on&#8221; global_colors_info=&#8221;{}&#8221;]<\/p>\n<h4>Discovering the City and Bizkaia<\/h4>\n<p>[\/et_pb_text][et_pb_text _builder_version=&#8221;4.27.5&#8243; _module_preset=&#8221;default&#8221; text_font_size=&#8221;18px&#8221; custom_margin=&#8221;||10px||false|false&#8221; custom_padding=&#8221;|20px||20px|false|false&#8221; scroll_fade_enable=&#8221;on&#8221; global_colors_info=&#8221;{}&#8221;]<\/p>\n<p>Pre\u2011 and post\u2011conference tours will guide participants through some of Bilbao\u2019s most beautiful and meaningful places, offering a deeper encounter with the city\u2019s architecture, heritage, and vibrant cultural life.<\/p>\n<p>[\/et_pb_text][\/et_pb_column][\/et_pb_row][\/et_pb_section][et_pb_section fb_built=&#8221;1&#8243; admin_label=&#8221;Resume&#8221; _builder_version=&#8221;4.27.5&#8243; _module_preset=&#8221;default&#8221; width=&#8221;100%&#8221; width_tablet=&#8221;90%&#8221; width_phone=&#8221;90%&#8221; width_last_edited=&#8221;on|desktop&#8221; max_width=&#8221;100%&#8221; module_alignment=&#8221;center&#8221; custom_margin=&#8221;0px||||false|false&#8221; custom_padding=&#8221;0px||||false|false&#8221; locked=&#8221;off&#8221; collapsed=&#8221;on&#8221; global_colors_info=&#8221;{}&#8221;][et_pb_row _builder_version=&#8221;4.27.5&#8243; _module_preset=&#8221;default&#8221; width=&#8221;100%&#8221; width_tablet=&#8221;100%&#8221; width_phone=&#8221;100%&#8221; width_last_edited=&#8221;on|desktop&#8221; max_width=&#8221;100%&#8221; module_alignment=&#8221;center&#8221; custom_margin=&#8221;0px|0px|0px|0px|false|false&#8221; custom_padding=&#8221;0px|0px|0px|0px|false|false&#8221; global_colors_info=&#8221;{}&#8221;][et_pb_column type=&#8221;4_4&#8243; _builder_version=&#8221;4.25.0&#8243; _module_preset=&#8221;default&#8221; global_colors_info=&#8221;{}&#8221;][et_pb_map address=&#8221;Abandoibarra Etorb., 4, Abando, 48011 Bilbao, Bizkaia, Espa\u00f1a&#8221; address_lat=&#8221;43.2667891&#8243; address_lng=&#8221;-2.9442873&#8243; _builder_version=&#8221;4.27.5&#8243; _module_preset=&#8221;default&#8221; min_height=&#8221;650px&#8221; min_height_tablet=&#8221;400px&#8221; min_height_phone=&#8221;300px&#8221; min_height_last_edited=&#8221;on|phone&#8221; global_colors_info=&#8221;{}&#8221;][et_pb_map_pin title=&#8221;Euskalduna Jauregia&#8221; pin_address=&#8221;Abandoibarra Etorb., 4, Abando, 48011 Bilbao, Bizkaia, Espa\u00f1a&#8221; pin_address_lat=&#8221;43.2667891&#8243; pin_address_lng=&#8221;-2.9442873&#8243; _builder_version=&#8221;4.27.5&#8243; _module_preset=&#8221;default&#8221; global_colors_info=&#8221;{}&#8221;][\/et_pb_map_pin][\/et_pb_map][\/et_pb_column][\/et_pb_row][\/et_pb_section]<\/p>\n","protected":false},"excerpt":{"rendered":"<p>The 2026 Annual Conference and Awards Ceremony of the EMYA (European Museum of the Year Awards) will be hosted by Euskararen Etxea and its Basque Language Interpretation Centre, the 2025 winner of the Council of Europe Museum Prize, from 10 to 14 June.This unique event will bring together the EMYA community \u2014 former candidates, winners, [&hellip;]<\/p>\n","protected":false},"author":1,"featured_media":0,"parent":0,"menu_order":0,"comment_status":"closed","ping_status":"closed","template":"","meta":{"_et_pb_use_builder":"on","_et_pb_old_content":"[et_pb_section fb_built=\"1\" admin_label=\"Header\" module_class=\"titFond\" _builder_version=\"4.27.5\" _module_preset=\"default\" width=\"100%\" custom_margin=\"||0px||false|false\" custom_padding=\"||0px||false|false\" scroll_horizontal_motion=\"0|50|50|100|-4|0|0\" collapsed=\"off\" global_colors_info=\"{}\"][et_pb_row _builder_version=\"4.27.5\" _module_preset=\"698f9690-9eb0-4f99-ad59-f238b97be924\" background_color=\"gcid-secondary-color\" background_image=\"https:\/\/emya2026bilbao.eus\/wp-content\/uploads\/2026\/02\/emya-trama-tit.svg\" width=\"1080px\" width_tablet=\"80%\" width_phone=\"80%\" width_last_edited=\"on|desktop\" custom_margin=\"||||false|false\" custom_padding=\"15px|40px|5px|20px|false|false\" custom_padding_tablet=\"13px|0px|7px|20px|false|false\" custom_padding_phone=\"15px|20px|3px|0px|false|false\" border_radii=\"off||0px|0px|\" box_shadow_color=\"gcid-secondary-color\" global_colors_info=\"{%22gcid-primary-color%22:%91%22box_shadow_color%22%93,%22gcid-secondary-color%22:%91%22box_shadow_color%22,%22background_color%22%93}\"][et_pb_column type=\"4_4\" _builder_version=\"4.25.0\" _module_preset=\"default\" global_colors_info=\"{}\"][et_pb_heading title=\"SEDE\" _builder_version=\"4.27.5\" _module_preset=\"0f4a8d2c-a668-46c5-b1a5-6149f83510c6\" title_font=\"|700|||||||\" title_text_color=\"#FFFFFF\" title_font_size=\"40px\" title_line_height=\"1em\" custom_margin=\"||||false|false\" custom_padding=\"0px||0px||false|false\" global_colors_info=\"{}\"][\/et_pb_heading][\/et_pb_column][\/et_pb_row][\/et_pb_section][et_pb_section fb_built=\"1\" admin_label=\"Borde\" _builder_version=\"4.27.5\" _module_preset=\"default\" width=\"90%\" custom_margin=\"10px||||false|false\" custom_padding=\"0px||||false|false\" scroll_horizontal_motion=\"0|50|50|100|-4|0|0\" collapsed=\"off\" global_colors_info=\"{}\"][et_pb_row module_class=\"subTit\" _builder_version=\"4.27.5\" _module_preset=\"698f9690-9eb0-4f99-ad59-f238b97be924\" background_color=\"gcid-heading-color\" background_enable_image=\"off\" width=\"1080px\" width_tablet=\"80%\" width_phone=\"70%\" width_last_edited=\"on|desktop\" min_height=\"0px\" height=\"0px\" max_height=\"5px\" custom_padding=\"15px|40px|10px||false|false\" custom_padding_tablet=\"5px||5px||true|false\" custom_padding_phone=\"5px|0px|5px|0px|true|false\" border_radii=\"off||0px|0px|\" box_shadow_color=\"gcid-heading-color\" global_colors_info=\"{%22gcid-primary-color%22:%91%22background_color%22%93,%22gcid-heading-color%22:%91%22background_color%22,%22box_shadow_color%22%93}\"][et_pb_column type=\"4_4\" _builder_version=\"4.27.5\" _module_preset=\"default\" background_color=\"gcid-heading-color\" global_colors_info=\"{%22gcid-heading-color%22:%91%22background_color%22%93}\"][\/et_pb_column][\/et_pb_row][\/et_pb_section][et_pb_section fb_built=\"1\" admin_label=\"Resume\" _builder_version=\"4.27.5\" _module_preset=\"default\" width=\"1080px\" width_tablet=\"90%\" width_phone=\"90%\" width_last_edited=\"on|desktop\" module_alignment=\"center\" custom_margin=\"0px||0px||false|false\" custom_padding=\"0px||20px||false|false\" locked=\"off\" collapsed=\"off\" global_colors_info=\"{}\"][et_pb_row _builder_version=\"4.27.5\" _module_preset=\"default\" width=\"1080px\" width_tablet=\"100%\" width_phone=\"100%\" width_last_edited=\"on|desktop\" custom_margin=\"0px|||0px|false|false\" custom_padding=\"0px||||false|false\" global_colors_info=\"{}\"][et_pb_column type=\"4_4\" _builder_version=\"4.25.0\" _module_preset=\"default\" global_colors_info=\"{}\"][et_pb_heading title=\"Euskalduna Jauregia\" admin_label=\"T\u00edtulo\" _builder_version=\"4.27.5\" _module_preset=\"78938ff8-75a3-4592-8234-5b8bb59b9f47\" title_level=\"h2\" title_font=\"|700||on|||||\" title_font_size=\"36px\" title_line_height=\"1.1em\" custom_padding=\"|20px||20px|false|false\" title_font_size_phone=\"30px\" global_colors_info=\"{}\"][\/et_pb_heading][\/et_pb_column][\/et_pb_row][et_pb_row _builder_version=\"4.27.5\" _module_preset=\"default\" width=\"1080px\" width_tablet=\"100%\" width_phone=\"100%\" width_last_edited=\"on|phone\" custom_margin=\"0px||0px||false|false\" custom_padding=\"0px||0px||false|false\" locked=\"off\" global_colors_info=\"{}\"][et_pb_column type=\"4_4\" _builder_version=\"4.25.0\" _module_preset=\"default\" global_colors_info=\"{}\"][et_pb_image src=\"https:\/\/emya2026bilbao.eus\/wp-content\/uploads\/2026\/02\/euskalduna-03.jpg\" _builder_version=\"4.27.5\" _module_preset=\"default\" custom_margin=\"||60px||false|false\" custom_margin_tablet=\"||50px||false|false\" custom_margin_phone=\"||30px||false|false\" custom_margin_last_edited=\"on|phone\" global_colors_info=\"{}\"][\/et_pb_image][et_pb_text _builder_version=\"4.27.5\" _module_preset=\"default\" text_font_size=\"18px\" custom_margin=\"||10px||false|false\" custom_padding=\"|20px||20px|false|false\" scroll_fade_enable=\"on\" global_colors_info=\"{}\"]\n\nLa conferencia anual y la ceremonia de entrega de premios del Museo Europeo del A\u00f1o 2026 (EMYA) se celebrar\u00e1n del <strong>10 al 14 de junio de 2026 en Bilbao<\/strong>. La sede ser\u00e1 Euskararen Etxea y su Centro de Interpretaci\u00f3n del Euskera, ganador del Premio de Museos del Consejo de Europa en 2025.\n\n[\/et_pb_text][et_pb_text _builder_version=\"4.27.5\" _module_preset=\"default\" text_font_size=\"18px\" custom_margin=\"||10px||false|false\" custom_padding=\"|20px||20px|false|false\" scroll_fade_enable=\"on\" global_colors_info=\"{}\"]\n\nEste evento \u00fanico reunir\u00e1 a la comunidad EMYA, incluyendo candidaturas anteriores, museos ganadores y nominados al <strong>EMYA2026<\/strong>, as\u00ed como a personas colaboradoras y expertas del sector muse\u00edstico. Las personas y entidades participantes tendr\u00e1n la oportunidad de participar en inspiradoras mesas redondas, talleres y debates centrados en las innovaciones y las mejores pr\u00e1cticas de la museolog\u00eda europea.\n\n[\/et_pb_text][et_pb_text _builder_version=\"4.27.5\" _module_preset=\"default\" text_font_size=\"18px\" custom_margin=\"||10px||false|false\" custom_padding=\"|20px||20px|false|false\" scroll_fade_enable=\"on\" global_colors_info=\"{}\"]\n\nLa recogida del paquete de bienvenida para todos los eventos tendr\u00e1 lugar el <strong>10 de junio<\/strong> en el edificio de Euskararen Etxea, ubicado en Agoitz Plaza 1, Bilbao. Tambi\u00e9n se organizar\u00e1n talleres, mesas redondas y visitas guiadas especiales a la exposici\u00f3n de Euskararen Etxea. Las sesiones de la conferencia y la ceremonia de entrega del Premio Museo Europeo del A\u00f1o 2026 (del 10 al 14 de junio) tendr\u00e1n lugar en Euskalduna Jauregia \u2013 Palacio Euskalduna.\n\n[\/et_pb_text][et_pb_gallery gallery_ids=\"1107,1106,1253,1252\" posts_number=\"100\" show_title_and_caption=\"off\" show_pagination=\"off\" _builder_version=\"4.27.5\" _module_preset=\"default\" custom_margin=\"60px||0px||false|false\" custom_margin_tablet=\"60px||0px||false|false\" custom_margin_phone=\"30px||||false|false\" custom_margin_last_edited=\"on|phone\" custom_padding=\"0px|20px|0px|20px|false|false\" hover_enabled=\"0\" global_colors_info=\"{}\" sticky_enabled=\"0\"][\/et_pb_gallery][et_pb_text _builder_version=\"4.27.5\" _module_preset=\"default\" text_font_size=\"18px\" custom_margin=\"0px||10px||false|false\" custom_padding=\"|20px||20px|false|false\" scroll_fade_enable=\"on\" global_colors_info=\"{}\"]\n\nConcebido por el equipo de arquitectura integrado por <strong>Federico Soriano<\/strong> y <strong>Dolores Palacio<\/strong>, como una nave en permanente construcci\u00f3n que emerge del dique en el que estuvo el Astillero Euskalduna, el Palacio obtuvo el Premio Enric Miralles 2001 en la VI Bienal de la Arquitectura Espa\u00f1ola.\n\n[\/et_pb_text][et_pb_text _builder_version=\"4.27.5\" _module_preset=\"default\" text_font_size=\"18px\" custom_margin=\"||10px||false|false\" custom_padding=\"|20px||20px|false|false\" scroll_fade_enable=\"on\" global_colors_info=\"{}\"]\n\nConstituye un gran complejo multifuncional de 58.200 m\u00b2, ubicado en el centro de Bilbao y muy cerca del aeropuerto internacional.\n\n[\/et_pb_text][et_pb_text _builder_version=\"4.27.5\" _module_preset=\"default\" text_font_size=\"18px\" custom_margin=\"||60px||false|false\" custom_margin_tablet=\"||30px||false|false\" custom_margin_phone=\"||30px||false|false\" custom_margin_last_edited=\"on|phone\" custom_padding=\"|20px||20px|false|false\" scroll_fade_enable=\"on\" global_colors_info=\"{}\"]\n\nAcoge numerosas actividades de naturaleza econ\u00f3mico-empresarial, acad\u00e9mica, pol\u00edtica, institucional, social y cultural. En \u00e9l se desarrolla la Temporada de Opera de la ABAO, una de las m\u00e1s importantes y prestigiosas del Estado y de Europa, y tiene tambi\u00e9n su sede la Bilbao Orkestra Sinfonikoa (BOS), magn\u00edfica instituci\u00f3n musical, fundada en 1920, que dio su primer concierto en 1922.\n\n[\/et_pb_text][\/et_pb_column][\/et_pb_row][\/et_pb_section][et_pb_section fb_built=\"1\" admin_label=\"Resume\" _builder_version=\"4.27.5\" _module_preset=\"default\" width=\"100%\" width_tablet=\"90%\" width_phone=\"90%\" width_last_edited=\"on|desktop\" max_width=\"100%\" module_alignment=\"center\" custom_margin=\"0px||||false|false\" custom_padding=\"0px||||false|false\" locked=\"off\" collapsed=\"on\" global_colors_info=\"{}\"][et_pb_row _builder_version=\"4.27.5\" _module_preset=\"default\" width=\"100%\" width_tablet=\"100%\" width_phone=\"100%\" width_last_edited=\"on|desktop\" max_width=\"100%\" module_alignment=\"center\" custom_margin=\"0px|0px|0px|0px|false|false\" custom_padding=\"0px|0px|0px|0px|false|false\" global_colors_info=\"{}\"][et_pb_column type=\"4_4\" _builder_version=\"4.25.0\" _module_preset=\"default\" global_colors_info=\"{}\"][et_pb_map address=\"Abandoibarra Etorb., 4, Abando, 48011 Bilbao, Bizkaia, Espa\u00f1a\" address_lat=\"43.2667891\" address_lng=\"-2.9442873\" _builder_version=\"4.27.5\" _module_preset=\"default\" min_height=\"650px\" min_height_tablet=\"400px\" min_height_phone=\"300px\" min_height_last_edited=\"on|phone\" global_colors_info=\"{}\"][et_pb_map_pin title=\"Euskalduna Jauregia\" pin_address=\"Abandoibarra Etorb., 4, Abando, 48011 Bilbao, Bizkaia, Espa\u00f1a\" pin_address_lat=\"43.2667891\" pin_address_lng=\"-2.9442873\" _builder_version=\"4.27.5\" _module_preset=\"default\" global_colors_info=\"{}\"][\/et_pb_map_pin][\/et_pb_map][\/et_pb_column][\/et_pb_row][\/et_pb_section]","_et_gb_content_width":"","footnotes":""},"class_list":["post-2099","page","type-page","status-publish","hentry"],"_links":{"self":[{"href":"https:\/\/emya2026bilbao.eus\/en\/wp-json\/wp\/v2\/pages\/2099","targetHints":{"allow":["GET"]}}],"collection":[{"href":"https:\/\/emya2026bilbao.eus\/en\/wp-json\/wp\/v2\/pages"}],"about":[{"href":"https:\/\/emya2026bilbao.eus\/en\/wp-json\/wp\/v2\/types\/page"}],"author":[{"embeddable":true,"href":"https:\/\/emya2026bilbao.eus\/en\/wp-json\/wp\/v2\/users\/1"}],"replies":[{"embeddable":true,"href":"https:\/\/emya2026bilbao.eus\/en\/wp-json\/wp\/v2\/comments?post=2099"}],"version-history":[{"count":8,"href":"https:\/\/emya2026bilbao.eus\/en\/wp-json\/wp\/v2\/pages\/2099\/revisions"}],"predecessor-version":[{"id":3168,"href":"https:\/\/emya2026bilbao.eus\/en\/wp-json\/wp\/v2\/pages\/2099\/revisions\/3168"}],"wp:attachment":[{"href":"https:\/\/emya2026bilbao.eus\/en\/wp-json\/wp\/v2\/media?parent=2099"}],"curies":[{"name":"wp","href":"https:\/\/api.w.org\/{rel}","templated":true}]}}