{"id":1954,"date":"2026-01-27T15:30:42","date_gmt":"2026-01-27T14:30:42","guid":{"rendered":"https:\/\/emya2026bilbao.eus\/?page_id=1954"},"modified":"2026-03-23T15:50:09","modified_gmt":"2026-03-23T14:50:09","slug":"home","status":"publish","type":"page","link":"https:\/\/emya2026bilbao.eus\/en\/","title":{"rendered":"Home"},"content":{"rendered":"<p>[et_pb_section fb_built=&#8221;1&#8243; admin_label=&#8221;Header&#8221; module_id=&#8221;portadaHome&#8221; _builder_version=&#8221;4.27.5&#8243; _module_preset=&#8221;default&#8221; background_color=&#8221;#e4032e&#8221; background_enable_image=&#8221;off&#8221; z_index=&#8221;2&#8243; width=&#8221;98%&#8221; custom_margin=&#8221;|30px||30px|true|false&#8221; custom_margin_tablet=&#8221;|0px||0px|true|false&#8221; custom_margin_phone=&#8221;|0px||0px|true|false&#8221; custom_margin_last_edited=&#8221;on|desktop&#8221; custom_padding=&#8221;0px|0px|0px|0px|false|false&#8221; background_last_edited=&#8221;on|tablet&#8221; use_background_color_gradient_tablet=&#8221;off&#8221; locked=&#8221;off&#8221; collapsed=&#8221;on&#8221; global_colors_info=&#8221;{}&#8221;][et_pb_row _builder_version=&#8221;4.27.5&#8243; _module_preset=&#8221;default&#8221; background_enable_color=&#8221;off&#8221; width=&#8221;100%&#8221; custom_margin=&#8221;||||false|false&#8221; custom_padding=&#8221;|50px||50px|false|false&#8221; global_colors_info=&#8221;{}&#8221;][et_pb_column type=&#8221;4_4&#8243; _builder_version=&#8221;4.25.0&#8243; _module_preset=&#8221;default&#8221; global_colors_info=&#8221;{}&#8221;][et_pb_image src=&#8221;https:\/\/emya2026bilbao.eus\/wp-content\/uploads\/2026\/02\/Cab_EMYA_web_ENG-1.svg&#8221; _builder_version=&#8221;4.27.5&#8243; _module_preset=&#8221;68093b73-1dd3-4749-9154-a9e33e381af3&#8243; width=&#8221;80%&#8221; width_tablet=&#8221;90%&#8221; width_phone=&#8221;100%&#8221; width_last_edited=&#8221;on|phone&#8221; module_alignment=&#8221;center&#8221; min_height=&#8221;450px&#8221; min_height_tablet=&#8221;&#8221; min_height_phone=&#8221;450px&#8221; min_height_last_edited=&#8221;on|desktop&#8221; max_height_tablet=&#8221;300px&#8221; max_height_phone=&#8221;400px&#8221; max_height_last_edited=&#8221;on|tablet&#8221; locked=&#8221;off&#8221; global_colors_info=&#8221;{}&#8221;][\/et_pb_image][\/et_pb_column][\/et_pb_row][\/et_pb_section][et_pb_section fb_built=&#8221;1&#8243; _builder_version=&#8221;4.27.5&#8243; _module_preset=&#8221;default&#8221; z_index=&#8221;1&#8243; overflow-x=&#8221;visible&#8221; custom_margin=&#8221;-200px||||false|false&#8221; custom_margin_tablet=&#8221;-50px||||false|false&#8221; custom_margin_phone=&#8221;-50px||||false|false&#8221; custom_margin_last_edited=&#8221;on|desktop&#8221; custom_padding=&#8221;0px|0px|0px|0px|true|true&#8221; global_colors_info=&#8221;{}&#8221;][et_pb_row column_structure=&#8221;2_3,1_3&#8243; make_equal=&#8221;on&#8221; module_id=&#8221;fondoTramaHome&#8221; _builder_version=&#8221;4.27.5&#8243; _module_preset=&#8221;default&#8221; width=&#8221;100%&#8221; max_width=&#8221;100%&#8221; min_height=&#8221;120px&#8221; height=&#8221;120px&#8221; custom_margin=&#8221;||||false|false&#8221; custom_padding=&#8221;0px|0px|0px|0px|true|true&#8221; global_colors_info=&#8221;{}&#8221;][et_pb_column type=&#8221;2_3&#8243; module_class=&#8221;col1&#8243; _builder_version=&#8221;4.27.5&#8243; _module_preset=&#8221;default&#8221; background_image=&#8221;https:\/\/emya2026bilbao.eus\/wp-content\/uploads\/2026\/01\/trama-hojas_.png&#8221; parallax=&#8221;on&#8221; background_last_edited=&#8221;on|desktop&#8221; parallax_tablet=&#8221;off&#8221; global_colors_info=&#8221;{}&#8221;][\/et_pb_column][et_pb_column type=&#8221;1_3&#8243; module_class=&#8221;col2&#8243; _builder_version=&#8221;4.27.5&#8243; _module_preset=&#8221;default&#8221; global_colors_info=&#8221;{}&#8221;][\/et_pb_column][\/et_pb_row][\/et_pb_section][et_pb_section fb_built=&#8221;1&#8243; admin_label=&#8221;Resume&#8221; module_class=&#8221;bloqueHome1&#8243; _builder_version=&#8221;4.27.5&#8243; _module_preset=&#8221;default&#8221; module_alignment=&#8221;center&#8221; custom_margin=&#8221;0px||||false|false&#8221; custom_padding=&#8221;|20px||20px|false|false&#8221; collapsed=&#8221;on&#8221; global_colors_info=&#8221;{}&#8221;][et_pb_row column_structure=&#8221;1_2,1_2&#8243; module_class=&#8221;centrar-vertical&#8221; _builder_version=&#8221;4.27.5&#8243; _module_preset=&#8221;default&#8221; width=&#8221;100%&#8221; custom_margin=&#8221;40px||||false|false&#8221; custom_margin_tablet=&#8221;0px||0px||false|false&#8221; custom_margin_phone=&#8221;0px||||false|false&#8221; custom_margin_last_edited=&#8221;on|phone&#8221; custom_padding=&#8221;0px||0px||false|false&#8221; global_colors_info=&#8221;{}&#8221;][et_pb_column type=&#8221;1_2&#8243; _builder_version=&#8221;4.25.0&#8243; _module_preset=&#8221;default&#8221; global_colors_info=&#8221;{}&#8221;][et_pb_image src=&#8221;https:\/\/emya2026bilbao.eus\/wp-content\/uploads\/2026\/01\/euskalduna-scaled.jpg&#8221; title_text=&#8221;euskalduna&#8221; module_class=&#8221;imgLinea azul&#8221; _builder_version=&#8221;4.27.5&#8243; _module_preset=&#8221;default&#8221; custom_margin=&#8221;|1px||||&#8221; scroll_fade_enable=&#8221;on&#8221; scroll_blur_enable=&#8221;on&#8221; border_radii=&#8221;on|0px|0px|0px|0px&#8221; global_colors_info=&#8221;{}&#8221;][\/et_pb_image][\/et_pb_column][et_pb_column type=&#8221;1_2&#8243; _builder_version=&#8221;4.25.0&#8243; _module_preset=&#8221;default&#8221; global_colors_info=&#8221;{}&#8221;][et_pb_heading title=&#8221;EMYA 2026 BILBAO&#8221; _builder_version=&#8221;4.27.5&#8243; _module_preset=&#8221;78938ff8-75a3-4592-8234-5b8bb59b9f47&#8243; title_font=&#8221;|700||on|||||&#8221; custom_margin=&#8221;30px|20px||20px|false|false&#8221; custom_margin_tablet=&#8221;|20px|10px|20px|false|false&#8221; custom_margin_phone=&#8221;|20px|10px|20px|false|false&#8221; custom_margin_last_edited=&#8221;on|phone&#8221; scroll_fade_enable=&#8221;on&#8221; title_font_size_phone=&#8221;28px&#8221; global_colors_info=&#8221;{}&#8221;][\/et_pb_heading][et_pb_text _builder_version=&#8221;4.27.6&#8243; _module_preset=&#8221;aadb1abf-bd1f-42f1-b4da-2301b96a21cf&#8221; custom_margin=&#8221;|20px|20px|20px|false|false&#8221; custom_margin_tablet=&#8221;|20px|10px|20px|false|false&#8221; custom_margin_phone=&#8221;|20px|10px|20px|false|false&#8221; custom_margin_last_edited=&#8221;on|desktop&#8221; scroll_fade_enable=&#8221;on&#8221; global_colors_info=&#8221;{}&#8221;]<\/p>\n<p><strong>The European Museum of the Year Award (EMYA) Conference and Awards Ceremony<\/strong> 2026 will take place in <strong>Bilbao<\/strong>,\u202fcapital of Bizkaia, from Wednesday, June 10th, to Sunday, June 14th, 2026.<\/p>\n<p>[\/et_pb_text][et_pb_text _builder_version=&#8221;4.27.6&#8243; _module_preset=&#8221;aadb1abf-bd1f-42f1-b4da-2301b96a21cf&#8221; custom_margin=&#8221;|20px||20px|false|false&#8221; scroll_fade_enable=&#8221;on&#8221; global_colors_info=&#8221;{}&#8221;]<\/p>\n<p>Organized by the <a href=\"https:\/\/europeanforum.museum\/about\/european-museum-forum-emf\" target=\"_blank\" rel=\"noopener\"><strong>European Museum Forum (EMF)<\/strong><\/a> and hosted by local institutions, <a href=\"https:\/\/euskararenetxea.eus\/en\/\" target=\"_blank\" rel=\"noopener\"><strong>Euskararen Etxea and its Interpretation Center<\/strong><\/a>\u2014winner of 2025 Council of Europe Museum Prize\u2014and the <strong>Provincial Council of Bizkaia<\/strong>,\u202fthe Conference will bring together members of the EMYA community, including former candidates, winners, partners, and friends, alongside the EMYA2026 nominee museums.<\/p>\n<p>[\/et_pb_text][\/et_pb_column][\/et_pb_row][et_pb_row _builder_version=&#8221;4.27.5&#8243; _module_preset=&#8221;default&#8221; width=&#8221;1080px&#8221; width_tablet=&#8221;1080px&#8221; width_phone=&#8221;1080px&#8221; width_last_edited=&#8221;on|phone&#8221; max_width=&#8221;100%&#8221; custom_margin=&#8221;40px||||false|false&#8221; custom_margin_tablet=&#8221;0px||||false|false&#8221; custom_margin_phone=&#8221;0px||||false|false&#8221; custom_margin_last_edited=&#8221;on|phone&#8221; custom_padding=&#8221;0px||||false|false&#8221; global_colors_info=&#8221;{}&#8221;][et_pb_column type=&#8221;4_4&#8243; _builder_version=&#8221;4.25.0&#8243; _module_preset=&#8221;default&#8221; global_colors_info=&#8221;{}&#8221;][et_pb_text _builder_version=&#8221;4.27.6&#8243; _module_preset=&#8221;aadb1abf-bd1f-42f1-b4da-2301b96a21cf&#8221; custom_margin=&#8221;30px|20px|20px|20px|false|false&#8221; custom_margin_tablet=&#8221;10px|20px|10px|20px|false|false&#8221; custom_margin_phone=&#8221;|20px||20px|false|false&#8221; custom_margin_last_edited=&#8221;on|phone&#8221; scroll_fade_enable=&#8221;on&#8221; global_colors_info=&#8221;{}&#8221;]<\/p>\n<p>As a dynamic cultural territory in the Basque Country, <strong>Bizkaia<\/strong> has become a reference point for innovation, contemporary museum practice, and international cultural exchange, making it an ideal setting for this year\u2019s gathering.\u202f Bizkaia is a land where tradition inspires innovation.<\/p>\n<p>[\/et_pb_text][et_pb_text _builder_version=&#8221;4.27.6&#8243; _module_preset=&#8221;aadb1abf-bd1f-42f1-b4da-2301b96a21cf&#8221; custom_margin=&#8221;30px|20px|20px|20px|false|false&#8221; custom_margin_tablet=&#8221;10px|20px|10px|20px|false|false&#8221; custom_margin_phone=&#8221;|20px||20px|false|false&#8221; custom_margin_last_edited=&#8221;on|phone&#8221; scroll_fade_enable=&#8221;on&#8221; global_colors_info=&#8221;{}&#8221;]<\/p>\n<p>For nearly five decades, <strong>EMF\/EMYA<\/strong> has championed excellence in innovation and public quality in museum practice, maintaining a strong commitment to citizenship, democracy, human rights, sustainability, and the bridging of cultural, social, and political borders. The 2026 edition, under the theme \u201c<strong>Disrupting the Museum: Inclusion for All<\/strong>\u201d, will explore how museums can challenge established structures, expand accessibility, and foster truly inclusive cultural spaces for diverse communities.<\/p>\n<p>[\/et_pb_text][et_pb_text _builder_version=&#8221;4.27.6&#8243; _module_preset=&#8221;aadb1abf-bd1f-42f1-b4da-2301b96a21cf&#8221; custom_margin=&#8221;30px|20px|20px|20px|false|false&#8221; custom_margin_tablet=&#8221;10px|20px|10px|20px|false|false&#8221; custom_margin_phone=&#8221;|20px||20px|false|false&#8221; custom_margin_last_edited=&#8221;on|phone&#8221; scroll_fade_enable=&#8221;on&#8221; global_colors_info=&#8221;{}&#8221;]<\/p>\n<p><strong>Thirty-four museums from seventeen countries<\/strong>, nominated for the\u202f<strong>EMYA 2026<\/strong>, will present their achievements during the conference. One of the key objectives of the event is to foster the development of forward-looking strategies in response to contemporary challenges, while creating a space for dialogue and learning within and for communities.<\/p>\n<p>[\/et_pb_text][et_pb_text _builder_version=&#8221;4.27.6&#8243; _module_preset=&#8221;aadb1abf-bd1f-42f1-b4da-2301b96a21cf&#8221; custom_margin=&#8221;30px|20px|20px|20px|false|false&#8221; custom_margin_tablet=&#8221;10px|20px|10px|20px|false|false&#8221; custom_margin_phone=&#8221;|20px||20px|false|false&#8221; custom_margin_last_edited=&#8221;on|phone&#8221; scroll_fade_enable=&#8221;on&#8221; global_colors_info=&#8221;{}&#8221;]<\/p>\n<p>The event will take place at <strong>Euskalduna Jauregia \u2013 Palacio Euskalduna<\/strong>.<\/p>\n<p>[\/et_pb_text][\/et_pb_column][\/et_pb_row][et_pb_row _builder_version=&#8221;4.27.5&#8243; _module_preset=&#8221;default&#8221; width=&#8221;100%&#8221; global_colors_info=&#8221;{}&#8221;][et_pb_column type=&#8221;4_4&#8243; _builder_version=&#8221;4.27.5&#8243; _module_preset=&#8221;default&#8221; global_colors_info=&#8221;{}&#8221;][et_pb_video src=&#8221;https:\/\/www.youtube.com\/watch?v=obKn7cCKjOs&#8221; _builder_version=&#8221;4.27.5&#8243; _module_preset=&#8221;default&#8221; border_radii=&#8221;on|0px|0px|0px|0px&#8221; global_colors_info=&#8221;{}&#8221;][\/et_pb_video][\/et_pb_column][\/et_pb_row][et_pb_row custom_padding_last_edited=&#8221;on|desktop&#8221; disabled_on=&#8221;on|on|on&#8221; _builder_version=&#8221;4.27.5&#8243; _module_preset=&#8221;default&#8221; width=&#8221;1080px&#8221; width_tablet=&#8221;100%&#8221; width_phone=&#8221;100%&#8221; width_last_edited=&#8221;on|desktop&#8221; max_width=&#8221;100%&#8221; max_width_tablet=&#8221;100%&#8221; max_width_phone=&#8221;&#8221; max_width_last_edited=&#8221;on|tablet&#8221; module_alignment=&#8221;center&#8221; custom_margin=&#8221;||0px||false|false&#8221; custom_margin_tablet=&#8221;||0px||false|false&#8221; custom_margin_phone=&#8221;||0px||false|false&#8221; custom_margin_last_edited=&#8221;on|desktop&#8221; custom_padding=&#8221;100px||0px||false|false&#8221; custom_padding_tablet=&#8221;60px||10px||false|false&#8221; custom_padding_phone=&#8221;10px||10px||false|false&#8221; disabled=&#8221;on&#8221; global_colors_info=&#8221;{}&#8221;][et_pb_column type=&#8221;4_4&#8243; _builder_version=&#8221;4.25.0&#8243; _module_preset=&#8221;default&#8221; global_colors_info=&#8221;{}&#8221;][et_pb_heading title=&#8221;News&#8221; _builder_version=&#8221;4.27.5&#8243; _module_preset=&#8221;78938ff8-75a3-4592-8234-5b8bb59b9f47&#8243; title_level=&#8221;h3&#8243; title_font=&#8221;|700||on|||||&#8221; title_font_size=&#8221;34px&#8221; custom_margin=&#8221;|20px||20px|false|false&#8221; scroll_fade_enable=&#8221;on&#8221; title_font_size_phone=&#8221;28px&#8221; global_colors_info=&#8221;{}&#8221;][\/et_pb_heading][\/et_pb_column][\/et_pb_row][et_pb_row make_equal=&#8221;on&#8221; custom_padding_last_edited=&#8221;on|desktop&#8221; disabled_on=&#8221;on|on|on&#8221; _builder_version=&#8221;4.27.5&#8243; _module_preset=&#8221;default&#8221; width=&#8221;1080px&#8221; width_tablet=&#8221;100%&#8221; width_phone=&#8221;100%&#8221; width_last_edited=&#8221;on|desktop&#8221; max_width=&#8221;100%&#8221; module_alignment=&#8221;center&#8221; custom_margin=&#8221;0px|10px|0px|10px|false|false&#8221; custom_padding_tablet=&#8221;0px||||false|false&#8221; custom_padding_phone=&#8221;0px||||false|false&#8221; disabled=&#8221;on&#8221; locked=&#8221;off&#8221; global_colors_info=&#8221;{}&#8221;][et_pb_column type=&#8221;4_4&#8243; _builder_version=&#8221;4.25.0&#8243; _module_preset=&#8221;default&#8221; global_colors_info=&#8221;{}&#8221;][et_pb_blog use_manual_excerpt=&#8221;off&#8221; excerpt_length=&#8221;0&#8243; show_more=&#8221;on&#8221; show_author=&#8221;off&#8221; show_date=&#8221;off&#8221; show_categories=&#8221;off&#8221; show_excerpt=&#8221;off&#8221; module_class=&#8221;noticiasHome 2-cols&#8221; _builder_version=&#8221;4.27.5&#8243; _module_preset=&#8221;default&#8221; header_level=&#8221;h4&#8243; header_font=&#8221;|700||on|||||&#8221; header_text_align=&#8221;left&#8221; header_text_color=&#8221;#000000&#8243; header_line_height=&#8221;1.2em&#8221; text_orientation=&#8221;left&#8221; custom_margin=&#8221;|20px||20px|false|false&#8221; custom_padding=&#8221;||||false|false&#8221; animation_style=&#8221;fade&#8221; header_font_size_tablet=&#8221;24px&#8221; header_font_size_phone=&#8221;18px&#8221; header_font_size_last_edited=&#8221;on|phone&#8221; border_radii_image=&#8221;off|0px|0px|0px|0px&#8221; global_colors_info=&#8221;{}&#8221;][\/et_pb_blog][\/et_pb_column][\/et_pb_row][\/et_pb_section]<\/p>\n","protected":false},"excerpt":{"rendered":"<p>The European Museum of the Year Award (EMYA) Conference and Awards Ceremony 2026 will take place in Bilbao,\u202fcapital of Bizkaia, from Wednesday, June 10th, to Sunday, June 14th, 2026.Organized by the European Museum Forum (EMF) and hosted by local institutions, Euskararen Etxea and its Interpretation Center\u2014winner of 2025 Council of Europe Museum Prize\u2014and the Provincial [&hellip;]<\/p>\n","protected":false},"author":1,"featured_media":0,"parent":0,"menu_order":0,"comment_status":"closed","ping_status":"closed","template":"","meta":{"_et_pb_use_builder":"on","_et_pb_old_content":"[et_pb_section fb_built=\"1\" admin_label=\"Header\" module_id=\"portadaHome\" _builder_version=\"4.27.5\" _module_preset=\"default\" background_color=\"#e4032e\" background_enable_image=\"off\" z_index=\"2\" width=\"98%\" custom_margin=\"|30px||30px|true|false\" custom_margin_tablet=\"|0px||0px|true|false\" custom_margin_phone=\"|0px||0px|true|false\" custom_margin_last_edited=\"on|desktop\" custom_padding=\"0px|0px|0px|0px|false|false\" background_last_edited=\"on|tablet\" use_background_color_gradient_tablet=\"off\" locked=\"off\" collapsed=\"on\" global_colors_info=\"{}\"][et_pb_row _builder_version=\"4.27.5\" _module_preset=\"default\" background_enable_color=\"off\" width=\"100%\" custom_margin=\"||||false|false\" custom_padding=\"|50px||50px|false|false\" global_colors_info=\"{}\"][et_pb_column type=\"4_4\" _builder_version=\"4.25.0\" _module_preset=\"default\" global_colors_info=\"{}\"][et_pb_image src=\"https:\/\/emya2026bilbao.eus\/wp-content\/uploads\/2026\/02\/Cab_EMYA_web_CAS.svg\" _builder_version=\"4.27.5\" _module_preset=\"68093b73-1dd3-4749-9154-a9e33e381af3\" width=\"80%\" width_tablet=\"90%\" width_phone=\"100%\" width_last_edited=\"on|phone\" module_alignment=\"center\" min_height=\"450px\" min_height_tablet=\"\" min_height_phone=\"450px\" min_height_last_edited=\"on|desktop\" max_height_tablet=\"300px\" max_height_phone=\"400px\" max_height_last_edited=\"on|tablet\" locked=\"off\" global_colors_info=\"{}\"][\/et_pb_image][\/et_pb_column][\/et_pb_row][\/et_pb_section][et_pb_section fb_built=\"1\" _builder_version=\"4.27.5\" _module_preset=\"default\" z_index=\"1\" overflow-x=\"visible\" custom_margin=\"-200px||||false|false\" custom_margin_tablet=\"-50px||||false|false\" custom_margin_phone=\"-50px||||false|false\" custom_margin_last_edited=\"on|desktop\" custom_padding=\"0px|0px|0px|0px|true|true\" global_colors_info=\"{}\"][et_pb_row column_structure=\"2_3,1_3\" make_equal=\"on\" module_id=\"fondoTramaHome\" _builder_version=\"4.27.5\" _module_preset=\"default\" width=\"100%\" max_width=\"100%\" min_height=\"120px\" height=\"120px\" custom_margin=\"||||false|false\" custom_padding=\"0px|0px|0px|0px|true|true\" global_colors_info=\"{}\"][et_pb_column type=\"2_3\" module_class=\"col1\" _builder_version=\"4.27.5\" _module_preset=\"default\" background_image=\"https:\/\/emya2026bilbao.eus\/wp-content\/uploads\/2026\/01\/trama-hojas_.png\" parallax=\"on\" background_last_edited=\"on|desktop\" parallax_tablet=\"off\" global_colors_info=\"{}\"][\/et_pb_column][et_pb_column type=\"1_3\" module_class=\"col2\" _builder_version=\"4.27.5\" _module_preset=\"default\" global_colors_info=\"{}\"][\/et_pb_column][\/et_pb_row][\/et_pb_section][et_pb_section fb_built=\"1\" admin_label=\"Resume\" module_class=\"bloqueHome1\" _builder_version=\"4.27.5\" _module_preset=\"default\" module_alignment=\"center\" custom_margin=\"0px||||false|false\" custom_padding=\"|20px||20px|false|false\" collapsed=\"on\" global_colors_info=\"{}\"][et_pb_row column_structure=\"1_2,1_2\" module_class=\"centrar-vertical\" _builder_version=\"4.27.5\" _module_preset=\"default\" width=\"100%\" custom_margin=\"40px||||false|false\" custom_margin_tablet=\"0px||0px||false|false\" custom_margin_phone=\"0px||||false|false\" custom_margin_last_edited=\"on|phone\" custom_padding=\"0px||0px||false|false\" global_colors_info=\"{}\"][et_pb_column type=\"1_2\" _builder_version=\"4.25.0\" _module_preset=\"default\" global_colors_info=\"{}\"][et_pb_image src=\"https:\/\/emya2026bilbao.eus\/wp-content\/uploads\/2026\/01\/euskalduna-scaled.jpg\" title_text=\"euskalduna\" module_class=\"imgLinea azul\" _builder_version=\"4.27.5\" _module_preset=\"default\" custom_margin=\"|1px||||\" scroll_fade_enable=\"on\" scroll_blur_enable=\"on\" border_radii=\"on|0px|0px|0px|0px\" global_colors_info=\"{}\"][\/et_pb_image][\/et_pb_column][et_pb_column type=\"1_2\" _builder_version=\"4.25.0\" _module_preset=\"default\" global_colors_info=\"{}\"][et_pb_heading title=\"EMYA 2026 BILBAO\" _builder_version=\"4.27.5\" _module_preset=\"78938ff8-75a3-4592-8234-5b8bb59b9f47\" title_font=\"|700||on|||||\" custom_margin=\"30px|20px||20px|false|false\" custom_margin_tablet=\"|20px|10px|20px|false|false\" custom_margin_phone=\"|20px|10px|20px|false|false\" custom_margin_last_edited=\"on|phone\" scroll_fade_enable=\"on\" hover_enabled=\"0\" title_font_size_phone=\"28px\" global_colors_info=\"{}\" sticky_enabled=\"0\"][\/et_pb_heading][et_pb_text _builder_version=\"4.27.5\" _module_preset=\"aadb1abf-bd1f-42f1-b4da-2301b96a21cf\" custom_margin=\"|20px|20px|20px|false|false\" custom_margin_tablet=\"|20px|10px|20px|false|false\" custom_margin_phone=\"|20px|10px|20px|false|false\" custom_margin_last_edited=\"on|desktop\" scroll_fade_enable=\"on\" global_colors_info=\"{}\"]\n\nDel 10 al 14 de junio de 2026, <strong>Euskararen Etxea y su Centro de Interpretaci\u00f3n del Euskera<\/strong>, junto con la ciudad de <strong>Bilbao<\/strong>, se convertir\u00e1n en la Capital Europea de la Museolog\u00eda, ya que se celebrar\u00e1n la <strong>Conferencia Anual y la Ceremonia de Entrega de los Premios Museo Europeo del A\u00f1o 2026 (EMYA).<\/strong>\n\n[\/et_pb_text][et_pb_text _builder_version=\"4.27.5\" _module_preset=\"aadb1abf-bd1f-42f1-b4da-2301b96a21cf\" custom_margin=\"|20px||20px|false|false\" scroll_fade_enable=\"on\" global_colors_info=\"{}\"]\n\n<span data-metadata=\"&lt;!--(figmeta)eyJmaWxlS2V5IjoiR0YwZFRrMGV2SjFsZWxxUTY4WmNIaCIsInBhc3RlSUQiOjE5MzAyMDY5MDYsImRhdGFUeXBlIjoic2NlbmUifQo=(\/figmeta)--&gt;\"><\/span>La \u200b\u200bconferencia estar\u00e1 organizada por el <strong>Foro Europeo de Museos (EMF)<\/strong> y ser\u00e1 acogida por <strong>Euskararen Etxea y su Centro de Interpretaci<\/strong><strong>\u00f3n del Euskera<\/strong>, galardonados con el Premio Museo del Consejo de Europa 2025. El evento reunir\u00e1 a la comunidad EMYA, incluyendo representaci\u00f3n de instituciones que ya se han presentado al premio, han sido nominadas o han recibido el premio, as\u00ed como a personas colaboradoras y expertas de todo el sector muse\u00edstico. Las personas participantes tendr\u00e1n la oportunidad de participar en inspiradoras mesas redondas, talleres y debates dedicados a la innovaci\u00f3n y las mejores pr\u00e1cticas en museolog\u00eda contempor\u00e1nea.\n\n[\/et_pb_text][\/et_pb_column][\/et_pb_row][et_pb_row _builder_version=\"4.27.5\" _module_preset=\"default\" width=\"1080px\" width_tablet=\"1080px\" width_phone=\"1080px\" width_last_edited=\"on|phone\" max_width=\"100%\" custom_margin=\"40px||||false|false\" custom_margin_tablet=\"0px||||false|false\" custom_margin_phone=\"0px||||false|false\" custom_margin_last_edited=\"on|phone\" custom_padding=\"0px||||false|false\" global_colors_info=\"{}\"][et_pb_column type=\"4_4\" _builder_version=\"4.25.0\" _module_preset=\"default\" global_colors_info=\"{}\"][et_pb_text _builder_version=\"4.27.5\" _module_preset=\"aadb1abf-bd1f-42f1-b4da-2301b96a21cf\" custom_margin=\"30px|20px|20px|20px|false|false\" custom_margin_tablet=\"10px|20px|10px|20px|false|false\" custom_margin_phone=\"|20px||20px|false|false\" custom_margin_last_edited=\"on|phone\" scroll_fade_enable=\"on\" global_colors_info=\"{}\"]\n\nComo territorio cultural din\u00e1mico del Pa\u00eds Vasco, Bizkaia se ha convertido en un punto de referencia para la innovaci\u00f3n, la pr\u00e1ctica muse\u00edstica contempor\u00e1nea y el intercambio cultural internacional, lo que la convierte a su vez en el escenario ideal para la reuni\u00f3n de este a\u00f1o. En Bizkaia, la tradici\u00f3n es una fuente de inspiraci\u00f3n para la innovaci\u00f3n.\n\n[\/et_pb_text][et_pb_text _builder_version=\"4.27.5\" _module_preset=\"aadb1abf-bd1f-42f1-b4da-2301b96a21cf\" custom_margin=\"30px|20px|20px|20px|false|false\" custom_margin_tablet=\"10px|20px|10px|20px|false|false\" custom_margin_phone=\"|20px||20px|false|false\" custom_margin_last_edited=\"on|phone\" scroll_fade_enable=\"on\" global_colors_info=\"{}\"]\n\nDurante casi cinco d\u00e9cadas, el<strong> FEM\/EMYA<\/strong> ha defendido la excelencia en la innovaci\u00f3n y la calidad p\u00fablica de la pr\u00e1ctica muse\u00edstica, manteniendo un firme compromiso con la ciudadan\u00eda, la democracia, los derechos humanos, la sostenibilidad y la superaci\u00f3n de las fronteras culturales, sociales y pol\u00edticas. La edici\u00f3n de 2026, bajo el lema \u00abRevolucionando el museo: inclusi\u00f3n total\u00bb, explorar\u00e1 c\u00f3mo los museos pueden desafiar las estructuras establecidas, mejorar la accesibilidad y fomentar espacios culturales verdaderamente inclusivos para comunidades diversas.\n\n[\/et_pb_text][et_pb_text _builder_version=\"4.27.5\" _module_preset=\"aadb1abf-bd1f-42f1-b4da-2301b96a21cf\" custom_margin=\"30px|20px|20px|20px|false|false\" custom_margin_tablet=\"10px|20px|10px|20px|false|false\" custom_margin_phone=\"|20px||20px|false|false\" custom_margin_last_edited=\"on|phone\" scroll_fade_enable=\"on\" global_colors_info=\"{}\"]\n\n<strong>Treinta y cinco museos de diecisiete pa\u00edses<\/strong>, nominados para el<strong> EMYA 2026<\/strong>, presentar\u00e1n sus logros durante la conferencia. Uno de los objetivos principales del evento es fomentar el desarrollo de estrategias prospectivas en respuesta a los desaf\u00edos contempor\u00e1neos, creando al mismo tiempo un espacio para el di\u00e1logo y la educaci\u00f3n dentro y para las comunidades.\n\n[\/et_pb_text][et_pb_text _builder_version=\"4.27.5\" _module_preset=\"aadb1abf-bd1f-42f1-b4da-2301b96a21cf\" custom_margin=\"|20px||20px|false|false\" scroll_fade_enable=\"on\" global_colors_info=\"{}\"]\n\nLas sesiones de la conferencia y la ceremonia de entrega del Premio Museo Europeo del A\u00f1o 2026 (del 10 al 14 de junio) tendr\u00e1n lugar en <strong>Euskalduna Jauregia \u2013 Palacio Euskalduna. <\/strong>El palacio acoge numerosas actividades de naturaleza econ\u00f3mico-empresarial, acad\u00e9mica, pol\u00edtica, institucional, social y cultural. En \u00e9l se desarrolla la Temporada de Opera de la ABAO, una de las m\u00e1s importantes y prestigiosas del Estado y de Europa, y tiene tambi\u00e9n su sede la Bilbao Orkestra Sinfonikoa (BOS), magn\u00edfica instituci\u00f3n musical, fundada en 1920, que dio su primer concierto en 1922.\n\n[\/et_pb_text][\/et_pb_column][\/et_pb_row][et_pb_row custom_padding_last_edited=\"on|desktop\" _builder_version=\"4.27.5\" _module_preset=\"default\" width=\"1080px\" width_tablet=\"100%\" width_phone=\"100%\" width_last_edited=\"on|desktop\" max_width=\"100%\" max_width_tablet=\"100%\" max_width_phone=\"\" max_width_last_edited=\"on|tablet\" module_alignment=\"center\" custom_margin=\"||0px||false|false\" custom_margin_tablet=\"||0px||false|false\" custom_margin_phone=\"||0px||false|false\" custom_margin_last_edited=\"on|desktop\" custom_padding=\"100px||0px||false|false\" custom_padding_tablet=\"60px||10px||false|false\" custom_padding_phone=\"10px||10px||false|false\" hover_enabled=\"0\" global_colors_info=\"{}\" disabled_on=\"on|on|on\" disabled=\"on\" sticky_enabled=\"0\"][et_pb_column type=\"4_4\" _builder_version=\"4.25.0\" _module_preset=\"default\" global_colors_info=\"{}\"][et_pb_heading title=\"Noticias\" _builder_version=\"4.27.5\" _module_preset=\"78938ff8-75a3-4592-8234-5b8bb59b9f47\" title_level=\"h3\" title_font=\"|700||on|||||\" title_font_size=\"34px\" custom_margin=\"|20px||20px|false|false\" scroll_fade_enable=\"on\" title_font_size_phone=\"28px\" global_colors_info=\"{}\"][\/et_pb_heading][\/et_pb_column][\/et_pb_row][et_pb_row make_equal=\"on\" custom_padding_last_edited=\"on|desktop\" _builder_version=\"4.27.5\" _module_preset=\"default\" width=\"1080px\" width_tablet=\"100%\" width_phone=\"100%\" width_last_edited=\"on|desktop\" max_width=\"100%\" module_alignment=\"center\" custom_margin=\"0px|10px|0px|10px|false|false\" custom_padding_tablet=\"0px||||false|false\" custom_padding_phone=\"0px||||false|false\" hover_enabled=\"0\" locked=\"off\" global_colors_info=\"{}\" disabled_on=\"on|on|on\" disabled=\"on\" sticky_enabled=\"0\"][et_pb_column type=\"4_4\" _builder_version=\"4.25.0\" _module_preset=\"default\" global_colors_info=\"{}\"][et_pb_blog use_manual_excerpt=\"off\" excerpt_length=\"0\" show_more=\"on\" show_author=\"off\" show_date=\"off\" show_categories=\"off\" show_excerpt=\"off\" module_class=\"noticiasHome 2-cols\" _builder_version=\"4.27.5\" _module_preset=\"default\" header_level=\"h4\" header_font=\"|700||on|||||\" header_text_align=\"left\" header_text_color=\"#000000\" header_line_height=\"1.2em\" text_orientation=\"left\" custom_margin=\"|20px||20px|false|false\" custom_padding=\"||||false|false\" animation_style=\"fade\" header_font_size_tablet=\"24px\" header_font_size_phone=\"18px\" header_font_size_last_edited=\"on|phone\" border_radii_image=\"off|0px|0px|0px|0px\" global_colors_info=\"{}\"][\/et_pb_blog][\/et_pb_column][\/et_pb_row][\/et_pb_section]","_et_gb_content_width":"","footnotes":""},"class_list":["post-1954","page","type-page","status-publish","hentry"],"_links":{"self":[{"href":"https:\/\/emya2026bilbao.eus\/en\/wp-json\/wp\/v2\/pages\/1954","targetHints":{"allow":["GET"]}}],"collection":[{"href":"https:\/\/emya2026bilbao.eus\/en\/wp-json\/wp\/v2\/pages"}],"about":[{"href":"https:\/\/emya2026bilbao.eus\/en\/wp-json\/wp\/v2\/types\/page"}],"author":[{"embeddable":true,"href":"https:\/\/emya2026bilbao.eus\/en\/wp-json\/wp\/v2\/users\/1"}],"replies":[{"embeddable":true,"href":"https:\/\/emya2026bilbao.eus\/en\/wp-json\/wp\/v2\/comments?post=1954"}],"version-history":[{"count":16,"href":"https:\/\/emya2026bilbao.eus\/en\/wp-json\/wp\/v2\/pages\/1954\/revisions"}],"predecessor-version":[{"id":2979,"href":"https:\/\/emya2026bilbao.eus\/en\/wp-json\/wp\/v2\/pages\/1954\/revisions\/2979"}],"wp:attachment":[{"href":"https:\/\/emya2026bilbao.eus\/en\/wp-json\/wp\/v2\/media?parent=1954"}],"curies":[{"name":"wp","href":"https:\/\/api.w.org\/{rel}","templated":true}]}}